{"id":37788,"date":"2019-08-02T09:42:48","date_gmt":"2019-08-02T08:42:48","guid":{"rendered":"http:\/\/www.freimarianne.ch\/?page_id=37788"},"modified":"2019-08-02T14:26:34","modified_gmt":"2019-08-02T13:26:34","slug":"schwendi-chapfensee-schonhalden-sg-30-7-2019","status":"publish","type":"page","link":"https:\/\/www.freimarianne.ch\/?page_id=37788","title":{"rendered":"Schwendi &#8211; Chapfensee &#8211; Sch\u00f6nhalden  SG   30.7.2019"},"content":{"rendered":"<p><strong>Von Schwendi im Weisstannental nach Vermol und Chapfensee.\u00dcber Schwarzenberg, Stutz nach Sch\u00f6nhalden<\/strong><\/p>\n<div id=\"attachment_37787\" style=\"width: 510px\" class=\"wp-caption alignleft\"><img aria-describedby=\"caption-attachment-37787\" loading=\"lazy\" class=\"size-full wp-image-37787\" src=\"http:\/\/www.freimarianne.ch\/wp-content\/uploads\/2019\/08\/IMG_2028_chapfensee_500.jpg\" alt=\"\" width=\"500\" height=\"333\" srcset=\"https:\/\/www.freimarianne.ch\/wp-content\/uploads\/2019\/08\/IMG_2028_chapfensee_500.jpg 500w, https:\/\/www.freimarianne.ch\/wp-content\/uploads\/2019\/08\/IMG_2028_chapfensee_500-300x200.jpg 300w, https:\/\/www.freimarianne.ch\/wp-content\/uploads\/2019\/08\/IMG_2028_chapfensee_500-450x300.jpg 450w\" sizes=\"(max-width: 500px) 100vw, 500px\" \/><p id=\"caption-attachment-37787\" class=\"wp-caption-text\">Chapfensee 1029m<\/p><\/div>\n<p>Nach 10.30h kann ich in Schwendi Dorf 906m im Weisstannental meine Wanderung gegen Vermol hinauf beginnen. Ich wandere auf einem Teilst\u00fcck der Via Alpina no 1. Diese f\u00fchrt zuerst auf Hartbelag, dann Naturstrasse, dann schmalen Wiesenweg und Waldpfad hinauf zur Kapelle Vermol 1100m. Dabei ergeben sich immer wieder sch\u00f6ne Aussichten entweder talausw\u00e4rts oder taleinw\u00e4rts, wobei man sich bewusst wird, wie steil die H\u00e4nge des tief eingeschnittenen Weissstannentals sind. Im Wald m\u00fcssen etliche Bachtobel \u00fcberquert werden und der Pfad ist dort auch anspruchsvoller.<br \/>\nAuf einer Bank vor der Kapelle von Vermol halte ich die erste Rast mit einer pr\u00e4chtigen Sicht auf Sargans, Gonzen, Falknis und Glegghorn.<br \/>\nIm kleinen Weiler Vermol ( leider nicht an den \u00d6V angeschlossen) nehme ich den ersten Pfad rechts, der durch Moorgebiet und Wald hinunter zum Chapfensee West 1022m f\u00fchrt. Ich \u00fcberquere den Staudamm und folge dem sch\u00f6nen Wanderweg im Wald. Ich gehe dann \u00fcber die zweite Staumauer und bin bald am Seeende. Der See liegt eingebettet in den W\u00e4ldern und ist wirklich sehr sch\u00f6n.<br \/>\nNach dem Seeende komme ich an der Siedlung Parmort 1044m vorbei und steige zuerst durch den Wald , dann durch offenes, sehr steiles, schweisstreibendes Gel\u00e4nde hinauf zum Schwarzenberg 1236m. Es folgt ein St\u00fcck Hartbelag bis zu Schwarzenberg Alph\u00fctten 1334m. Rot-weisse Pfosten leiten mich \u00fcber Weiden hinauf zur Abzweigung nach Sch\u00f6nhalden. Nun folgt nochmals ein sch\u00f6nder Wegabschnitt \u00fcber Weiden am Waldrand mit Sicht auf die Alvierkette gegen\u00fcber. Auf einer Holzbr\u00fccke \u00fcberquere ich einen Bach und dann steigt der scheinbar neue Weg auf zur Alp Stutz 1473m mit zwei Alpgeb\u00e4uden. Hier mache ich eine weitere Rast auf einer Bank, da ich noch gen\u00fcgend Zeit habe.<br \/>\nAb dem Chapfensee laufe ich auf dem WALSA Weg no.68, dem Walensee-Sarganserland-Weg.<\/p>\n<p>Nun habe ich die H\u00f6he erreicht und ich folge dem breiten Wiesenweg, der ein pr\u00e4chtiges Panorama auf die Churfirsten und die Alvierkette bietet. Es gibt dann sogar noch einen schmalen Pfad, der mich durch ein Heidelbeergebiet hin\u00fcberbringt zum Hotel Sch\u00f6nhalden 1490m, wo sich auch die Bergstation der kleinen Gondelbahn befindet.<br \/>\nVon der Terrasse des Hotel aus \u00fcberblicke ich nochmals das ganze Panorama vom Leist bis zum Gonzen. Eher fr\u00fch stehe ich an der Bahn an, um hinunter ins Tal zu fahren, m\u00f6chte ich doch jedenfalls den einzigen Bus um 16.28h an Saxlirank erreichen. Die Bahn \u00fcberwindet 858 H\u00f6henmeter. Es ergibt sich, dass zwei nette Herren, mit denen ich in der Gondel ins Gespr\u00e4ch gekommen bin, sich anerbieten, mich mit ihrem Auto zum Bahnhof Flums zu bringen. Dort f\u00e4hrt um 16.00h sogar ein Bus nach Sargans, was mich den direkten Zug nach Basel um 16.28h erreichen l\u00e4sst.<br \/>\nHerzliche Dank an die Unbekannten. Dank ihnen bin ich eine Stunde fr\u00fcher als geplant nachhause gekommen!<\/p>\n<p>Laut Schweizmobil:<br \/>\nDistanz: 12.69km; Aufstieg: 873m; Abstieg: 292m; Wanderzeit: 4h 9 min<\/p>\n<p><a href=\"https:\/\/map.schweizmobil.ch\/?lang=de&amp;bgLayer=pk&amp;logo=yes&amp;season=summer&amp;resolution=20&amp;E=2745920&amp;N=1211117&amp;layers=Wanderland%2CStation&amp;trackId=5830521\">Karte Schweizmobil:<\/a><\/p>\n<p><!-- index.php -->\n<div\n\tclass=\"ngg-galleryoverview ngg-ajax-pagination-none\"\n\tid=\"ngg-gallery-37865-1\">\n\n    \t<div class=\"slideshowlink\">\n        <a href='https:\/\/www.freimarianne.ch\/index.php\/nggallery\/slideshow?page_id=37788'>[Show as slideshow]<\/a>\n\t\t\n\t<\/div>\n\t\t\t<!-- Thumbnails -->\n\t\t\t\t<div id=\"ngg-image-0\" class=\"ngg-gallery-thumbnail-box\" >\n\t\t\t\t        <div class=\"ngg-gallery-thumbnail\">\n            <a href=\"https:\/\/www.freimarianne.ch\/wp-content\/gallery\/chapfensee-30-7-19\/IMG_1969.jpg\"\n               title=\"unterwegs am Hang talausw\u00e4rts; Felsen der Rotwand\"\n               data-src=\"https:\/\/www.freimarianne.ch\/wp-content\/gallery\/chapfensee-30-7-19\/IMG_1969.jpg\"\n               data-thumbnail=\"https:\/\/www.freimarianne.ch\/wp-content\/gallery\/chapfensee-30-7-19\/thumbs\/thumbs_IMG_1969.jpg\"\n               data-image-id=\"21151\"\n               data-title=\"unterwegs am Hang talausw\u00c3\u00a4rts; Felsen der Rotwand\"\n               data-description=\"unterwegs am Hang talausw\u00e4rts; Felsen der Rotwand\"\n               data-image-slug=\"img_1969-2\"\n               class=\"shutterset_37865\">\n                <img\n                    title=\"unterwegs am Hang talausw\u00c3\u00a4rts; Felsen der Rotwand\"\n                    alt=\"unterwegs am Hang talausw\u00c3\u00a4rts; Felsen der Rotwand\"\n                    src=\"https:\/\/www.freimarianne.ch\/wp-content\/gallery\/chapfensee-30-7-19\/thumbs\/thumbs_IMG_1969.jpg\"\n                    width=\"100\"\n                    height=\"75\"\n                    style=\"max-width:100%;\"\n                \/>\n            <\/a>\n        <\/div>\n\t\t\t\t\t\t\t<\/div> \n\t\t\t\n        \n\t\t\t\t<div id=\"ngg-image-1\" class=\"ngg-gallery-thumbnail-box\" >\n\t\t\t\t        <div class=\"ngg-gallery-thumbnail\">\n            <a href=\"https:\/\/www.freimarianne.ch\/wp-content\/gallery\/chapfensee-30-7-19\/IMG_1970.jpg\"\n               title=\"Bilck zur\u00fcck ins Weisstannental; mi Horn 1840m\"\n               data-src=\"https:\/\/www.freimarianne.ch\/wp-content\/gallery\/chapfensee-30-7-19\/IMG_1970.jpg\"\n               data-thumbnail=\"https:\/\/www.freimarianne.ch\/wp-content\/gallery\/chapfensee-30-7-19\/thumbs\/thumbs_IMG_1970.jpg\"\n               data-image-id=\"21150\"\n               data-title=\"Bilck zur\u00c3\u00bcck ins Weisstannental; mi Horn 1840m\"\n               data-description=\"Bilck zur\u00fcck ins Weisstannental; mi Horn 1840m\"\n               data-image-slug=\"img_1970-2\"\n               class=\"shutterset_37865\">\n                <img\n                    title=\"Bilck zur\u00c3\u00bcck ins Weisstannental; mi Horn 1840m\"\n                    alt=\"Bilck zur\u00c3\u00bcck ins Weisstannental; mi Horn 1840m\"\n                    src=\"https:\/\/www.freimarianne.ch\/wp-content\/gallery\/chapfensee-30-7-19\/thumbs\/thumbs_IMG_1970.jpg\"\n                    width=\"100\"\n                    height=\"75\"\n                    style=\"max-width:100%;\"\n                \/>\n            <\/a>\n        <\/div>\n\t\t\t\t\t\t\t<\/div> \n\t\t\t\n        \n\t\t\t\t<div id=\"ngg-image-2\" class=\"ngg-gallery-thumbnail-box\" >\n\t\t\t\t        <div class=\"ngg-gallery-thumbnail\">\n            <a href=\"https:\/\/www.freimarianne.ch\/wp-content\/gallery\/chapfensee-30-7-19\/IMG_1973.jpg\"\n               title=\"Blick talausw\u00e4rts auf den Gonzen\"\n               data-src=\"https:\/\/www.freimarianne.ch\/wp-content\/gallery\/chapfensee-30-7-19\/IMG_1973.jpg\"\n               data-thumbnail=\"https:\/\/www.freimarianne.ch\/wp-content\/gallery\/chapfensee-30-7-19\/thumbs\/thumbs_IMG_1973.jpg\"\n               data-image-id=\"21149\"\n               data-title=\"Version 2\"\n               data-description=\"Blick talausw\u00e4rts auf den Gonzen\"\n               data-image-slug=\"img_1973-4\"\n               class=\"shutterset_37865\">\n                <img\n                    title=\"Version 2\"\n                    alt=\"Version 2\"\n                    src=\"https:\/\/www.freimarianne.ch\/wp-content\/gallery\/chapfensee-30-7-19\/thumbs\/thumbs_IMG_1973.jpg\"\n                    width=\"100\"\n                    height=\"75\"\n                    style=\"max-width:100%;\"\n                \/>\n            <\/a>\n        <\/div>\n\t\t\t\t\t\t\t<\/div> \n\t\t\t\n        \n\t\t\t\t<div id=\"ngg-image-3\" class=\"ngg-gallery-thumbnail-box\" >\n\t\t\t\t        <div class=\"ngg-gallery-thumbnail\">\n            <a href=\"https:\/\/www.freimarianne.ch\/wp-content\/gallery\/chapfensee-30-7-19\/IMG_1975.jpg\"\n               title=\"Blick taleinw\u00e4rts auf das Horn 1840m\"\n               data-src=\"https:\/\/www.freimarianne.ch\/wp-content\/gallery\/chapfensee-30-7-19\/IMG_1975.jpg\"\n               data-thumbnail=\"https:\/\/www.freimarianne.ch\/wp-content\/gallery\/chapfensee-30-7-19\/thumbs\/thumbs_IMG_1975.jpg\"\n               data-image-id=\"21148\"\n               data-title=\"Blick taleinw\u00c3\u00a4rts auf das Horn 1840m\"\n               data-description=\"Blick taleinw\u00e4rts auf das Horn 1840m\"\n               data-image-slug=\"img_1975-2\"\n               class=\"shutterset_37865\">\n                <img\n                    title=\"Blick taleinw\u00c3\u00a4rts auf das Horn 1840m\"\n                    alt=\"Blick taleinw\u00c3\u00a4rts auf das Horn 1840m\"\n                    src=\"https:\/\/www.freimarianne.ch\/wp-content\/gallery\/chapfensee-30-7-19\/thumbs\/thumbs_IMG_1975.jpg\"\n                    width=\"100\"\n                    height=\"75\"\n                    style=\"max-width:100%;\"\n                \/>\n            <\/a>\n        <\/div>\n\t\t\t\t\t\t\t<\/div> \n\t\t\t\n        \n\t\t\t\t<div id=\"ngg-image-4\" class=\"ngg-gallery-thumbnail-box\" >\n\t\t\t\t        <div class=\"ngg-gallery-thumbnail\">\n            <a href=\"https:\/\/www.freimarianne.ch\/wp-content\/gallery\/chapfensee-30-7-19\/IMG_1979.jpg\"\n               title=\"Blick talausw\u00e4rts gegen die Tschugga 1881m und  den Gonzen 1881m\"\n               data-src=\"https:\/\/www.freimarianne.ch\/wp-content\/gallery\/chapfensee-30-7-19\/IMG_1979.jpg\"\n               data-thumbnail=\"https:\/\/www.freimarianne.ch\/wp-content\/gallery\/chapfensee-30-7-19\/thumbs\/thumbs_IMG_1979.jpg\"\n               data-image-id=\"21147\"\n               data-title=\"Blick talausw\u00c3\u00a4rts gegen die Tschugga 1881m und  den Gonzen 1881m\"\n               data-description=\"Blick talausw\u00e4rts gegen die Tschugga 1881m und  den Gonzen 1881m\"\n               data-image-slug=\"img_1979-2\"\n               class=\"shutterset_37865\">\n                <img\n                    title=\"Blick talausw\u00c3\u00a4rts gegen die Tschugga 1881m und  den Gonzen 1881m\"\n                    alt=\"Blick talausw\u00c3\u00a4rts gegen die Tschugga 1881m und  den Gonzen 1881m\"\n                    src=\"https:\/\/www.freimarianne.ch\/wp-content\/gallery\/chapfensee-30-7-19\/thumbs\/thumbs_IMG_1979.jpg\"\n                    width=\"100\"\n                    height=\"75\"\n                    style=\"max-width:100%;\"\n                \/>\n            <\/a>\n        <\/div>\n\t\t\t\t\t\t\t<\/div> \n\t\t\t\n        \n\t\t\t\t<div id=\"ngg-image-5\" class=\"ngg-gallery-thumbnail-box\" >\n\t\t\t\t        <div class=\"ngg-gallery-thumbnail\">\n            <a href=\"https:\/\/www.freimarianne.ch\/wp-content\/gallery\/chapfensee-30-7-19\/IMG_1983.jpg\"\n               title=\"ein schmaler Wiesenweg\"\n               data-src=\"https:\/\/www.freimarianne.ch\/wp-content\/gallery\/chapfensee-30-7-19\/IMG_1983.jpg\"\n               data-thumbnail=\"https:\/\/www.freimarianne.ch\/wp-content\/gallery\/chapfensee-30-7-19\/thumbs\/thumbs_IMG_1983.jpg\"\n               data-image-id=\"21146\"\n               data-title=\"ein schmaler Wiesenweg\"\n               data-description=\"ein schmaler Wiesenweg\"\n               data-image-slug=\"img_1983-1\"\n               class=\"shutterset_37865\">\n                <img\n                    title=\"ein schmaler Wiesenweg\"\n                    alt=\"ein schmaler Wiesenweg\"\n                    src=\"https:\/\/www.freimarianne.ch\/wp-content\/gallery\/chapfensee-30-7-19\/thumbs\/thumbs_IMG_1983.jpg\"\n                    width=\"100\"\n                    height=\"75\"\n                    style=\"max-width:100%;\"\n                \/>\n            <\/a>\n        <\/div>\n\t\t\t\t\t\t\t<\/div> \n\t\t\t\n        \n\t\t\t\t<div id=\"ngg-image-6\" class=\"ngg-gallery-thumbnail-box\" >\n\t\t\t\t        <div class=\"ngg-gallery-thumbnail\">\n            <a href=\"https:\/\/www.freimarianne.ch\/wp-content\/gallery\/chapfensee-30-7-19\/IMG_1984.jpg\"\n               title=\"Blick talausw\u00e4rts gegen die Tschugga 1881m und  den Gonzen 1881m\"\n               data-src=\"https:\/\/www.freimarianne.ch\/wp-content\/gallery\/chapfensee-30-7-19\/IMG_1984.jpg\"\n               data-thumbnail=\"https:\/\/www.freimarianne.ch\/wp-content\/gallery\/chapfensee-30-7-19\/thumbs\/thumbs_IMG_1984.jpg\"\n               data-image-id=\"21145\"\n               data-title=\"Blick talausw\u00c3\u00a4rts gegen die Tschugga 1881m und  den Gonzen 1881m\"\n               data-description=\"Blick talausw\u00e4rts gegen die Tschugga 1881m und  den Gonzen 1881m\"\n               data-image-slug=\"img_1984\"\n               class=\"shutterset_37865\">\n                <img\n                    title=\"Blick talausw\u00c3\u00a4rts gegen die Tschugga 1881m und  den Gonzen 1881m\"\n                    alt=\"Blick talausw\u00c3\u00a4rts gegen die Tschugga 1881m und  den Gonzen 1881m\"\n                    src=\"https:\/\/www.freimarianne.ch\/wp-content\/gallery\/chapfensee-30-7-19\/thumbs\/thumbs_IMG_1984.jpg\"\n                    width=\"100\"\n                    height=\"75\"\n                    style=\"max-width:100%;\"\n                \/>\n            <\/a>\n        <\/div>\n\t\t\t\t\t\t\t<\/div> \n\t\t\t\n        \n\t\t\t\t<div id=\"ngg-image-7\" class=\"ngg-gallery-thumbnail-box\" >\n\t\t\t\t        <div class=\"ngg-gallery-thumbnail\">\n            <a href=\"https:\/\/www.freimarianne.ch\/wp-content\/gallery\/chapfensee-30-7-19\/IMG_1993.jpg\"\n               title=\"Blick ins Rheintal\"\n               data-src=\"https:\/\/www.freimarianne.ch\/wp-content\/gallery\/chapfensee-30-7-19\/IMG_1993.jpg\"\n               data-thumbnail=\"https:\/\/www.freimarianne.ch\/wp-content\/gallery\/chapfensee-30-7-19\/thumbs\/thumbs_IMG_1993.jpg\"\n               data-image-id=\"21144\"\n               data-title=\"Blick ins Rheintal\"\n               data-description=\"Blick ins Rheintal\"\n               data-image-slug=\"img_1993-4\"\n               class=\"shutterset_37865\">\n                <img\n                    title=\"Blick ins Rheintal\"\n                    alt=\"Blick ins Rheintal\"\n                    src=\"https:\/\/www.freimarianne.ch\/wp-content\/gallery\/chapfensee-30-7-19\/thumbs\/thumbs_IMG_1993.jpg\"\n                    width=\"100\"\n                    height=\"75\"\n                    style=\"max-width:100%;\"\n                \/>\n            <\/a>\n        <\/div>\n\t\t\t\t\t\t\t<\/div> \n\t\t\t\n        \n\t\t\t\t<div id=\"ngg-image-8\" class=\"ngg-gallery-thumbnail-box\" >\n\t\t\t\t        <div class=\"ngg-gallery-thumbnail\">\n            <a href=\"https:\/\/www.freimarianne.ch\/wp-content\/gallery\/chapfensee-30-7-19\/IMG_1995.jpg\"\n               title=\"offenes Gel\u00e4nde vor Vermol; Tschugga und Gonzen\"\n               data-src=\"https:\/\/www.freimarianne.ch\/wp-content\/gallery\/chapfensee-30-7-19\/IMG_1995.jpg\"\n               data-thumbnail=\"https:\/\/www.freimarianne.ch\/wp-content\/gallery\/chapfensee-30-7-19\/thumbs\/thumbs_IMG_1995.jpg\"\n               data-image-id=\"21143\"\n               data-title=\"offenes Gel\u00c3\u00a4nde vor Vermol; Tschugga und Gonzen\"\n               data-description=\"offenes Gel\u00e4nde vor Vermol; Tschugga und Gonzen\"\n               data-image-slug=\"img_1995-2\"\n               class=\"shutterset_37865\">\n                <img\n                    title=\"offenes Gel\u00c3\u00a4nde vor Vermol; Tschugga und Gonzen\"\n                    alt=\"offenes Gel\u00c3\u00a4nde vor Vermol; Tschugga und Gonzen\"\n                    src=\"https:\/\/www.freimarianne.ch\/wp-content\/gallery\/chapfensee-30-7-19\/thumbs\/thumbs_IMG_1995.jpg\"\n                    width=\"100\"\n                    height=\"75\"\n                    style=\"max-width:100%;\"\n                \/>\n            <\/a>\n        <\/div>\n\t\t\t\t\t\t\t<\/div> \n\t\t\t\n        \n\t\t\t\t<div id=\"ngg-image-9\" class=\"ngg-gallery-thumbnail-box\" >\n\t\t\t\t        <div class=\"ngg-gallery-thumbnail\">\n            <a href=\"https:\/\/www.freimarianne.ch\/wp-content\/gallery\/chapfensee-30-7-19\/IMG_1998.jpg\"\n               title=\"ein Blick zur\u00fcck ins Weisstannental\"\n               data-src=\"https:\/\/www.freimarianne.ch\/wp-content\/gallery\/chapfensee-30-7-19\/IMG_1998.jpg\"\n               data-thumbnail=\"https:\/\/www.freimarianne.ch\/wp-content\/gallery\/chapfensee-30-7-19\/thumbs\/thumbs_IMG_1998.jpg\"\n               data-image-id=\"21142\"\n               data-title=\"ein Blick zur\u00c3\u00bcck ins Weisstannental\"\n               data-description=\"ein Blick zur\u00fcck ins Weisstannental\"\n               data-image-slug=\"img_1998-3\"\n               class=\"shutterset_37865\">\n                <img\n                    title=\"ein Blick zur\u00c3\u00bcck ins Weisstannental\"\n                    alt=\"ein Blick zur\u00c3\u00bcck ins Weisstannental\"\n                    src=\"https:\/\/www.freimarianne.ch\/wp-content\/gallery\/chapfensee-30-7-19\/thumbs\/thumbs_IMG_1998.jpg\"\n                    width=\"100\"\n                    height=\"75\"\n                    style=\"max-width:100%;\"\n                \/>\n            <\/a>\n        <\/div>\n\t\t\t\t\t\t\t<\/div> \n\t\t\t\n        \n\t\t\t\t<div id=\"ngg-image-10\" class=\"ngg-gallery-thumbnail-box\" >\n\t\t\t\t        <div class=\"ngg-gallery-thumbnail\">\n            <a href=\"https:\/\/www.freimarianne.ch\/wp-content\/gallery\/chapfensee-30-7-19\/IMG_2003.jpg\"\n               title=\"hinauf zur Kapelle Vermol\"\n               data-src=\"https:\/\/www.freimarianne.ch\/wp-content\/gallery\/chapfensee-30-7-19\/IMG_2003.jpg\"\n               data-thumbnail=\"https:\/\/www.freimarianne.ch\/wp-content\/gallery\/chapfensee-30-7-19\/thumbs\/thumbs_IMG_2003.jpg\"\n               data-image-id=\"21141\"\n               data-title=\"hinauf zur Kapelle Vermol\"\n               data-description=\"hinauf zur Kapelle Vermol\"\n               data-image-slug=\"img_2003-2\"\n               class=\"shutterset_37865\">\n                <img\n                    title=\"hinauf zur Kapelle Vermol\"\n                    alt=\"hinauf zur Kapelle Vermol\"\n                    src=\"https:\/\/www.freimarianne.ch\/wp-content\/gallery\/chapfensee-30-7-19\/thumbs\/thumbs_IMG_2003.jpg\"\n                    width=\"100\"\n                    height=\"75\"\n                    style=\"max-width:100%;\"\n                \/>\n            <\/a>\n        <\/div>\n\t\t\t\t\t\t\t<\/div> \n\t\t\t\n        \n\t\t\t\t<div id=\"ngg-image-11\" class=\"ngg-gallery-thumbnail-box\" >\n\t\t\t\t        <div class=\"ngg-gallery-thumbnail\">\n            <a href=\"https:\/\/www.freimarianne.ch\/wp-content\/gallery\/chapfensee-30-7-19\/IMG_2012.jpg\"\n               title=\"Moorgebiet beim Chapfensee\"\n               data-src=\"https:\/\/www.freimarianne.ch\/wp-content\/gallery\/chapfensee-30-7-19\/IMG_2012.jpg\"\n               data-thumbnail=\"https:\/\/www.freimarianne.ch\/wp-content\/gallery\/chapfensee-30-7-19\/thumbs\/thumbs_IMG_2012.jpg\"\n               data-image-id=\"21140\"\n               data-title=\"Moorgebiet beim Chapfensee\"\n               data-description=\"Moorgebiet beim Chapfensee\"\n               data-image-slug=\"img_2012\"\n               class=\"shutterset_37865\">\n                <img\n                    title=\"Moorgebiet beim Chapfensee\"\n                    alt=\"Moorgebiet beim Chapfensee\"\n                    src=\"https:\/\/www.freimarianne.ch\/wp-content\/gallery\/chapfensee-30-7-19\/thumbs\/thumbs_IMG_2012.jpg\"\n                    width=\"100\"\n                    height=\"75\"\n                    style=\"max-width:100%;\"\n                \/>\n            <\/a>\n        <\/div>\n\t\t\t\t\t\t\t<\/div> \n\t\t\t\n        \n\t\t\t\t<div id=\"ngg-image-12\" class=\"ngg-gallery-thumbnail-box\" >\n\t\t\t\t        <div class=\"ngg-gallery-thumbnail\">\n            <a href=\"https:\/\/www.freimarianne.ch\/wp-content\/gallery\/chapfensee-30-7-19\/IMG_2013.jpg\"\n               title=\"Moorgebiet beim Chapfensee\"\n               data-src=\"https:\/\/www.freimarianne.ch\/wp-content\/gallery\/chapfensee-30-7-19\/IMG_2013.jpg\"\n               data-thumbnail=\"https:\/\/www.freimarianne.ch\/wp-content\/gallery\/chapfensee-30-7-19\/thumbs\/thumbs_IMG_2013.jpg\"\n               data-image-id=\"21139\"\n               data-title=\"Moorgebiet beim Chapfensee\"\n               data-description=\"Moorgebiet beim Chapfensee\"\n               data-image-slug=\"img_2013-3\"\n               class=\"shutterset_37865\">\n                <img\n                    title=\"Moorgebiet beim Chapfensee\"\n                    alt=\"Moorgebiet beim Chapfensee\"\n                    src=\"https:\/\/www.freimarianne.ch\/wp-content\/gallery\/chapfensee-30-7-19\/thumbs\/thumbs_IMG_2013.jpg\"\n                    width=\"100\"\n                    height=\"75\"\n                    style=\"max-width:100%;\"\n                \/>\n            <\/a>\n        <\/div>\n\t\t\t\t\t\t\t<\/div> \n\t\t\t\n        \n\t\t\t\t<div id=\"ngg-image-13\" class=\"ngg-gallery-thumbnail-box\" >\n\t\t\t\t        <div class=\"ngg-gallery-thumbnail\">\n            <a href=\"https:\/\/www.freimarianne.ch\/wp-content\/gallery\/chapfensee-30-7-19\/IMG_2016.jpg\"\n               title=\"am Chapfensee 1029m\"\n               data-src=\"https:\/\/www.freimarianne.ch\/wp-content\/gallery\/chapfensee-30-7-19\/IMG_2016.jpg\"\n               data-thumbnail=\"https:\/\/www.freimarianne.ch\/wp-content\/gallery\/chapfensee-30-7-19\/thumbs\/thumbs_IMG_2016.jpg\"\n               data-image-id=\"21138\"\n               data-title=\"am Chapfensee 1029m\"\n               data-description=\"am Chapfensee 1029m\"\n               data-image-slug=\"img_2016-1\"\n               class=\"shutterset_37865\">\n                <img\n                    title=\"am Chapfensee 1029m\"\n                    alt=\"am Chapfensee 1029m\"\n                    src=\"https:\/\/www.freimarianne.ch\/wp-content\/gallery\/chapfensee-30-7-19\/thumbs\/thumbs_IMG_2016.jpg\"\n                    width=\"100\"\n                    height=\"75\"\n                    style=\"max-width:100%;\"\n                \/>\n            <\/a>\n        <\/div>\n\t\t\t\t\t\t\t<\/div> \n\t\t\t\n        \n\t\t\t\t<div id=\"ngg-image-14\" class=\"ngg-gallery-thumbnail-box\" >\n\t\t\t\t        <div class=\"ngg-gallery-thumbnail\">\n            <a href=\"https:\/\/www.freimarianne.ch\/wp-content\/gallery\/chapfensee-30-7-19\/IMG_2023.jpg\"\n               title=\"Chapfensee 1029m\"\n               data-src=\"https:\/\/www.freimarianne.ch\/wp-content\/gallery\/chapfensee-30-7-19\/IMG_2023.jpg\"\n               data-thumbnail=\"https:\/\/www.freimarianne.ch\/wp-content\/gallery\/chapfensee-30-7-19\/thumbs\/thumbs_IMG_2023.jpg\"\n               data-image-id=\"21137\"\n               data-title=\"Version 2\"\n               data-description=\"Chapfensee 1029m\"\n               data-image-slug=\"img_2023\"\n               class=\"shutterset_37865\">\n                <img\n                    title=\"Version 2\"\n                    alt=\"Version 2\"\n                    src=\"https:\/\/www.freimarianne.ch\/wp-content\/gallery\/chapfensee-30-7-19\/thumbs\/thumbs_IMG_2023.jpg\"\n                    width=\"100\"\n                    height=\"75\"\n                    style=\"max-width:100%;\"\n                \/>\n            <\/a>\n        <\/div>\n\t\t\t\t\t\t\t<\/div> \n\t\t\t\n        \n\t\t\t\t<div id=\"ngg-image-15\" class=\"ngg-gallery-thumbnail-box\" >\n\t\t\t\t        <div class=\"ngg-gallery-thumbnail\">\n            <a href=\"https:\/\/www.freimarianne.ch\/wp-content\/gallery\/chapfensee-30-7-19\/IMG_2027.jpg\"\n               title=\"Marianne am Chapfensee 1029m\"\n               data-src=\"https:\/\/www.freimarianne.ch\/wp-content\/gallery\/chapfensee-30-7-19\/IMG_2027.jpg\"\n               data-thumbnail=\"https:\/\/www.freimarianne.ch\/wp-content\/gallery\/chapfensee-30-7-19\/thumbs\/thumbs_IMG_2027.jpg\"\n               data-image-id=\"21136\"\n               data-title=\"Marianne am Chapfensee 1029m\"\n               data-description=\"Marianne am Chapfensee 1029m\"\n               data-image-slug=\"img_2027\"\n               class=\"shutterset_37865\">\n                <img\n                    title=\"Marianne am Chapfensee 1029m\"\n                    alt=\"Marianne am Chapfensee 1029m\"\n                    src=\"https:\/\/www.freimarianne.ch\/wp-content\/gallery\/chapfensee-30-7-19\/thumbs\/thumbs_IMG_2027.jpg\"\n                    width=\"100\"\n                    height=\"75\"\n                    style=\"max-width:100%;\"\n                \/>\n            <\/a>\n        <\/div>\n\t\t\t\t\t\t\t<\/div> \n\t\t\t\n        \n\t\t\t\t<div id=\"ngg-image-16\" class=\"ngg-gallery-thumbnail-box\" >\n\t\t\t\t        <div class=\"ngg-gallery-thumbnail\">\n            <a href=\"https:\/\/www.freimarianne.ch\/wp-content\/gallery\/chapfensee-30-7-19\/IMG_2032.jpg\"\n               title=\"am Chapfensee 1029m\"\n               data-src=\"https:\/\/www.freimarianne.ch\/wp-content\/gallery\/chapfensee-30-7-19\/IMG_2032.jpg\"\n               data-thumbnail=\"https:\/\/www.freimarianne.ch\/wp-content\/gallery\/chapfensee-30-7-19\/thumbs\/thumbs_IMG_2032.jpg\"\n               data-image-id=\"21135\"\n               data-title=\"am Chapfensee 1029m\"\n               data-description=\"am Chapfensee 1029m\"\n               data-image-slug=\"img_2032\"\n               class=\"shutterset_37865\">\n                <img\n                    title=\"am Chapfensee 1029m\"\n                    alt=\"am Chapfensee 1029m\"\n                    src=\"https:\/\/www.freimarianne.ch\/wp-content\/gallery\/chapfensee-30-7-19\/thumbs\/thumbs_IMG_2032.jpg\"\n                    width=\"100\"\n                    height=\"75\"\n                    style=\"max-width:100%;\"\n                \/>\n            <\/a>\n        <\/div>\n\t\t\t\t\t\t\t<\/div> \n\t\t\t\n        \n\t\t\t\t<div id=\"ngg-image-17\" class=\"ngg-gallery-thumbnail-box\" >\n\t\t\t\t        <div class=\"ngg-gallery-thumbnail\">\n            <a href=\"https:\/\/www.freimarianne.ch\/wp-content\/gallery\/chapfensee-30-7-19\/IMG_2038.jpg\"\n               title=\"am Chapfensee  mit Glegghorn\"\n               data-src=\"https:\/\/www.freimarianne.ch\/wp-content\/gallery\/chapfensee-30-7-19\/IMG_2038.jpg\"\n               data-thumbnail=\"https:\/\/www.freimarianne.ch\/wp-content\/gallery\/chapfensee-30-7-19\/thumbs\/thumbs_IMG_2038.jpg\"\n               data-image-id=\"21134\"\n               data-title=\"am Chapfensee  mit Glegghorn\"\n               data-description=\"am Chapfensee  mit Glegghorn\"\n               data-image-slug=\"img_2038-4\"\n               class=\"shutterset_37865\">\n                <img\n                    title=\"am Chapfensee  mit Glegghorn\"\n                    alt=\"am Chapfensee  mit Glegghorn\"\n                    src=\"https:\/\/www.freimarianne.ch\/wp-content\/gallery\/chapfensee-30-7-19\/thumbs\/thumbs_IMG_2038.jpg\"\n                    width=\"100\"\n                    height=\"75\"\n                    style=\"max-width:100%;\"\n                \/>\n            <\/a>\n        <\/div>\n\t\t\t\t\t\t\t<\/div> \n\t\t\t\n        \n\t\t\t\t<div id=\"ngg-image-18\" class=\"ngg-gallery-thumbnail-box\" >\n\t\t\t\t        <div class=\"ngg-gallery-thumbnail\">\n            <a href=\"https:\/\/www.freimarianne.ch\/wp-content\/gallery\/chapfensee-30-7-19\/IMG_2046.jpg\"\n               title=\"Sicht gegen Palfries:    von Sichelkamm bis Alvier\"\n               data-src=\"https:\/\/www.freimarianne.ch\/wp-content\/gallery\/chapfensee-30-7-19\/IMG_2046.jpg\"\n               data-thumbnail=\"https:\/\/www.freimarianne.ch\/wp-content\/gallery\/chapfensee-30-7-19\/thumbs\/thumbs_IMG_2046.jpg\"\n               data-image-id=\"21133\"\n               data-title=\"Sicht gegen Palfries:    von Sichelkamm bis Alvier\"\n               data-description=\"Sicht gegen Palfries:    von Sichelkamm bis Alvier\"\n               data-image-slug=\"img_2046-1\"\n               class=\"shutterset_37865\">\n                <img\n                    title=\"Sicht gegen Palfries:    von Sichelkamm bis Alvier\"\n                    alt=\"Sicht gegen Palfries:    von Sichelkamm bis Alvier\"\n                    src=\"https:\/\/www.freimarianne.ch\/wp-content\/gallery\/chapfensee-30-7-19\/thumbs\/thumbs_IMG_2046.jpg\"\n                    width=\"100\"\n                    height=\"75\"\n                    style=\"max-width:100%;\"\n                \/>\n            <\/a>\n        <\/div>\n\t\t\t\t\t\t\t<\/div> \n\t\t\t\n        \n\t\t\t\t<div id=\"ngg-image-19\" class=\"ngg-gallery-thumbnail-box\" >\n\t\t\t\t        <div class=\"ngg-gallery-thumbnail\">\n            <a href=\"https:\/\/www.freimarianne.ch\/wp-content\/gallery\/chapfensee-30-7-19\/IMG_2052.jpg\"\n               title=\"auf dem Schwarzenberg: Palfries; Fulfirste bis Tschugga\"\n               data-src=\"https:\/\/www.freimarianne.ch\/wp-content\/gallery\/chapfensee-30-7-19\/IMG_2052.jpg\"\n               data-thumbnail=\"https:\/\/www.freimarianne.ch\/wp-content\/gallery\/chapfensee-30-7-19\/thumbs\/thumbs_IMG_2052.jpg\"\n               data-image-id=\"21132\"\n               data-title=\"auf dem Schwarzenberg: Palfries; Fulfirste bis Tschugga\"\n               data-description=\"auf dem Schwarzenberg: Palfries; Fulfirste bis Tschugga\"\n               data-image-slug=\"img_2052-1\"\n               class=\"shutterset_37865\">\n                <img\n                    title=\"auf dem Schwarzenberg: Palfries; Fulfirste bis Tschugga\"\n                    alt=\"auf dem Schwarzenberg: Palfries; Fulfirste bis Tschugga\"\n                    src=\"https:\/\/www.freimarianne.ch\/wp-content\/gallery\/chapfensee-30-7-19\/thumbs\/thumbs_IMG_2052.jpg\"\n                    width=\"100\"\n                    height=\"75\"\n                    style=\"max-width:100%;\"\n                \/>\n            <\/a>\n        <\/div>\n\t\t\t\t\t\t\t<\/div> \n\t\t\t\n        \n\t\t\t\t<div id=\"ngg-image-20\" class=\"ngg-gallery-thumbnail-box\" >\n\t\t\t\t        <div class=\"ngg-gallery-thumbnail\">\n            <a href=\"https:\/\/www.freimarianne.ch\/wp-content\/gallery\/chapfensee-30-7-19\/IMG_2054.jpg\"\n               title=\"Blick auf den Chapfensee\"\n               data-src=\"https:\/\/www.freimarianne.ch\/wp-content\/gallery\/chapfensee-30-7-19\/IMG_2054.jpg\"\n               data-thumbnail=\"https:\/\/www.freimarianne.ch\/wp-content\/gallery\/chapfensee-30-7-19\/thumbs\/thumbs_IMG_2054.jpg\"\n               data-image-id=\"21131\"\n               data-title=\"Blick auf den Chapfensee\"\n               data-description=\"Blick auf den Chapfensee\"\n               data-image-slug=\"img_2054-1\"\n               class=\"shutterset_37865\">\n                <img\n                    title=\"Blick auf den Chapfensee\"\n                    alt=\"Blick auf den Chapfensee\"\n                    src=\"https:\/\/www.freimarianne.ch\/wp-content\/gallery\/chapfensee-30-7-19\/thumbs\/thumbs_IMG_2054.jpg\"\n                    width=\"100\"\n                    height=\"75\"\n                    style=\"max-width:100%;\"\n                \/>\n            <\/a>\n        <\/div>\n\t\t\t\t\t\t\t<\/div> \n\t\t\t\n        \n\t\t\t\t<div id=\"ngg-image-21\" class=\"ngg-gallery-thumbnail-box\" >\n\t\t\t\t        <div class=\"ngg-gallery-thumbnail\">\n            <a href=\"https:\/\/www.freimarianne.ch\/wp-content\/gallery\/chapfensee-30-7-19\/IMG_2059.jpg\"\n               title=\"Sicht auf den Chapfensee ; mi Regitzerspitz; hi Glegghorn und Vilan\"\n               data-src=\"https:\/\/www.freimarianne.ch\/wp-content\/gallery\/chapfensee-30-7-19\/IMG_2059.jpg\"\n               data-thumbnail=\"https:\/\/www.freimarianne.ch\/wp-content\/gallery\/chapfensee-30-7-19\/thumbs\/thumbs_IMG_2059.jpg\"\n               data-image-id=\"21130\"\n               data-title=\"Sicht auf den Chapfensee ; mi Regitzerspitz; hi Glegghorn und Vilan\"\n               data-description=\"Sicht auf den Chapfensee ; mi Regitzerspitz; hi Glegghorn und Vilan\"\n               data-image-slug=\"img_2059-3\"\n               class=\"shutterset_37865\">\n                <img\n                    title=\"Sicht auf den Chapfensee ; mi Regitzerspitz; hi Glegghorn und Vilan\"\n                    alt=\"Sicht auf den Chapfensee ; mi Regitzerspitz; hi Glegghorn und Vilan\"\n                    src=\"https:\/\/www.freimarianne.ch\/wp-content\/gallery\/chapfensee-30-7-19\/thumbs\/thumbs_IMG_2059.jpg\"\n                    width=\"100\"\n                    height=\"75\"\n                    style=\"max-width:100%;\"\n                \/>\n            <\/a>\n        <\/div>\n\t\t\t\t\t\t\t<\/div> \n\t\t\t\n        \n\t\t\t\t<div id=\"ngg-image-22\" class=\"ngg-gallery-thumbnail-box\" >\n\t\t\t\t        <div class=\"ngg-gallery-thumbnail\">\n            <a href=\"https:\/\/www.freimarianne.ch\/wp-content\/gallery\/chapfensee-30-7-19\/IMG_2062.jpg\"\n               title=\"Sicht auf den Chapfensee ; Gonzen, Falknis, Glegghorn und Vilan\"\n               data-src=\"https:\/\/www.freimarianne.ch\/wp-content\/gallery\/chapfensee-30-7-19\/IMG_2062.jpg\"\n               data-thumbnail=\"https:\/\/www.freimarianne.ch\/wp-content\/gallery\/chapfensee-30-7-19\/thumbs\/thumbs_IMG_2062.jpg\"\n               data-image-id=\"21129\"\n               data-title=\"Sicht auf den Chapfensee ; Gonzen, Falknis, Glegghorn und Vilan\"\n               data-description=\"Sicht auf den Chapfensee ; Gonzen, Falknis, Glegghorn und Vilan\"\n               data-image-slug=\"img_2062-2\"\n               class=\"shutterset_37865\">\n                <img\n                    title=\"Sicht auf den Chapfensee ; Gonzen, Falknis, Glegghorn und Vilan\"\n                    alt=\"Sicht auf den Chapfensee ; Gonzen, Falknis, Glegghorn und Vilan\"\n                    src=\"https:\/\/www.freimarianne.ch\/wp-content\/gallery\/chapfensee-30-7-19\/thumbs\/thumbs_IMG_2062.jpg\"\n                    width=\"100\"\n                    height=\"75\"\n                    style=\"max-width:100%;\"\n                \/>\n            <\/a>\n        <\/div>\n\t\t\t\t\t\t\t<\/div> \n\t\t\t\n        \n\t\t\t\t<div id=\"ngg-image-23\" class=\"ngg-gallery-thumbnail-box\" >\n\t\t\t\t        <div class=\"ngg-gallery-thumbnail\">\n            <a href=\"https:\/\/www.freimarianne.ch\/wp-content\/gallery\/chapfensee-30-7-19\/IMG_2069.jpg\"\n               title=\"der Chapfensee im Zoom\"\n               data-src=\"https:\/\/www.freimarianne.ch\/wp-content\/gallery\/chapfensee-30-7-19\/IMG_2069.jpg\"\n               data-thumbnail=\"https:\/\/www.freimarianne.ch\/wp-content\/gallery\/chapfensee-30-7-19\/thumbs\/thumbs_IMG_2069.jpg\"\n               data-image-id=\"21128\"\n               data-title=\"der Chapfensee im Zoom\"\n               data-description=\"der Chapfensee im Zoom\"\n               data-image-slug=\"img_2069-3\"\n               class=\"shutterset_37865\">\n                <img\n                    title=\"der Chapfensee im Zoom\"\n                    alt=\"der Chapfensee im Zoom\"\n                    src=\"https:\/\/www.freimarianne.ch\/wp-content\/gallery\/chapfensee-30-7-19\/thumbs\/thumbs_IMG_2069.jpg\"\n                    width=\"100\"\n                    height=\"75\"\n                    style=\"max-width:100%;\"\n                \/>\n            <\/a>\n        <\/div>\n\t\t\t\t\t\t\t<\/div> \n\t\t\t\n        \n\t\t\t\t<div id=\"ngg-image-24\" class=\"ngg-gallery-thumbnail-box\" >\n\t\t\t\t        <div class=\"ngg-gallery-thumbnail\">\n            <a href=\"https:\/\/www.freimarianne.ch\/wp-content\/gallery\/chapfensee-30-7-19\/IMG_2072.jpg\"\n               title=\"Blick von Schwarzensee Alph\u00fctten 1343m  auf Gonzen und Chapfensee\"\n               data-src=\"https:\/\/www.freimarianne.ch\/wp-content\/gallery\/chapfensee-30-7-19\/IMG_2072.jpg\"\n               data-thumbnail=\"https:\/\/www.freimarianne.ch\/wp-content\/gallery\/chapfensee-30-7-19\/thumbs\/thumbs_IMG_2072.jpg\"\n               data-image-id=\"21127\"\n               data-title=\"Blick von Schwarzensee Alph\u00c3\u00bctten 1343m  auf Gonzen und Chapfensee\"\n               data-description=\"Blick von Schwarzensee Alph\u00fctten 1343m  auf Gonzen und Chapfensee\"\n               data-image-slug=\"img_2072-2\"\n               class=\"shutterset_37865\">\n                <img\n                    title=\"Blick von Schwarzensee Alph\u00c3\u00bctten 1343m  auf Gonzen und Chapfensee\"\n                    alt=\"Blick von Schwarzensee Alph\u00c3\u00bctten 1343m  auf Gonzen und Chapfensee\"\n                    src=\"https:\/\/www.freimarianne.ch\/wp-content\/gallery\/chapfensee-30-7-19\/thumbs\/thumbs_IMG_2072.jpg\"\n                    width=\"100\"\n                    height=\"75\"\n                    style=\"max-width:100%;\"\n                \/>\n            <\/a>\n        <\/div>\n\t\t\t\t\t\t\t<\/div> \n\t\t\t\n        \n\t\t\t\t<div id=\"ngg-image-25\" class=\"ngg-gallery-thumbnail-box\" >\n\t\t\t\t        <div class=\"ngg-gallery-thumbnail\">\n            <a href=\"https:\/\/www.freimarianne.ch\/wp-content\/gallery\/chapfensee-30-7-19\/IMG_2073.jpg\"\n               title=\"Blick von Alp M\u00e4dens   auf Gonzen und Chapfensee\"\n               data-src=\"https:\/\/www.freimarianne.ch\/wp-content\/gallery\/chapfensee-30-7-19\/IMG_2073.jpg\"\n               data-thumbnail=\"https:\/\/www.freimarianne.ch\/wp-content\/gallery\/chapfensee-30-7-19\/thumbs\/thumbs_IMG_2073.jpg\"\n               data-image-id=\"21126\"\n               data-title=\"Blick von Alp M\u00c3\u00a4dens   auf Gonzen und Chapfensee\"\n               data-description=\"Blick von Alp M\u00e4dens   auf Gonzen und Chapfensee\"\n               data-image-slug=\"img_2073-1\"\n               class=\"shutterset_37865\">\n                <img\n                    title=\"Blick von Alp M\u00c3\u00a4dens   auf Gonzen und Chapfensee\"\n                    alt=\"Blick von Alp M\u00c3\u00a4dens   auf Gonzen und Chapfensee\"\n                    src=\"https:\/\/www.freimarianne.ch\/wp-content\/gallery\/chapfensee-30-7-19\/thumbs\/thumbs_IMG_2073.jpg\"\n                    width=\"100\"\n                    height=\"75\"\n                    style=\"max-width:100%;\"\n                \/>\n            <\/a>\n        <\/div>\n\t\t\t\t\t\t\t<\/div> \n\t\t\t\n        \n\t\t\t\t<div id=\"ngg-image-26\" class=\"ngg-gallery-thumbnail-box\" >\n\t\t\t\t        <div class=\"ngg-gallery-thumbnail\">\n            <a href=\"https:\/\/www.freimarianne.ch\/wp-content\/gallery\/chapfensee-30-7-19\/IMG_2078.jpg\"\n               title=\"Blick auf Sichelcham und Gamsberg\"\n               data-src=\"https:\/\/www.freimarianne.ch\/wp-content\/gallery\/chapfensee-30-7-19\/IMG_2078.jpg\"\n               data-thumbnail=\"https:\/\/www.freimarianne.ch\/wp-content\/gallery\/chapfensee-30-7-19\/thumbs\/thumbs_IMG_2078.jpg\"\n               data-image-id=\"21125\"\n               data-title=\"Blick auf Sichelcham und Gamsberg\"\n               data-description=\"Blick auf Sichelcham und Gamsberg\"\n               data-image-slug=\"img_2078-81\"\n               class=\"shutterset_37865\">\n                <img\n                    title=\"Blick auf Sichelcham und Gamsberg\"\n                    alt=\"Blick auf Sichelcham und Gamsberg\"\n                    src=\"https:\/\/www.freimarianne.ch\/wp-content\/gallery\/chapfensee-30-7-19\/thumbs\/thumbs_IMG_2078.jpg\"\n                    width=\"100\"\n                    height=\"75\"\n                    style=\"max-width:100%;\"\n                \/>\n            <\/a>\n        <\/div>\n\t\t\t\t\t\t\t<\/div> \n\t\t\t\n        \n\t\t\t\t<div id=\"ngg-image-27\" class=\"ngg-gallery-thumbnail-box\" >\n\t\t\t\t        <div class=\"ngg-gallery-thumbnail\">\n            <a href=\"https:\/\/www.freimarianne.ch\/wp-content\/gallery\/chapfensee-30-7-19\/IMG_2083.jpg\"\n               title=\"Ch\u00e4serrugg 2262m, Gamser Rugg 2076m Pass Uebergang Nideri 1939, H\u00f6chst 2024m, Sichelchamm 2259m, Gamsberg 2384m, Sichli 2320m, Isisixer Rosswis 2334 m, Fulfirst  Ch\u00f6pf 2321m, Chli Fulfirst 2372m, Gross Fulfirst 2385m, G\u00e4rtlichopf 2298m, Chrummenstein 2238m, Chli Alvier 2285m, Alvier 2343m, Gauschla 2310m\"\n               data-src=\"https:\/\/www.freimarianne.ch\/wp-content\/gallery\/chapfensee-30-7-19\/IMG_2083.jpg\"\n               data-thumbnail=\"https:\/\/www.freimarianne.ch\/wp-content\/gallery\/chapfensee-30-7-19\/thumbs\/thumbs_IMG_2083.jpg\"\n               data-image-id=\"21124\"\n               data-title=\"Ch\u00c3\u00a4serrugg 2262m, Gamser Rugg 2076m Pass Uebergang Nideri 1939, H\u00c3\u00b6chst 2024m, Sichelchamm 2259m, Gamsberg 2384m, Sichli 2320m, Isisixer Rosswis 2334 m, Fulfirst  Ch\u00c3\u00b6pf 2321m, Chli Fulfirst 2372m, Gross Fulfirst 2385m, G\u00c3\u00a4rtlichopf 2298m, Chrummenstein 2238m, Chli Alvier 2285m, Alvier 2343m, Gauschla 2310m\"\n               data-description=\"Ch\u00e4serrugg 2262m, Gamser Rugg 2076m Pass Uebergang Nideri 1939, H\u00f6chst 2024m, Sichelchamm 2259m, Gamsberg 2384m, Sichli 2320m, Isisixer Rosswis 2334 m, Fulfirst  Ch\u00f6pf 2321m, Chli Fulfirst 2372m, Gross Fulfirst 2385m, G\u00e4rtlichopf 2298m, Chrummenstein 2238m, Chli Alvier 2285m, Alvier 2343m, Gauschla 2310m\"\n               data-image-slug=\"img_2083-4\"\n               class=\"shutterset_37865\">\n                <img\n                    title=\"Ch\u00c3\u00a4serrugg 2262m, Gamser Rugg 2076m Pass Uebergang Nideri 1939, H\u00c3\u00b6chst 2024m, Sichelchamm 2259m, Gamsberg 2384m, Sichli 2320m, Isisixer Rosswis 2334 m, Fulfirst  Ch\u00c3\u00b6pf 2321m, Chli Fulfirst 2372m, Gross Fulfirst 2385m, G\u00c3\u00a4rtlichopf 2298m, Chrummenstein 2238m, Chli Alvier 2285m, Alvier 2343m, Gauschla 2310m\"\n                    alt=\"Ch\u00c3\u00a4serrugg 2262m, Gamser Rugg 2076m Pass Uebergang Nideri 1939, H\u00c3\u00b6chst 2024m, Sichelchamm 2259m, Gamsberg 2384m, Sichli 2320m, Isisixer Rosswis 2334 m, Fulfirst  Ch\u00c3\u00b6pf 2321m, Chli Fulfirst 2372m, Gross Fulfirst 2385m, G\u00c3\u00a4rtlichopf 2298m, Chrummenstein 2238m, Chli Alvier 2285m, Alvier 2343m, Gauschla 2310m\"\n                    src=\"https:\/\/www.freimarianne.ch\/wp-content\/gallery\/chapfensee-30-7-19\/thumbs\/thumbs_IMG_2083.jpg\"\n                    width=\"100\"\n                    height=\"75\"\n                    style=\"max-width:100%;\"\n                \/>\n            <\/a>\n        <\/div>\n\t\t\t\t\t\t\t<\/div> \n\t\t\t\n        \n\t\t\t\t<div id=\"ngg-image-28\" class=\"ngg-gallery-thumbnail-box\" >\n\t\t\t\t        <div class=\"ngg-gallery-thumbnail\">\n            <a href=\"https:\/\/www.freimarianne.ch\/wp-content\/gallery\/chapfensee-30-7-19\/IMG_2086.jpg\"\n               title=\"Stutz 1473m\"\n               data-src=\"https:\/\/www.freimarianne.ch\/wp-content\/gallery\/chapfensee-30-7-19\/IMG_2086.jpg\"\n               data-thumbnail=\"https:\/\/www.freimarianne.ch\/wp-content\/gallery\/chapfensee-30-7-19\/thumbs\/thumbs_IMG_2086.jpg\"\n               data-image-id=\"21123\"\n               data-title=\"Stutz 1473m\"\n               data-description=\"Stutz 1473m\"\n               data-image-slug=\"img_2086\"\n               class=\"shutterset_37865\">\n                <img\n                    title=\"Stutz 1473m\"\n                    alt=\"Stutz 1473m\"\n                    src=\"https:\/\/www.freimarianne.ch\/wp-content\/gallery\/chapfensee-30-7-19\/thumbs\/thumbs_IMG_2086.jpg\"\n                    width=\"100\"\n                    height=\"75\"\n                    style=\"max-width:100%;\"\n                \/>\n            <\/a>\n        <\/div>\n\t\t\t\t\t\t\t<\/div> \n\t\t\t\n        \n\t\t\t\t<div id=\"ngg-image-29\" class=\"ngg-gallery-thumbnail-box\" >\n\t\t\t\t        <div class=\"ngg-gallery-thumbnail\">\n            <a href=\"https:\/\/www.freimarianne.ch\/wp-content\/gallery\/chapfensee-30-7-19\/IMG_2088.jpg\"\n               title=\"Marianne auf Alp Stutz 1473m\"\n               data-src=\"https:\/\/www.freimarianne.ch\/wp-content\/gallery\/chapfensee-30-7-19\/IMG_2088.jpg\"\n               data-thumbnail=\"https:\/\/www.freimarianne.ch\/wp-content\/gallery\/chapfensee-30-7-19\/thumbs\/thumbs_IMG_2088.jpg\"\n               data-image-id=\"21122\"\n               data-title=\"Marianne auf Alp Stutz 1473m\"\n               data-description=\"Marianne auf Alp Stutz 1473m\"\n               data-image-slug=\"img_2088-2\"\n               class=\"shutterset_37865\">\n                <img\n                    title=\"Marianne auf Alp Stutz 1473m\"\n                    alt=\"Marianne auf Alp Stutz 1473m\"\n                    src=\"https:\/\/www.freimarianne.ch\/wp-content\/gallery\/chapfensee-30-7-19\/thumbs\/thumbs_IMG_2088.jpg\"\n                    width=\"100\"\n                    height=\"75\"\n                    style=\"max-width:100%;\"\n                \/>\n            <\/a>\n        <\/div>\n\t\t\t\t\t\t\t<\/div> \n\t\t\t\n        \n\t\t\t\t<div id=\"ngg-image-30\" class=\"ngg-gallery-thumbnail-box\" >\n\t\t\t\t        <div class=\"ngg-gallery-thumbnail\">\n            <a href=\"https:\/\/www.freimarianne.ch\/wp-content\/gallery\/chapfensee-30-7-19\/IMG_2100.jpg\"\n               title=\"auf dem Panoramaweg  nach Sch\u00f6nhalden; Schibenstoll 2236m,  Hinderugg 2306m, Ch\u00e4serrugg 2262m, Gamser Rugg 2076m Pass Uebergang Nideri 1939, H\u00f6chst 2024m, Sichelchamm 2259m, Gamsberg 2384m, Sichli 2320m, Isisixer Rosswis 2334 m\"\n               data-src=\"https:\/\/www.freimarianne.ch\/wp-content\/gallery\/chapfensee-30-7-19\/IMG_2100.jpg\"\n               data-thumbnail=\"https:\/\/www.freimarianne.ch\/wp-content\/gallery\/chapfensee-30-7-19\/thumbs\/thumbs_IMG_2100.jpg\"\n               data-image-id=\"21121\"\n               data-title=\"auf dem Panoramaweg  nach Sch\u00c3\u00b6nhalden; Schibenstoll 2236m,  Hinderugg 2306m, Ch\u00c3\u00a4serrugg 2262m, Gamser Rugg 2076m Pass Uebergang Nideri 1939, H\u00c3\u00b6chst 2024m, Sichelchamm 2259m, Gamsberg 2384m, Sichli 2320m, Isisixer Rosswis 2334 m\"\n               data-description=\"auf dem Panoramaweg  nach Sch\u00f6nhalden; Schibenstoll 2236m,  Hinderugg 2306m, Ch\u00e4serrugg 2262m, Gamser Rugg 2076m Pass Uebergang Nideri 1939, H\u00f6chst 2024m, Sichelchamm 2259m, Gamsberg 2384m, Sichli 2320m, Isisixer Rosswis 2334 m\"\n               data-image-slug=\"img_2100-1\"\n               class=\"shutterset_37865\">\n                <img\n                    title=\"auf dem Panoramaweg  nach Sch\u00c3\u00b6nhalden; Schibenstoll 2236m,  Hinderugg 2306m, Ch\u00c3\u00a4serrugg 2262m, Gamser Rugg 2076m Pass Uebergang Nideri 1939, H\u00c3\u00b6chst 2024m, Sichelchamm 2259m, Gamsberg 2384m, Sichli 2320m, Isisixer Rosswis 2334 m\"\n                    alt=\"auf dem Panoramaweg  nach Sch\u00c3\u00b6nhalden; Schibenstoll 2236m,  Hinderugg 2306m, Ch\u00c3\u00a4serrugg 2262m, Gamser Rugg 2076m Pass Uebergang Nideri 1939, H\u00c3\u00b6chst 2024m, Sichelchamm 2259m, Gamsberg 2384m, Sichli 2320m, Isisixer Rosswis 2334 m\"\n                    src=\"https:\/\/www.freimarianne.ch\/wp-content\/gallery\/chapfensee-30-7-19\/thumbs\/thumbs_IMG_2100.jpg\"\n                    width=\"100\"\n                    height=\"75\"\n                    style=\"max-width:100%;\"\n                \/>\n            <\/a>\n        <\/div>\n\t\t\t\t\t\t\t<\/div> \n\t\t\t\n        \n\t\t\t\t<div id=\"ngg-image-31\" class=\"ngg-gallery-thumbnail-box\" >\n\t\t\t\t        <div class=\"ngg-gallery-thumbnail\">\n            <a href=\"https:\/\/www.freimarianne.ch\/wp-content\/gallery\/chapfensee-30-7-19\/IMG_2102-06.jpg\"\n               title=\"Selun 2205m, Fr\u00fcmsel 2276m, Brisi 279m, Zuestoll 2235m, Schibenstoll 2236m,  Hinderugg 2306m, Ch\u00e4serrugg 2262m, Gamser Rugg 2076m Pass Uebergang Nideri 1939, Sichelchamm 2259m, Gamsberg 2384m, Sichli 2320m, Isisixer Rosswis 2334 m, Fulfirst  Ch\u00f6pf 2321m, Chli Fulfirst 2372m, Gross Fulfirst 2385m, G\u00e4rtlichopf 2298m, Chrummenstein 2238m, Chli Alvier 2285m, Alvier 2343m, Gauschla 2310m\"\n               data-src=\"https:\/\/www.freimarianne.ch\/wp-content\/gallery\/chapfensee-30-7-19\/IMG_2102-06.jpg\"\n               data-thumbnail=\"https:\/\/www.freimarianne.ch\/wp-content\/gallery\/chapfensee-30-7-19\/thumbs\/thumbs_IMG_2102-06.jpg\"\n               data-image-id=\"21120\"\n               data-title=\"Selun 2205m, Fr\u00c3\u00bcmsel 2276m, Brisi 279m, Zuestoll 2235m, Schibenstoll 2236m,  Hinderugg 2306m, Ch\u00c3\u00a4serrugg 2262m, Gamser Rugg 2076m Pass Uebergang Nideri 1939, Sichelchamm 2259m, Gamsberg 2384m, Sichli 2320m, Isisixer Rosswis 2334 m, Fulfirst  Ch\u00c3\u00b6pf 2321m, Chli Fulfirst 2372m, Gross Fulfirst 2385m, G\u00c3\u00a4rtlichopf 2298m, Chrummenstein 2238m, Chli Alvier 2285m, Alvier 2343m, Gauschla 2310m\"\n               data-description=\"Selun 2205m, Fr\u00fcmsel 2276m, Brisi 279m, Zuestoll 2235m, Schibenstoll 2236m,  Hinderugg 2306m, Ch\u00e4serrugg 2262m, Gamser Rugg 2076m Pass Uebergang Nideri 1939, Sichelchamm 2259m, Gamsberg 2384m, Sichli 2320m, Isisixer Rosswis 2334 m, Fulfirst  Ch\u00f6pf 2321m, Chli Fulfirst 2372m, Gross Fulfirst 2385m, G\u00e4rtlichopf 2298m, Chrummenstein 2238m, Chli Alvier 2285m, Alvier 2343m, Gauschla 2310m\"\n               data-image-slug=\"img_2102-06\"\n               class=\"shutterset_37865\">\n                <img\n                    title=\"Selun 2205m, Fr\u00c3\u00bcmsel 2276m, Brisi 279m, Zuestoll 2235m, Schibenstoll 2236m,  Hinderugg 2306m, Ch\u00c3\u00a4serrugg 2262m, Gamser Rugg 2076m Pass Uebergang Nideri 1939, Sichelchamm 2259m, Gamsberg 2384m, Sichli 2320m, Isisixer Rosswis 2334 m, Fulfirst  Ch\u00c3\u00b6pf 2321m, Chli Fulfirst 2372m, Gross Fulfirst 2385m, G\u00c3\u00a4rtlichopf 2298m, Chrummenstein 2238m, Chli Alvier 2285m, Alvier 2343m, Gauschla 2310m\"\n                    alt=\"Selun 2205m, Fr\u00c3\u00bcmsel 2276m, Brisi 279m, Zuestoll 2235m, Schibenstoll 2236m,  Hinderugg 2306m, Ch\u00c3\u00a4serrugg 2262m, Gamser Rugg 2076m Pass Uebergang Nideri 1939, Sichelchamm 2259m, Gamsberg 2384m, Sichli 2320m, Isisixer Rosswis 2334 m, Fulfirst  Ch\u00c3\u00b6pf 2321m, Chli Fulfirst 2372m, Gross Fulfirst 2385m, G\u00c3\u00a4rtlichopf 2298m, Chrummenstein 2238m, Chli Alvier 2285m, Alvier 2343m, Gauschla 2310m\"\n                    src=\"https:\/\/www.freimarianne.ch\/wp-content\/gallery\/chapfensee-30-7-19\/thumbs\/thumbs_IMG_2102-06.jpg\"\n                    width=\"100\"\n                    height=\"75\"\n                    style=\"max-width:100%;\"\n                \/>\n            <\/a>\n        <\/div>\n\t\t\t\t\t\t\t<\/div> \n\t\t\t\n        \n\t\t\t\t<div id=\"ngg-image-32\" class=\"ngg-gallery-thumbnail-box\" >\n\t\t\t\t        <div class=\"ngg-gallery-thumbnail\">\n            <a href=\"https:\/\/www.freimarianne.ch\/wp-content\/gallery\/chapfensee-30-7-19\/IMG_2107.jpg\"\n               title=\"Hotel und Bahnstation Sch\u00f6nhalden  1490m\"\n               data-src=\"https:\/\/www.freimarianne.ch\/wp-content\/gallery\/chapfensee-30-7-19\/IMG_2107.jpg\"\n               data-thumbnail=\"https:\/\/www.freimarianne.ch\/wp-content\/gallery\/chapfensee-30-7-19\/thumbs\/thumbs_IMG_2107.jpg\"\n               data-image-id=\"21119\"\n               data-title=\"Hotel und Bahnstation Sch\u00c3\u00b6nhalden  1490m\"\n               data-description=\"Hotel und Bahnstation Sch\u00f6nhalden  1490m\"\n               data-image-slug=\"img_2107-2\"\n               class=\"shutterset_37865\">\n                <img\n                    title=\"Hotel und Bahnstation Sch\u00c3\u00b6nhalden  1490m\"\n                    alt=\"Hotel und Bahnstation Sch\u00c3\u00b6nhalden  1490m\"\n                    src=\"https:\/\/www.freimarianne.ch\/wp-content\/gallery\/chapfensee-30-7-19\/thumbs\/thumbs_IMG_2107.jpg\"\n                    width=\"100\"\n                    height=\"75\"\n                    style=\"max-width:100%;\"\n                \/>\n            <\/a>\n        <\/div>\n\t\t\t\t\t\t\t<\/div> \n\t\t\t\n        \n\t\t\n\t\t<!-- Pagination -->\n\t<div class='ngg-clear'><\/div>\t<\/div>\n<\/p>\n","protected":false},"excerpt":{"rendered":"<p>Von Schwendi im Weisstannental nach Vermol und Chapfensee.\u00dcber Schwarzenberg, Stutz nach Sch\u00f6nhalden Nach 10.30h kann ich in Schwendi Dorf 906m im Weisstannental meine Wanderung gegen Vermol hinauf beginnen. Ich wandere auf einem Teilst\u00fcck der Via Alpina no 1. Diese f\u00fchrt zuerst auf Hartbelag, dann Naturstrasse, dann schmalen Wiesenweg und Waldpfad hinauf zur Kapelle Vermol 1100m. [&hellip;]<\/p>\n","protected":false},"author":1,"featured_media":0,"parent":37187,"menu_order":14,"comment_status":"closed","ping_status":"closed","template":"","meta":{"ngg_post_thumbnail":0},"_links":{"self":[{"href":"https:\/\/www.freimarianne.ch\/index.php?rest_route=\/wp\/v2\/pages\/37788"}],"collection":[{"href":"https:\/\/www.freimarianne.ch\/index.php?rest_route=\/wp\/v2\/pages"}],"about":[{"href":"https:\/\/www.freimarianne.ch\/index.php?rest_route=\/wp\/v2\/types\/page"}],"author":[{"embeddable":true,"href":"https:\/\/www.freimarianne.ch\/index.php?rest_route=\/wp\/v2\/users\/1"}],"replies":[{"embeddable":true,"href":"https:\/\/www.freimarianne.ch\/index.php?rest_route=%2Fwp%2Fv2%2Fcomments&post=37788"}],"version-history":[{"count":9,"href":"https:\/\/www.freimarianne.ch\/index.php?rest_route=\/wp\/v2\/pages\/37788\/revisions"}],"predecessor-version":[{"id":37866,"href":"https:\/\/www.freimarianne.ch\/index.php?rest_route=\/wp\/v2\/pages\/37788\/revisions\/37866"}],"up":[{"embeddable":true,"href":"https:\/\/www.freimarianne.ch\/index.php?rest_route=\/wp\/v2\/pages\/37187"}],"wp:attachment":[{"href":"https:\/\/www.freimarianne.ch\/index.php?rest_route=%2Fwp%2Fv2%2Fmedia&parent=37788"}],"curies":[{"name":"wp","href":"https:\/\/api.w.org\/{rel}","templated":true}]}}