{"id":38059,"date":"2019-09-01T13:12:12","date_gmt":"2019-09-01T12:12:12","guid":{"rendered":"http:\/\/www.freimarianne.ch\/?page_id=38059"},"modified":"2020-08-31T08:48:13","modified_gmt":"2020-08-31T07:48:13","slug":"musenalp-nw-16-8-2019","status":"publish","type":"page","link":"https:\/\/www.freimarianne.ch\/?page_id=38059","title":{"rendered":"Musenalp  NW  16.8.2019"},"content":{"rendered":"<p><strong>Klewenalp &#8211; B\u00e4renfallen &#8211; Musenalp &#8211; Ahorn &#8211; Niederrickenbach<\/strong><\/p>\n<div id=\"attachment_38053\" style=\"width: 510px\" class=\"wp-caption alignleft\"><img aria-describedby=\"caption-attachment-38053\" loading=\"lazy\" class=\"size-full wp-image-38053\" src=\"http:\/\/www.freimarianne.ch\/wp-content\/uploads\/2019\/09\/IMG_2291._musenalp500.jpg\" alt=\"\" width=\"500\" height=\"333\" srcset=\"https:\/\/www.freimarianne.ch\/wp-content\/uploads\/2019\/09\/IMG_2291._musenalp500.jpg 500w, https:\/\/www.freimarianne.ch\/wp-content\/uploads\/2019\/09\/IMG_2291._musenalp500-300x200.jpg 300w, https:\/\/www.freimarianne.ch\/wp-content\/uploads\/2019\/09\/IMG_2291._musenalp500-450x300.jpg 450w\" sizes=\"(max-width: 500px) 100vw, 500px\" \/><p id=\"caption-attachment-38053\" class=\"wp-caption-text\">Blick auf die Musenalp<\/p><\/div>\n<p>Heute m\u00f6chte ich die geplante Wanderung auf die Musenalp vorlaufen.<br \/>\nAuf der Klewenalp 1593m gehen wir gleich los und wandern \u00fcber Tannib\u00fcel 1527m hinauf zu B\u00e4renfallen 1580m, wo wir auf dem schmalen Grat eine Pause machen, um die Aussicht zu geniessen und etwas zu essen.<br \/>\nDann gibt es auf einer steilen Treppe einen Steilhang zu \u00fcberwinden. Oben abgekommen , f\u00fchrt der Weg durch sch\u00f6nes malerisches Alpgel\u00e4nde hinauf zur Musenalp 1747m, wo wir im Alpbeizli zu einem Kaffee einkehren. Es ist heute eher k\u00fchl und teils bew\u00f6lkt und wir brauchen eine Jacke.<br \/>\nAls wir uns auf den R\u00fcckweg machen, scheint wieder die Sonne. Ich m\u00f6chte den Abstieg von der Unteren Musenalp nach Ahorn hinunter machen. Dieser Pfad ist schmal und oft rutschig und f\u00fchrt durch einen Steilhang. Diesen Weg werde ich jedenfalls mit der Gruppe nicht machen! Weiter unten treffen wir auf den unteren Weg,der von B\u00e4renfallen her kommt.Vor Ahorn wird es laut. Ein Heli landet, um eine Frau ins Spital zu bringen. Offensichtlich hat sie ein Bein gebrochen.<br \/>\nAuf einem sch\u00f6nen Weg gelangen wir hinunter nach Niederrickenbach , von wo wir mit der Seilbahn hinuntr ins Tal fahren.<br \/>\nDies war eine nette Wanderung in einer malerischen Umgebung.<\/p>\n<p>Laut Schweizmobil:<br \/>\nDistanz: 8.60km; Aufstieg: 338m; Abstieg: 775m; Wanderzeit: 2h 50 min<\/p>\n<p><a href=\"https:\/\/map.schweizmobil.ch\/?lang=de&amp;bgLayer=pk&amp;logo=yes&amp;season=summer&amp;resolution=5&amp;E=2677206&amp;N=1198311&amp;layers=Wanderland&amp;trackId=5937457\">Karte Schweizmobil:<\/a><\/p>\n<p><!-- index.php -->\n<div\n\tclass=\"ngg-galleryoverview ngg-ajax-pagination-none\"\n\tid=\"ngg-gallery-38401-1\">\n\n    \t<div class=\"slideshowlink\">\n        <a href='https:\/\/www.freimarianne.ch\/index.php\/nggallery\/slideshow?page_id=38059'>[Show as slideshow]<\/a>\n\t\t\n\t<\/div>\n\t\t\t<!-- Thumbnails -->\n\t\t\t\t<div id=\"ngg-image-0\" class=\"ngg-gallery-thumbnail-box\" >\n\t\t\t\t        <div class=\"ngg-gallery-thumbnail\">\n            <a href=\"https:\/\/www.freimarianne.ch\/wp-content\/gallery\/musenalp-16-8-19\/IMG_2279.jpg\"\n               title=\"Sicht auf den Vierwladst\u00e4ttersee\"\n               data-src=\"https:\/\/www.freimarianne.ch\/wp-content\/gallery\/musenalp-16-8-19\/IMG_2279.jpg\"\n               data-thumbnail=\"https:\/\/www.freimarianne.ch\/wp-content\/gallery\/musenalp-16-8-19\/thumbs\/thumbs_IMG_2279.jpg\"\n               data-image-id=\"21227\"\n               data-title=\"Sicht auf den Vierwladst\u00c3\u00a4ttersee\"\n               data-description=\"Sicht auf den Vierwladst\u00e4ttersee\"\n               data-image-slug=\"img_2279-3\"\n               class=\"shutterset_38401\">\n                <img\n                    title=\"Sicht auf den Vierwladst\u00c3\u00a4ttersee\"\n                    alt=\"Sicht auf den Vierwladst\u00c3\u00a4ttersee\"\n                    src=\"https:\/\/www.freimarianne.ch\/wp-content\/gallery\/musenalp-16-8-19\/thumbs\/thumbs_IMG_2279.jpg\"\n                    width=\"100\"\n                    height=\"75\"\n                    style=\"max-width:100%;\"\n                \/>\n            <\/a>\n        <\/div>\n\t\t\t\t\t\t\t<\/div> \n\t\t\t\n        \n\t\t\t\t<div id=\"ngg-image-1\" class=\"ngg-gallery-thumbnail-box\" >\n\t\t\t\t        <div class=\"ngg-gallery-thumbnail\">\n            <a href=\"https:\/\/www.freimarianne.ch\/wp-content\/gallery\/musenalp-16-8-19\/IMG_2283.jpg\"\n               title=\"Blick gegen B\u00e4renfallen\"\n               data-src=\"https:\/\/www.freimarianne.ch\/wp-content\/gallery\/musenalp-16-8-19\/IMG_2283.jpg\"\n               data-thumbnail=\"https:\/\/www.freimarianne.ch\/wp-content\/gallery\/musenalp-16-8-19\/thumbs\/thumbs_IMG_2283.jpg\"\n               data-image-id=\"21228\"\n               data-title=\"Blick gegen B\u00c3\u00a4renfallen\"\n               data-description=\"Blick gegen B\u00e4renfallen\"\n               data-image-slug=\"img_2283-2\"\n               class=\"shutterset_38401\">\n                <img\n                    title=\"Blick gegen B\u00c3\u00a4renfallen\"\n                    alt=\"Blick gegen B\u00c3\u00a4renfallen\"\n                    src=\"https:\/\/www.freimarianne.ch\/wp-content\/gallery\/musenalp-16-8-19\/thumbs\/thumbs_IMG_2283.jpg\"\n                    width=\"100\"\n                    height=\"75\"\n                    style=\"max-width:100%;\"\n                \/>\n            <\/a>\n        <\/div>\n\t\t\t\t\t\t\t<\/div> \n\t\t\t\n        \n\t\t\t\t<div id=\"ngg-image-2\" class=\"ngg-gallery-thumbnail-box\" >\n\t\t\t\t        <div class=\"ngg-gallery-thumbnail\">\n            <a href=\"https:\/\/www.freimarianne.ch\/wp-content\/gallery\/musenalp-16-8-19\/IMG_2286.jpg\"\n               title=\"K\u00fche  vor den bieden Felsen der Klewenalp\"\n               data-src=\"https:\/\/www.freimarianne.ch\/wp-content\/gallery\/musenalp-16-8-19\/IMG_2286.jpg\"\n               data-thumbnail=\"https:\/\/www.freimarianne.ch\/wp-content\/gallery\/musenalp-16-8-19\/thumbs\/thumbs_IMG_2286.jpg\"\n               data-image-id=\"21229\"\n               data-title=\"K\u00c3\u00bche  vor den bieden Felsen der Klewenalp\"\n               data-description=\"K\u00fche  vor den bieden Felsen der Klewenalp\"\n               data-image-slug=\"img_2286-2\"\n               class=\"shutterset_38401\">\n                <img\n                    title=\"K\u00c3\u00bche  vor den bieden Felsen der Klewenalp\"\n                    alt=\"K\u00c3\u00bche  vor den bieden Felsen der Klewenalp\"\n                    src=\"https:\/\/www.freimarianne.ch\/wp-content\/gallery\/musenalp-16-8-19\/thumbs\/thumbs_IMG_2286.jpg\"\n                    width=\"100\"\n                    height=\"75\"\n                    style=\"max-width:100%;\"\n                \/>\n            <\/a>\n        <\/div>\n\t\t\t\t\t\t\t<\/div> \n\t\t\t\n        \n\t\t\t\t<div id=\"ngg-image-3\" class=\"ngg-gallery-thumbnail-box\" >\n\t\t\t\t        <div class=\"ngg-gallery-thumbnail\">\n            <a href=\"https:\/\/www.freimarianne.ch\/wp-content\/gallery\/musenalp-16-8-19\/IMG_2288.jpg\"\n               title=\"Stanserhorn und Musenalp\"\n               data-src=\"https:\/\/www.freimarianne.ch\/wp-content\/gallery\/musenalp-16-8-19\/IMG_2288.jpg\"\n               data-thumbnail=\"https:\/\/www.freimarianne.ch\/wp-content\/gallery\/musenalp-16-8-19\/thumbs\/thumbs_IMG_2288.jpg\"\n               data-image-id=\"21230\"\n               data-title=\"Stanserhorn und Musenalp\"\n               data-description=\"Stanserhorn und Musenalp\"\n               data-image-slug=\"img_2288\"\n               class=\"shutterset_38401\">\n                <img\n                    title=\"Stanserhorn und Musenalp\"\n                    alt=\"Stanserhorn und Musenalp\"\n                    src=\"https:\/\/www.freimarianne.ch\/wp-content\/gallery\/musenalp-16-8-19\/thumbs\/thumbs_IMG_2288.jpg\"\n                    width=\"100\"\n                    height=\"75\"\n                    style=\"max-width:100%;\"\n                \/>\n            <\/a>\n        <\/div>\n\t\t\t\t\t\t\t<\/div> \n\t\t\t\n        \n\t\t\t\t<div id=\"ngg-image-4\" class=\"ngg-gallery-thumbnail-box\" >\n\t\t\t\t        <div class=\"ngg-gallery-thumbnail\">\n            <a href=\"https:\/\/www.freimarianne.ch\/wp-content\/gallery\/musenalp-16-8-19\/IMG_2289.jpg\"\n               title=\"Blick gegen die Klewenalp mit Rigi\"\n               data-src=\"https:\/\/www.freimarianne.ch\/wp-content\/gallery\/musenalp-16-8-19\/IMG_2289.jpg\"\n               data-thumbnail=\"https:\/\/www.freimarianne.ch\/wp-content\/gallery\/musenalp-16-8-19\/thumbs\/thumbs_IMG_2289.jpg\"\n               data-image-id=\"21231\"\n               data-title=\"Blick gegen die Klewenalp mit Rigi\"\n               data-description=\"Blick gegen die Klewenalp mit Rigi\"\n               data-image-slug=\"img_2289-3\"\n               class=\"shutterset_38401\">\n                <img\n                    title=\"Blick gegen die Klewenalp mit Rigi\"\n                    alt=\"Blick gegen die Klewenalp mit Rigi\"\n                    src=\"https:\/\/www.freimarianne.ch\/wp-content\/gallery\/musenalp-16-8-19\/thumbs\/thumbs_IMG_2289.jpg\"\n                    width=\"100\"\n                    height=\"75\"\n                    style=\"max-width:100%;\"\n                \/>\n            <\/a>\n        <\/div>\n\t\t\t\t\t\t\t<\/div> \n\t\t\t\n        \n\t\t\t\t<div id=\"ngg-image-5\" class=\"ngg-gallery-thumbnail-box\" >\n\t\t\t\t        <div class=\"ngg-gallery-thumbnail\">\n            <a href=\"https:\/\/www.freimarianne.ch\/wp-content\/gallery\/musenalp-16-8-19\/IMG_2295.jpg\"\n               title=\"SIcht von der  B\u00e4renfalle gegen die Rigi\"\n               data-src=\"https:\/\/www.freimarianne.ch\/wp-content\/gallery\/musenalp-16-8-19\/IMG_2295.jpg\"\n               data-thumbnail=\"https:\/\/www.freimarianne.ch\/wp-content\/gallery\/musenalp-16-8-19\/thumbs\/thumbs_IMG_2295.jpg\"\n               data-image-id=\"21232\"\n               data-title=\"SIcht von der  B\u00c3\u00a4renfalle gegen die Rigi\"\n               data-description=\"SIcht von der  B\u00e4renfalle gegen die Rigi\"\n               data-image-slug=\"img_2295-3\"\n               class=\"shutterset_38401\">\n                <img\n                    title=\"SIcht von der  B\u00c3\u00a4renfalle gegen die Rigi\"\n                    alt=\"SIcht von der  B\u00c3\u00a4renfalle gegen die Rigi\"\n                    src=\"https:\/\/www.freimarianne.ch\/wp-content\/gallery\/musenalp-16-8-19\/thumbs\/thumbs_IMG_2295.jpg\"\n                    width=\"100\"\n                    height=\"75\"\n                    style=\"max-width:100%;\"\n                \/>\n            <\/a>\n        <\/div>\n\t\t\t\t\t\t\t<\/div> \n\t\t\t\n        \n\t\t\t\t<div id=\"ngg-image-6\" class=\"ngg-gallery-thumbnail-box\" >\n\t\t\t\t        <div class=\"ngg-gallery-thumbnail\">\n            <a href=\"https:\/\/www.freimarianne.ch\/wp-content\/gallery\/musenalp-16-8-19\/IMG_2298.jpg\"\n               title=\"steiler Aufsteig\"\n               data-src=\"https:\/\/www.freimarianne.ch\/wp-content\/gallery\/musenalp-16-8-19\/IMG_2298.jpg\"\n               data-thumbnail=\"https:\/\/www.freimarianne.ch\/wp-content\/gallery\/musenalp-16-8-19\/thumbs\/thumbs_IMG_2298.jpg\"\n               data-image-id=\"21233\"\n               data-title=\"steiler Aufsteig\"\n               data-description=\"steiler Aufsteig\"\n               data-image-slug=\"img_2298-1\"\n               class=\"shutterset_38401\">\n                <img\n                    title=\"steiler Aufsteig\"\n                    alt=\"steiler Aufsteig\"\n                    src=\"https:\/\/www.freimarianne.ch\/wp-content\/gallery\/musenalp-16-8-19\/thumbs\/thumbs_IMG_2298.jpg\"\n                    width=\"100\"\n                    height=\"75\"\n                    style=\"max-width:100%;\"\n                \/>\n            <\/a>\n        <\/div>\n\t\t\t\t\t\t\t<\/div> \n\t\t\t\n        \n\t\t\t\t<div id=\"ngg-image-7\" class=\"ngg-gallery-thumbnail-box\" >\n\t\t\t\t        <div class=\"ngg-gallery-thumbnail\">\n            <a href=\"https:\/\/www.freimarianne.ch\/wp-content\/gallery\/musenalp-16-8-19\/IMG_2301.jpg\"\n               title=\"Musenalp 1747m\"\n               data-src=\"https:\/\/www.freimarianne.ch\/wp-content\/gallery\/musenalp-16-8-19\/IMG_2301.jpg\"\n               data-thumbnail=\"https:\/\/www.freimarianne.ch\/wp-content\/gallery\/musenalp-16-8-19\/thumbs\/thumbs_IMG_2301.jpg\"\n               data-image-id=\"21234\"\n               data-title=\"Musenalp 1747m\"\n               data-description=\"Musenalp 1747m\"\n               data-image-slug=\"img_2301-4\"\n               class=\"shutterset_38401\">\n                <img\n                    title=\"Musenalp 1747m\"\n                    alt=\"Musenalp 1747m\"\n                    src=\"https:\/\/www.freimarianne.ch\/wp-content\/gallery\/musenalp-16-8-19\/thumbs\/thumbs_IMG_2301.jpg\"\n                    width=\"100\"\n                    height=\"75\"\n                    style=\"max-width:100%;\"\n                \/>\n            <\/a>\n        <\/div>\n\t\t\t\t\t\t\t<\/div> \n\t\t\t\n        \n\t\t\t\t<div id=\"ngg-image-8\" class=\"ngg-gallery-thumbnail-box\" >\n\t\t\t\t        <div class=\"ngg-gallery-thumbnail\">\n            <a href=\"https:\/\/www.freimarianne.ch\/wp-content\/gallery\/musenalp-16-8-19\/IMG_2313.jpg\"\n               title=\"Pfad durch ein Ger\u00f6llfeld\"\n               data-src=\"https:\/\/www.freimarianne.ch\/wp-content\/gallery\/musenalp-16-8-19\/IMG_2313.jpg\"\n               data-thumbnail=\"https:\/\/www.freimarianne.ch\/wp-content\/gallery\/musenalp-16-8-19\/thumbs\/thumbs_IMG_2313.jpg\"\n               data-image-id=\"21235\"\n               data-title=\"Pfad durch ein Ger\u00c3\u00b6llfeld\"\n               data-description=\"Pfad durch ein Ger\u00f6llfeld\"\n               data-image-slug=\"img_2313-3\"\n               class=\"shutterset_38401\">\n                <img\n                    title=\"Pfad durch ein Ger\u00c3\u00b6llfeld\"\n                    alt=\"Pfad durch ein Ger\u00c3\u00b6llfeld\"\n                    src=\"https:\/\/www.freimarianne.ch\/wp-content\/gallery\/musenalp-16-8-19\/thumbs\/thumbs_IMG_2313.jpg\"\n                    width=\"100\"\n                    height=\"75\"\n                    style=\"max-width:100%;\"\n                \/>\n            <\/a>\n        <\/div>\n\t\t\t\t\t\t\t<\/div> \n\t\t\t\n        \n\t\t\t\t<div id=\"ngg-image-9\" class=\"ngg-gallery-thumbnail-box\" >\n\t\t\t\t        <div class=\"ngg-gallery-thumbnail\">\n            <a href=\"https:\/\/www.freimarianne.ch\/wp-content\/gallery\/musenalp-16-8-19\/IMG_2316.jpg\"\n               title=\"Pfad durch ein Ger\u00f6llfeld; Gebiet B\u00e4renfallen\"\n               data-src=\"https:\/\/www.freimarianne.ch\/wp-content\/gallery\/musenalp-16-8-19\/IMG_2316.jpg\"\n               data-thumbnail=\"https:\/\/www.freimarianne.ch\/wp-content\/gallery\/musenalp-16-8-19\/thumbs\/thumbs_IMG_2316.jpg\"\n               data-image-id=\"21236\"\n               data-title=\"Pfad durch ein Ger\u00c3\u00b6llfeld; Gebiet B\u00c3\u00a4renfallen\"\n               data-description=\"Pfad durch ein Ger\u00f6llfeld; Gebiet B\u00e4renfallen\"\n               data-image-slug=\"img_2316-4\"\n               class=\"shutterset_38401\">\n                <img\n                    title=\"Pfad durch ein Ger\u00c3\u00b6llfeld; Gebiet B\u00c3\u00a4renfallen\"\n                    alt=\"Pfad durch ein Ger\u00c3\u00b6llfeld; Gebiet B\u00c3\u00a4renfallen\"\n                    src=\"https:\/\/www.freimarianne.ch\/wp-content\/gallery\/musenalp-16-8-19\/thumbs\/thumbs_IMG_2316.jpg\"\n                    width=\"100\"\n                    height=\"75\"\n                    style=\"max-width:100%;\"\n                \/>\n            <\/a>\n        <\/div>\n\t\t\t\t\t\t\t<\/div> \n\t\t\t\n        \n\t\t\t\t<div id=\"ngg-image-10\" class=\"ngg-gallery-thumbnail-box\" >\n\t\t\t\t        <div class=\"ngg-gallery-thumbnail\">\n            <a href=\"https:\/\/www.freimarianne.ch\/wp-content\/gallery\/musenalp-16-8-19\/IMG_2319.jpg\"\n               title=\"aich K\u00fche suchen den Schatten\"\n               data-src=\"https:\/\/www.freimarianne.ch\/wp-content\/gallery\/musenalp-16-8-19\/IMG_2319.jpg\"\n               data-thumbnail=\"https:\/\/www.freimarianne.ch\/wp-content\/gallery\/musenalp-16-8-19\/thumbs\/thumbs_IMG_2319.jpg\"\n               data-image-id=\"21237\"\n               data-title=\"aich K\u00c3\u00bche suchen den Schatten\"\n               data-description=\"aich K\u00fche suchen den Schatten\"\n               data-image-slug=\"img_2319\"\n               class=\"shutterset_38401\">\n                <img\n                    title=\"aich K\u00c3\u00bche suchen den Schatten\"\n                    alt=\"aich K\u00c3\u00bche suchen den Schatten\"\n                    src=\"https:\/\/www.freimarianne.ch\/wp-content\/gallery\/musenalp-16-8-19\/thumbs\/thumbs_IMG_2319.jpg\"\n                    width=\"100\"\n                    height=\"75\"\n                    style=\"max-width:100%;\"\n                \/>\n            <\/a>\n        <\/div>\n\t\t\t\t\t\t\t<\/div> \n\t\t\t\n        \n\t\t\t\t<div id=\"ngg-image-11\" class=\"ngg-gallery-thumbnail-box\" >\n\t\t\t\t        <div class=\"ngg-gallery-thumbnail\">\n            <a href=\"https:\/\/www.freimarianne.ch\/wp-content\/gallery\/musenalp-16-8-19\/IMG_2321.jpg\"\n               title=\"Blick gegen die Klewenalp\"\n               data-src=\"https:\/\/www.freimarianne.ch\/wp-content\/gallery\/musenalp-16-8-19\/IMG_2321.jpg\"\n               data-thumbnail=\"https:\/\/www.freimarianne.ch\/wp-content\/gallery\/musenalp-16-8-19\/thumbs\/thumbs_IMG_2321.jpg\"\n               data-image-id=\"21238\"\n               data-title=\"Blick gegen die Klewenalp\"\n               data-description=\"Blick gegen die Klewenalp\"\n               data-image-slug=\"img_2321-2\"\n               class=\"shutterset_38401\">\n                <img\n                    title=\"Blick gegen die Klewenalp\"\n                    alt=\"Blick gegen die Klewenalp\"\n                    src=\"https:\/\/www.freimarianne.ch\/wp-content\/gallery\/musenalp-16-8-19\/thumbs\/thumbs_IMG_2321.jpg\"\n                    width=\"100\"\n                    height=\"75\"\n                    style=\"max-width:100%;\"\n                \/>\n            <\/a>\n        <\/div>\n\t\t\t\t\t\t\t<\/div> \n\t\t\t\n        \n\t\t\t\t<div id=\"ngg-image-12\" class=\"ngg-gallery-thumbnail-box\" >\n\t\t\t\t        <div class=\"ngg-gallery-thumbnail\">\n            <a href=\"https:\/\/www.freimarianne.ch\/wp-content\/gallery\/musenalp-16-8-19\/IMG_2324.jpg\"\n               title=\"Ahorn 1345m\"\n               data-src=\"https:\/\/www.freimarianne.ch\/wp-content\/gallery\/musenalp-16-8-19\/IMG_2324.jpg\"\n               data-thumbnail=\"https:\/\/www.freimarianne.ch\/wp-content\/gallery\/musenalp-16-8-19\/thumbs\/thumbs_IMG_2324.jpg\"\n               data-image-id=\"21239\"\n               data-title=\"Ahorn 1345m\"\n               data-description=\"Ahorn 1345m\"\n               data-image-slug=\"img_2324-3\"\n               class=\"shutterset_38401\">\n                <img\n                    title=\"Ahorn 1345m\"\n                    alt=\"Ahorn 1345m\"\n                    src=\"https:\/\/www.freimarianne.ch\/wp-content\/gallery\/musenalp-16-8-19\/thumbs\/thumbs_IMG_2324.jpg\"\n                    width=\"100\"\n                    height=\"75\"\n                    style=\"max-width:100%;\"\n                \/>\n            <\/a>\n        <\/div>\n\t\t\t\t\t\t\t<\/div> \n\t\t\t\n        \n\t\t\t\t<div id=\"ngg-image-13\" class=\"ngg-gallery-thumbnail-box\" >\n\t\t\t\t        <div class=\"ngg-gallery-thumbnail\">\n            <a href=\"https:\/\/www.freimarianne.ch\/wp-content\/gallery\/musenalp-16-8-19\/IMG_2328.jpg\"\n               title=\"Stanserhorn mit K\u00fchen\"\n               data-src=\"https:\/\/www.freimarianne.ch\/wp-content\/gallery\/musenalp-16-8-19\/IMG_2328.jpg\"\n               data-thumbnail=\"https:\/\/www.freimarianne.ch\/wp-content\/gallery\/musenalp-16-8-19\/thumbs\/thumbs_IMG_2328.jpg\"\n               data-image-id=\"21240\"\n               data-title=\"Stanserhorn mit K\u00c3\u00bchen\"\n               data-description=\"Stanserhorn mit K\u00fchen\"\n               data-image-slug=\"img_2328-3\"\n               class=\"shutterset_38401\">\n                <img\n                    title=\"Stanserhorn mit K\u00c3\u00bchen\"\n                    alt=\"Stanserhorn mit K\u00c3\u00bchen\"\n                    src=\"https:\/\/www.freimarianne.ch\/wp-content\/gallery\/musenalp-16-8-19\/thumbs\/thumbs_IMG_2328.jpg\"\n                    width=\"100\"\n                    height=\"75\"\n                    style=\"max-width:100%;\"\n                \/>\n            <\/a>\n        <\/div>\n\t\t\t\t\t\t\t<\/div> \n\t\t\t\n        \n\t\t\t\t<div id=\"ngg-image-14\" class=\"ngg-gallery-thumbnail-box\" >\n\t\t\t\t        <div class=\"ngg-gallery-thumbnail\">\n            <a href=\"https:\/\/www.freimarianne.ch\/wp-content\/gallery\/musenalp-16-8-19\/IMG_2330.jpg\"\n               title=\"Blick auf Niederrickdenbach   1158m mit Stanserhorn\"\n               data-src=\"https:\/\/www.freimarianne.ch\/wp-content\/gallery\/musenalp-16-8-19\/IMG_2330.jpg\"\n               data-thumbnail=\"https:\/\/www.freimarianne.ch\/wp-content\/gallery\/musenalp-16-8-19\/thumbs\/thumbs_IMG_2330.jpg\"\n               data-image-id=\"21241\"\n               data-title=\"Blick auf Niederrickdenbach   1158m mit Stanserhorn\"\n               data-description=\"Blick auf Niederrickdenbach   1158m mit Stanserhorn\"\n               data-image-slug=\"img_2330-1\"\n               class=\"shutterset_38401\">\n                <img\n                    title=\"Blick auf Niederrickdenbach   1158m mit Stanserhorn\"\n                    alt=\"Blick auf Niederrickdenbach   1158m mit Stanserhorn\"\n                    src=\"https:\/\/www.freimarianne.ch\/wp-content\/gallery\/musenalp-16-8-19\/thumbs\/thumbs_IMG_2330.jpg\"\n                    width=\"100\"\n                    height=\"75\"\n                    style=\"max-width:100%;\"\n                \/>\n            <\/a>\n        <\/div>\n\t\t\t\t\t\t\t<\/div> \n\t\t\t\n        \n\t\t\t\t<div id=\"ngg-image-15\" class=\"ngg-gallery-thumbnail-box\" >\n\t\t\t\t        <div class=\"ngg-gallery-thumbnail\">\n            <a href=\"https:\/\/www.freimarianne.ch\/wp-content\/gallery\/musenalp-16-8-19\/IMG_2331.jpg\"\n               title=\"Kloster Niederrickenbach\"\n               data-src=\"https:\/\/www.freimarianne.ch\/wp-content\/gallery\/musenalp-16-8-19\/IMG_2331.jpg\"\n               data-thumbnail=\"https:\/\/www.freimarianne.ch\/wp-content\/gallery\/musenalp-16-8-19\/thumbs\/thumbs_IMG_2331.jpg\"\n               data-image-id=\"21242\"\n               data-title=\"Kloster Niederrickenbach\"\n               data-description=\"Kloster Niederrickenbach\"\n               data-image-slug=\"img_2331-2\"\n               class=\"shutterset_38401\">\n                <img\n                    title=\"Kloster Niederrickenbach\"\n                    alt=\"Kloster Niederrickenbach\"\n                    src=\"https:\/\/www.freimarianne.ch\/wp-content\/gallery\/musenalp-16-8-19\/thumbs\/thumbs_IMG_2331.jpg\"\n                    width=\"100\"\n                    height=\"75\"\n                    style=\"max-width:100%;\"\n                \/>\n            <\/a>\n        <\/div>\n\t\t\t\t\t\t\t<\/div> \n\t\t\t\n        \n\t\t\n\t\t<!-- Pagination -->\n\t<div class='ngg-clear'><\/div>\t<\/div>\n<\/p>\n","protected":false},"excerpt":{"rendered":"<p>Klewenalp &#8211; B\u00e4renfallen &#8211; Musenalp &#8211; Ahorn &#8211; Niederrickenbach Heute m\u00f6chte ich die geplante Wanderung auf die Musenalp vorlaufen. Auf der Klewenalp 1593m gehen wir gleich los und wandern \u00fcber Tannib\u00fcel 1527m hinauf zu B\u00e4renfallen 1580m, wo wir auf dem schmalen Grat eine Pause machen, um die Aussicht zu geniessen und etwas zu essen. Dann [&hellip;]<\/p>\n","protected":false},"author":1,"featured_media":0,"parent":37187,"menu_order":18,"comment_status":"closed","ping_status":"closed","template":"","meta":{"ngg_post_thumbnail":0},"_links":{"self":[{"href":"https:\/\/www.freimarianne.ch\/index.php?rest_route=\/wp\/v2\/pages\/38059"}],"collection":[{"href":"https:\/\/www.freimarianne.ch\/index.php?rest_route=\/wp\/v2\/pages"}],"about":[{"href":"https:\/\/www.freimarianne.ch\/index.php?rest_route=\/wp\/v2\/types\/page"}],"author":[{"embeddable":true,"href":"https:\/\/www.freimarianne.ch\/index.php?rest_route=\/wp\/v2\/users\/1"}],"replies":[{"embeddable":true,"href":"https:\/\/www.freimarianne.ch\/index.php?rest_route=%2Fwp%2Fv2%2Fcomments&post=38059"}],"version-history":[{"count":5,"href":"https:\/\/www.freimarianne.ch\/index.php?rest_route=\/wp\/v2\/pages\/38059\/revisions"}],"predecessor-version":[{"id":43600,"href":"https:\/\/www.freimarianne.ch\/index.php?rest_route=\/wp\/v2\/pages\/38059\/revisions\/43600"}],"up":[{"embeddable":true,"href":"https:\/\/www.freimarianne.ch\/index.php?rest_route=\/wp\/v2\/pages\/37187"}],"wp:attachment":[{"href":"https:\/\/www.freimarianne.ch\/index.php?rest_route=%2Fwp%2Fv2%2Fmedia&parent=38059"}],"curies":[{"name":"wp","href":"https:\/\/api.w.org\/{rel}","templated":true}]}}