{"id":46876,"date":"2021-01-07T11:15:12","date_gmt":"2021-01-07T10:15:12","guid":{"rendered":"http:\/\/www.freimarianne.ch\/?page_id=46876"},"modified":"2021-01-07T11:19:21","modified_gmt":"2021-01-07T10:19:21","slug":"ernen-muhlbach-furgangen-vs-6-1-2021","status":"publish","type":"page","link":"https:\/\/www.freimarianne.ch\/?page_id=46876","title":{"rendered":"Ernen &#8211; M\u00fchlbach &#8211; F\u00fcrgangen   VS  6.1.2021"},"content":{"rendered":"<p><strong>Ein Spaziergang von Ernen nach M\u00fchlebach<\/strong><\/p>\n<p><img loading=\"lazy\" class=\"size-full wp-image-46875\" src=\"http:\/\/www.freimarianne.ch\/wp-content\/uploads\/2021\/01\/IMG_4973_ernen21_500.jpeg\" alt=\"\" width=\"500\" height=\"335\" srcset=\"https:\/\/www.freimarianne.ch\/wp-content\/uploads\/2021\/01\/IMG_4973_ernen21_500.jpeg 500w, https:\/\/www.freimarianne.ch\/wp-content\/uploads\/2021\/01\/IMG_4973_ernen21_500-300x201.jpeg 300w, https:\/\/www.freimarianne.ch\/wp-content\/uploads\/2021\/01\/IMG_4973_ernen21_500-448x300.jpeg 448w\" sizes=\"(max-width: 500px) 100vw, 500px\" \/> Friedhof von Ernen<\/p>\n<p>Heute m\u00f6chte ich trotz schlechter Wetterprognose den kurzen Winterwanderweg von Ernen nach M\u00fchlebach im Goms erkunden. Es sollte dort mittags eine Aufhellung geben! So bin ich erst um 13h in Ernen. Leider ist nichts von dieser Aufhellung zu sp\u00fcren. Ich mache einen kurzen Rundgang durch das Dorf und zur Kirche. Dann suche ich den Weg nach M\u00fchlebach. Bald kann ich auf einem schneebedeckten Weg gehen, der mich hin\u00fcber nach M\u00fchlebach bringt. Zuvor gilt es noch auf einem schmalen Pfad ein Tobel zu \u00fcberqueren. Es sind teilweise Seile montiert. Ich gehe durch den alten Dorfteil und steige hinauf zur Kapelle, die auf einem H\u00fcgel thront. Von dort geht es auf der anderen Seite wieder hinunter ins Dorf und in den neueren Dorfteil. \u00dcber die H\u00e4ngebr\u00fccke erreiche die die Bahnstation F\u00fcrgangen. Ich bin froh,dass ich mich im Zug wieder aufw\u00e4rmen kann.<\/p>\n<p>Dies war nur ein Spaziergang. Ich wollte\u00a0 herausfinden, ob es einen Winterwanderweg nach Steinhaus und Niederwald gibt. Aber das scheint nicht der Fall zu sein. Man muss auf der aperen Strasse gehen!<\/p>\n<p><!-- index.php -->\n<div\n\tclass=\"ngg-galleryoverview ngg-ajax-pagination-none\"\n\tid=\"ngg-gallery-46902-1\">\n\n    \t<div class=\"slideshowlink\">\n        <a href='https:\/\/www.freimarianne.ch\/index.php\/nggallery\/slideshow?page_id=46876'>[Show as slideshow]<\/a>\n\t\t\n\t<\/div>\n\t\t\t<!-- Thumbnails -->\n\t\t\t\t<div id=\"ngg-image-0\" class=\"ngg-gallery-thumbnail-box\" >\n\t\t\t\t        <div class=\"ngg-gallery-thumbnail\">\n            <a href=\"https:\/\/www.freimarianne.ch\/wp-content\/gallery\/ernen-6-1-21\/IMG_0558.jpeg\"\n               title=\"Blick zur\u00fcck auf Ernen\"\n               data-src=\"https:\/\/www.freimarianne.ch\/wp-content\/gallery\/ernen-6-1-21\/IMG_0558.jpeg\"\n               data-thumbnail=\"https:\/\/www.freimarianne.ch\/wp-content\/gallery\/ernen-6-1-21\/thumbs\/thumbs_IMG_0558.jpeg\"\n               data-image-id=\"24794\"\n               data-title=\"IMG_0558\"\n               data-description=\"Blick zur\u00fcck auf Ernen\"\n               data-image-slug=\"img_0558\"\n               class=\"shutterset_46902\">\n                <img\n                    title=\"IMG_0558\"\n                    alt=\"IMG_0558\"\n                    src=\"https:\/\/www.freimarianne.ch\/wp-content\/gallery\/ernen-6-1-21\/thumbs\/thumbs_IMG_0558.jpeg\"\n                    width=\"100\"\n                    height=\"75\"\n                    style=\"max-width:100%;\"\n                \/>\n            <\/a>\n        <\/div>\n\t\t\t\t\t\t\t<\/div> \n\t\t\t\n        \n\t\t\t\t<div id=\"ngg-image-1\" class=\"ngg-gallery-thumbnail-box\" >\n\t\t\t\t        <div class=\"ngg-gallery-thumbnail\">\n            <a href=\"https:\/\/www.freimarianne.ch\/wp-content\/gallery\/ernen-6-1-21\/IMG_0560.jpeg\"\n               title=\"Blick zur\u00fcck auf Ernen\"\n               data-src=\"https:\/\/www.freimarianne.ch\/wp-content\/gallery\/ernen-6-1-21\/IMG_0560.jpeg\"\n               data-thumbnail=\"https:\/\/www.freimarianne.ch\/wp-content\/gallery\/ernen-6-1-21\/thumbs\/thumbs_IMG_0560.jpeg\"\n               data-image-id=\"24793\"\n               data-title=\"IMG_0560\"\n               data-description=\"Blick zur\u00fcck auf Ernen\"\n               data-image-slug=\"img_0560-3\"\n               class=\"shutterset_46902\">\n                <img\n                    title=\"IMG_0560\"\n                    alt=\"IMG_0560\"\n                    src=\"https:\/\/www.freimarianne.ch\/wp-content\/gallery\/ernen-6-1-21\/thumbs\/thumbs_IMG_0560.jpeg\"\n                    width=\"100\"\n                    height=\"75\"\n                    style=\"max-width:100%;\"\n                \/>\n            <\/a>\n        <\/div>\n\t\t\t\t\t\t\t<\/div> \n\t\t\t\n        \n\t\t\t\t<div id=\"ngg-image-2\" class=\"ngg-gallery-thumbnail-box\" >\n\t\t\t\t        <div class=\"ngg-gallery-thumbnail\">\n            <a href=\"https:\/\/www.freimarianne.ch\/wp-content\/gallery\/ernen-6-1-21\/IMG_0562.jpeg\"\n               title=\"der WW vor M\u00fchlebach\"\n               data-src=\"https:\/\/www.freimarianne.ch\/wp-content\/gallery\/ernen-6-1-21\/IMG_0562.jpeg\"\n               data-thumbnail=\"https:\/\/www.freimarianne.ch\/wp-content\/gallery\/ernen-6-1-21\/thumbs\/thumbs_IMG_0562.jpeg\"\n               data-image-id=\"24792\"\n               data-title=\"IMG_0562\"\n               data-description=\"der WW vor M\u00fchlebach\"\n               data-image-slug=\"img_0562-5\"\n               class=\"shutterset_46902\">\n                <img\n                    title=\"IMG_0562\"\n                    alt=\"IMG_0562\"\n                    src=\"https:\/\/www.freimarianne.ch\/wp-content\/gallery\/ernen-6-1-21\/thumbs\/thumbs_IMG_0562.jpeg\"\n                    width=\"100\"\n                    height=\"75\"\n                    style=\"max-width:100%;\"\n                \/>\n            <\/a>\n        <\/div>\n\t\t\t\t\t\t\t<\/div> \n\t\t\t\n        \n\t\t\t\t<div id=\"ngg-image-3\" class=\"ngg-gallery-thumbnail-box\" >\n\t\t\t\t        <div class=\"ngg-gallery-thumbnail\">\n            <a href=\"https:\/\/www.freimarianne.ch\/wp-content\/gallery\/ernen-6-1-21\/IMG_0569.jpeg\"\n               title=\"Kapelle von M\u00fchlebach\"\n               data-src=\"https:\/\/www.freimarianne.ch\/wp-content\/gallery\/ernen-6-1-21\/IMG_0569.jpeg\"\n               data-thumbnail=\"https:\/\/www.freimarianne.ch\/wp-content\/gallery\/ernen-6-1-21\/thumbs\/thumbs_IMG_0569.jpeg\"\n               data-image-id=\"24791\"\n               data-title=\"IMG_0569\"\n               data-description=\"Kapelle von M\u00fchlebach\"\n               data-image-slug=\"img_0569-6\"\n               class=\"shutterset_46902\">\n                <img\n                    title=\"IMG_0569\"\n                    alt=\"IMG_0569\"\n                    src=\"https:\/\/www.freimarianne.ch\/wp-content\/gallery\/ernen-6-1-21\/thumbs\/thumbs_IMG_0569.jpeg\"\n                    width=\"100\"\n                    height=\"75\"\n                    style=\"max-width:100%;\"\n                \/>\n            <\/a>\n        <\/div>\n\t\t\t\t\t\t\t<\/div> \n\t\t\t\n        \n\t\t\t\t<div id=\"ngg-image-4\" class=\"ngg-gallery-thumbnail-box\" >\n\t\t\t\t        <div class=\"ngg-gallery-thumbnail\">\n            <a href=\"https:\/\/www.freimarianne.ch\/wp-content\/gallery\/ernen-6-1-21\/IMG_0572.jpeg\"\n               title=\"der alte Dorfkern von M\u00fchlebach\"\n               data-src=\"https:\/\/www.freimarianne.ch\/wp-content\/gallery\/ernen-6-1-21\/IMG_0572.jpeg\"\n               data-thumbnail=\"https:\/\/www.freimarianne.ch\/wp-content\/gallery\/ernen-6-1-21\/thumbs\/thumbs_IMG_0572.jpeg\"\n               data-image-id=\"24790\"\n               data-title=\"IMG_0572\"\n               data-description=\"der alte Dorfkern von M\u00fchlebach\"\n               data-image-slug=\"img_0572-6\"\n               class=\"shutterset_46902\">\n                <img\n                    title=\"IMG_0572\"\n                    alt=\"IMG_0572\"\n                    src=\"https:\/\/www.freimarianne.ch\/wp-content\/gallery\/ernen-6-1-21\/thumbs\/thumbs_IMG_0572.jpeg\"\n                    width=\"100\"\n                    height=\"75\"\n                    style=\"max-width:100%;\"\n                \/>\n            <\/a>\n        <\/div>\n\t\t\t\t\t\t\t<\/div> \n\t\t\t\n        \n\t\t\t\t<div id=\"ngg-image-5\" class=\"ngg-gallery-thumbnail-box\" >\n\t\t\t\t        <div class=\"ngg-gallery-thumbnail\">\n            <a href=\"https:\/\/www.freimarianne.ch\/wp-content\/gallery\/ernen-6-1-21\/IMG_0575.jpeg\"\n               title=\"M\u00fchlebach ; die Sonne dr\u00fcckt durch die Wolken\"\n               data-src=\"https:\/\/www.freimarianne.ch\/wp-content\/gallery\/ernen-6-1-21\/IMG_0575.jpeg\"\n               data-thumbnail=\"https:\/\/www.freimarianne.ch\/wp-content\/gallery\/ernen-6-1-21\/thumbs\/thumbs_IMG_0575.jpeg\"\n               data-image-id=\"24789\"\n               data-title=\"IMG_0575\"\n               data-description=\"M\u00fchlebach ; die Sonne dr\u00fcckt durch die Wolken\"\n               data-image-slug=\"img_0575-6\"\n               class=\"shutterset_46902\">\n                <img\n                    title=\"IMG_0575\"\n                    alt=\"IMG_0575\"\n                    src=\"https:\/\/www.freimarianne.ch\/wp-content\/gallery\/ernen-6-1-21\/thumbs\/thumbs_IMG_0575.jpeg\"\n                    width=\"100\"\n                    height=\"75\"\n                    style=\"max-width:100%;\"\n                \/>\n            <\/a>\n        <\/div>\n\t\t\t\t\t\t\t<\/div> \n\t\t\t\n        \n\t\t\t\t<div id=\"ngg-image-6\" class=\"ngg-gallery-thumbnail-box\" >\n\t\t\t\t        <div class=\"ngg-gallery-thumbnail\">\n            <a href=\"https:\/\/www.freimarianne.ch\/wp-content\/gallery\/ernen-6-1-21\/IMG_0576.jpeg\"\n               title=\"\"\n               data-src=\"https:\/\/www.freimarianne.ch\/wp-content\/gallery\/ernen-6-1-21\/IMG_0576.jpeg\"\n               data-thumbnail=\"https:\/\/www.freimarianne.ch\/wp-content\/gallery\/ernen-6-1-21\/thumbs\/thumbs_IMG_0576.jpeg\"\n               data-image-id=\"24788\"\n               data-title=\"IMG_0576\"\n               data-description=\"\"\n               data-image-slug=\"img_0576-3\"\n               class=\"shutterset_46902\">\n                <img\n                    title=\"IMG_0576\"\n                    alt=\"IMG_0576\"\n                    src=\"https:\/\/www.freimarianne.ch\/wp-content\/gallery\/ernen-6-1-21\/thumbs\/thumbs_IMG_0576.jpeg\"\n                    width=\"100\"\n                    height=\"75\"\n                    style=\"max-width:100%;\"\n                \/>\n            <\/a>\n        <\/div>\n\t\t\t\t\t\t\t<\/div> \n\t\t\t\n        \n\t\t\t\t<div id=\"ngg-image-7\" class=\"ngg-gallery-thumbnail-box\" >\n\t\t\t\t        <div class=\"ngg-gallery-thumbnail\">\n            <a href=\"https:\/\/www.freimarianne.ch\/wp-content\/gallery\/ernen-6-1-21\/IMG_0581.jpeg\"\n               title=\"die H\u00e4ngebr\u00fccke\"\n               data-src=\"https:\/\/www.freimarianne.ch\/wp-content\/gallery\/ernen-6-1-21\/IMG_0581.jpeg\"\n               data-thumbnail=\"https:\/\/www.freimarianne.ch\/wp-content\/gallery\/ernen-6-1-21\/thumbs\/thumbs_IMG_0581.jpeg\"\n               data-image-id=\"24787\"\n               data-title=\"IMG_0581\"\n               data-description=\"die H\u00e4ngebr\u00fccke\"\n               data-image-slug=\"img_0581-6\"\n               class=\"shutterset_46902\">\n                <img\n                    title=\"IMG_0581\"\n                    alt=\"IMG_0581\"\n                    src=\"https:\/\/www.freimarianne.ch\/wp-content\/gallery\/ernen-6-1-21\/thumbs\/thumbs_IMG_0581.jpeg\"\n                    width=\"100\"\n                    height=\"75\"\n                    style=\"max-width:100%;\"\n                \/>\n            <\/a>\n        <\/div>\n\t\t\t\t\t\t\t<\/div> \n\t\t\t\n        \n\t\t\t\t<div id=\"ngg-image-8\" class=\"ngg-gallery-thumbnail-box\" >\n\t\t\t\t        <div class=\"ngg-gallery-thumbnail\">\n            <a href=\"https:\/\/www.freimarianne.ch\/wp-content\/gallery\/ernen-6-1-21\/IMG_0584.jpeg\"\n               title=\"die H\u00e4ngebr\u00fccke\"\n               data-src=\"https:\/\/www.freimarianne.ch\/wp-content\/gallery\/ernen-6-1-21\/IMG_0584.jpeg\"\n               data-thumbnail=\"https:\/\/www.freimarianne.ch\/wp-content\/gallery\/ernen-6-1-21\/thumbs\/thumbs_IMG_0584.jpeg\"\n               data-image-id=\"24786\"\n               data-title=\"IMG_0584\"\n               data-description=\"die H\u00e4ngebr\u00fccke\"\n               data-image-slug=\"img_0584-2\"\n               class=\"shutterset_46902\">\n                <img\n                    title=\"IMG_0584\"\n                    alt=\"IMG_0584\"\n                    src=\"https:\/\/www.freimarianne.ch\/wp-content\/gallery\/ernen-6-1-21\/thumbs\/thumbs_IMG_0584.jpeg\"\n                    width=\"100\"\n                    height=\"75\"\n                    style=\"max-width:100%;\"\n                \/>\n            <\/a>\n        <\/div>\n\t\t\t\t\t\t\t<\/div> \n\t\t\t\n        \n\t\t\t\t<div id=\"ngg-image-9\" class=\"ngg-gallery-thumbnail-box\" >\n\t\t\t\t        <div class=\"ngg-gallery-thumbnail\">\n            <a href=\"https:\/\/www.freimarianne.ch\/wp-content\/gallery\/ernen-6-1-21\/IMG_4969.jpeg\"\n               title=\"Friedhof von Ernen\"\n               data-src=\"https:\/\/www.freimarianne.ch\/wp-content\/gallery\/ernen-6-1-21\/IMG_4969.jpeg\"\n               data-thumbnail=\"https:\/\/www.freimarianne.ch\/wp-content\/gallery\/ernen-6-1-21\/thumbs\/thumbs_IMG_4969.jpeg\"\n               data-image-id=\"24785\"\n               data-title=\"IMG_4969\"\n               data-description=\"Friedhof von Ernen\"\n               data-image-slug=\"img_4969-2\"\n               class=\"shutterset_46902\">\n                <img\n                    title=\"IMG_4969\"\n                    alt=\"IMG_4969\"\n                    src=\"https:\/\/www.freimarianne.ch\/wp-content\/gallery\/ernen-6-1-21\/thumbs\/thumbs_IMG_4969.jpeg\"\n                    width=\"100\"\n                    height=\"75\"\n                    style=\"max-width:100%;\"\n                \/>\n            <\/a>\n        <\/div>\n\t\t\t\t\t\t\t<\/div> \n\t\t\t\n        \n\t\t\t\t<div id=\"ngg-image-10\" class=\"ngg-gallery-thumbnail-box\" >\n\t\t\t\t        <div class=\"ngg-gallery-thumbnail\">\n            <a href=\"https:\/\/www.freimarianne.ch\/wp-content\/gallery\/ernen-6-1-21\/IMG_4975.jpeg\"\n               title=\"Sicht auf M\u00fchlebach\"\n               data-src=\"https:\/\/www.freimarianne.ch\/wp-content\/gallery\/ernen-6-1-21\/IMG_4975.jpeg\"\n               data-thumbnail=\"https:\/\/www.freimarianne.ch\/wp-content\/gallery\/ernen-6-1-21\/thumbs\/thumbs_IMG_4975.jpeg\"\n               data-image-id=\"24784\"\n               data-title=\"IMG_4975\"\n               data-description=\"Sicht auf M\u00fchlebach\"\n               data-image-slug=\"img_4975-3\"\n               class=\"shutterset_46902\">\n                <img\n                    title=\"IMG_4975\"\n                    alt=\"IMG_4975\"\n                    src=\"https:\/\/www.freimarianne.ch\/wp-content\/gallery\/ernen-6-1-21\/thumbs\/thumbs_IMG_4975.jpeg\"\n                    width=\"100\"\n                    height=\"75\"\n                    style=\"max-width:100%;\"\n                \/>\n            <\/a>\n        <\/div>\n\t\t\t\t\t\t\t<\/div> \n\t\t\t\n        \n\t\t\n\t\t<!-- Pagination -->\n\t<div class='ngg-clear'><\/div>\t<\/div>\n<\/p>\n","protected":false},"excerpt":{"rendered":"<p>Ein Spaziergang von Ernen nach M\u00fchlebach Friedhof von Ernen Heute m\u00f6chte ich trotz schlechter Wetterprognose den kurzen Winterwanderweg von Ernen nach M\u00fchlebach im Goms erkunden. Es sollte dort mittags eine Aufhellung geben! So bin ich erst um 13h in Ernen. Leider ist nichts von dieser Aufhellung zu sp\u00fcren. Ich mache einen kurzen Rundgang durch das [&hellip;]<\/p>\n","protected":false},"author":1,"featured_media":0,"parent":46065,"menu_order":8,"comment_status":"closed","ping_status":"closed","template":"","meta":{"ngg_post_thumbnail":0},"_links":{"self":[{"href":"https:\/\/www.freimarianne.ch\/index.php?rest_route=\/wp\/v2\/pages\/46876"}],"collection":[{"href":"https:\/\/www.freimarianne.ch\/index.php?rest_route=\/wp\/v2\/pages"}],"about":[{"href":"https:\/\/www.freimarianne.ch\/index.php?rest_route=\/wp\/v2\/types\/page"}],"author":[{"embeddable":true,"href":"https:\/\/www.freimarianne.ch\/index.php?rest_route=\/wp\/v2\/users\/1"}],"replies":[{"embeddable":true,"href":"https:\/\/www.freimarianne.ch\/index.php?rest_route=%2Fwp%2Fv2%2Fcomments&post=46876"}],"version-history":[{"count":3,"href":"https:\/\/www.freimarianne.ch\/index.php?rest_route=\/wp\/v2\/pages\/46876\/revisions"}],"predecessor-version":[{"id":46904,"href":"https:\/\/www.freimarianne.ch\/index.php?rest_route=\/wp\/v2\/pages\/46876\/revisions\/46904"}],"up":[{"embeddable":true,"href":"https:\/\/www.freimarianne.ch\/index.php?rest_route=\/wp\/v2\/pages\/46065"}],"wp:attachment":[{"href":"https:\/\/www.freimarianne.ch\/index.php?rest_route=%2Fwp%2Fv2%2Fmedia&parent=46876"}],"curies":[{"name":"wp","href":"https:\/\/api.w.org\/{rel}","templated":true}]}}