{"id":57432,"date":"2021-10-25T08:01:45","date_gmt":"2021-10-25T07:01:45","guid":{"rendered":"http:\/\/www.freimarianne.ch\/?page_id=57432"},"modified":"2021-10-25T08:51:33","modified_gmt":"2021-10-25T07:51:33","slug":"balavaux-vs-14-10-2021","status":"publish","type":"page","link":"https:\/\/www.freimarianne.ch\/?page_id=57432","title":{"rendered":"Balavaux  VS 14.10.2021"},"content":{"rendered":"<p><strong>Route:<\/strong><br>\n<strong>Tracouet Bergstation &#8211; Lac de Tracouet &#8211; Cabane Balavaux &#8211; Prarions &#8211; Ancien Bisse de Saxon &#8211; Pra da Dzeu &#8211; Les Rairettes &#8211; Haute Nendaz<\/strong><\/p>\n<p><img loading=\"lazy\" class=\"size-full wp-image-57421\" src=\"http:\/\/www.freimarianne.ch\/wp-content\/uploads\/2021\/10\/IMG_8466._balavaux-14.10.21_500-1.jpeg\" alt=\"\" width=\"500\" height=\"375\" srcset=\"https:\/\/www.freimarianne.ch\/wp-content\/uploads\/2021\/10\/IMG_8466._balavaux-14.10.21_500-1.jpeg 500w, https:\/\/www.freimarianne.ch\/wp-content\/uploads\/2021\/10\/IMG_8466._balavaux-14.10.21_500-1-300x225.jpeg 300w, https:\/\/www.freimarianne.ch\/wp-content\/uploads\/2021\/10\/IMG_8466._balavaux-14.10.21_500-1-400x300.jpeg 400w\" sizes=\"(max-width: 500px) 100vw, 500px\" \/><\/p>\n<p>Heute m\u00f6chte ich die ber\u00fchmten alten L\u00e4rchen von Balavaux oberhalb Haute Nendaz sehen. Daher fahre ich in das eigentlich schreckliche Haute Nendaz, wo ich die T\u00e9l\u00e9cabine nach le Tracouet 2200 nehme.<br>\nHier oben bin ich in einem Skigebiet. Es gibt verschiedene Sessellifte, die die Landschaft sowie den sch\u00f6nen Lac de Tracouet 2171m verunzieren. Ich gehe zum See hinunter unf folge dann der breiten Alpstrasse hinunter durch den lichten L\u00e4rchenwald. Hier oben sind die L\u00e4rchen bereits gelb. Nach der Cabane Balavaux 2038m komme ich weiter unten an eine Wegverzweigung. Hier kann ich auf einem schmalen Pfad hinunter ins Gebiet von Prarions steigen. Auf den Weiden stehen vereinzelt grosse und anscheinend alte L\u00e4rchen. Leider verpasse ich den sog. \u201eRoi de Balavaux\u201c, die etwa 850 Jahre alte L\u00e4rche. Die Wegf\u00fchrung ist etwas unklar, da es verschiedene Wege gibt. Ich komme hinunter zum Retaurant Chalet des Alpes. Ich steige weiter hinunter und finde dann den Einstieg in die Ancien Bisse de Saxon, die leider nicht mehr im Betrieb ist, was entt\u00e4uschend ist, denn diese Teilstrecke im Bergwald hin\u00fcber nach Pra da Dzeu ist sehr lang und etwas langweilig. Daf\u00fcr ist das offenen Alpge\u00e4nde von Pra da Dzeu 1771m sehr sch\u00f6n. Hier halte ich auf einer Wiese zwischen den L\u00e4rchen meine MIttafgsrast. Mein Weg zur\u00fcck f\u00fchrt am Teich L\u2019Ouche vorbei hinunter nach Les Rairettes 1518m. Hier stehen sehr viele Ferienh\u00e4user (Raumplanung im Wallis ist eine Fremdwort). Bald muss ich auf Hartbelag hinunter zur Talstation gehen, wo ich auf den Bus warten muss. Rundherum stehen grosse H\u00e4user mit Ferienwohnungen, die sicher leer stehen und auch die Restaurants sind geschlossen.<\/p>\n<p>Die Wanderung war trotzdem interessant, denn sie hat mich in ein mir noch unbekanntes Gebiet gef\u00fchrt. Die Aussicht von Tracouet sowohl gegen das Rhonetal wie gegen die Jorasses und den Mont Blanc ist beeindruckend.<\/p>\n<p>Ich werde versuchen, diesen Herbst nochmals hieher zu kommen,um den \u201eRoi de Balavaux\u201c zu sehen, dann nun weiss ich, wo er steht.<\/p>\n<p>Laut Schweizmobil:<\/p>\n<p>Distanz: 10.33km; Aufstieg: 82m; Abstieg: 905m; Wanderzeit: 2h 45min<\/p>\n<p><a href=\"https:\/\/map.schweizmobil.ch\/?lang=de&amp;photos=yes&amp;bgLayer=pk&amp;logo=yes&amp;detours=yes&amp;season=summer&amp;resolution=6.85&amp;E=2587406&amp;N=1112535&amp;trackId=1663049513\">Karte Schweizmobil:<\/a><\/p>\n\n\n<!-- index.php -->\n<div\n\tclass=\"ngg-galleryoverview ngg-ajax-pagination-none\"\n\tid=\"ngg-gallery-4678d1521fee9c804417af51d927eecd-1\">\n\n    \t<div class=\"slideshowlink\">\n        <a href='https:\/\/www.freimarianne.ch\/index.php\/nggallery\/slideshow?page_id=57432'>[Show as slideshow]<\/a>\n\t\t\n\t<\/div>\n\t\t\t<!-- Thumbnails -->\n\t\t\t\t<div id=\"ngg-image-0\" class=\"ngg-gallery-thumbnail-box\" >\n\t\t\t\t        <div class=\"ngg-gallery-thumbnail\">\n            <a href=\"https:\/\/www.freimarianne.ch\/wp-content\/gallery\/balavaux-14-10-21\/IMG_5739.jpeg\"\n               title=\"Le Sublage 2735m, Le S\u00e9rac 2817m, Wildhorn 3247m\"\n               data-src=\"https:\/\/www.freimarianne.ch\/wp-content\/gallery\/balavaux-14-10-21\/IMG_5739.jpeg\"\n               data-thumbnail=\"https:\/\/www.freimarianne.ch\/wp-content\/gallery\/balavaux-14-10-21\/thumbs\/thumbs_IMG_5739.jpeg\"\n               data-image-id=\"27694\"\n               data-title=\"IMG_5739\"\n               data-description=\"Le Sublage 2735m, Le S\u00e9rac 2817m, Wildhorn 3247m\"\n               data-image-slug=\"img_5739-2\"\n               class=\"shutterset_4678d1521fee9c804417af51d927eecd\">\n                <img\n                    title=\"IMG_5739\"\n                    alt=\"IMG_5739\"\n                    src=\"https:\/\/www.freimarianne.ch\/wp-content\/gallery\/balavaux-14-10-21\/cache\/IMG_5739.jpeg-nggid0527694-ngg0dyn-100x75x100-00f0w010c010r110f110r010t010.jpeg\"\n                    width=\"100\"\n                    height=\"67\"\n                    style=\"max-width:100%;\"\n                \/>\n            <\/a>\n        <\/div>\n\t\t\t\t\t\t\t<\/div> \n\t\t\t\n                            \n\t\t\t\t<div id=\"ngg-image-1\" class=\"ngg-gallery-thumbnail-box\" >\n\t\t\t\t        <div class=\"ngg-gallery-thumbnail\">\n            <a href=\"https:\/\/www.freimarianne.ch\/wp-content\/gallery\/balavaux-14-10-21\/IMG_5741.jpeg\"\n               title=\"Lac de Tracouet 2171m\"\n               data-src=\"https:\/\/www.freimarianne.ch\/wp-content\/gallery\/balavaux-14-10-21\/IMG_5741.jpeg\"\n               data-thumbnail=\"https:\/\/www.freimarianne.ch\/wp-content\/gallery\/balavaux-14-10-21\/thumbs\/thumbs_IMG_5741.jpeg\"\n               data-image-id=\"27695\"\n               data-title=\"IMG_5741\"\n               data-description=\"Lac de Tracouet 2171m\"\n               data-image-slug=\"img_5741-3\"\n               class=\"shutterset_4678d1521fee9c804417af51d927eecd\">\n                <img\n                    title=\"IMG_5741\"\n                    alt=\"IMG_5741\"\n                    src=\"https:\/\/www.freimarianne.ch\/wp-content\/gallery\/balavaux-14-10-21\/cache\/IMG_5741.jpeg-nggid0527695-ngg0dyn-100x75x100-00f0w010c010r110f110r010t010.jpeg\"\n                    width=\"100\"\n                    height=\"70\"\n                    style=\"max-width:100%;\"\n                \/>\n            <\/a>\n        <\/div>\n\t\t\t\t\t\t\t<\/div> \n\t\t\t\n                            \n\t\t\t\t<div id=\"ngg-image-2\" class=\"ngg-gallery-thumbnail-box\" >\n\t\t\t\t        <div class=\"ngg-gallery-thumbnail\">\n            <a href=\"https:\/\/www.freimarianne.ch\/wp-content\/gallery\/balavaux-14-10-21\/IMG_5742.jpeg\"\n               title=\"Lac de Tracouet 2171m; Le Fou 2609m, T\u00e8te des Etablons 2415m\"\n               data-src=\"https:\/\/www.freimarianne.ch\/wp-content\/gallery\/balavaux-14-10-21\/IMG_5742.jpeg\"\n               data-thumbnail=\"https:\/\/www.freimarianne.ch\/wp-content\/gallery\/balavaux-14-10-21\/thumbs\/thumbs_IMG_5742.jpeg\"\n               data-image-id=\"27700\"\n               data-title=\"IMG_5742\"\n               data-description=\"Lac de Tracouet 2171m; Le Fou 2609m, T\u00e8te des Etablons 2415m\"\n               data-image-slug=\"img_5742-2\"\n               class=\"shutterset_4678d1521fee9c804417af51d927eecd\">\n                <img\n                    title=\"IMG_5742\"\n                    alt=\"IMG_5742\"\n                    src=\"https:\/\/www.freimarianne.ch\/wp-content\/gallery\/balavaux-14-10-21\/cache\/IMG_5742.jpeg-nggid0527700-ngg0dyn-100x75x100-00f0w010c010r110f110r010t010.jpeg\"\n                    width=\"100\"\n                    height=\"71\"\n                    style=\"max-width:100%;\"\n                \/>\n            <\/a>\n        <\/div>\n\t\t\t\t\t\t\t<\/div> \n\t\t\t\n                            \n\t\t\t\t<div id=\"ngg-image-3\" class=\"ngg-gallery-thumbnail-box\" >\n\t\t\t\t        <div class=\"ngg-gallery-thumbnail\">\n            <a href=\"https:\/\/www.freimarianne.ch\/wp-content\/gallery\/balavaux-14-10-21\/IMG_5744.jpeg\"\n               title=\"hier sind die L\u00e4rchen teils schon gelb; Grandes Jorasses, Mont Blanc 4808m, les Droites, Aig. d\u2019Argenti\u00e8re, Aig. du Chardonnet, Aig,du Tour\"\n               data-src=\"https:\/\/www.freimarianne.ch\/wp-content\/gallery\/balavaux-14-10-21\/IMG_5744.jpeg\"\n               data-thumbnail=\"https:\/\/www.freimarianne.ch\/wp-content\/gallery\/balavaux-14-10-21\/thumbs\/thumbs_IMG_5744.jpeg\"\n               data-image-id=\"27699\"\n               data-title=\"IMG_5744\"\n               data-description=\"hier sind die L\u00e4rchen teils schon gelb; Grandes Jorasses, Mont Blanc 4808m, les Droites, Aig. d\u2019Argenti\u00e8re, Aig. du Chardonnet, Aig,du Tour\"\n               data-image-slug=\"img_5744-6\"\n               class=\"shutterset_4678d1521fee9c804417af51d927eecd\">\n                <img\n                    title=\"IMG_5744\"\n                    alt=\"IMG_5744\"\n                    src=\"https:\/\/www.freimarianne.ch\/wp-content\/gallery\/balavaux-14-10-21\/cache\/IMG_5744.jpeg-nggid0527699-ngg0dyn-100x75x100-00f0w010c010r110f110r010t010.jpeg\"\n                    width=\"100\"\n                    height=\"70\"\n                    style=\"max-width:100%;\"\n                \/>\n            <\/a>\n        <\/div>\n\t\t\t\t\t\t\t<\/div> \n\t\t\t\n                                    <br style=\"clear: both\" \/>\n                    \n\t\t\t\t<div id=\"ngg-image-4\" class=\"ngg-gallery-thumbnail-box\" >\n\t\t\t\t        <div class=\"ngg-gallery-thumbnail\">\n            <a href=\"https:\/\/www.freimarianne.ch\/wp-content\/gallery\/balavaux-14-10-21\/IMG_5745.jpeg\"\n               title=\"hier sind die L\u00e4rchen teils schon gelb\"\n               data-src=\"https:\/\/www.freimarianne.ch\/wp-content\/gallery\/balavaux-14-10-21\/IMG_5745.jpeg\"\n               data-thumbnail=\"https:\/\/www.freimarianne.ch\/wp-content\/gallery\/balavaux-14-10-21\/thumbs\/thumbs_IMG_5745.jpeg\"\n               data-image-id=\"27703\"\n               data-title=\"IMG_5745\"\n               data-description=\"hier sind die L\u00e4rchen teils schon gelb\"\n               data-image-slug=\"img_5745\"\n               class=\"shutterset_4678d1521fee9c804417af51d927eecd\">\n                <img\n                    title=\"IMG_5745\"\n                    alt=\"IMG_5745\"\n                    src=\"https:\/\/www.freimarianne.ch\/wp-content\/gallery\/balavaux-14-10-21\/cache\/IMG_5745.jpeg-nggid0527703-ngg0dyn-100x75x100-00f0w010c010r110f110r010t010.jpeg\"\n                    width=\"100\"\n                    height=\"70\"\n                    style=\"max-width:100%;\"\n                \/>\n            <\/a>\n        <\/div>\n\t\t\t\t\t\t\t<\/div> \n\t\t\t\n                            \n\t\t\t\t<div id=\"ngg-image-5\" class=\"ngg-gallery-thumbnail-box\" >\n\t\t\t\t        <div class=\"ngg-gallery-thumbnail\">\n            <a href=\"https:\/\/www.freimarianne.ch\/wp-content\/gallery\/balavaux-14-10-21\/IMG_5746.jpeg\"\n               title=\"hier sind die L\u00e4rchen teils schon gelb\"\n               data-src=\"https:\/\/www.freimarianne.ch\/wp-content\/gallery\/balavaux-14-10-21\/IMG_5746.jpeg\"\n               data-thumbnail=\"https:\/\/www.freimarianne.ch\/wp-content\/gallery\/balavaux-14-10-21\/thumbs\/thumbs_IMG_5746.jpeg\"\n               data-image-id=\"27697\"\n               data-title=\"IMG_5746\"\n               data-description=\"hier sind die L\u00e4rchen teils schon gelb\"\n               data-image-slug=\"img_5746-2\"\n               class=\"shutterset_4678d1521fee9c804417af51d927eecd\">\n                <img\n                    title=\"IMG_5746\"\n                    alt=\"IMG_5746\"\n                    src=\"https:\/\/www.freimarianne.ch\/wp-content\/gallery\/balavaux-14-10-21\/cache\/IMG_5746.jpeg-nggid0527697-ngg0dyn-100x75x100-00f0w010c010r110f110r010t010.jpeg\"\n                    width=\"100\"\n                    height=\"67\"\n                    style=\"max-width:100%;\"\n                \/>\n            <\/a>\n        <\/div>\n\t\t\t\t\t\t\t<\/div> \n\t\t\t\n                            \n\t\t\t\t<div id=\"ngg-image-6\" class=\"ngg-gallery-thumbnail-box\" >\n\t\t\t\t        <div class=\"ngg-gallery-thumbnail\">\n            <a href=\"https:\/\/www.freimarianne.ch\/wp-content\/gallery\/balavaux-14-10-21\/IMG_5749.jpeg\"\n               title=\"bei der Cabane Balavaux; Mont Blanc 4808m, les Droites, Aig. d\u2019Argenti\u00e8re, Aig. du Chardonnet, Aig,du Tour\"\n               data-src=\"https:\/\/www.freimarianne.ch\/wp-content\/gallery\/balavaux-14-10-21\/IMG_5749.jpeg\"\n               data-thumbnail=\"https:\/\/www.freimarianne.ch\/wp-content\/gallery\/balavaux-14-10-21\/thumbs\/thumbs_IMG_5749.jpeg\"\n               data-image-id=\"27696\"\n               data-title=\"IMG_5749\"\n               data-description=\"bei der Cabane Balavaux; Mont Blanc 4808m, les Droites, Aig. d\u2019Argenti\u00e8re, Aig. du Chardonnet, Aig,du Tour\"\n               data-image-slug=\"img_5749-3\"\n               class=\"shutterset_4678d1521fee9c804417af51d927eecd\">\n                <img\n                    title=\"IMG_5749\"\n                    alt=\"IMG_5749\"\n                    src=\"https:\/\/www.freimarianne.ch\/wp-content\/gallery\/balavaux-14-10-21\/cache\/IMG_5749.jpeg-nggid0527696-ngg0dyn-100x75x100-00f0w010c010r110f110r010t010.jpeg\"\n                    width=\"100\"\n                    height=\"67\"\n                    style=\"max-width:100%;\"\n                \/>\n            <\/a>\n        <\/div>\n\t\t\t\t\t\t\t<\/div> \n\t\t\t\n                            \n\t\t\t\t<div id=\"ngg-image-7\" class=\"ngg-gallery-thumbnail-box\" >\n\t\t\t\t        <div class=\"ngg-gallery-thumbnail\">\n            <a href=\"https:\/\/www.freimarianne.ch\/wp-content\/gallery\/balavaux-14-10-21\/IMG_5750.jpeg\"\n               title=\"Grand Chavalard 2901m, Grande Dent de Morcles,  Dent Favre 2917m\"\n               data-src=\"https:\/\/www.freimarianne.ch\/wp-content\/gallery\/balavaux-14-10-21\/IMG_5750.jpeg\"\n               data-thumbnail=\"https:\/\/www.freimarianne.ch\/wp-content\/gallery\/balavaux-14-10-21\/thumbs\/thumbs_IMG_5750.jpeg\"\n               data-image-id=\"27698\"\n               data-title=\"IMG_5750\"\n               data-description=\"Grand Chavalard 2901m, Grande Dent de Morcles,  Dent Favre 2917m\"\n               data-image-slug=\"img_5750-1\"\n               class=\"shutterset_4678d1521fee9c804417af51d927eecd\">\n                <img\n                    title=\"IMG_5750\"\n                    alt=\"IMG_5750\"\n                    src=\"https:\/\/www.freimarianne.ch\/wp-content\/gallery\/balavaux-14-10-21\/cache\/IMG_5750.jpeg-nggid0527698-ngg0dyn-100x75x100-00f0w010c010r110f110r010t010.jpeg\"\n                    width=\"100\"\n                    height=\"67\"\n                    style=\"max-width:100%;\"\n                \/>\n            <\/a>\n        <\/div>\n\t\t\t\t\t\t\t<\/div> \n\t\t\t\n                                    <br style=\"clear: both\" \/>\n                    \n\t\t\t\t<div id=\"ngg-image-8\" class=\"ngg-gallery-thumbnail-box\" >\n\t\t\t\t        <div class=\"ngg-gallery-thumbnail\">\n            <a href=\"https:\/\/www.freimarianne.ch\/wp-content\/gallery\/balavaux-14-10-21\/IMG_5752.jpeg\"\n               title=\"Cabane de Balavaux 2058m; vo T\u00e8te des Etablons 2415m, Pierre Avoi 2473m\"\n               data-src=\"https:\/\/www.freimarianne.ch\/wp-content\/gallery\/balavaux-14-10-21\/IMG_5752.jpeg\"\n               data-thumbnail=\"https:\/\/www.freimarianne.ch\/wp-content\/gallery\/balavaux-14-10-21\/thumbs\/thumbs_IMG_5752.jpeg\"\n               data-image-id=\"27702\"\n               data-title=\"IMG_5752\"\n               data-description=\"Cabane de Balavaux 2058m; vo T\u00e8te des Etablons 2415m, Pierre Avoi 2473m\"\n               data-image-slug=\"img_5752-3\"\n               class=\"shutterset_4678d1521fee9c804417af51d927eecd\">\n                <img\n                    title=\"IMG_5752\"\n                    alt=\"IMG_5752\"\n                    src=\"https:\/\/www.freimarianne.ch\/wp-content\/gallery\/balavaux-14-10-21\/cache\/IMG_5752.jpeg-nggid0527702-ngg0dyn-100x75x100-00f0w010c010r110f110r010t010.jpeg\"\n                    width=\"100\"\n                    height=\"67\"\n                    style=\"max-width:100%;\"\n                \/>\n            <\/a>\n        <\/div>\n\t\t\t\t\t\t\t<\/div> \n\t\t\t\n                            \n\t\t\t\t<div id=\"ngg-image-9\" class=\"ngg-gallery-thumbnail-box\" >\n\t\t\t\t        <div class=\"ngg-gallery-thumbnail\">\n            <a href=\"https:\/\/www.freimarianne.ch\/wp-content\/gallery\/balavaux-14-10-21\/IMG_5757.jpeg\"\n               title=\"alte L\u00e4rche\"\n               data-src=\"https:\/\/www.freimarianne.ch\/wp-content\/gallery\/balavaux-14-10-21\/IMG_5757.jpeg\"\n               data-thumbnail=\"https:\/\/www.freimarianne.ch\/wp-content\/gallery\/balavaux-14-10-21\/thumbs\/thumbs_IMG_5757.jpeg\"\n               data-image-id=\"27701\"\n               data-title=\"IMG_5757\"\n               data-description=\"alte L\u00e4rche\"\n               data-image-slug=\"img_5757-4\"\n               class=\"shutterset_4678d1521fee9c804417af51d927eecd\">\n                <img\n                    title=\"IMG_5757\"\n                    alt=\"IMG_5757\"\n                    src=\"https:\/\/www.freimarianne.ch\/wp-content\/gallery\/balavaux-14-10-21\/cache\/IMG_5757.jpeg-nggid0527701-ngg0dyn-100x75x100-00f0w010c010r110f110r010t010.jpeg\"\n                    width=\"100\"\n                    height=\"67\"\n                    style=\"max-width:100%;\"\n                \/>\n            <\/a>\n        <\/div>\n\t\t\t\t\t\t\t<\/div> \n\t\t\t\n                            \n\t\t\t\t<div id=\"ngg-image-10\" class=\"ngg-gallery-thumbnail-box\" >\n\t\t\t\t        <div class=\"ngg-gallery-thumbnail\">\n            <a href=\"https:\/\/www.freimarianne.ch\/wp-content\/gallery\/balavaux-14-10-21\/IMG_5759.jpeg\"\n               title=\"oberhalb Prarions\"\n               data-src=\"https:\/\/www.freimarianne.ch\/wp-content\/gallery\/balavaux-14-10-21\/IMG_5759.jpeg\"\n               data-thumbnail=\"https:\/\/www.freimarianne.ch\/wp-content\/gallery\/balavaux-14-10-21\/thumbs\/thumbs_IMG_5759.jpeg\"\n               data-image-id=\"27705\"\n               data-title=\"IMG_5759\"\n               data-description=\"oberhalb Prarions\"\n               data-image-slug=\"img_5759-2\"\n               class=\"shutterset_4678d1521fee9c804417af51d927eecd\">\n                <img\n                    title=\"IMG_5759\"\n                    alt=\"IMG_5759\"\n                    src=\"https:\/\/www.freimarianne.ch\/wp-content\/gallery\/balavaux-14-10-21\/cache\/IMG_5759.jpeg-nggid0527705-ngg0dyn-100x75x100-00f0w010c010r110f110r010t010.jpeg\"\n                    width=\"100\"\n                    height=\"67\"\n                    style=\"max-width:100%;\"\n                \/>\n            <\/a>\n        <\/div>\n\t\t\t\t\t\t\t<\/div> \n\t\t\t\n                            \n\t\t\t\t<div id=\"ngg-image-11\" class=\"ngg-gallery-thumbnail-box\" >\n\t\t\t\t        <div class=\"ngg-gallery-thumbnail\">\n            <a href=\"https:\/\/www.freimarianne.ch\/wp-content\/gallery\/balavaux-14-10-21\/IMG_5761.jpeg\"\n               title=\"bei Prarions; T\u00e8te des Etablons 2415m, Pierre Avoi 2473m\"\n               data-src=\"https:\/\/www.freimarianne.ch\/wp-content\/gallery\/balavaux-14-10-21\/IMG_5761.jpeg\"\n               data-thumbnail=\"https:\/\/www.freimarianne.ch\/wp-content\/gallery\/balavaux-14-10-21\/thumbs\/thumbs_IMG_5761.jpeg\"\n               data-image-id=\"27704\"\n               data-title=\"IMG_5761\"\n               data-description=\"bei Prarions; T\u00e8te des Etablons 2415m, Pierre Avoi 2473m\"\n               data-image-slug=\"img_5761-1\"\n               class=\"shutterset_4678d1521fee9c804417af51d927eecd\">\n                <img\n                    title=\"IMG_5761\"\n                    alt=\"IMG_5761\"\n                    src=\"https:\/\/www.freimarianne.ch\/wp-content\/gallery\/balavaux-14-10-21\/cache\/IMG_5761.jpeg-nggid0527704-ngg0dyn-100x75x100-00f0w010c010r110f110r010t010.jpeg\"\n                    width=\"100\"\n                    height=\"67\"\n                    style=\"max-width:100%;\"\n                \/>\n            <\/a>\n        <\/div>\n\t\t\t\t\t\t\t<\/div> \n\t\t\t\n                                    <br style=\"clear: both\" \/>\n                    \n\t\t\t\t<div id=\"ngg-image-12\" class=\"ngg-gallery-thumbnail-box\" >\n\t\t\t\t        <div class=\"ngg-gallery-thumbnail\">\n            <a href=\"https:\/\/www.freimarianne.ch\/wp-content\/gallery\/balavaux-14-10-21\/IMG_5762.jpeg\"\n               title=\"Landschaft bei Prarions\"\n               data-src=\"https:\/\/www.freimarianne.ch\/wp-content\/gallery\/balavaux-14-10-21\/IMG_5762.jpeg\"\n               data-thumbnail=\"https:\/\/www.freimarianne.ch\/wp-content\/gallery\/balavaux-14-10-21\/thumbs\/thumbs_IMG_5762.jpeg\"\n               data-image-id=\"27706\"\n               data-title=\"IMG_5762\"\n               data-description=\"Landschaft bei Prarions\"\n               data-image-slug=\"img_5762-3\"\n               class=\"shutterset_4678d1521fee9c804417af51d927eecd\">\n                <img\n                    title=\"IMG_5762\"\n                    alt=\"IMG_5762\"\n                    src=\"https:\/\/www.freimarianne.ch\/wp-content\/gallery\/balavaux-14-10-21\/cache\/IMG_5762.jpeg-nggid0527706-ngg0dyn-100x75x100-00f0w010c010r110f110r010t010.jpeg\"\n                    width=\"100\"\n                    height=\"72\"\n                    style=\"max-width:100%;\"\n                \/>\n            <\/a>\n        <\/div>\n\t\t\t\t\t\t\t<\/div> \n\t\t\t\n                            \n\t\t\t\t<div id=\"ngg-image-13\" class=\"ngg-gallery-thumbnail-box\" >\n\t\t\t\t        <div class=\"ngg-gallery-thumbnail\">\n            <a href=\"https:\/\/www.freimarianne.ch\/wp-content\/gallery\/balavaux-14-10-21\/IMG_5765.jpeg\"\n               title=\"neugierige Schafe; hi WW zur Ancienne Bisse de Saxon\"\n               data-src=\"https:\/\/www.freimarianne.ch\/wp-content\/gallery\/balavaux-14-10-21\/IMG_5765.jpeg\"\n               data-thumbnail=\"https:\/\/www.freimarianne.ch\/wp-content\/gallery\/balavaux-14-10-21\/thumbs\/thumbs_IMG_5765.jpeg\"\n               data-image-id=\"27708\"\n               data-title=\"IMG_5765\"\n               data-description=\"neugierige Schafe; hi WW zur Ancienne Bisse de Saxon\"\n               data-image-slug=\"img_5765-1\"\n               class=\"shutterset_4678d1521fee9c804417af51d927eecd\">\n                <img\n                    title=\"IMG_5765\"\n                    alt=\"IMG_5765\"\n                    src=\"https:\/\/www.freimarianne.ch\/wp-content\/gallery\/balavaux-14-10-21\/cache\/IMG_5765.jpeg-nggid0527708-ngg0dyn-100x75x100-00f0w010c010r110f110r010t010.jpeg\"\n                    width=\"100\"\n                    height=\"70\"\n                    style=\"max-width:100%;\"\n                \/>\n            <\/a>\n        <\/div>\n\t\t\t\t\t\t\t<\/div> \n\t\t\t\n                            \n\t\t\t\t<div id=\"ngg-image-14\" class=\"ngg-gallery-thumbnail-box\" >\n\t\t\t\t        <div class=\"ngg-gallery-thumbnail\">\n            <a href=\"https:\/\/www.freimarianne.ch\/wp-content\/gallery\/balavaux-14-10-21\/IMG_5769.jpeg\"\n               title=\"an der Ancienne Bisse de Saxon\"\n               data-src=\"https:\/\/www.freimarianne.ch\/wp-content\/gallery\/balavaux-14-10-21\/IMG_5769.jpeg\"\n               data-thumbnail=\"https:\/\/www.freimarianne.ch\/wp-content\/gallery\/balavaux-14-10-21\/thumbs\/thumbs_IMG_5769.jpeg\"\n               data-image-id=\"27710\"\n               data-title=\"IMG_5769\"\n               data-description=\"an der Ancienne Bisse de Saxon\"\n               data-image-slug=\"img_5769-1\"\n               class=\"shutterset_4678d1521fee9c804417af51d927eecd\">\n                <img\n                    title=\"IMG_5769\"\n                    alt=\"IMG_5769\"\n                    src=\"https:\/\/www.freimarianne.ch\/wp-content\/gallery\/balavaux-14-10-21\/cache\/IMG_5769.jpeg-nggid0527710-ngg0dyn-100x75x100-00f0w010c010r110f110r010t010.jpeg\"\n                    width=\"100\"\n                    height=\"67\"\n                    style=\"max-width:100%;\"\n                \/>\n            <\/a>\n        <\/div>\n\t\t\t\t\t\t\t<\/div> \n\t\t\t\n                            \n\t\t\t\t<div id=\"ngg-image-15\" class=\"ngg-gallery-thumbnail-box\" >\n\t\t\t\t        <div class=\"ngg-gallery-thumbnail\">\n            <a href=\"https:\/\/www.freimarianne.ch\/wp-content\/gallery\/balavaux-14-10-21\/IMG_5773.jpeg\"\n               title=\"an der Ancienne Bisse de Saxon\"\n               data-src=\"https:\/\/www.freimarianne.ch\/wp-content\/gallery\/balavaux-14-10-21\/IMG_5773.jpeg\"\n               data-thumbnail=\"https:\/\/www.freimarianne.ch\/wp-content\/gallery\/balavaux-14-10-21\/thumbs\/thumbs_IMG_5773.jpeg\"\n               data-image-id=\"27707\"\n               data-title=\"IMG_5773\"\n               data-description=\"an der Ancienne Bisse de Saxon\"\n               data-image-slug=\"img_5773-1\"\n               class=\"shutterset_4678d1521fee9c804417af51d927eecd\">\n                <img\n                    title=\"IMG_5773\"\n                    alt=\"IMG_5773\"\n                    src=\"https:\/\/www.freimarianne.ch\/wp-content\/gallery\/balavaux-14-10-21\/cache\/IMG_5773.jpeg-nggid0527707-ngg0dyn-100x75x100-00f0w010c010r110f110r010t010.jpeg\"\n                    width=\"100\"\n                    height=\"67\"\n                    style=\"max-width:100%;\"\n                \/>\n            <\/a>\n        <\/div>\n\t\t\t\t\t\t\t<\/div> \n\t\t\t\n                                    <br style=\"clear: both\" \/>\n                    \n\t\t\t\t<div id=\"ngg-image-16\" class=\"ngg-gallery-thumbnail-box\" >\n\t\t\t\t        <div class=\"ngg-gallery-thumbnail\">\n            <a href=\"https:\/\/www.freimarianne.ch\/wp-content\/gallery\/balavaux-14-10-21\/IMG_5777.jpeg\"\n               title=\"bei Pra da Dzeu 1771m\"\n               data-src=\"https:\/\/www.freimarianne.ch\/wp-content\/gallery\/balavaux-14-10-21\/IMG_5777.jpeg\"\n               data-thumbnail=\"https:\/\/www.freimarianne.ch\/wp-content\/gallery\/balavaux-14-10-21\/thumbs\/thumbs_IMG_5777.jpeg\"\n               data-image-id=\"27711\"\n               data-title=\"IMG_5777\"\n               data-description=\"bei Pra da Dzeu 1771m\"\n               data-image-slug=\"img_5777-1\"\n               class=\"shutterset_4678d1521fee9c804417af51d927eecd\">\n                <img\n                    title=\"IMG_5777\"\n                    alt=\"IMG_5777\"\n                    src=\"https:\/\/www.freimarianne.ch\/wp-content\/gallery\/balavaux-14-10-21\/cache\/IMG_5777.jpeg-nggid0527711-ngg0dyn-100x75x100-00f0w010c010r110f110r010t010.jpeg\"\n                    width=\"100\"\n                    height=\"71\"\n                    style=\"max-width:100%;\"\n                \/>\n            <\/a>\n        <\/div>\n\t\t\t\t\t\t\t<\/div> \n\t\t\t\n                            \n\t\t\t\t<div id=\"ngg-image-17\" class=\"ngg-gallery-thumbnail-box\" >\n\t\t\t\t        <div class=\"ngg-gallery-thumbnail\">\n            <a href=\"https:\/\/www.freimarianne.ch\/wp-content\/gallery\/balavaux-14-10-21\/IMG_5779.jpeg\"\n               title=\"bei Pra da Dzeu 1771m\"\n               data-src=\"https:\/\/www.freimarianne.ch\/wp-content\/gallery\/balavaux-14-10-21\/IMG_5779.jpeg\"\n               data-thumbnail=\"https:\/\/www.freimarianne.ch\/wp-content\/gallery\/balavaux-14-10-21\/thumbs\/thumbs_IMG_5779.jpeg\"\n               data-image-id=\"27709\"\n               data-title=\"IMG_5779\"\n               data-description=\"bei Pra da Dzeu 1771m\"\n               data-image-slug=\"img_5779-1\"\n               class=\"shutterset_4678d1521fee9c804417af51d927eecd\">\n                <img\n                    title=\"IMG_5779\"\n                    alt=\"IMG_5779\"\n                    src=\"https:\/\/www.freimarianne.ch\/wp-content\/gallery\/balavaux-14-10-21\/cache\/IMG_5779.jpeg-nggid0527709-ngg0dyn-100x75x100-00f0w010c010r110f110r010t010.jpeg\"\n                    width=\"100\"\n                    height=\"67\"\n                    style=\"max-width:100%;\"\n                \/>\n            <\/a>\n        <\/div>\n\t\t\t\t\t\t\t<\/div> \n\t\t\t\n                            \n\t\t\t\t<div id=\"ngg-image-18\" class=\"ngg-gallery-thumbnail-box\" >\n\t\t\t\t        <div class=\"ngg-gallery-thumbnail\">\n            <a href=\"https:\/\/www.freimarianne.ch\/wp-content\/gallery\/balavaux-14-10-21\/IMG_5781.jpeg\"\n               title=\"Marianne bei Pra da Dzeu 1771m\"\n               data-src=\"https:\/\/www.freimarianne.ch\/wp-content\/gallery\/balavaux-14-10-21\/IMG_5781.jpeg\"\n               data-thumbnail=\"https:\/\/www.freimarianne.ch\/wp-content\/gallery\/balavaux-14-10-21\/thumbs\/thumbs_IMG_5781.jpeg\"\n               data-image-id=\"27712\"\n               data-title=\"IMG_5781\"\n               data-description=\"Marianne bei Pra da Dzeu 1771m\"\n               data-image-slug=\"img_5781-2\"\n               class=\"shutterset_4678d1521fee9c804417af51d927eecd\">\n                <img\n                    title=\"IMG_5781\"\n                    alt=\"IMG_5781\"\n                    src=\"https:\/\/www.freimarianne.ch\/wp-content\/gallery\/balavaux-14-10-21\/cache\/IMG_5781.jpeg-nggid0527712-ngg0dyn-100x75x100-00f0w010c010r110f110r010t010.jpeg\"\n                    width=\"94\"\n                    height=\"75\"\n                    style=\"max-width:100%;\"\n                \/>\n            <\/a>\n        <\/div>\n\t\t\t\t\t\t\t<\/div> \n\t\t\t\n                            \n\t\t\t\t<div id=\"ngg-image-19\" class=\"ngg-gallery-thumbnail-box\" >\n\t\t\t\t        <div class=\"ngg-gallery-thumbnail\">\n            <a href=\"https:\/\/www.freimarianne.ch\/wp-content\/gallery\/balavaux-14-10-21\/IMG_5785.jpeg\"\n               title=\"an der Ancienne Bisse de Saxon\"\n               data-src=\"https:\/\/www.freimarianne.ch\/wp-content\/gallery\/balavaux-14-10-21\/IMG_5785.jpeg\"\n               data-thumbnail=\"https:\/\/www.freimarianne.ch\/wp-content\/gallery\/balavaux-14-10-21\/thumbs\/thumbs_IMG_5785.jpeg\"\n               data-image-id=\"27713\"\n               data-title=\"IMG_5785\"\n               data-description=\"an der Ancienne Bisse de Saxon\"\n               data-image-slug=\"img_5785-3\"\n               class=\"shutterset_4678d1521fee9c804417af51d927eecd\">\n                <img\n                    title=\"IMG_5785\"\n                    alt=\"IMG_5785\"\n                    src=\"https:\/\/www.freimarianne.ch\/wp-content\/gallery\/balavaux-14-10-21\/cache\/IMG_5785.jpeg-nggid0527713-ngg0dyn-100x75x100-00f0w010c010r110f110r010t010.jpeg\"\n                    width=\"100\"\n                    height=\"67\"\n                    style=\"max-width:100%;\"\n                \/>\n            <\/a>\n        <\/div>\n\t\t\t\t\t\t\t<\/div> \n\t\t\t\n                                    <br style=\"clear: both\" \/>\n                    \n\t\t\n\t\t<!-- Pagination -->\n\t<div class='ngg-clear'><\/div>\t<\/div>\n\n\n\n\n<!-- index.php -->\n<div\n\tclass=\"ngg-galleryoverview ngg-ajax-pagination-none\"\n\tid=\"ngg-gallery-10ca98e34a6dc2213e2e1f5c54dcaa1a-1\">\n\n    \t<div class=\"slideshowlink\">\n        <a href='https:\/\/www.freimarianne.ch\/index.php\/nggallery\/slideshow?page_id=57432'>[Show as slideshow]<\/a>\n\t\t\n\t<\/div>\n\t\t\t<!-- Thumbnails -->\n\t\t\t\t<div id=\"ngg-image-0\" class=\"ngg-gallery-thumbnail-box\" >\n\t\t\t\t        <div class=\"ngg-gallery-thumbnail\">\n            <a href=\"https:\/\/www.freimarianne.ch\/wp-content\/gallery\/balavaux-iph-14-10-21\/IMG_8509.jpeg\"\n               title=\"vonder Gondel aus\"\n               data-src=\"https:\/\/www.freimarianne.ch\/wp-content\/gallery\/balavaux-iph-14-10-21\/IMG_8509.jpeg\"\n               data-thumbnail=\"https:\/\/www.freimarianne.ch\/wp-content\/gallery\/balavaux-iph-14-10-21\/thumbs\/thumbs_IMG_8509.jpeg\"\n               data-image-id=\"27728\"\n               data-title=\"IMG_8509\"\n               data-description=\"vonder Gondel aus\"\n               data-image-slug=\"img_8509-2\"\n               class=\"shutterset_10ca98e34a6dc2213e2e1f5c54dcaa1a\">\n                <img\n                    title=\"IMG_8509\"\n                    alt=\"IMG_8509\"\n                    src=\"https:\/\/www.freimarianne.ch\/wp-content\/gallery\/balavaux-iph-14-10-21\/cache\/IMG_8509.jpeg-nggid0527728-ngg0dyn-100x75x100-00f0w010c010r110f110r010t010.jpeg\"\n                    width=\"100\"\n                    height=\"56\"\n                    style=\"max-width:100%;\"\n                \/>\n            <\/a>\n        <\/div>\n\t\t\t\t\t\t\t<\/div> \n\t\t\t\n                            \n\t\t\t\t<div id=\"ngg-image-1\" class=\"ngg-gallery-thumbnail-box\" >\n\t\t\t\t        <div class=\"ngg-gallery-thumbnail\">\n            <a href=\"https:\/\/www.freimarianne.ch\/wp-content\/gallery\/balavaux-iph-14-10-21\/IMG_8508.jpeg\"\n               title=\"Foto von der Gondel aus\"\n               data-src=\"https:\/\/www.freimarianne.ch\/wp-content\/gallery\/balavaux-iph-14-10-21\/IMG_8508.jpeg\"\n               data-thumbnail=\"https:\/\/www.freimarianne.ch\/wp-content\/gallery\/balavaux-iph-14-10-21\/thumbs\/thumbs_IMG_8508.jpeg\"\n               data-image-id=\"27729\"\n               data-title=\"IMG_8508\"\n               data-description=\"Foto von der Gondel aus\"\n               data-image-slug=\"img_8508-3\"\n               class=\"shutterset_10ca98e34a6dc2213e2e1f5c54dcaa1a\">\n                <img\n                    title=\"IMG_8508\"\n                    alt=\"IMG_8508\"\n                    src=\"https:\/\/www.freimarianne.ch\/wp-content\/gallery\/balavaux-iph-14-10-21\/cache\/IMG_8508.jpeg-nggid0527729-ngg0dyn-100x75x100-00f0w010c010r110f110r010t010.jpeg\"\n                    width=\"100\"\n                    height=\"56\"\n                    style=\"max-width:100%;\"\n                \/>\n            <\/a>\n        <\/div>\n\t\t\t\t\t\t\t<\/div> \n\t\t\t\n                            \n\t\t\t\t<div id=\"ngg-image-2\" class=\"ngg-gallery-thumbnail-box\" >\n\t\t\t\t        <div class=\"ngg-gallery-thumbnail\">\n            <a href=\"https:\/\/www.freimarianne.ch\/wp-content\/gallery\/balavaux-iph-14-10-21\/IMG_8507.jpeg\"\n               title=\"Foto von der Gondel aus; li Haute de Cry\"\n               data-src=\"https:\/\/www.freimarianne.ch\/wp-content\/gallery\/balavaux-iph-14-10-21\/IMG_8507.jpeg\"\n               data-thumbnail=\"https:\/\/www.freimarianne.ch\/wp-content\/gallery\/balavaux-iph-14-10-21\/thumbs\/thumbs_IMG_8507.jpeg\"\n               data-image-id=\"27730\"\n               data-title=\"IMG_8507\"\n               data-description=\"Foto von der Gondel aus; li Haute de Cry\"\n               data-image-slug=\"img_8507\"\n               class=\"shutterset_10ca98e34a6dc2213e2e1f5c54dcaa1a\">\n                <img\n                    title=\"IMG_8507\"\n                    alt=\"IMG_8507\"\n                    src=\"https:\/\/www.freimarianne.ch\/wp-content\/gallery\/balavaux-iph-14-10-21\/cache\/IMG_8507.jpeg-nggid0527730-ngg0dyn-100x75x100-00f0w010c010r110f110r010t010.jpeg\"\n                    width=\"100\"\n                    height=\"56\"\n                    style=\"max-width:100%;\"\n                \/>\n            <\/a>\n        <\/div>\n\t\t\t\t\t\t\t<\/div> \n\t\t\t\n                            \n\t\t\t\t<div id=\"ngg-image-3\" class=\"ngg-gallery-thumbnail-box\" >\n\t\t\t\t        <div class=\"ngg-gallery-thumbnail\">\n            <a href=\"https:\/\/www.freimarianne.ch\/wp-content\/gallery\/balavaux-iph-14-10-21\/IMG_8505.jpeg\"\n               title=\"Sicht von Tracouet 2200m\"\n               data-src=\"https:\/\/www.freimarianne.ch\/wp-content\/gallery\/balavaux-iph-14-10-21\/IMG_8505.jpeg\"\n               data-thumbnail=\"https:\/\/www.freimarianne.ch\/wp-content\/gallery\/balavaux-iph-14-10-21\/thumbs\/thumbs_IMG_8505.jpeg\"\n               data-image-id=\"27727\"\n               data-title=\"IMG_8505\"\n               data-description=\"Sicht von Tracouet 2200m\"\n               data-image-slug=\"img_8505-1\"\n               class=\"shutterset_10ca98e34a6dc2213e2e1f5c54dcaa1a\">\n                <img\n                    title=\"IMG_8505\"\n                    alt=\"IMG_8505\"\n                    src=\"https:\/\/www.freimarianne.ch\/wp-content\/gallery\/balavaux-iph-14-10-21\/cache\/IMG_8505.jpeg-nggid0527727-ngg0dyn-100x75x100-00f0w010c010r110f110r010t010.jpeg\"\n                    width=\"100\"\n                    height=\"56\"\n                    style=\"max-width:100%;\"\n                \/>\n            <\/a>\n        <\/div>\n\t\t\t\t\t\t\t<\/div> \n\t\t\t\n                                    <br style=\"clear: both\" \/>\n                    \n\t\t\t\t<div id=\"ngg-image-4\" class=\"ngg-gallery-thumbnail-box\" >\n\t\t\t\t        <div class=\"ngg-gallery-thumbnail\">\n            <a href=\"https:\/\/www.freimarianne.ch\/wp-content\/gallery\/balavaux-iph-14-10-21\/IMG_8504.jpeg\"\n               title=\"Lac Tracouet 2200m\"\n               data-src=\"https:\/\/www.freimarianne.ch\/wp-content\/gallery\/balavaux-iph-14-10-21\/IMG_8504.jpeg\"\n               data-thumbnail=\"https:\/\/www.freimarianne.ch\/wp-content\/gallery\/balavaux-iph-14-10-21\/thumbs\/thumbs_IMG_8504.jpeg\"\n               data-image-id=\"27723\"\n               data-title=\"IMG_8504\"\n               data-description=\"Lac Tracouet 2200m\"\n               data-image-slug=\"img_8504-2\"\n               class=\"shutterset_10ca98e34a6dc2213e2e1f5c54dcaa1a\">\n                <img\n                    title=\"IMG_8504\"\n                    alt=\"IMG_8504\"\n                    src=\"https:\/\/www.freimarianne.ch\/wp-content\/gallery\/balavaux-iph-14-10-21\/cache\/IMG_8504.jpeg-nggid0527723-ngg0dyn-100x75x100-00f0w010c010r110f110r010t010.jpeg\"\n                    width=\"100\"\n                    height=\"65\"\n                    style=\"max-width:100%;\"\n                \/>\n            <\/a>\n        <\/div>\n\t\t\t\t\t\t\t<\/div> \n\t\t\t\n                            \n\t\t\t\t<div id=\"ngg-image-5\" class=\"ngg-gallery-thumbnail-box\" >\n\t\t\t\t        <div class=\"ngg-gallery-thumbnail\">\n            <a href=\"https:\/\/www.freimarianne.ch\/wp-content\/gallery\/balavaux-iph-14-10-21\/IMG_8503.jpeg\"\n               title=\"li  Le Fou 2609m\"\n               data-src=\"https:\/\/www.freimarianne.ch\/wp-content\/gallery\/balavaux-iph-14-10-21\/IMG_8503.jpeg\"\n               data-thumbnail=\"https:\/\/www.freimarianne.ch\/wp-content\/gallery\/balavaux-iph-14-10-21\/thumbs\/thumbs_IMG_8503.jpeg\"\n               data-image-id=\"27722\"\n               data-title=\"IMG_8503\"\n               data-description=\"li  Le Fou 2609m\"\n               data-image-slug=\"img_8503-1\"\n               class=\"shutterset_10ca98e34a6dc2213e2e1f5c54dcaa1a\">\n                <img\n                    title=\"IMG_8503\"\n                    alt=\"IMG_8503\"\n                    src=\"https:\/\/www.freimarianne.ch\/wp-content\/gallery\/balavaux-iph-14-10-21\/cache\/IMG_8503.jpeg-nggid0527722-ngg0dyn-100x75x100-00f0w010c010r110f110r010t010.jpeg\"\n                    width=\"100\"\n                    height=\"56\"\n                    style=\"max-width:100%;\"\n                \/>\n            <\/a>\n        <\/div>\n\t\t\t\t\t\t\t<\/div> \n\t\t\t\n                            \n\t\t\t\t<div id=\"ngg-image-6\" class=\"ngg-gallery-thumbnail-box\" >\n\t\t\t\t        <div class=\"ngg-gallery-thumbnail\">\n            <a href=\"https:\/\/www.freimarianne.ch\/wp-content\/gallery\/balavaux-iph-14-10-21\/IMG_8463.jpeg\"\n               title=\"Lac Tracouet, le Fou 2609m,  Grandes Jorasses, Mont Blanc,\"\n               data-src=\"https:\/\/www.freimarianne.ch\/wp-content\/gallery\/balavaux-iph-14-10-21\/IMG_8463.jpeg\"\n               data-thumbnail=\"https:\/\/www.freimarianne.ch\/wp-content\/gallery\/balavaux-iph-14-10-21\/thumbs\/thumbs_IMG_8463.jpeg\"\n               data-image-id=\"27714\"\n               data-title=\"IMG_8463\"\n               data-description=\"Lac Tracouet, le Fou 2609m,  Grandes Jorasses, Mont Blanc,\"\n               data-image-slug=\"img_8463-2\"\n               class=\"shutterset_10ca98e34a6dc2213e2e1f5c54dcaa1a\">\n                <img\n                    title=\"IMG_8463\"\n                    alt=\"IMG_8463\"\n                    src=\"https:\/\/www.freimarianne.ch\/wp-content\/gallery\/balavaux-iph-14-10-21\/cache\/IMG_8463.jpeg-nggid0527714-ngg0dyn-100x75x100-00f0w010c010r110f110r010t010.jpeg\"\n                    width=\"100\"\n                    height=\"75\"\n                    style=\"max-width:100%;\"\n                \/>\n            <\/a>\n        <\/div>\n\t\t\t\t\t\t\t<\/div> \n\t\t\t\n                            \n\t\t\t\t<div id=\"ngg-image-7\" class=\"ngg-gallery-thumbnail-box\" >\n\t\t\t\t        <div class=\"ngg-gallery-thumbnail\">\n            <a href=\"https:\/\/www.freimarianne.ch\/wp-content\/gallery\/balavaux-iph-14-10-21\/IMG_8465.jpeg\"\n               title=\"Haut de Cry 2968m, Sommet des Diablerets, 3209m,  D\u00f4me des Diablerets, 2996m,  Oldenhorn 3123m, Mont Gond 2710m\"\n               data-src=\"https:\/\/www.freimarianne.ch\/wp-content\/gallery\/balavaux-iph-14-10-21\/IMG_8465.jpeg\"\n               data-thumbnail=\"https:\/\/www.freimarianne.ch\/wp-content\/gallery\/balavaux-iph-14-10-21\/thumbs\/thumbs_IMG_8465.jpeg\"\n               data-image-id=\"27720\"\n               data-title=\"IMG_8465\"\n               data-description=\"Haut de Cry 2968m, Sommet des Diablerets, 3209m,  D\u00f4me des Diablerets, 2996m,  Oldenhorn 3123m, Mont Gond 2710m\"\n               data-image-slug=\"img_8465-4\"\n               class=\"shutterset_10ca98e34a6dc2213e2e1f5c54dcaa1a\">\n                <img\n                    title=\"IMG_8465\"\n                    alt=\"IMG_8465\"\n                    src=\"https:\/\/www.freimarianne.ch\/wp-content\/gallery\/balavaux-iph-14-10-21\/cache\/IMG_8465.jpeg-nggid0527720-ngg0dyn-100x75x100-00f0w010c010r110f110r010t010.jpeg\"\n                    width=\"100\"\n                    height=\"75\"\n                    style=\"max-width:100%;\"\n                \/>\n            <\/a>\n        <\/div>\n\t\t\t\t\t\t\t<\/div> \n\t\t\t\n                                    <br style=\"clear: both\" \/>\n                    \n\t\t\t\t<div id=\"ngg-image-8\" class=\"ngg-gallery-thumbnail-box\" >\n\t\t\t\t        <div class=\"ngg-gallery-thumbnail\">\n            <a href=\"https:\/\/www.freimarianne.ch\/wp-content\/gallery\/balavaux-iph-14-10-21\/IMG_8473.jpeg\"\n               title=\"alte L\u00e4rche\"\n               data-src=\"https:\/\/www.freimarianne.ch\/wp-content\/gallery\/balavaux-iph-14-10-21\/IMG_8473.jpeg\"\n               data-thumbnail=\"https:\/\/www.freimarianne.ch\/wp-content\/gallery\/balavaux-iph-14-10-21\/thumbs\/thumbs_IMG_8473.jpeg\"\n               data-image-id=\"27725\"\n               data-title=\"IMG_8473\"\n               data-description=\"alte L\u00e4rche\"\n               data-image-slug=\"img_8473-1\"\n               class=\"shutterset_10ca98e34a6dc2213e2e1f5c54dcaa1a\">\n                <img\n                    title=\"IMG_8473\"\n                    alt=\"IMG_8473\"\n                    src=\"https:\/\/www.freimarianne.ch\/wp-content\/gallery\/balavaux-iph-14-10-21\/cache\/IMG_8473.jpeg-nggid0527725-ngg0dyn-100x75x100-00f0w010c010r110f110r010t010.jpeg\"\n                    width=\"56\"\n                    height=\"75\"\n                    style=\"max-width:100%;\"\n                \/>\n            <\/a>\n        <\/div>\n\t\t\t\t\t\t\t<\/div> \n\t\t\t\n                            \n\t\t\t\t<div id=\"ngg-image-9\" class=\"ngg-gallery-thumbnail-box\" >\n\t\t\t\t        <div class=\"ngg-gallery-thumbnail\">\n            <a href=\"https:\/\/www.freimarianne.ch\/wp-content\/gallery\/balavaux-iph-14-10-21\/IMG_8499.jpeg\"\n               title=\"\"\n               data-src=\"https:\/\/www.freimarianne.ch\/wp-content\/gallery\/balavaux-iph-14-10-21\/IMG_8499.jpeg\"\n               data-thumbnail=\"https:\/\/www.freimarianne.ch\/wp-content\/gallery\/balavaux-iph-14-10-21\/thumbs\/thumbs_IMG_8499.jpeg\"\n               data-image-id=\"27726\"\n               data-title=\"IMG_8499\"\n               data-description=\"\"\n               data-image-slug=\"img_8499\"\n               class=\"shutterset_10ca98e34a6dc2213e2e1f5c54dcaa1a\">\n                <img\n                    title=\"IMG_8499\"\n                    alt=\"IMG_8499\"\n                    src=\"https:\/\/www.freimarianne.ch\/wp-content\/gallery\/balavaux-iph-14-10-21\/cache\/IMG_8499.jpeg-nggid0527726-ngg0dyn-100x75x100-00f0w010c010r110f110r010t010.jpeg\"\n                    width=\"100\"\n                    height=\"56\"\n                    style=\"max-width:100%;\"\n                \/>\n            <\/a>\n        <\/div>\n\t\t\t\t\t\t\t<\/div> \n\t\t\t\n                            \n\t\t\t\t<div id=\"ngg-image-10\" class=\"ngg-gallery-thumbnail-box\" >\n\t\t\t\t        <div class=\"ngg-gallery-thumbnail\">\n            <a href=\"https:\/\/www.freimarianne.ch\/wp-content\/gallery\/balavaux-iph-14-10-21\/IMG_8497.jpeg\"\n               title=\"Blick auf Tzoumaz\"\n               data-src=\"https:\/\/www.freimarianne.ch\/wp-content\/gallery\/balavaux-iph-14-10-21\/IMG_8497.jpeg\"\n               data-thumbnail=\"https:\/\/www.freimarianne.ch\/wp-content\/gallery\/balavaux-iph-14-10-21\/thumbs\/thumbs_IMG_8497.jpeg\"\n               data-image-id=\"27721\"\n               data-title=\"IMG_8497\"\n               data-description=\"Blick auf Tzoumaz\"\n               data-image-slug=\"img_8497-2\"\n               class=\"shutterset_10ca98e34a6dc2213e2e1f5c54dcaa1a\">\n                <img\n                    title=\"IMG_8497\"\n                    alt=\"IMG_8497\"\n                    src=\"https:\/\/www.freimarianne.ch\/wp-content\/gallery\/balavaux-iph-14-10-21\/cache\/IMG_8497.jpeg-nggid0527721-ngg0dyn-100x75x100-00f0w010c010r110f110r010t010.jpeg\"\n                    width=\"100\"\n                    height=\"56\"\n                    style=\"max-width:100%;\"\n                \/>\n            <\/a>\n        <\/div>\n\t\t\t\t\t\t\t<\/div> \n\t\t\t\n                            \n\t\t\t\t<div id=\"ngg-image-11\" class=\"ngg-gallery-thumbnail-box\" >\n\t\t\t\t        <div class=\"ngg-gallery-thumbnail\">\n            <a href=\"https:\/\/www.freimarianne.ch\/wp-content\/gallery\/balavaux-iph-14-10-21\/IMG_8475.jpeg\"\n               title=\"Grandes Jorasses, Mont Blanc 4808m, Pierre Avoi 2473m\"\n               data-src=\"https:\/\/www.freimarianne.ch\/wp-content\/gallery\/balavaux-iph-14-10-21\/IMG_8475.jpeg\"\n               data-thumbnail=\"https:\/\/www.freimarianne.ch\/wp-content\/gallery\/balavaux-iph-14-10-21\/thumbs\/thumbs_IMG_8475.jpeg\"\n               data-image-id=\"27715\"\n               data-title=\"IMG_8475\"\n               data-description=\"Grandes Jorasses, Mont Blanc 4808m, Pierre Avoi 2473m\"\n               data-image-slug=\"img_8475-2\"\n               class=\"shutterset_10ca98e34a6dc2213e2e1f5c54dcaa1a\">\n                <img\n                    title=\"IMG_8475\"\n                    alt=\"IMG_8475\"\n                    src=\"https:\/\/www.freimarianne.ch\/wp-content\/gallery\/balavaux-iph-14-10-21\/cache\/IMG_8475.jpeg-nggid0527715-ngg0dyn-100x75x100-00f0w010c010r110f110r010t010.jpeg\"\n                    width=\"100\"\n                    height=\"75\"\n                    style=\"max-width:100%;\"\n                \/>\n            <\/a>\n        <\/div>\n\t\t\t\t\t\t\t<\/div> \n\t\t\t\n                                    <br style=\"clear: both\" \/>\n                    \n\t\t\t\t<div id=\"ngg-image-12\" class=\"ngg-gallery-thumbnail-box\" >\n\t\t\t\t        <div class=\"ngg-gallery-thumbnail\">\n            <a href=\"https:\/\/www.freimarianne.ch\/wp-content\/gallery\/balavaux-iph-14-10-21\/IMG_8496.jpeg\"\n               title=\"Panorama: Blick gegen Tzoumaz\"\n               data-src=\"https:\/\/www.freimarianne.ch\/wp-content\/gallery\/balavaux-iph-14-10-21\/IMG_8496.jpeg\"\n               data-thumbnail=\"https:\/\/www.freimarianne.ch\/wp-content\/gallery\/balavaux-iph-14-10-21\/thumbs\/thumbs_IMG_8496.jpeg\"\n               data-image-id=\"27724\"\n               data-title=\"IMG_8496\"\n               data-description=\"Panorama: Blick gegen Tzoumaz\"\n               data-image-slug=\"img_8496-4\"\n               class=\"shutterset_10ca98e34a6dc2213e2e1f5c54dcaa1a\">\n                <img\n                    title=\"IMG_8496\"\n                    alt=\"IMG_8496\"\n                    src=\"https:\/\/www.freimarianne.ch\/wp-content\/gallery\/balavaux-iph-14-10-21\/cache\/IMG_8496.jpeg-nggid0527724-ngg0dyn-100x75x100-00f0w010c010r110f110r010t010.jpeg\"\n                    width=\"100\"\n                    height=\"56\"\n                    style=\"max-width:100%;\"\n                \/>\n            <\/a>\n        <\/div>\n\t\t\t\t\t\t\t<\/div> \n\t\t\t\n                            \n\t\t\t\t<div id=\"ngg-image-13\" class=\"ngg-gallery-thumbnail-box\" >\n\t\t\t\t        <div class=\"ngg-gallery-thumbnail\">\n            <a href=\"https:\/\/www.freimarianne.ch\/wp-content\/gallery\/balavaux-iph-14-10-21\/IMG_8476.jpeg\"\n               title=\"Herbstlandschaft mit le Fou\"\n               data-src=\"https:\/\/www.freimarianne.ch\/wp-content\/gallery\/balavaux-iph-14-10-21\/IMG_8476.jpeg\"\n               data-thumbnail=\"https:\/\/www.freimarianne.ch\/wp-content\/gallery\/balavaux-iph-14-10-21\/thumbs\/thumbs_IMG_8476.jpeg\"\n               data-image-id=\"27716\"\n               data-title=\"IMG_8476\"\n               data-description=\"Herbstlandschaft mit le Fou\"\n               data-image-slug=\"img_8476-4\"\n               class=\"shutterset_10ca98e34a6dc2213e2e1f5c54dcaa1a\">\n                <img\n                    title=\"IMG_8476\"\n                    alt=\"IMG_8476\"\n                    src=\"https:\/\/www.freimarianne.ch\/wp-content\/gallery\/balavaux-iph-14-10-21\/cache\/IMG_8476.jpeg-nggid0527716-ngg0dyn-100x75x100-00f0w010c010r110f110r010t010.jpeg\"\n                    width=\"100\"\n                    height=\"75\"\n                    style=\"max-width:100%;\"\n                \/>\n            <\/a>\n        <\/div>\n\t\t\t\t\t\t\t<\/div> \n\t\t\t\n                            \n\t\t\t\t<div id=\"ngg-image-14\" class=\"ngg-gallery-thumbnail-box\" >\n\t\t\t\t        <div class=\"ngg-gallery-thumbnail\">\n            <a href=\"https:\/\/www.freimarianne.ch\/wp-content\/gallery\/balavaux-iph-14-10-21\/IMG_8493.jpeg\"\n               title=\"bei Pra da Dzeu 1771m\"\n               data-src=\"https:\/\/www.freimarianne.ch\/wp-content\/gallery\/balavaux-iph-14-10-21\/IMG_8493.jpeg\"\n               data-thumbnail=\"https:\/\/www.freimarianne.ch\/wp-content\/gallery\/balavaux-iph-14-10-21\/thumbs\/thumbs_IMG_8493.jpeg\"\n               data-image-id=\"27719\"\n               data-title=\"IMG_8493\"\n               data-description=\"bei Pra da Dzeu 1771m\"\n               data-image-slug=\"img_8493\"\n               class=\"shutterset_10ca98e34a6dc2213e2e1f5c54dcaa1a\">\n                <img\n                    title=\"IMG_8493\"\n                    alt=\"IMG_8493\"\n                    src=\"https:\/\/www.freimarianne.ch\/wp-content\/gallery\/balavaux-iph-14-10-21\/cache\/IMG_8493.jpeg-nggid0527719-ngg0dyn-100x75x100-00f0w010c010r110f110r010t010.jpeg\"\n                    width=\"100\"\n                    height=\"56\"\n                    style=\"max-width:100%;\"\n                \/>\n            <\/a>\n        <\/div>\n\t\t\t\t\t\t\t<\/div> \n\t\t\t\n                            \n\t\t\t\t<div id=\"ngg-image-15\" class=\"ngg-gallery-thumbnail-box\" >\n\t\t\t\t        <div class=\"ngg-gallery-thumbnail\">\n            <a href=\"https:\/\/www.freimarianne.ch\/wp-content\/gallery\/balavaux-iph-14-10-21\/IMG_8485.jpeg\"\n               title=\"Grand Chavalard 2901m, Grande Dent de Morcles,  Dent Favre 2917m, Petit Mouveran 2810m, Grand Mouveran  3051m\"\n               data-src=\"https:\/\/www.freimarianne.ch\/wp-content\/gallery\/balavaux-iph-14-10-21\/IMG_8485.jpeg\"\n               data-thumbnail=\"https:\/\/www.freimarianne.ch\/wp-content\/gallery\/balavaux-iph-14-10-21\/thumbs\/thumbs_IMG_8485.jpeg\"\n               data-image-id=\"27717\"\n               data-title=\"IMG_8485\"\n               data-description=\"Grand Chavalard 2901m, Grande Dent de Morcles,  Dent Favre 2917m, Petit Mouveran 2810m, Grand Mouveran  3051m\"\n               data-image-slug=\"img_8485-3\"\n               class=\"shutterset_10ca98e34a6dc2213e2e1f5c54dcaa1a\">\n                <img\n                    title=\"IMG_8485\"\n                    alt=\"IMG_8485\"\n                    src=\"https:\/\/www.freimarianne.ch\/wp-content\/gallery\/balavaux-iph-14-10-21\/cache\/IMG_8485.jpeg-nggid0527717-ngg0dyn-100x75x100-00f0w010c010r110f110r010t010.jpeg\"\n                    width=\"100\"\n                    height=\"62\"\n                    style=\"max-width:100%;\"\n                \/>\n            <\/a>\n        <\/div>\n\t\t\t\t\t\t\t<\/div> \n\t\t\t\n                                    <br style=\"clear: both\" \/>\n                    \n\t\t\t\t<div id=\"ngg-image-16\" class=\"ngg-gallery-thumbnail-box\" >\n\t\t\t\t        <div class=\"ngg-gallery-thumbnail\">\n            <a href=\"https:\/\/www.freimarianne.ch\/wp-content\/gallery\/balavaux-iph-14-10-21\/IMG_8488.jpeg\"\n               title=\"bei  les Rairettes 1518m; Haut de Cry 2968m,  Mont \u00e0 Perron 2667m, Mont \u00e0 Cavou 2612m, Sommet des Diablerets, 3209m,  D\u00f4me des Diablerets, 2996m, Oldenhorn 3123m, Mont Gond 2710m, La Fava 2612m, Le Sublage 2735m, Le S\u00e9rac 2817m\"\n               data-src=\"https:\/\/www.freimarianne.ch\/wp-content\/gallery\/balavaux-iph-14-10-21\/IMG_8488.jpeg\"\n               data-thumbnail=\"https:\/\/www.freimarianne.ch\/wp-content\/gallery\/balavaux-iph-14-10-21\/thumbs\/thumbs_IMG_8488.jpeg\"\n               data-image-id=\"27718\"\n               data-title=\"IMG_8488\"\n               data-description=\"bei  les Rairettes 1518m; Haut de Cry 2968m,  Mont \u00e0 Perron 2667m, Mont \u00e0 Cavou 2612m, Sommet des Diablerets, 3209m,  D\u00f4me des Diablerets, 2996m, Oldenhorn 3123m, Mont Gond 2710m, La Fava 2612m, Le Sublage 2735m, Le S\u00e9rac 2817m\"\n               data-image-slug=\"img_8488-1\"\n               class=\"shutterset_10ca98e34a6dc2213e2e1f5c54dcaa1a\">\n                <img\n                    title=\"IMG_8488\"\n                    alt=\"IMG_8488\"\n                    src=\"https:\/\/www.freimarianne.ch\/wp-content\/gallery\/balavaux-iph-14-10-21\/cache\/IMG_8488.jpeg-nggid0527718-ngg0dyn-100x75x100-00f0w010c010r110f110r010t010.jpeg\"\n                    width=\"100\"\n                    height=\"75\"\n                    style=\"max-width:100%;\"\n                \/>\n            <\/a>\n        <\/div>\n\t\t\t\t\t\t\t<\/div> \n\t\t\t\n                            \n\t\t\n\t\t<!-- Pagination -->\n\t<div class='ngg-clear'><\/div>\t<\/div>\n\n","protected":false},"excerpt":{"rendered":"<p>Route: Tracouet Bergstation &#8211; Lac de Tracouet &#8211; Cabane Balavaux &#8211; Prarions &#8211; Ancien Bisse de Saxon &#8211; Pra da Dzeu &#8211; Les Rairettes &#8211; Haute Nendaz Heute m\u00f6chte ich die ber\u00fchmten alten L\u00e4rchen von Balavaux oberhalb Haute Nendaz sehen. Daher fahre ich in das eigentlich schreckliche Haute Nendaz, wo ich die T\u00e9l\u00e9cabine nach le [&hellip;]<\/p>\n","protected":false},"author":1,"featured_media":0,"parent":56870,"menu_order":16,"comment_status":"closed","ping_status":"closed","template":"","meta":{"ngg_post_thumbnail":0},"_links":{"self":[{"href":"https:\/\/www.freimarianne.ch\/index.php?rest_route=\/wp\/v2\/pages\/57432"}],"collection":[{"href":"https:\/\/www.freimarianne.ch\/index.php?rest_route=\/wp\/v2\/pages"}],"about":[{"href":"https:\/\/www.freimarianne.ch\/index.php?rest_route=\/wp\/v2\/types\/page"}],"author":[{"embeddable":true,"href":"https:\/\/www.freimarianne.ch\/index.php?rest_route=\/wp\/v2\/users\/1"}],"replies":[{"embeddable":true,"href":"https:\/\/www.freimarianne.ch\/index.php?rest_route=%2Fwp%2Fv2%2Fcomments&post=57432"}],"version-history":[{"count":4,"href":"https:\/\/www.freimarianne.ch\/index.php?rest_route=\/wp\/v2\/pages\/57432\/revisions"}],"predecessor-version":[{"id":57688,"href":"https:\/\/www.freimarianne.ch\/index.php?rest_route=\/wp\/v2\/pages\/57432\/revisions\/57688"}],"up":[{"embeddable":true,"href":"https:\/\/www.freimarianne.ch\/index.php?rest_route=\/wp\/v2\/pages\/56870"}],"wp:attachment":[{"href":"https:\/\/www.freimarianne.ch\/index.php?rest_route=%2Fwp%2Fv2%2Fmedia&parent=57432"}],"curies":[{"name":"wp","href":"https:\/\/api.w.org\/{rel}","templated":true}]}}