{"id":57705,"date":"2021-11-04T11:10:38","date_gmt":"2021-11-04T10:10:38","guid":{"rendered":"http:\/\/www.freimarianne.ch\/?page_id=57705"},"modified":"2021-11-04T11:44:08","modified_gmt":"2021-11-04T10:44:08","slug":"fafleralp-rundwanderung-vs-24-10-2021","status":"publish","type":"page","link":"https:\/\/www.freimarianne.ch\/?page_id=57705","title":{"rendered":"Fafleralp Rundwanderung  VS  24.10.2021"},"content":{"rendered":"\n<p><strong>Fafleralp &#8211; Guggisee &#8211; Talende &#8211; hinunter ins Tal &#8211; Grundsee &#8211; Gletscherstafel Fafleralp<\/strong><\/p>\n\n\n<div id=\"attachment_57700\" style=\"width: 510px\" class=\"wp-caption alignleft\"><img aria-describedby=\"caption-attachment-57700\" loading=\"lazy\" class=\"size-full wp-image-57700\" src=\"http:\/\/www.freimarianne.ch\/wp-content\/uploads\/2021\/11\/IMG_8804._guggisee-24.10.21_500.jpeg\" alt=\"\" width=\"500\" height=\"375\" srcset=\"https:\/\/www.freimarianne.ch\/wp-content\/uploads\/2021\/11\/IMG_8804._guggisee-24.10.21_500.jpeg 500w, https:\/\/www.freimarianne.ch\/wp-content\/uploads\/2021\/11\/IMG_8804._guggisee-24.10.21_500-300x225.jpeg 300w, https:\/\/www.freimarianne.ch\/wp-content\/uploads\/2021\/11\/IMG_8804._guggisee-24.10.21_500-400x300.jpeg 400w\" sizes=\"(max-width: 500px) 100vw, 500px\" \/><p id=\"caption-attachment-57700\" class=\"wp-caption-text\">Grosshorn 3754m, Jegichnubel 3124m, Anuchnubel 3589m, L\u00f6tschenl\u00fccke<\/p><\/div>\n\n\n<p>Heute ist der letzte Tag, an welchem dasd Postauto hinauf auf die Fafleralp f\u00e4hrt.<br>Wir m\u00f6chten das L\u00f6tschental in seinem Herbstkleid erleben !<\/p>\n\n\n\n<p>Die Fafleralp 1768m liegt noch im Schatten als wir um 10.30h unsere Wanderung beginnen. Wir steigen zum Guggistafel hinauf und wandern dann durch die mit L\u00e4rchen durchsetzte, malerische Berglandschaft weiter hinauf zum Guggisee, der um 11h noch teils im Schatten liegt. Gerade deshalb herrscht hier eine ganz spezielle Stimmung. Auf der stillen Seeoberfl\u00e4che spiegeln sich die Berge am Talende des L\u00f6tschentals. Wir sind nicht die einzigen, die von diesem Naturph\u00e4nomen beeindruckt sind !<br>Auch wir machen hier etliche Fotos bevor wir weiter wandern. Inzwischen ist es Zeit f\u00fcr einen Mittagshalt, den wir in einem dunkelroten Heidelbeerfeld halten. Auch hier l\u00e4dt die Landschaft wieder zum Fotografieren ein!<br>Um 13h wandern wir auf dem Wanderweg weiter ins Tal hinein. Es gibt noch einige Steigungen in der felsigen Landschaft. Dann erreichen wir den H\u00f6henweg, der uns im Hang entlang hin\u00fcber zur Br\u00fccke \u00fcber den Bach aus dem Jeggital bringt.<br>Hier zweigt der Weg zur Anenh\u00fctte ab, die bereits geschlossen ist.<br>Wir steigen nun durch die pr\u00e4chtige Hertbstlandschaft hinunter in den Talboden und wandern talausw\u00e4rts, wobei wir immer wieder eine Br\u00fccke \u00fcberqueren m\u00fcssen. Wir sehen uns noch den Grundsee an und schalten eine kurze Pause ein, bevor wir hinunter zum Gletscherstafel wandern. Den Abschluss bildet immer die Br\u00fccke \u00fcber die Lonza.<br>Um ca. 15h sind wir bei Parkplatz Fafleralp. Die Busse ( es hat sehr viele Leute) fahren um 15.18h hinunter nach Goppenstein. Da wir fr\u00fchzeitig beim Express Bus gewartet haben, k\u00f6nnen wir sitzen.<\/p>\n\n\n\n<p>Dies war eine sehr sch\u00f6ne Herbstwanderung, die ich jedes Jahr mache.<\/p>\n\n\n\n<p>Laut Schweizmobil:<\/p>\n\n\n\n<p>Distanz: 9.06km; Aufstieg=Abstieg: 439m; Wanderzeit: 2h 50 min<\/p>\n\n\n\n<p><a href=\"https:\/\/map.schweizmobil.ch\/?lang=de&amp;photos=yes&amp;bgLayer=pk&amp;logo=yes&amp;season=summer&amp;resolution=3.89&amp;E=2634024&amp;N=1143633&amp;detours=yes&amp;layers=Wanderland%2CStation&amp;trackId=5077946\">Karte Schweizmobil:<\/a><\/p>\n\n\n\n<!-- index.php -->\n<div\n\tclass=\"ngg-galleryoverview ngg-ajax-pagination-none\"\n\tid=\"ngg-gallery-92e93fef1c0455da45b6dce3f72c980d-1\">\n\n    \t<div class=\"slideshowlink\">\n        <a href='https:\/\/www.freimarianne.ch\/index.php\/nggallery\/slideshow?page_id=57705'>[Show as slideshow]<\/a>\n\t\t\n\t<\/div>\n\t\t\t<!-- Thumbnails -->\n\t\t\t\t<div id=\"ngg-image-0\" class=\"ngg-gallery-thumbnail-box\" >\n\t\t\t\t        <div class=\"ngg-gallery-thumbnail\">\n            <a href=\"https:\/\/www.freimarianne.ch\/wp-content\/gallery\/fafleralp-24-10-21\/IMG_5954.jpeg\"\n               title=\"Spiegelung am Guggisee 2002m\"\n               data-src=\"https:\/\/www.freimarianne.ch\/wp-content\/gallery\/fafleralp-24-10-21\/IMG_5954.jpeg\"\n               data-thumbnail=\"https:\/\/www.freimarianne.ch\/wp-content\/gallery\/fafleralp-24-10-21\/thumbs\/thumbs_IMG_5954.jpeg\"\n               data-image-id=\"27842\"\n               data-title=\"IMG_5954\"\n               data-description=\"Spiegelung am Guggisee 2002m\"\n               data-image-slug=\"img_5954-3\"\n               class=\"shutterset_92e93fef1c0455da45b6dce3f72c980d\">\n                <img\n                    title=\"IMG_5954\"\n                    alt=\"IMG_5954\"\n                    src=\"https:\/\/www.freimarianne.ch\/wp-content\/gallery\/fafleralp-24-10-21\/cache\/IMG_5954.jpeg-nggid0527842-ngg0dyn-100x75x100-00f0w010c010r110f110r010t010.jpeg\"\n                    width=\"100\"\n                    height=\"67\"\n                    style=\"max-width:100%;\"\n                \/>\n            <\/a>\n        <\/div>\n\t\t\t\t\t\t\t<\/div> \n\t\t\t\n                            \n\t\t\t\t<div id=\"ngg-image-1\" class=\"ngg-gallery-thumbnail-box\" >\n\t\t\t\t        <div class=\"ngg-gallery-thumbnail\">\n            <a href=\"https:\/\/www.freimarianne.ch\/wp-content\/gallery\/fafleralp-24-10-21\/IMG_5956.jpeg\"\n               title=\"Marianne am Guggisee 2002m\"\n               data-src=\"https:\/\/www.freimarianne.ch\/wp-content\/gallery\/fafleralp-24-10-21\/IMG_5956.jpeg\"\n               data-thumbnail=\"https:\/\/www.freimarianne.ch\/wp-content\/gallery\/fafleralp-24-10-21\/thumbs\/thumbs_IMG_5956.jpeg\"\n               data-image-id=\"27846\"\n               data-title=\"IMG_5956\"\n               data-description=\"Marianne am Guggisee 2002m\"\n               data-image-slug=\"img_5956-1\"\n               class=\"shutterset_92e93fef1c0455da45b6dce3f72c980d\">\n                <img\n                    title=\"IMG_5956\"\n                    alt=\"IMG_5956\"\n                    src=\"https:\/\/www.freimarianne.ch\/wp-content\/gallery\/fafleralp-24-10-21\/cache\/IMG_5956.jpeg-nggid0527846-ngg0dyn-100x75x100-00f0w010c010r110f110r010t010.jpeg\"\n                    width=\"100\"\n                    height=\"67\"\n                    style=\"max-width:100%;\"\n                \/>\n            <\/a>\n        <\/div>\n\t\t\t\t\t\t\t<\/div> \n\t\t\t\n                            \n\t\t\t\t<div id=\"ngg-image-2\" class=\"ngg-gallery-thumbnail-box\" >\n\t\t\t\t        <div class=\"ngg-gallery-thumbnail\">\n            <a href=\"https:\/\/www.freimarianne.ch\/wp-content\/gallery\/fafleralp-24-10-21\/IMG_5958.jpeg\"\n               title=\"Spiegelung  am Guggisee 2002m\"\n               data-src=\"https:\/\/www.freimarianne.ch\/wp-content\/gallery\/fafleralp-24-10-21\/IMG_5958.jpeg\"\n               data-thumbnail=\"https:\/\/www.freimarianne.ch\/wp-content\/gallery\/fafleralp-24-10-21\/thumbs\/thumbs_IMG_5958.jpeg\"\n               data-image-id=\"27848\"\n               data-title=\"IMG_5958\"\n               data-description=\"Spiegelung  am Guggisee 2002m\"\n               data-image-slug=\"img_5958-4\"\n               class=\"shutterset_92e93fef1c0455da45b6dce3f72c980d\">\n                <img\n                    title=\"IMG_5958\"\n                    alt=\"IMG_5958\"\n                    src=\"https:\/\/www.freimarianne.ch\/wp-content\/gallery\/fafleralp-24-10-21\/cache\/IMG_5958.jpeg-nggid0527848-ngg0dyn-100x75x100-00f0w010c010r110f110r010t010.jpeg\"\n                    width=\"100\"\n                    height=\"67\"\n                    style=\"max-width:100%;\"\n                \/>\n            <\/a>\n        <\/div>\n\t\t\t\t\t\t\t<\/div> \n\t\t\t\n                            \n\t\t\t\t<div id=\"ngg-image-3\" class=\"ngg-gallery-thumbnail-box\" >\n\t\t\t\t        <div class=\"ngg-gallery-thumbnail\">\n            <a href=\"https:\/\/www.freimarianne.ch\/wp-content\/gallery\/fafleralp-24-10-21\/IMG_5963.jpeg\"\n               title=\"Marianne am Guggisee 2002m\"\n               data-src=\"https:\/\/www.freimarianne.ch\/wp-content\/gallery\/fafleralp-24-10-21\/IMG_5963.jpeg\"\n               data-thumbnail=\"https:\/\/www.freimarianne.ch\/wp-content\/gallery\/fafleralp-24-10-21\/thumbs\/thumbs_IMG_5963.jpeg\"\n               data-image-id=\"27845\"\n               data-title=\"IMG_5963\"\n               data-description=\"Marianne am Guggisee 2002m\"\n               data-image-slug=\"img_5963-1\"\n               class=\"shutterset_92e93fef1c0455da45b6dce3f72c980d\">\n                <img\n                    title=\"IMG_5963\"\n                    alt=\"IMG_5963\"\n                    src=\"https:\/\/www.freimarianne.ch\/wp-content\/gallery\/fafleralp-24-10-21\/cache\/IMG_5963.jpeg-nggid0527845-ngg0dyn-100x75x100-00f0w010c010r110f110r010t010.jpeg\"\n                    width=\"100\"\n                    height=\"73\"\n                    style=\"max-width:100%;\"\n                \/>\n            <\/a>\n        <\/div>\n\t\t\t\t\t\t\t<\/div> \n\t\t\t\n                                    <br style=\"clear: both\" \/>\n                    \n\t\t\t\t<div id=\"ngg-image-4\" class=\"ngg-gallery-thumbnail-box\" >\n\t\t\t\t        <div class=\"ngg-gallery-thumbnail\">\n            <a href=\"https:\/\/www.freimarianne.ch\/wp-content\/gallery\/fafleralp-24-10-21\/IMG_5964.jpeg\"\n               title=\"Schattenspiel  am Guggisee 2002m\"\n               data-src=\"https:\/\/www.freimarianne.ch\/wp-content\/gallery\/fafleralp-24-10-21\/IMG_5964.jpeg\"\n               data-thumbnail=\"https:\/\/www.freimarianne.ch\/wp-content\/gallery\/fafleralp-24-10-21\/thumbs\/thumbs_IMG_5964.jpeg\"\n               data-image-id=\"27844\"\n               data-title=\"IMG_5964\"\n               data-description=\"Schattenspiel  am Guggisee 2002m\"\n               data-image-slug=\"img_5964-4\"\n               class=\"shutterset_92e93fef1c0455da45b6dce3f72c980d\">\n                <img\n                    title=\"IMG_5964\"\n                    alt=\"IMG_5964\"\n                    src=\"https:\/\/www.freimarianne.ch\/wp-content\/gallery\/fafleralp-24-10-21\/cache\/IMG_5964.jpeg-nggid0527844-ngg0dyn-100x75x100-00f0w010c010r110f110r010t010.jpeg\"\n                    width=\"100\"\n                    height=\"67\"\n                    style=\"max-width:100%;\"\n                \/>\n            <\/a>\n        <\/div>\n\t\t\t\t\t\t\t<\/div> \n\t\t\t\n                            \n\t\t\t\t<div id=\"ngg-image-5\" class=\"ngg-gallery-thumbnail-box\" >\n\t\t\t\t        <div class=\"ngg-gallery-thumbnail\">\n            <a href=\"https:\/\/www.freimarianne.ch\/wp-content\/gallery\/fafleralp-24-10-21\/IMG_5967.jpeg\"\n               title=\"Grosshorn  3664m, vo  re  Jegichnubel 3124m\"\n               data-src=\"https:\/\/www.freimarianne.ch\/wp-content\/gallery\/fafleralp-24-10-21\/IMG_5967.jpeg\"\n               data-thumbnail=\"https:\/\/www.freimarianne.ch\/wp-content\/gallery\/fafleralp-24-10-21\/thumbs\/thumbs_IMG_5967.jpeg\"\n               data-image-id=\"27843\"\n               data-title=\"IMG_5967\"\n               data-description=\"Grosshorn  3664m, vo  re  Jegichnubel 3124m\"\n               data-image-slug=\"img_5967-72\"\n               class=\"shutterset_92e93fef1c0455da45b6dce3f72c980d\">\n                <img\n                    title=\"IMG_5967\"\n                    alt=\"IMG_5967\"\n                    src=\"https:\/\/www.freimarianne.ch\/wp-content\/gallery\/fafleralp-24-10-21\/cache\/IMG_5967.jpeg-nggid0527843-ngg0dyn-100x75x100-00f0w010c010r110f110r010t010.jpeg\"\n                    width=\"100\"\n                    height=\"67\"\n                    style=\"max-width:100%;\"\n                \/>\n            <\/a>\n        <\/div>\n\t\t\t\t\t\t\t<\/div> \n\t\t\t\n                            \n\t\t\t\t<div id=\"ngg-image-6\" class=\"ngg-gallery-thumbnail-box\" >\n\t\t\t\t        <div class=\"ngg-gallery-thumbnail\">\n            <a href=\"https:\/\/www.freimarianne.ch\/wp-content\/gallery\/fafleralp-24-10-21\/IMG_5969.jpeg\"\n               title=\"pr\u00e4chtige Herbstlandschaft im L\u00f6tschental; li Mor\u00e4ne des Langgletschers\"\n               data-src=\"https:\/\/www.freimarianne.ch\/wp-content\/gallery\/fafleralp-24-10-21\/IMG_5969.jpeg\"\n               data-thumbnail=\"https:\/\/www.freimarianne.ch\/wp-content\/gallery\/fafleralp-24-10-21\/thumbs\/thumbs_IMG_5969.jpeg\"\n               data-image-id=\"27850\"\n               data-title=\"IMG_5969\"\n               data-description=\"pr\u00e4chtige Herbstlandschaft im L\u00f6tschental; li Mor\u00e4ne des Langgletschers\"\n               data-image-slug=\"img_5969-4\"\n               class=\"shutterset_92e93fef1c0455da45b6dce3f72c980d\">\n                <img\n                    title=\"IMG_5969\"\n                    alt=\"IMG_5969\"\n                    src=\"https:\/\/www.freimarianne.ch\/wp-content\/gallery\/fafleralp-24-10-21\/cache\/IMG_5969.jpeg-nggid0527850-ngg0dyn-100x75x100-00f0w010c010r110f110r010t010.jpeg\"\n                    width=\"100\"\n                    height=\"67\"\n                    style=\"max-width:100%;\"\n                \/>\n            <\/a>\n        <\/div>\n\t\t\t\t\t\t\t<\/div> \n\t\t\t\n                            \n\t\t\t\t<div id=\"ngg-image-7\" class=\"ngg-gallery-thumbnail-box\" >\n\t\t\t\t        <div class=\"ngg-gallery-thumbnail\">\n            <a href=\"https:\/\/www.freimarianne.ch\/wp-content\/gallery\/fafleralp-24-10-21\/IMG_5970.jpeg\"\n               title=\"pr\u00e4chtige Herbstlandschaft im L\u00f6tschental\"\n               data-src=\"https:\/\/www.freimarianne.ch\/wp-content\/gallery\/fafleralp-24-10-21\/IMG_5970.jpeg\"\n               data-thumbnail=\"https:\/\/www.freimarianne.ch\/wp-content\/gallery\/fafleralp-24-10-21\/thumbs\/thumbs_IMG_5970.jpeg\"\n               data-image-id=\"27847\"\n               data-title=\"IMG_5970\"\n               data-description=\"pr\u00e4chtige Herbstlandschaft im L\u00f6tschental\"\n               data-image-slug=\"img_5970-4\"\n               class=\"shutterset_92e93fef1c0455da45b6dce3f72c980d\">\n                <img\n                    title=\"IMG_5970\"\n                    alt=\"IMG_5970\"\n                    src=\"https:\/\/www.freimarianne.ch\/wp-content\/gallery\/fafleralp-24-10-21\/cache\/IMG_5970.jpeg-nggid0527847-ngg0dyn-100x75x100-00f0w010c010r110f110r010t010.jpeg\"\n                    width=\"100\"\n                    height=\"66\"\n                    style=\"max-width:100%;\"\n                \/>\n            <\/a>\n        <\/div>\n\t\t\t\t\t\t\t<\/div> \n\t\t\t\n                                    <br style=\"clear: both\" \/>\n                    \n\t\t\t\t<div id=\"ngg-image-8\" class=\"ngg-gallery-thumbnail-box\" >\n\t\t\t\t        <div class=\"ngg-gallery-thumbnail\">\n            <a href=\"https:\/\/www.freimarianne.ch\/wp-content\/gallery\/fafleralp-24-10-21\/IMG_5974.jpeg\"\n               title=\"pr\u00e4chtige Herbstlandschaft im L\u00f6tschental\"\n               data-src=\"https:\/\/www.freimarianne.ch\/wp-content\/gallery\/fafleralp-24-10-21\/IMG_5974.jpeg\"\n               data-thumbnail=\"https:\/\/www.freimarianne.ch\/wp-content\/gallery\/fafleralp-24-10-21\/thumbs\/thumbs_IMG_5974.jpeg\"\n               data-image-id=\"27852\"\n               data-title=\"IMG_5974\"\n               data-description=\"pr\u00e4chtige Herbstlandschaft im L\u00f6tschental\"\n               data-image-slug=\"img_5974-1\"\n               class=\"shutterset_92e93fef1c0455da45b6dce3f72c980d\">\n                <img\n                    title=\"IMG_5974\"\n                    alt=\"IMG_5974\"\n                    src=\"https:\/\/www.freimarianne.ch\/wp-content\/gallery\/fafleralp-24-10-21\/cache\/IMG_5974.jpeg-nggid0527852-ngg0dyn-100x75x100-00f0w010c010r110f110r010t010.jpeg\"\n                    width=\"100\"\n                    height=\"67\"\n                    style=\"max-width:100%;\"\n                \/>\n            <\/a>\n        <\/div>\n\t\t\t\t\t\t\t<\/div> \n\t\t\t\n                            \n\t\t\t\t<div id=\"ngg-image-9\" class=\"ngg-gallery-thumbnail-box\" >\n\t\t\t\t        <div class=\"ngg-gallery-thumbnail\">\n            <a href=\"https:\/\/www.freimarianne.ch\/wp-content\/gallery\/fafleralp-24-10-21\/IMG_5977.jpeg\"\n               title=\"Burstspitza 3119m , Kleines Breithorn, Breithorn 3780m\"\n               data-src=\"https:\/\/www.freimarianne.ch\/wp-content\/gallery\/fafleralp-24-10-21\/IMG_5977.jpeg\"\n               data-thumbnail=\"https:\/\/www.freimarianne.ch\/wp-content\/gallery\/fafleralp-24-10-21\/thumbs\/thumbs_IMG_5977.jpeg\"\n               data-image-id=\"27849\"\n               data-title=\"IMG_5977\"\n               data-description=\"Burstspitza 3119m , Kleines Breithorn, Breithorn 3780m\"\n               data-image-slug=\"img_5977-3\"\n               class=\"shutterset_92e93fef1c0455da45b6dce3f72c980d\">\n                <img\n                    title=\"IMG_5977\"\n                    alt=\"IMG_5977\"\n                    src=\"https:\/\/www.freimarianne.ch\/wp-content\/gallery\/fafleralp-24-10-21\/cache\/IMG_5977.jpeg-nggid0527849-ngg0dyn-100x75x100-00f0w010c010r110f110r010t010.jpeg\"\n                    width=\"100\"\n                    height=\"67\"\n                    style=\"max-width:100%;\"\n                \/>\n            <\/a>\n        <\/div>\n\t\t\t\t\t\t\t<\/div> \n\t\t\t\n                            \n\t\t\t\t<div id=\"ngg-image-10\" class=\"ngg-gallery-thumbnail-box\" >\n\t\t\t\t        <div class=\"ngg-gallery-thumbnail\">\n            <a href=\"https:\/\/www.freimarianne.ch\/wp-content\/gallery\/fafleralp-24-10-21\/IMG_5978.jpeg\"\n               title=\"wilde Landschaft\"\n               data-src=\"https:\/\/www.freimarianne.ch\/wp-content\/gallery\/fafleralp-24-10-21\/IMG_5978.jpeg\"\n               data-thumbnail=\"https:\/\/www.freimarianne.ch\/wp-content\/gallery\/fafleralp-24-10-21\/thumbs\/thumbs_IMG_5978.jpeg\"\n               data-image-id=\"27853\"\n               data-title=\"IMG_5978\"\n               data-description=\"wilde Landschaft\"\n               data-image-slug=\"img_5978-3\"\n               class=\"shutterset_92e93fef1c0455da45b6dce3f72c980d\">\n                <img\n                    title=\"IMG_5978\"\n                    alt=\"IMG_5978\"\n                    src=\"https:\/\/www.freimarianne.ch\/wp-content\/gallery\/fafleralp-24-10-21\/cache\/IMG_5978.jpeg-nggid0527853-ngg0dyn-100x75x100-00f0w010c010r110f110r010t010.jpeg\"\n                    width=\"100\"\n                    height=\"67\"\n                    style=\"max-width:100%;\"\n                \/>\n            <\/a>\n        <\/div>\n\t\t\t\t\t\t\t<\/div> \n\t\t\t\n                            \n\t\t\t\t<div id=\"ngg-image-11\" class=\"ngg-gallery-thumbnail-box\" >\n\t\t\t\t        <div class=\"ngg-gallery-thumbnail\">\n            <a href=\"https:\/\/www.freimarianne.ch\/wp-content\/gallery\/fafleralp-24-10-21\/IMG_5979.jpeg\"\n               title=\"wilde Landschaft\"\n               data-src=\"https:\/\/www.freimarianne.ch\/wp-content\/gallery\/fafleralp-24-10-21\/IMG_5979.jpeg\"\n               data-thumbnail=\"https:\/\/www.freimarianne.ch\/wp-content\/gallery\/fafleralp-24-10-21\/thumbs\/thumbs_IMG_5979.jpeg\"\n               data-image-id=\"27851\"\n               data-title=\"IMG_5979\"\n               data-description=\"wilde Landschaft\"\n               data-image-slug=\"img_5979-1\"\n               class=\"shutterset_92e93fef1c0455da45b6dce3f72c980d\">\n                <img\n                    title=\"IMG_5979\"\n                    alt=\"IMG_5979\"\n                    src=\"https:\/\/www.freimarianne.ch\/wp-content\/gallery\/fafleralp-24-10-21\/cache\/IMG_5979.jpeg-nggid0527851-ngg0dyn-100x75x100-00f0w010c010r110f110r010t010.jpeg\"\n                    width=\"100\"\n                    height=\"67\"\n                    style=\"max-width:100%;\"\n                \/>\n            <\/a>\n        <\/div>\n\t\t\t\t\t\t\t<\/div> \n\t\t\t\n                                    <br style=\"clear: both\" \/>\n                    \n\t\t\t\t<div id=\"ngg-image-12\" class=\"ngg-gallery-thumbnail-box\" >\n\t\t\t\t        <div class=\"ngg-gallery-thumbnail\">\n            <a href=\"https:\/\/www.freimarianne.ch\/wp-content\/gallery\/fafleralp-24-10-21\/IMG_5983.jpeg\"\n               title=\"Marianne  mit Breithorn\"\n               data-src=\"https:\/\/www.freimarianne.ch\/wp-content\/gallery\/fafleralp-24-10-21\/IMG_5983.jpeg\"\n               data-thumbnail=\"https:\/\/www.freimarianne.ch\/wp-content\/gallery\/fafleralp-24-10-21\/thumbs\/thumbs_IMG_5983.jpeg\"\n               data-image-id=\"27856\"\n               data-title=\"IMG_5983\"\n               data-description=\"Marianne  mit Breithorn\"\n               data-image-slug=\"img_5983-2\"\n               class=\"shutterset_92e93fef1c0455da45b6dce3f72c980d\">\n                <img\n                    title=\"IMG_5983\"\n                    alt=\"IMG_5983\"\n                    src=\"https:\/\/www.freimarianne.ch\/wp-content\/gallery\/fafleralp-24-10-21\/cache\/IMG_5983.jpeg-nggid0527856-ngg0dyn-100x75x100-00f0w010c010r110f110r010t010.jpeg\"\n                    width=\"50\"\n                    height=\"75\"\n                    style=\"max-width:100%;\"\n                \/>\n            <\/a>\n        <\/div>\n\t\t\t\t\t\t\t<\/div> \n\t\t\t\n                            \n\t\t\t\t<div id=\"ngg-image-13\" class=\"ngg-gallery-thumbnail-box\" >\n\t\t\t\t        <div class=\"ngg-gallery-thumbnail\">\n            <a href=\"https:\/\/www.freimarianne.ch\/wp-content\/gallery\/fafleralp-24-10-21\/IMG_5985.jpeg\"\n               title=\"Breithorn\"\n               data-src=\"https:\/\/www.freimarianne.ch\/wp-content\/gallery\/fafleralp-24-10-21\/IMG_5985.jpeg\"\n               data-thumbnail=\"https:\/\/www.freimarianne.ch\/wp-content\/gallery\/fafleralp-24-10-21\/thumbs\/thumbs_IMG_5985.jpeg\"\n               data-image-id=\"27854\"\n               data-title=\"IMG_5985\"\n               data-description=\"Breithorn\"\n               data-image-slug=\"img_5985-6\"\n               class=\"shutterset_92e93fef1c0455da45b6dce3f72c980d\">\n                <img\n                    title=\"IMG_5985\"\n                    alt=\"IMG_5985\"\n                    src=\"https:\/\/www.freimarianne.ch\/wp-content\/gallery\/fafleralp-24-10-21\/cache\/IMG_5985.jpeg-nggid0527854-ngg0dyn-100x75x100-00f0w010c010r110f110r010t010.jpeg\"\n                    width=\"100\"\n                    height=\"67\"\n                    style=\"max-width:100%;\"\n                \/>\n            <\/a>\n        <\/div>\n\t\t\t\t\t\t\t<\/div> \n\t\t\t\n                            \n\t\t\t\t<div id=\"ngg-image-14\" class=\"ngg-gallery-thumbnail-box\" >\n\t\t\t\t        <div class=\"ngg-gallery-thumbnail\">\n            <a href=\"https:\/\/www.freimarianne.ch\/wp-content\/gallery\/fafleralp-24-10-21\/IMG_5990.jpeg\"\n               title=\"pr\u00e4chtige gelbe L\u00e4rchen im L\u00f6tschental\"\n               data-src=\"https:\/\/www.freimarianne.ch\/wp-content\/gallery\/fafleralp-24-10-21\/IMG_5990.jpeg\"\n               data-thumbnail=\"https:\/\/www.freimarianne.ch\/wp-content\/gallery\/fafleralp-24-10-21\/thumbs\/thumbs_IMG_5990.jpeg\"\n               data-image-id=\"27859\"\n               data-title=\"IMG_5990\"\n               data-description=\"pr\u00e4chtige gelbe L\u00e4rchen im L\u00f6tschental\"\n               data-image-slug=\"img_5990-6\"\n               class=\"shutterset_92e93fef1c0455da45b6dce3f72c980d\">\n                <img\n                    title=\"IMG_5990\"\n                    alt=\"IMG_5990\"\n                    src=\"https:\/\/www.freimarianne.ch\/wp-content\/gallery\/fafleralp-24-10-21\/cache\/IMG_5990.jpeg-nggid0527859-ngg0dyn-100x75x100-00f0w010c010r110f110r010t010.jpeg\"\n                    width=\"100\"\n                    height=\"67\"\n                    style=\"max-width:100%;\"\n                \/>\n            <\/a>\n        <\/div>\n\t\t\t\t\t\t\t<\/div> \n\t\t\t\n                            \n\t\t\t\t<div id=\"ngg-image-15\" class=\"ngg-gallery-thumbnail-box\" >\n\t\t\t\t        <div class=\"ngg-gallery-thumbnail\">\n            <a href=\"https:\/\/www.freimarianne.ch\/wp-content\/gallery\/fafleralp-24-10-21\/IMG_5991.jpeg\"\n               title=\"pr\u00e4chtige gelbe L\u00e4rchen; Breihorn und  Grosshorn\"\n               data-src=\"https:\/\/www.freimarianne.ch\/wp-content\/gallery\/fafleralp-24-10-21\/IMG_5991.jpeg\"\n               data-thumbnail=\"https:\/\/www.freimarianne.ch\/wp-content\/gallery\/fafleralp-24-10-21\/thumbs\/thumbs_IMG_5991.jpeg\"\n               data-image-id=\"27855\"\n               data-title=\"IMG_5991\"\n               data-description=\"pr\u00e4chtige gelbe L\u00e4rchen; Breihorn und  Grosshorn\"\n               data-image-slug=\"img_5991-4\"\n               class=\"shutterset_92e93fef1c0455da45b6dce3f72c980d\">\n                <img\n                    title=\"IMG_5991\"\n                    alt=\"IMG_5991\"\n                    src=\"https:\/\/www.freimarianne.ch\/wp-content\/gallery\/fafleralp-24-10-21\/cache\/IMG_5991.jpeg-nggid0527855-ngg0dyn-100x75x100-00f0w010c010r110f110r010t010.jpeg\"\n                    width=\"100\"\n                    height=\"67\"\n                    style=\"max-width:100%;\"\n                \/>\n            <\/a>\n        <\/div>\n\t\t\t\t\t\t\t<\/div> \n\t\t\t\n                                    <br style=\"clear: both\" \/>\n                    \n\t\t\t\t<div id=\"ngg-image-16\" class=\"ngg-gallery-thumbnail-box\" >\n\t\t\t\t        <div class=\"ngg-gallery-thumbnail\">\n            <a href=\"https:\/\/www.freimarianne.ch\/wp-content\/gallery\/fafleralp-24-10-21\/IMG_5992.jpeg\"\n               title=\"pr\u00e4chtige gelbe L\u00e4rchen\"\n               data-src=\"https:\/\/www.freimarianne.ch\/wp-content\/gallery\/fafleralp-24-10-21\/IMG_5992.jpeg\"\n               data-thumbnail=\"https:\/\/www.freimarianne.ch\/wp-content\/gallery\/fafleralp-24-10-21\/thumbs\/thumbs_IMG_5992.jpeg\"\n               data-image-id=\"27861\"\n               data-title=\"IMG_5992\"\n               data-description=\"pr\u00e4chtige gelbe L\u00e4rchen\"\n               data-image-slug=\"img_5992-1\"\n               class=\"shutterset_92e93fef1c0455da45b6dce3f72c980d\">\n                <img\n                    title=\"IMG_5992\"\n                    alt=\"IMG_5992\"\n                    src=\"https:\/\/www.freimarianne.ch\/wp-content\/gallery\/fafleralp-24-10-21\/cache\/IMG_5992.jpeg-nggid0527861-ngg0dyn-100x75x100-00f0w010c010r110f110r010t010.jpeg\"\n                    width=\"100\"\n                    height=\"72\"\n                    style=\"max-width:100%;\"\n                \/>\n            <\/a>\n        <\/div>\n\t\t\t\t\t\t\t<\/div> \n\t\t\t\n                            \n\t\t\t\t<div id=\"ngg-image-17\" class=\"ngg-gallery-thumbnail-box\" >\n\t\t\t\t        <div class=\"ngg-gallery-thumbnail\">\n            <a href=\"https:\/\/www.freimarianne.ch\/wp-content\/gallery\/fafleralp-24-10-21\/IMG_5993.jpeg\"\n               title=\"an der Lonza\"\n               data-src=\"https:\/\/www.freimarianne.ch\/wp-content\/gallery\/fafleralp-24-10-21\/IMG_5993.jpeg\"\n               data-thumbnail=\"https:\/\/www.freimarianne.ch\/wp-content\/gallery\/fafleralp-24-10-21\/thumbs\/thumbs_IMG_5993.jpeg\"\n               data-image-id=\"27857\"\n               data-title=\"IMG_5993\"\n               data-description=\"an der Lonza\"\n               data-image-slug=\"img_5993-3\"\n               class=\"shutterset_92e93fef1c0455da45b6dce3f72c980d\">\n                <img\n                    title=\"IMG_5993\"\n                    alt=\"IMG_5993\"\n                    src=\"https:\/\/www.freimarianne.ch\/wp-content\/gallery\/fafleralp-24-10-21\/cache\/IMG_5993.jpeg-nggid0527857-ngg0dyn-100x75x100-00f0w010c010r110f110r010t010.jpeg\"\n                    width=\"100\"\n                    height=\"67\"\n                    style=\"max-width:100%;\"\n                \/>\n            <\/a>\n        <\/div>\n\t\t\t\t\t\t\t<\/div> \n\t\t\t\n                            \n\t\t\t\t<div id=\"ngg-image-18\" class=\"ngg-gallery-thumbnail-box\" >\n\t\t\t\t        <div class=\"ngg-gallery-thumbnail\">\n            <a href=\"https:\/\/www.freimarianne.ch\/wp-content\/gallery\/fafleralp-24-10-21\/IMG_5994.jpeg\"\n               title=\"an der Lonza, Blick zur L\u00f6tschenl\u00fccke\"\n               data-src=\"https:\/\/www.freimarianne.ch\/wp-content\/gallery\/fafleralp-24-10-21\/IMG_5994.jpeg\"\n               data-thumbnail=\"https:\/\/www.freimarianne.ch\/wp-content\/gallery\/fafleralp-24-10-21\/thumbs\/thumbs_IMG_5994.jpeg\"\n               data-image-id=\"27858\"\n               data-title=\"IMG_5994\"\n               data-description=\"an der Lonza, Blick zur L\u00f6tschenl\u00fccke\"\n               data-image-slug=\"img_5994-1\"\n               class=\"shutterset_92e93fef1c0455da45b6dce3f72c980d\">\n                <img\n                    title=\"IMG_5994\"\n                    alt=\"IMG_5994\"\n                    src=\"https:\/\/www.freimarianne.ch\/wp-content\/gallery\/fafleralp-24-10-21\/cache\/IMG_5994.jpeg-nggid0527858-ngg0dyn-100x75x100-00f0w010c010r110f110r010t010.jpeg\"\n                    width=\"100\"\n                    height=\"67\"\n                    style=\"max-width:100%;\"\n                \/>\n            <\/a>\n        <\/div>\n\t\t\t\t\t\t\t<\/div> \n\t\t\t\n                            \n\t\t\t\t<div id=\"ngg-image-19\" class=\"ngg-gallery-thumbnail-box\" >\n\t\t\t\t        <div class=\"ngg-gallery-thumbnail\">\n            <a href=\"https:\/\/www.freimarianne.ch\/wp-content\/gallery\/fafleralp-24-10-21\/IMG_5996.jpeg\"\n               title=\"gelbe  L\u00e4rchen\"\n               data-src=\"https:\/\/www.freimarianne.ch\/wp-content\/gallery\/fafleralp-24-10-21\/IMG_5996.jpeg\"\n               data-thumbnail=\"https:\/\/www.freimarianne.ch\/wp-content\/gallery\/fafleralp-24-10-21\/thumbs\/thumbs_IMG_5996.jpeg\"\n               data-image-id=\"27860\"\n               data-title=\"IMG_5996\"\n               data-description=\"gelbe  L\u00e4rchen\"\n               data-image-slug=\"img_5996-6\"\n               class=\"shutterset_92e93fef1c0455da45b6dce3f72c980d\">\n                <img\n                    title=\"IMG_5996\"\n                    alt=\"IMG_5996\"\n                    src=\"https:\/\/www.freimarianne.ch\/wp-content\/gallery\/fafleralp-24-10-21\/cache\/IMG_5996.jpeg-nggid0527860-ngg0dyn-100x75x100-00f0w010c010r110f110r010t010.jpeg\"\n                    width=\"100\"\n                    height=\"71\"\n                    style=\"max-width:100%;\"\n                \/>\n            <\/a>\n        <\/div>\n\t\t\t\t\t\t\t<\/div> \n\t\t\t\n                                    <br style=\"clear: both\" \/>\n                    \n\t\t\t\t<div id=\"ngg-image-20\" class=\"ngg-gallery-thumbnail-box\" >\n\t\t\t\t        <div class=\"ngg-gallery-thumbnail\">\n            <a href=\"https:\/\/www.freimarianne.ch\/wp-content\/gallery\/fafleralp-24-10-21\/IMG_6006.jpeg\"\n               title=\"am Grundsee;\"\n               data-src=\"https:\/\/www.freimarianne.ch\/wp-content\/gallery\/fafleralp-24-10-21\/IMG_6006.jpeg\"\n               data-thumbnail=\"https:\/\/www.freimarianne.ch\/wp-content\/gallery\/fafleralp-24-10-21\/thumbs\/thumbs_IMG_6006.jpeg\"\n               data-image-id=\"27862\"\n               data-title=\"IMG_6006\"\n               data-description=\"am Grundsee;\"\n               data-image-slug=\"img_6006-4\"\n               class=\"shutterset_92e93fef1c0455da45b6dce3f72c980d\">\n                <img\n                    title=\"IMG_6006\"\n                    alt=\"IMG_6006\"\n                    src=\"https:\/\/www.freimarianne.ch\/wp-content\/gallery\/fafleralp-24-10-21\/cache\/IMG_6006.jpeg-nggid0527862-ngg0dyn-100x75x100-00f0w010c010r110f110r010t010.jpeg\"\n                    width=\"100\"\n                    height=\"67\"\n                    style=\"max-width:100%;\"\n                \/>\n            <\/a>\n        <\/div>\n\t\t\t\t\t\t\t<\/div> \n\t\t\t\n                            \n\t\t\t\t<div id=\"ngg-image-21\" class=\"ngg-gallery-thumbnail-box\" >\n\t\t\t\t        <div class=\"ngg-gallery-thumbnail\">\n            <a href=\"https:\/\/www.freimarianne.ch\/wp-content\/gallery\/fafleralp-24-10-21\/IMG_6007.jpeg\"\n               title=\"am Grundsee;\"\n               data-src=\"https:\/\/www.freimarianne.ch\/wp-content\/gallery\/fafleralp-24-10-21\/IMG_6007.jpeg\"\n               data-thumbnail=\"https:\/\/www.freimarianne.ch\/wp-content\/gallery\/fafleralp-24-10-21\/thumbs\/thumbs_IMG_6007.jpeg\"\n               data-image-id=\"27863\"\n               data-title=\"IMG_6007\"\n               data-description=\"am Grundsee;\"\n               data-image-slug=\"img_6007-2\"\n               class=\"shutterset_92e93fef1c0455da45b6dce3f72c980d\">\n                <img\n                    title=\"IMG_6007\"\n                    alt=\"IMG_6007\"\n                    src=\"https:\/\/www.freimarianne.ch\/wp-content\/gallery\/fafleralp-24-10-21\/cache\/IMG_6007.jpeg-nggid0527863-ngg0dyn-100x75x100-00f0w010c010r110f110r010t010.jpeg\"\n                    width=\"100\"\n                    height=\"72\"\n                    style=\"max-width:100%;\"\n                \/>\n            <\/a>\n        <\/div>\n\t\t\t\t\t\t\t<\/div> \n\t\t\t\n                            \n\t\t\t\t<div id=\"ngg-image-22\" class=\"ngg-gallery-thumbnail-box\" >\n\t\t\t\t        <div class=\"ngg-gallery-thumbnail\">\n            <a href=\"https:\/\/www.freimarianne.ch\/wp-content\/gallery\/fafleralp-24-10-21\/IMG_6009.jpeg\"\n               title=\"Blick zur\u00fcck zur L\u00f6tschenl\u00fccke\"\n               data-src=\"https:\/\/www.freimarianne.ch\/wp-content\/gallery\/fafleralp-24-10-21\/IMG_6009.jpeg\"\n               data-thumbnail=\"https:\/\/www.freimarianne.ch\/wp-content\/gallery\/fafleralp-24-10-21\/thumbs\/thumbs_IMG_6009.jpeg\"\n               data-image-id=\"27864\"\n               data-title=\"IMG_6009\"\n               data-description=\"Blick zur\u00fcck zur L\u00f6tschenl\u00fccke\"\n               data-image-slug=\"img_6009-4\"\n               class=\"shutterset_92e93fef1c0455da45b6dce3f72c980d\">\n                <img\n                    title=\"IMG_6009\"\n                    alt=\"IMG_6009\"\n                    src=\"https:\/\/www.freimarianne.ch\/wp-content\/gallery\/fafleralp-24-10-21\/cache\/IMG_6009.jpeg-nggid0527864-ngg0dyn-100x75x100-00f0w010c010r110f110r010t010.jpeg\"\n                    width=\"100\"\n                    height=\"67\"\n                    style=\"max-width:100%;\"\n                \/>\n            <\/a>\n        <\/div>\n\t\t\t\t\t\t\t<\/div> \n\t\t\t\n                            \n\t\t\t\t<div id=\"ngg-image-23\" class=\"ngg-gallery-thumbnail-box\" >\n\t\t\t\t        <div class=\"ngg-gallery-thumbnail\">\n            <a href=\"https:\/\/www.freimarianne.ch\/wp-content\/gallery\/fafleralp-24-10-21\/IMG_6010.jpeg\"\n               title=\"der Gletscherstafel\"\n               data-src=\"https:\/\/www.freimarianne.ch\/wp-content\/gallery\/fafleralp-24-10-21\/IMG_6010.jpeg\"\n               data-thumbnail=\"https:\/\/www.freimarianne.ch\/wp-content\/gallery\/fafleralp-24-10-21\/thumbs\/thumbs_IMG_6010.jpeg\"\n               data-image-id=\"27865\"\n               data-title=\"IMG_6010\"\n               data-description=\"der Gletscherstafel\"\n               data-image-slug=\"img_6010-2\"\n               class=\"shutterset_92e93fef1c0455da45b6dce3f72c980d\">\n                <img\n                    title=\"IMG_6010\"\n                    alt=\"IMG_6010\"\n                    src=\"https:\/\/www.freimarianne.ch\/wp-content\/gallery\/fafleralp-24-10-21\/cache\/IMG_6010.jpeg-nggid0527865-ngg0dyn-100x75x100-00f0w010c010r110f110r010t010.jpeg\"\n                    width=\"100\"\n                    height=\"75\"\n                    style=\"max-width:100%;\"\n                \/>\n            <\/a>\n        <\/div>\n\t\t\t\t\t\t\t<\/div> \n\t\t\t\n                                    <br style=\"clear: both\" \/>\n                    \n\t\t\t\t<div id=\"ngg-image-24\" class=\"ngg-gallery-thumbnail-box\" >\n\t\t\t\t        <div class=\"ngg-gallery-thumbnail\">\n            <a href=\"https:\/\/www.freimarianne.ch\/wp-content\/gallery\/fafleralp-24-10-21\/IMG_6012.jpeg\"\n               title=\"Lonza\"\n               data-src=\"https:\/\/www.freimarianne.ch\/wp-content\/gallery\/fafleralp-24-10-21\/IMG_6012.jpeg\"\n               data-thumbnail=\"https:\/\/www.freimarianne.ch\/wp-content\/gallery\/fafleralp-24-10-21\/thumbs\/thumbs_IMG_6012.jpeg\"\n               data-image-id=\"27866\"\n               data-title=\"IMG_6012\"\n               data-description=\"Lonza\"\n               data-image-slug=\"img_6012-1\"\n               class=\"shutterset_92e93fef1c0455da45b6dce3f72c980d\">\n                <img\n                    title=\"IMG_6012\"\n                    alt=\"IMG_6012\"\n                    src=\"https:\/\/www.freimarianne.ch\/wp-content\/gallery\/fafleralp-24-10-21\/cache\/IMG_6012.jpeg-nggid0527866-ngg0dyn-100x75x100-00f0w010c010r110f110r010t010.jpeg\"\n                    width=\"100\"\n                    height=\"67\"\n                    style=\"max-width:100%;\"\n                \/>\n            <\/a>\n        <\/div>\n\t\t\t\t\t\t\t<\/div> \n\t\t\t\n                            \n\t\t\n\t\t<!-- Pagination -->\n\t<div class='ngg-clear'><\/div>\t<\/div>\n\n\n\n\n<!-- index.php -->\n<div\n\tclass=\"ngg-galleryoverview ngg-ajax-pagination-none\"\n\tid=\"ngg-gallery-054df96bcfd9b78237cc208c5c035fff-1\">\n\n    \t<div class=\"slideshowlink\">\n        <a href='https:\/\/www.freimarianne.ch\/index.php\/nggallery\/slideshow?page_id=57705'>[Show as slideshow]<\/a>\n\t\t\n\t<\/div>\n\t\t\t<!-- Thumbnails -->\n\t\t\t\t<div id=\"ngg-image-0\" class=\"ngg-gallery-thumbnail-box\" >\n\t\t\t\t        <div class=\"ngg-gallery-thumbnail\">\n            <a href=\"https:\/\/www.freimarianne.ch\/wp-content\/gallery\/fafleralp-iph24-10-21\/IMG_8790.jpeg\"\n               title=\"am Guggisee 2002m; Niwen 2769m, Faldumrothorn 2832m, Alplighorn, Restipass, Restirothorn 2969m, Mauerhorn 2944m, hi Majinghorn 3054m,  Ferdenrothorn 3180m\"\n               data-src=\"https:\/\/www.freimarianne.ch\/wp-content\/gallery\/fafleralp-iph24-10-21\/IMG_8790.jpeg\"\n               data-thumbnail=\"https:\/\/www.freimarianne.ch\/wp-content\/gallery\/fafleralp-iph24-10-21\/thumbs\/thumbs_IMG_8790.jpeg\"\n               data-image-id=\"27867\"\n               data-title=\"IMG_8790\"\n               data-description=\"am Guggisee 2002m; Niwen 2769m, Faldumrothorn 2832m, Alplighorn, Restipass, Restirothorn 2969m, Mauerhorn 2944m, hi Majinghorn 3054m,  Ferdenrothorn 3180m\"\n               data-image-slug=\"img_8790-4\"\n               class=\"shutterset_054df96bcfd9b78237cc208c5c035fff\">\n                <img\n                    title=\"IMG_8790\"\n                    alt=\"IMG_8790\"\n                    src=\"https:\/\/www.freimarianne.ch\/wp-content\/gallery\/fafleralp-iph24-10-21\/cache\/IMG_8790.jpeg-nggid0527867-ngg0dyn-100x75x100-00f0w010c010r110f110r010t010.jpeg\"\n                    width=\"100\"\n                    height=\"75\"\n                    style=\"max-width:100%;\"\n                \/>\n            <\/a>\n        <\/div>\n\t\t\t\t\t\t\t<\/div> \n\t\t\t\n                            \n\t\t\t\t<div id=\"ngg-image-1\" class=\"ngg-gallery-thumbnail-box\" >\n\t\t\t\t        <div class=\"ngg-gallery-thumbnail\">\n            <a href=\"https:\/\/www.freimarianne.ch\/wp-content\/gallery\/fafleralp-iph24-10-21\/IMG_8788.jpeg\"\n               title=\"Grosshorn 3754m, Jegichnubel 3124m, Anuchnubel 3589m, L\u00f6tschenl\u00fccke, Sattelhorn 3723m\"\n               data-src=\"https:\/\/www.freimarianne.ch\/wp-content\/gallery\/fafleralp-iph24-10-21\/IMG_8788.jpeg\"\n               data-thumbnail=\"https:\/\/www.freimarianne.ch\/wp-content\/gallery\/fafleralp-iph24-10-21\/thumbs\/thumbs_IMG_8788.jpeg\"\n               data-image-id=\"27868\"\n               data-title=\"IMG_8788\"\n               data-description=\"Grosshorn 3754m, Jegichnubel 3124m, Anuchnubel 3589m, L\u00f6tschenl\u00fccke, Sattelhorn 3723m\"\n               data-image-slug=\"img_8788-2\"\n               class=\"shutterset_054df96bcfd9b78237cc208c5c035fff\">\n                <img\n                    title=\"IMG_8788\"\n                    alt=\"IMG_8788\"\n                    src=\"https:\/\/www.freimarianne.ch\/wp-content\/gallery\/fafleralp-iph24-10-21\/cache\/IMG_8788.jpeg-nggid0527868-ngg0dyn-100x75x100-00f0w010c010r110f110r010t010.jpeg\"\n                    width=\"100\"\n                    height=\"75\"\n                    style=\"max-width:100%;\"\n                \/>\n            <\/a>\n        <\/div>\n\t\t\t\t\t\t\t<\/div> \n\t\t\t\n                            \n\t\t\t\t<div id=\"ngg-image-2\" class=\"ngg-gallery-thumbnail-box\" >\n\t\t\t\t        <div class=\"ngg-gallery-thumbnail\">\n            <a href=\"https:\/\/www.freimarianne.ch\/wp-content\/gallery\/fafleralp-iph24-10-21\/IMG_8789.jpeg\"\n               title=\"am Guggisee 2002m; perfekte Spiegelung\"\n               data-src=\"https:\/\/www.freimarianne.ch\/wp-content\/gallery\/fafleralp-iph24-10-21\/IMG_8789.jpeg\"\n               data-thumbnail=\"https:\/\/www.freimarianne.ch\/wp-content\/gallery\/fafleralp-iph24-10-21\/thumbs\/thumbs_IMG_8789.jpeg\"\n               data-image-id=\"27869\"\n               data-title=\"IMG_8789\"\n               data-description=\"am Guggisee 2002m; perfekte Spiegelung\"\n               data-image-slug=\"img_8789-4\"\n               class=\"shutterset_054df96bcfd9b78237cc208c5c035fff\">\n                <img\n                    title=\"IMG_8789\"\n                    alt=\"IMG_8789\"\n                    src=\"https:\/\/www.freimarianne.ch\/wp-content\/gallery\/fafleralp-iph24-10-21\/cache\/IMG_8789.jpeg-nggid0527869-ngg0dyn-100x75x100-00f0w010c010r110f110r010t010.jpeg\"\n                    width=\"100\"\n                    height=\"75\"\n                    style=\"max-width:100%;\"\n                \/>\n            <\/a>\n        <\/div>\n\t\t\t\t\t\t\t<\/div> \n\t\t\t\n                            \n\t\t\t\t<div id=\"ngg-image-3\" class=\"ngg-gallery-thumbnail-box\" >\n\t\t\t\t        <div class=\"ngg-gallery-thumbnail\">\n            <a href=\"https:\/\/www.freimarianne.ch\/wp-content\/gallery\/fafleralp-iph24-10-21\/IMG_8785.jpeg\"\n               title=\"beim  Guggistafel\"\n               data-src=\"https:\/\/www.freimarianne.ch\/wp-content\/gallery\/fafleralp-iph24-10-21\/IMG_8785.jpeg\"\n               data-thumbnail=\"https:\/\/www.freimarianne.ch\/wp-content\/gallery\/fafleralp-iph24-10-21\/thumbs\/thumbs_IMG_8785.jpeg\"\n               data-image-id=\"27870\"\n               data-title=\"IMG_8785\"\n               data-description=\"beim  Guggistafel\"\n               data-image-slug=\"img_8785-3\"\n               class=\"shutterset_054df96bcfd9b78237cc208c5c035fff\">\n                <img\n                    title=\"IMG_8785\"\n                    alt=\"IMG_8785\"\n                    src=\"https:\/\/www.freimarianne.ch\/wp-content\/gallery\/fafleralp-iph24-10-21\/cache\/IMG_8785.jpeg-nggid0527870-ngg0dyn-100x75x100-00f0w010c010r110f110r010t010.jpeg\"\n                    width=\"100\"\n                    height=\"75\"\n                    style=\"max-width:100%;\"\n                \/>\n            <\/a>\n        <\/div>\n\t\t\t\t\t\t\t<\/div> \n\t\t\t\n                                    <br style=\"clear: both\" \/>\n                    \n\t\t\t\t<div id=\"ngg-image-4\" class=\"ngg-gallery-thumbnail-box\" >\n\t\t\t\t        <div class=\"ngg-gallery-thumbnail\">\n            <a href=\"https:\/\/www.freimarianne.ch\/wp-content\/gallery\/fafleralp-iph24-10-21\/IMG_8787.jpeg\"\n               title=\"Guggisee 2002MGrosshorn 3754m, Jegichnubel 3124m, Anuchnubel 3589m, L\u00f6tschenl\u00fccke, Sattelhorn 3723m, Distlighorn 3715m, Schinhorn 3796m, Beichgrat\"\n               data-src=\"https:\/\/www.freimarianne.ch\/wp-content\/gallery\/fafleralp-iph24-10-21\/IMG_8787.jpeg\"\n               data-thumbnail=\"https:\/\/www.freimarianne.ch\/wp-content\/gallery\/fafleralp-iph24-10-21\/thumbs\/thumbs_IMG_8787.jpeg\"\n               data-image-id=\"27871\"\n               data-title=\"IMG_8787\"\n               data-description=\"Guggisee 2002MGrosshorn 3754m, Jegichnubel 3124m, Anuchnubel 3589m, L\u00f6tschenl\u00fccke, Sattelhorn 3723m, Distlighorn 3715m, Schinhorn 3796m, Beichgrat\"\n               data-image-slug=\"img_8787-4\"\n               class=\"shutterset_054df96bcfd9b78237cc208c5c035fff\">\n                <img\n                    title=\"IMG_8787\"\n                    alt=\"IMG_8787\"\n                    src=\"https:\/\/www.freimarianne.ch\/wp-content\/gallery\/fafleralp-iph24-10-21\/cache\/IMG_8787.jpeg-nggid0527871-ngg0dyn-100x75x100-00f0w010c010r110f110r010t010.jpeg\"\n                    width=\"100\"\n                    height=\"75\"\n                    style=\"max-width:100%;\"\n                \/>\n            <\/a>\n        <\/div>\n\t\t\t\t\t\t\t<\/div> \n\t\t\t\n                            \n\t\t\t\t<div id=\"ngg-image-5\" class=\"ngg-gallery-thumbnail-box\" >\n\t\t\t\t        <div class=\"ngg-gallery-thumbnail\">\n            <a href=\"https:\/\/www.freimarianne.ch\/wp-content\/gallery\/fafleralp-iph24-10-21\/IMG_8786.jpeg\"\n               title=\"beim  Guggistafel\"\n               data-src=\"https:\/\/www.freimarianne.ch\/wp-content\/gallery\/fafleralp-iph24-10-21\/IMG_8786.jpeg\"\n               data-thumbnail=\"https:\/\/www.freimarianne.ch\/wp-content\/gallery\/fafleralp-iph24-10-21\/thumbs\/thumbs_IMG_8786.jpeg\"\n               data-image-id=\"27872\"\n               data-title=\"IMG_8786\"\n               data-description=\"beim  Guggistafel\"\n               data-image-slug=\"img_8786-2\"\n               class=\"shutterset_054df96bcfd9b78237cc208c5c035fff\">\n                <img\n                    title=\"IMG_8786\"\n                    alt=\"IMG_8786\"\n                    src=\"https:\/\/www.freimarianne.ch\/wp-content\/gallery\/fafleralp-iph24-10-21\/cache\/IMG_8786.jpeg-nggid0527872-ngg0dyn-100x75x100-00f0w010c010r110f110r010t010.jpeg\"\n                    width=\"100\"\n                    height=\"73\"\n                    style=\"max-width:100%;\"\n                \/>\n            <\/a>\n        <\/div>\n\t\t\t\t\t\t\t<\/div> \n\t\t\t\n                            \n\t\t\t\t<div id=\"ngg-image-6\" class=\"ngg-gallery-thumbnail-box\" >\n\t\t\t\t        <div class=\"ngg-gallery-thumbnail\">\n            <a href=\"https:\/\/www.freimarianne.ch\/wp-content\/gallery\/fafleralp-iph24-10-21\/IMG_8791.jpeg\"\n               title=\"am Guggisee 2002m; Niwen 2769m, Faldumrothorn 2832m, Alplighorn, Restipass, Restirothorn 2969m, Mauerhorn 2944m, hi Majinghorn 3054m,\"\n               data-src=\"https:\/\/www.freimarianne.ch\/wp-content\/gallery\/fafleralp-iph24-10-21\/IMG_8791.jpeg\"\n               data-thumbnail=\"https:\/\/www.freimarianne.ch\/wp-content\/gallery\/fafleralp-iph24-10-21\/thumbs\/thumbs_IMG_8791.jpeg\"\n               data-image-id=\"27873\"\n               data-title=\"IMG_8791\"\n               data-description=\"am Guggisee 2002m; Niwen 2769m, Faldumrothorn 2832m, Alplighorn, Restipass, Restirothorn 2969m, Mauerhorn 2944m, hi Majinghorn 3054m,\"\n               data-image-slug=\"img_8791\"\n               class=\"shutterset_054df96bcfd9b78237cc208c5c035fff\">\n                <img\n                    title=\"IMG_8791\"\n                    alt=\"IMG_8791\"\n                    src=\"https:\/\/www.freimarianne.ch\/wp-content\/gallery\/fafleralp-iph24-10-21\/cache\/IMG_8791.jpeg-nggid0527873-ngg0dyn-100x75x100-00f0w010c010r110f110r010t010.jpeg\"\n                    width=\"100\"\n                    height=\"75\"\n                    style=\"max-width:100%;\"\n                \/>\n            <\/a>\n        <\/div>\n\t\t\t\t\t\t\t<\/div> \n\t\t\t\n                            \n\t\t\t\t<div id=\"ngg-image-7\" class=\"ngg-gallery-thumbnail-box\" >\n\t\t\t\t        <div class=\"ngg-gallery-thumbnail\">\n            <a href=\"https:\/\/www.freimarianne.ch\/wp-content\/gallery\/fafleralp-iph24-10-21\/IMG_8812.jpeg\"\n               title=\"re Chrindelspitza 3016m\"\n               data-src=\"https:\/\/www.freimarianne.ch\/wp-content\/gallery\/fafleralp-iph24-10-21\/IMG_8812.jpeg\"\n               data-thumbnail=\"https:\/\/www.freimarianne.ch\/wp-content\/gallery\/fafleralp-iph24-10-21\/thumbs\/thumbs_IMG_8812.jpeg\"\n               data-image-id=\"27874\"\n               data-title=\"IMG_8812\"\n               data-description=\"re Chrindelspitza 3016m\"\n               data-image-slug=\"img_8812\"\n               class=\"shutterset_054df96bcfd9b78237cc208c5c035fff\">\n                <img\n                    title=\"IMG_8812\"\n                    alt=\"IMG_8812\"\n                    src=\"https:\/\/www.freimarianne.ch\/wp-content\/gallery\/fafleralp-iph24-10-21\/cache\/IMG_8812.jpeg-nggid0527874-ngg0dyn-100x75x100-00f0w010c010r110f110r010t010.jpeg\"\n                    width=\"100\"\n                    height=\"56\"\n                    style=\"max-width:100%;\"\n                \/>\n            <\/a>\n        <\/div>\n\t\t\t\t\t\t\t<\/div> \n\t\t\t\n                                    <br style=\"clear: both\" \/>\n                    \n\t\t\t\t<div id=\"ngg-image-8\" class=\"ngg-gallery-thumbnail-box\" >\n\t\t\t\t        <div class=\"ngg-gallery-thumbnail\">\n            <a href=\"https:\/\/www.freimarianne.ch\/wp-content\/gallery\/fafleralp-iph24-10-21\/IMG_8807.jpeg\"\n               title=\"am Grundsee; Majinghorn 3054m,  Ferdenrothorn 3180m, Hockenhorn 3293m, Tennbachhorn 3013m\"\n               data-src=\"https:\/\/www.freimarianne.ch\/wp-content\/gallery\/fafleralp-iph24-10-21\/IMG_8807.jpeg\"\n               data-thumbnail=\"https:\/\/www.freimarianne.ch\/wp-content\/gallery\/fafleralp-iph24-10-21\/thumbs\/thumbs_IMG_8807.jpeg\"\n               data-image-id=\"27875\"\n               data-title=\"IMG_8807\"\n               data-description=\"am Grundsee; Majinghorn 3054m,  Ferdenrothorn 3180m, Hockenhorn 3293m, Tennbachhorn 3013m\"\n               data-image-slug=\"img_8807-3\"\n               class=\"shutterset_054df96bcfd9b78237cc208c5c035fff\">\n                <img\n                    title=\"IMG_8807\"\n                    alt=\"IMG_8807\"\n                    src=\"https:\/\/www.freimarianne.ch\/wp-content\/gallery\/fafleralp-iph24-10-21\/cache\/IMG_8807.jpeg-nggid0527875-ngg0dyn-100x75x100-00f0w010c010r110f110r010t010.jpeg\"\n                    width=\"100\"\n                    height=\"75\"\n                    style=\"max-width:100%;\"\n                \/>\n            <\/a>\n        <\/div>\n\t\t\t\t\t\t\t<\/div> \n\t\t\t\n                            \n\t\t\t\t<div id=\"ngg-image-9\" class=\"ngg-gallery-thumbnail-box\" >\n\t\t\t\t        <div class=\"ngg-gallery-thumbnail\">\n            <a href=\"https:\/\/www.freimarianne.ch\/wp-content\/gallery\/fafleralp-iph24-10-21\/IMG_8811.jpeg\"\n               title=\"Herbstwunder im L\u00f6tschental\"\n               data-src=\"https:\/\/www.freimarianne.ch\/wp-content\/gallery\/fafleralp-iph24-10-21\/IMG_8811.jpeg\"\n               data-thumbnail=\"https:\/\/www.freimarianne.ch\/wp-content\/gallery\/fafleralp-iph24-10-21\/thumbs\/thumbs_IMG_8811.jpeg\"\n               data-image-id=\"27876\"\n               data-title=\"IMG_8811\"\n               data-description=\"Herbstwunder im L\u00f6tschental\"\n               data-image-slug=\"img_8811-4\"\n               class=\"shutterset_054df96bcfd9b78237cc208c5c035fff\">\n                <img\n                    title=\"IMG_8811\"\n                    alt=\"IMG_8811\"\n                    src=\"https:\/\/www.freimarianne.ch\/wp-content\/gallery\/fafleralp-iph24-10-21\/cache\/IMG_8811.jpeg-nggid0527876-ngg0dyn-100x75x100-00f0w010c010r110f110r010t010.jpeg\"\n                    width=\"100\"\n                    height=\"75\"\n                    style=\"max-width:100%;\"\n                \/>\n            <\/a>\n        <\/div>\n\t\t\t\t\t\t\t<\/div> \n\t\t\t\n                            \n\t\t\t\t<div id=\"ngg-image-10\" class=\"ngg-gallery-thumbnail-box\" >\n\t\t\t\t        <div class=\"ngg-gallery-thumbnail\">\n            <a href=\"https:\/\/www.freimarianne.ch\/wp-content\/gallery\/fafleralp-iph24-10-21\/IMG_8808.jpeg\"\n               title=\"am Grundsee: Jegichnubel 3124m, Anuchnubel 3589m, L\u00f6tschenl\u00fccke, Sattelhorn 3723m, Distlighorn 3715m, Schinhorn 3796m, Beichgrat\"\n               data-src=\"https:\/\/www.freimarianne.ch\/wp-content\/gallery\/fafleralp-iph24-10-21\/IMG_8808.jpeg\"\n               data-thumbnail=\"https:\/\/www.freimarianne.ch\/wp-content\/gallery\/fafleralp-iph24-10-21\/thumbs\/thumbs_IMG_8808.jpeg\"\n               data-image-id=\"27877\"\n               data-title=\"IMG_8808\"\n               data-description=\"am Grundsee: Jegichnubel 3124m, Anuchnubel 3589m, L\u00f6tschenl\u00fccke, Sattelhorn 3723m, Distlighorn 3715m, Schinhorn 3796m, Beichgrat\"\n               data-image-slug=\"img_8808-2\"\n               class=\"shutterset_054df96bcfd9b78237cc208c5c035fff\">\n                <img\n                    title=\"IMG_8808\"\n                    alt=\"IMG_8808\"\n                    src=\"https:\/\/www.freimarianne.ch\/wp-content\/gallery\/fafleralp-iph24-10-21\/cache\/IMG_8808.jpeg-nggid0527877-ngg0dyn-100x75x100-00f0w010c010r110f110r010t010.jpeg\"\n                    width=\"100\"\n                    height=\"75\"\n                    style=\"max-width:100%;\"\n                \/>\n            <\/a>\n        <\/div>\n\t\t\t\t\t\t\t<\/div> \n\t\t\t\n                            \n\t\t\t\t<div id=\"ngg-image-11\" class=\"ngg-gallery-thumbnail-box\" >\n\t\t\t\t        <div class=\"ngg-gallery-thumbnail\">\n            <a href=\"https:\/\/www.freimarianne.ch\/wp-content\/gallery\/fafleralp-iph24-10-21\/IMG_8805.jpeg\"\n               title=\"Herbstlandschaft L\u00f6tschental\"\n               data-src=\"https:\/\/www.freimarianne.ch\/wp-content\/gallery\/fafleralp-iph24-10-21\/IMG_8805.jpeg\"\n               data-thumbnail=\"https:\/\/www.freimarianne.ch\/wp-content\/gallery\/fafleralp-iph24-10-21\/thumbs\/thumbs_IMG_8805.jpeg\"\n               data-image-id=\"27878\"\n               data-title=\"IMG_8805\"\n               data-description=\"Herbstlandschaft L\u00f6tschental\"\n               data-image-slug=\"img_8805-2\"\n               class=\"shutterset_054df96bcfd9b78237cc208c5c035fff\">\n                <img\n                    title=\"IMG_8805\"\n                    alt=\"IMG_8805\"\n                    src=\"https:\/\/www.freimarianne.ch\/wp-content\/gallery\/fafleralp-iph24-10-21\/cache\/IMG_8805.jpeg-nggid0527878-ngg0dyn-100x75x100-00f0w010c010r110f110r010t010.jpeg\"\n                    width=\"100\"\n                    height=\"75\"\n                    style=\"max-width:100%;\"\n                \/>\n            <\/a>\n        <\/div>\n\t\t\t\t\t\t\t<\/div> \n\t\t\t\n                                    <br style=\"clear: both\" \/>\n                    \n\t\t\t\t<div id=\"ngg-image-12\" class=\"ngg-gallery-thumbnail-box\" >\n\t\t\t\t        <div class=\"ngg-gallery-thumbnail\">\n            <a href=\"https:\/\/www.freimarianne.ch\/wp-content\/gallery\/fafleralp-iph24-10-21\/IMG_8809.jpeg\"\n               title=\"Spiegelung am Grundsee; Anuchnubel 3589m, L\u00f6tschenl\u00fccke, Sattelhorn 3723m\"\n               data-src=\"https:\/\/www.freimarianne.ch\/wp-content\/gallery\/fafleralp-iph24-10-21\/IMG_8809.jpeg\"\n               data-thumbnail=\"https:\/\/www.freimarianne.ch\/wp-content\/gallery\/fafleralp-iph24-10-21\/thumbs\/thumbs_IMG_8809.jpeg\"\n               data-image-id=\"27879\"\n               data-title=\"IMG_8809\"\n               data-description=\"Spiegelung am Grundsee; Anuchnubel 3589m, L\u00f6tschenl\u00fccke, Sattelhorn 3723m\"\n               data-image-slug=\"img_8809-2\"\n               class=\"shutterset_054df96bcfd9b78237cc208c5c035fff\">\n                <img\n                    title=\"IMG_8809\"\n                    alt=\"IMG_8809\"\n                    src=\"https:\/\/www.freimarianne.ch\/wp-content\/gallery\/fafleralp-iph24-10-21\/cache\/IMG_8809.jpeg-nggid0527879-ngg0dyn-100x75x100-00f0w010c010r110f110r010t010.jpeg\"\n                    width=\"100\"\n                    height=\"75\"\n                    style=\"max-width:100%;\"\n                \/>\n            <\/a>\n        <\/div>\n\t\t\t\t\t\t\t<\/div> \n\t\t\t\n                            \n\t\t\t\t<div id=\"ngg-image-13\" class=\"ngg-gallery-thumbnail-box\" >\n\t\t\t\t        <div class=\"ngg-gallery-thumbnail\">\n            <a href=\"https:\/\/www.freimarianne.ch\/wp-content\/gallery\/fafleralp-iph24-10-21\/IMG_8817.jpeg\"\n               title=\"Burstspitza 3119m , Kleines Breithorn, Breithorn 3780m, Breithornjoch\"\n               data-src=\"https:\/\/www.freimarianne.ch\/wp-content\/gallery\/fafleralp-iph24-10-21\/IMG_8817.jpeg\"\n               data-thumbnail=\"https:\/\/www.freimarianne.ch\/wp-content\/gallery\/fafleralp-iph24-10-21\/thumbs\/thumbs_IMG_8817.jpeg\"\n               data-image-id=\"27880\"\n               data-title=\"IMG_8817\"\n               data-description=\"Burstspitza 3119m , Kleines Breithorn, Breithorn 3780m, Breithornjoch\"\n               data-image-slug=\"img_8817-4\"\n               class=\"shutterset_054df96bcfd9b78237cc208c5c035fff\">\n                <img\n                    title=\"IMG_8817\"\n                    alt=\"IMG_8817\"\n                    src=\"https:\/\/www.freimarianne.ch\/wp-content\/gallery\/fafleralp-iph24-10-21\/cache\/IMG_8817.jpeg-nggid0527880-ngg0dyn-100x75x100-00f0w010c010r110f110r010t010.jpeg\"\n                    width=\"100\"\n                    height=\"67\"\n                    style=\"max-width:100%;\"\n                \/>\n            <\/a>\n        <\/div>\n\t\t\t\t\t\t\t<\/div> \n\t\t\t\n                            \n\t\t\t\t<div id=\"ngg-image-14\" class=\"ngg-gallery-thumbnail-box\" >\n\t\t\t\t        <div class=\"ngg-gallery-thumbnail\">\n            <a href=\"https:\/\/www.freimarianne.ch\/wp-content\/gallery\/fafleralp-iph24-10-21\/IMG_8823.jpeg\"\n               title=\"Guggisee 2002m; li  Grosshorn  3664m vorne Jegichnubel 3124m\"\n               data-src=\"https:\/\/www.freimarianne.ch\/wp-content\/gallery\/fafleralp-iph24-10-21\/IMG_8823.jpeg\"\n               data-thumbnail=\"https:\/\/www.freimarianne.ch\/wp-content\/gallery\/fafleralp-iph24-10-21\/thumbs\/thumbs_IMG_8823.jpeg\"\n               data-image-id=\"27881\"\n               data-title=\"IMG_8823\"\n               data-description=\"Guggisee 2002m; li  Grosshorn  3664m vorne Jegichnubel 3124m\"\n               data-image-slug=\"img_8823-2\"\n               class=\"shutterset_054df96bcfd9b78237cc208c5c035fff\">\n                <img\n                    title=\"IMG_8823\"\n                    alt=\"IMG_8823\"\n                    src=\"https:\/\/www.freimarianne.ch\/wp-content\/gallery\/fafleralp-iph24-10-21\/cache\/IMG_8823.jpeg-nggid0527881-ngg0dyn-100x75x100-00f0w010c010r110f110r010t010.jpeg\"\n                    width=\"100\"\n                    height=\"56\"\n                    style=\"max-width:100%;\"\n                \/>\n            <\/a>\n        <\/div>\n\t\t\t\t\t\t\t<\/div> \n\t\t\t\n                            \n\t\t\t\t<div id=\"ngg-image-15\" class=\"ngg-gallery-thumbnail-box\" >\n\t\t\t\t        <div class=\"ngg-gallery-thumbnail\">\n            <a href=\"https:\/\/www.freimarianne.ch\/wp-content\/gallery\/fafleralp-iph24-10-21\/IMG_8815.jpeg\"\n               title=\"\"\n               data-src=\"https:\/\/www.freimarianne.ch\/wp-content\/gallery\/fafleralp-iph24-10-21\/IMG_8815.jpeg\"\n               data-thumbnail=\"https:\/\/www.freimarianne.ch\/wp-content\/gallery\/fafleralp-iph24-10-21\/thumbs\/thumbs_IMG_8815.jpeg\"\n               data-image-id=\"27882\"\n               data-title=\"IMG_8815\"\n               data-description=\"\"\n               data-image-slug=\"img_8815-1\"\n               class=\"shutterset_054df96bcfd9b78237cc208c5c035fff\">\n                <img\n                    title=\"IMG_8815\"\n                    alt=\"IMG_8815\"\n                    src=\"https:\/\/www.freimarianne.ch\/wp-content\/gallery\/fafleralp-iph24-10-21\/cache\/IMG_8815.jpeg-nggid0527882-ngg0dyn-100x75x100-00f0w010c010r110f110r010t010.jpeg\"\n                    width=\"100\"\n                    height=\"56\"\n                    style=\"max-width:100%;\"\n                \/>\n            <\/a>\n        <\/div>\n\t\t\t\t\t\t\t<\/div> \n\t\t\t\n                                    <br style=\"clear: both\" \/>\n                    \n\t\t\t\t<div id=\"ngg-image-16\" class=\"ngg-gallery-thumbnail-box\" >\n\t\t\t\t        <div class=\"ngg-gallery-thumbnail\">\n            <a href=\"https:\/\/www.freimarianne.ch\/wp-content\/gallery\/fafleralp-iph24-10-21\/IMG_8822.jpeg\"\n               title=\"am Guggisee 2002m\"\n               data-src=\"https:\/\/www.freimarianne.ch\/wp-content\/gallery\/fafleralp-iph24-10-21\/IMG_8822.jpeg\"\n               data-thumbnail=\"https:\/\/www.freimarianne.ch\/wp-content\/gallery\/fafleralp-iph24-10-21\/thumbs\/thumbs_IMG_8822.jpeg\"\n               data-image-id=\"27883\"\n               data-title=\"IMG_8822\"\n               data-description=\"am Guggisee 2002m\"\n               data-image-slug=\"img_8822-1\"\n               class=\"shutterset_054df96bcfd9b78237cc208c5c035fff\">\n                <img\n                    title=\"IMG_8822\"\n                    alt=\"IMG_8822\"\n                    src=\"https:\/\/www.freimarianne.ch\/wp-content\/gallery\/fafleralp-iph24-10-21\/cache\/IMG_8822.jpeg-nggid0527883-ngg0dyn-100x75x100-00f0w010c010r110f110r010t010.jpeg\"\n                    width=\"100\"\n                    height=\"56\"\n                    style=\"max-width:100%;\"\n                \/>\n            <\/a>\n        <\/div>\n\t\t\t\t\t\t\t<\/div> \n\t\t\t\n                            \n\t\t\t\t<div id=\"ngg-image-17\" class=\"ngg-gallery-thumbnail-box\" >\n\t\t\t\t        <div class=\"ngg-gallery-thumbnail\">\n            <a href=\"https:\/\/www.freimarianne.ch\/wp-content\/gallery\/fafleralp-iph24-10-21\/IMG_8820.jpeg\"\n               title=\"am Guggisee 2002m; Niwen 2769m, Faldumrothorn 2832m, Alplighorn, Restipass, Restirothorn 2969m, Mauerhorn 2944m, hi Majinghorn 3054m,  Ferdenrothorn 3180m\"\n               data-src=\"https:\/\/www.freimarianne.ch\/wp-content\/gallery\/fafleralp-iph24-10-21\/IMG_8820.jpeg\"\n               data-thumbnail=\"https:\/\/www.freimarianne.ch\/wp-content\/gallery\/fafleralp-iph24-10-21\/thumbs\/thumbs_IMG_8820.jpeg\"\n               data-image-id=\"27884\"\n               data-title=\"IMG_8820\"\n               data-description=\"am Guggisee 2002m; Niwen 2769m, Faldumrothorn 2832m, Alplighorn, Restipass, Restirothorn 2969m, Mauerhorn 2944m, hi Majinghorn 3054m,  Ferdenrothorn 3180m\"\n               data-image-slug=\"img_8820-2\"\n               class=\"shutterset_054df96bcfd9b78237cc208c5c035fff\">\n                <img\n                    title=\"IMG_8820\"\n                    alt=\"IMG_8820\"\n                    src=\"https:\/\/www.freimarianne.ch\/wp-content\/gallery\/fafleralp-iph24-10-21\/cache\/IMG_8820.jpeg-nggid0527884-ngg0dyn-100x75x100-00f0w010c010r110f110r010t010.jpeg\"\n                    width=\"100\"\n                    height=\"58\"\n                    style=\"max-width:100%;\"\n                \/>\n            <\/a>\n        <\/div>\n\t\t\t\t\t\t\t<\/div> \n\t\t\t\n                            \n\t\t\n\t\t<!-- Pagination -->\n\t<div class='ngg-clear'><\/div>\t<\/div>\n\n","protected":false},"excerpt":{"rendered":"<p>Fafleralp &#8211; Guggisee &#8211; Talende &#8211; hinunter ins Tal &#8211; Grundsee &#8211; Gletscherstafel Fafleralp Heute ist der letzte Tag, an welchem dasd Postauto hinauf auf die Fafleralp f\u00e4hrt.Wir m\u00f6chten das L\u00f6tschental in seinem Herbstkleid erleben ! Die Fafleralp 1768m liegt noch im Schatten als wir um 10.30h unsere Wanderung beginnen. Wir steigen zum Guggistafel hinauf [&hellip;]<\/p>\n","protected":false},"author":1,"featured_media":0,"parent":56870,"menu_order":20,"comment_status":"closed","ping_status":"closed","template":"","meta":{"ngg_post_thumbnail":0},"_links":{"self":[{"href":"https:\/\/www.freimarianne.ch\/index.php?rest_route=\/wp\/v2\/pages\/57705"}],"collection":[{"href":"https:\/\/www.freimarianne.ch\/index.php?rest_route=\/wp\/v2\/pages"}],"about":[{"href":"https:\/\/www.freimarianne.ch\/index.php?rest_route=\/wp\/v2\/types\/page"}],"author":[{"embeddable":true,"href":"https:\/\/www.freimarianne.ch\/index.php?rest_route=\/wp\/v2\/users\/1"}],"replies":[{"embeddable":true,"href":"https:\/\/www.freimarianne.ch\/index.php?rest_route=%2Fwp%2Fv2%2Fcomments&post=57705"}],"version-history":[{"count":4,"href":"https:\/\/www.freimarianne.ch\/index.php?rest_route=\/wp\/v2\/pages\/57705\/revisions"}],"predecessor-version":[{"id":57896,"href":"https:\/\/www.freimarianne.ch\/index.php?rest_route=\/wp\/v2\/pages\/57705\/revisions\/57896"}],"up":[{"embeddable":true,"href":"https:\/\/www.freimarianne.ch\/index.php?rest_route=\/wp\/v2\/pages\/56870"}],"wp:attachment":[{"href":"https:\/\/www.freimarianne.ch\/index.php?rest_route=%2Fwp%2Fv2%2Fmedia&parent=57705"}],"curies":[{"name":"wp","href":"https:\/\/api.w.org\/{rel}","templated":true}]}}