{"id":59444,"date":"2022-04-20T10:10:15","date_gmt":"2022-04-20T09:10:15","guid":{"rendered":"http:\/\/www.freimarianne.ch\/?page_id=59444"},"modified":"2022-04-20T10:15:37","modified_gmt":"2022-04-20T09:15:37","slug":"hauterive-fb-19-4-2022","status":"publish","type":"page","link":"https:\/\/www.freimarianne.ch\/?page_id=59444","title":{"rendered":"Hauterive  FR  19.4.2022"},"content":{"rendered":"\n<p><strong>Wanderung mit der Gruppe Alpenblick<\/strong><\/p>\n\n\n<div id=\"attachment_59443\" style=\"width: 510px\" class=\"wp-caption alignleft\"><img aria-describedby=\"caption-attachment-59443\" loading=\"lazy\" class=\"size-full wp-image-59443\" src=\"http:\/\/www.freimarianne.ch\/wp-content\/uploads\/2022\/04\/IMG_0623._hauterive19.4._500.jpeg\" alt=\"\" width=\"500\" height=\"375\" srcset=\"https:\/\/www.freimarianne.ch\/wp-content\/uploads\/2022\/04\/IMG_0623._hauterive19.4._500.jpeg 500w, https:\/\/www.freimarianne.ch\/wp-content\/uploads\/2022\/04\/IMG_0623._hauterive19.4._500-300x225.jpeg 300w, https:\/\/www.freimarianne.ch\/wp-content\/uploads\/2022\/04\/IMG_0623._hauterive19.4._500-400x300.jpeg 400w\" sizes=\"(max-width: 500px) 100vw, 500px\" \/><p id=\"caption-attachment-59443\" class=\"wp-caption-text\">die Saane bei Tuffi\u00e8re<\/p><\/div>\n<p>Heute mache ich die Wanderung vom 10.4.22 mit unserer Wandergruppe Alpenblick.<br>In der Ecole d\u2019agricole gibt es einen Startkaffe in einer leeren Mensa.<br>Wir steigen hinunter zum Kloster Hauterive und schauen uns etwas um. Dann folgen wir der Route Circuit Hauterive. Bei Tuffi\u00e8re \u00fcberqueren wir die Saane und steigen zum Fluss hinunter, wo wir an einem lauschigen Platz unsere Mittagspause halten. Dann geht es weiter mit einigen Auf und Ab.<\/p>\n<p>Sp\u00e4ter erreichen wir die spektakul\u00e4rste Stelle der Wanderung. Hier liegen Felsen ganz nahe am Fluss. Es musste ein k\u00fcnstlicher Weg in den Fluss gebaut werden. Dann folgt noch eine Stelle unter \u00fcberh\u00e4ngenden Felsen. Am steinigen Strand machen wir kurz eine Pause.<\/p>\n<p>Der Weg entfernt sich dann wieder vom Fluss und f\u00fchrt hinauf auf die Anh\u00f6he des Inst. Agricole, wo wir kurz einkehren.<br>Trotz Versp\u00e4tung des Buses sind wir um 17h wieder zur\u00fcck in Basel.<\/p>\n<p>Wir hatten Gl\u00fcck mit dem Wetter. Es war sonnig und noch etwas k\u00fchl. Ich denke, dass alle diese Wanderung genossen haben.<\/p>\n<p><a href=\"https:\/\/www.region-du-leman.ch\/de\/P3690\/klosterkirche-hauterive\">Abbaye Hauterive<\/a><\/p>\n<p><a href=\"https:\/\/www.fribourgregion.ch\/de\/freiburg\/architektur-und-denkmaeler\/kloster-hauterive\/\">R\u00e9gion Fribourgeois<\/a><\/p>\n<p>Laut Schweizmobil:<br>Distanz: 10.7 8km; Aufstieg=Abstieg: 294m; Wanderzeit: 2h 53min<\/p>\n<p><a href=\"https:\/\/map.schweizmobil.ch\/?lang=de&amp;photos=yes&amp;bgLayer=pk&amp;logo=yes&amp;season=summer&amp;resolution=3.9&amp;E=2574676&amp;N=1178877&amp;layers=Wanderland%2CStation&amp;trackId=736200230\">Karte Schweizmobil:<\/a><\/p>\n<!-- index.php -->\n<div\n\tclass=\"ngg-galleryoverview ngg-ajax-pagination-none\"\n\tid=\"ngg-gallery-49bbe8de511626e4c334c36e2395637a-1\">\n\n    \t<div class=\"slideshowlink\">\n        <a href='https:\/\/www.freimarianne.ch\/index.php\/nggallery\/slideshow?page_id=59444'>[Show as slideshow]<\/a>\n\t\t\n\t<\/div>\n\t\t\t<!-- Thumbnails -->\n\t\t\t\t<div id=\"ngg-image-0\" class=\"ngg-gallery-thumbnail-box\" >\n\t\t\t\t        <div class=\"ngg-gallery-thumbnail\">\n            <a href=\"https:\/\/www.freimarianne.ch\/wp-content\/gallery\/hauterive-19-4-22\/IMG_0556.jpeg\"\n               title=\"der Weg an der Saane\"\n               data-src=\"https:\/\/www.freimarianne.ch\/wp-content\/gallery\/hauterive-19-4-22\/IMG_0556.jpeg\"\n               data-thumbnail=\"https:\/\/www.freimarianne.ch\/wp-content\/gallery\/hauterive-19-4-22\/thumbs\/thumbs_IMG_0556.jpeg\"\n               data-image-id=\"29025\"\n               data-title=\"IMG_0556\"\n               data-description=\"der Weg an der Saane\"\n               data-image-slug=\"img_0556-1\"\n               class=\"shutterset_49bbe8de511626e4c334c36e2395637a\">\n                <img\n                    title=\"IMG_0556\"\n                    alt=\"IMG_0556\"\n                    src=\"https:\/\/www.freimarianne.ch\/wp-content\/gallery\/hauterive-19-4-22\/cache\/IMG_0556.jpeg-nggid0529025-ngg0dyn-100x75x100-00f0w010c010r110f110r010t010.jpeg\"\n                    width=\"100\"\n                    height=\"60\"\n                    style=\"max-width:100%;\"\n                \/>\n            <\/a>\n        <\/div>\n\t\t\t\t\t\t\t<\/div> \n\t\t\t\n                            \n\t\t\t\t<div id=\"ngg-image-1\" class=\"ngg-gallery-thumbnail-box\" >\n\t\t\t\t        <div class=\"ngg-gallery-thumbnail\">\n            <a href=\"https:\/\/www.freimarianne.ch\/wp-content\/gallery\/hauterive-19-4-22\/IMG_0561.jpeg\"\n               title=\"an der Saane\"\n               data-src=\"https:\/\/www.freimarianne.ch\/wp-content\/gallery\/hauterive-19-4-22\/IMG_0561.jpeg\"\n               data-thumbnail=\"https:\/\/www.freimarianne.ch\/wp-content\/gallery\/hauterive-19-4-22\/thumbs\/thumbs_IMG_0561.jpeg\"\n               data-image-id=\"29027\"\n               data-title=\"IMG_0561\"\n               data-description=\"an der Saane\"\n               data-image-slug=\"img_0561-6\"\n               class=\"shutterset_49bbe8de511626e4c334c36e2395637a\">\n                <img\n                    title=\"IMG_0561\"\n                    alt=\"IMG_0561\"\n                    src=\"https:\/\/www.freimarianne.ch\/wp-content\/gallery\/hauterive-19-4-22\/cache\/IMG_0561.jpeg-nggid0529027-ngg0dyn-100x75x100-00f0w010c010r110f110r010t010.jpeg\"\n                    width=\"100\"\n                    height=\"67\"\n                    style=\"max-width:100%;\"\n                \/>\n            <\/a>\n        <\/div>\n\t\t\t\t\t\t\t<\/div> \n\t\t\t\n                            \n\t\t\t\t<div id=\"ngg-image-2\" class=\"ngg-gallery-thumbnail-box\" >\n\t\t\t\t        <div class=\"ngg-gallery-thumbnail\">\n            <a href=\"https:\/\/www.freimarianne.ch\/wp-content\/gallery\/hauterive-19-4-22\/IMG_0562.jpeg\"\n               title=\"an der Saane\"\n               data-src=\"https:\/\/www.freimarianne.ch\/wp-content\/gallery\/hauterive-19-4-22\/IMG_0562.jpeg\"\n               data-thumbnail=\"https:\/\/www.freimarianne.ch\/wp-content\/gallery\/hauterive-19-4-22\/thumbs\/thumbs_IMG_0562.jpeg\"\n               data-image-id=\"29026\"\n               data-title=\"IMG_0562\"\n               data-description=\"an der Saane\"\n               data-image-slug=\"img_0562-6\"\n               class=\"shutterset_49bbe8de511626e4c334c36e2395637a\">\n                <img\n                    title=\"IMG_0562\"\n                    alt=\"IMG_0562\"\n                    src=\"https:\/\/www.freimarianne.ch\/wp-content\/gallery\/hauterive-19-4-22\/cache\/IMG_0562.jpeg-nggid0529026-ngg0dyn-100x75x100-00f0w010c010r110f110r010t010.jpeg\"\n                    width=\"100\"\n                    height=\"67\"\n                    style=\"max-width:100%;\"\n                \/>\n            <\/a>\n        <\/div>\n\t\t\t\t\t\t\t<\/div> \n\t\t\t\n                            \n\t\t\t\t<div id=\"ngg-image-3\" class=\"ngg-gallery-thumbnail-box\" >\n\t\t\t\t        <div class=\"ngg-gallery-thumbnail\">\n            <a href=\"https:\/\/www.freimarianne.ch\/wp-content\/gallery\/hauterive-19-4-22\/IMG_0563.jpeg\"\n               title=\"\"\n               data-src=\"https:\/\/www.freimarianne.ch\/wp-content\/gallery\/hauterive-19-4-22\/IMG_0563.jpeg\"\n               data-thumbnail=\"https:\/\/www.freimarianne.ch\/wp-content\/gallery\/hauterive-19-4-22\/thumbs\/thumbs_IMG_0563.jpeg\"\n               data-image-id=\"29022\"\n               data-title=\"IMG_0563\"\n               data-description=\"\"\n               data-image-slug=\"img_0563-1\"\n               class=\"shutterset_49bbe8de511626e4c334c36e2395637a\">\n                <img\n                    title=\"IMG_0563\"\n                    alt=\"IMG_0563\"\n                    src=\"https:\/\/www.freimarianne.ch\/wp-content\/gallery\/hauterive-19-4-22\/cache\/IMG_0563.jpeg-nggid0529022-ngg0dyn-100x75x100-00f0w010c010r110f110r010t010.jpeg\"\n                    width=\"100\"\n                    height=\"75\"\n                    style=\"max-width:100%;\"\n                \/>\n            <\/a>\n        <\/div>\n\t\t\t\t\t\t\t<\/div> \n\t\t\t\n                                    <br style=\"clear: both\" \/>\n                    \n\t\t\t\t<div id=\"ngg-image-4\" class=\"ngg-gallery-thumbnail-box\" >\n\t\t\t\t        <div class=\"ngg-gallery-thumbnail\">\n            <a href=\"https:\/\/www.freimarianne.ch\/wp-content\/gallery\/hauterive-19-4-22\/IMG_0564.jpeg\"\n               title=\"an der Saane\"\n               data-src=\"https:\/\/www.freimarianne.ch\/wp-content\/gallery\/hauterive-19-4-22\/IMG_0564.jpeg\"\n               data-thumbnail=\"https:\/\/www.freimarianne.ch\/wp-content\/gallery\/hauterive-19-4-22\/thumbs\/thumbs_IMG_0564.jpeg\"\n               data-image-id=\"29023\"\n               data-title=\"IMG_0564\"\n               data-description=\"an der Saane\"\n               data-image-slug=\"img_0564-1\"\n               class=\"shutterset_49bbe8de511626e4c334c36e2395637a\">\n                <img\n                    title=\"IMG_0564\"\n                    alt=\"IMG_0564\"\n                    src=\"https:\/\/www.freimarianne.ch\/wp-content\/gallery\/hauterive-19-4-22\/cache\/IMG_0564.jpeg-nggid0529023-ngg0dyn-100x75x100-00f0w010c010r110f110r010t010.jpeg\"\n                    width=\"100\"\n                    height=\"69\"\n                    style=\"max-width:100%;\"\n                \/>\n            <\/a>\n        <\/div>\n\t\t\t\t\t\t\t<\/div> \n\t\t\t\n                            \n\t\t\t\t<div id=\"ngg-image-5\" class=\"ngg-gallery-thumbnail-box\" >\n\t\t\t\t        <div class=\"ngg-gallery-thumbnail\">\n            <a href=\"https:\/\/www.freimarianne.ch\/wp-content\/gallery\/hauterive-19-4-22\/IMG_0565.jpeg\"\n               title=\"an der Saane\"\n               data-src=\"https:\/\/www.freimarianne.ch\/wp-content\/gallery\/hauterive-19-4-22\/IMG_0565.jpeg\"\n               data-thumbnail=\"https:\/\/www.freimarianne.ch\/wp-content\/gallery\/hauterive-19-4-22\/thumbs\/thumbs_IMG_0565.jpeg\"\n               data-image-id=\"29024\"\n               data-title=\"IMG_0565\"\n               data-description=\"an der Saane\"\n               data-image-slug=\"img_0565-1\"\n               class=\"shutterset_49bbe8de511626e4c334c36e2395637a\">\n                <img\n                    title=\"IMG_0565\"\n                    alt=\"IMG_0565\"\n                    src=\"https:\/\/www.freimarianne.ch\/wp-content\/gallery\/hauterive-19-4-22\/cache\/IMG_0565.jpeg-nggid0529024-ngg0dyn-100x75x100-00f0w010c010r110f110r010t010.jpeg\"\n                    width=\"100\"\n                    height=\"67\"\n                    style=\"max-width:100%;\"\n                \/>\n            <\/a>\n        <\/div>\n\t\t\t\t\t\t\t<\/div> \n\t\t\t\n                            \n\t\t\n\t\t<!-- Pagination -->\n\t<div class='ngg-clear'><\/div>\t<\/div>\n\n<p>&nbsp;<\/p>\n\n\n<!-- index.php -->\n<div\n\tclass=\"ngg-galleryoverview ngg-ajax-pagination-none\"\n\tid=\"ngg-gallery-f69b4a56bf638710eb67391e706ed76d-1\">\n\n    \t<div class=\"slideshowlink\">\n        <a href='https:\/\/www.freimarianne.ch\/index.php\/nggallery\/slideshow?page_id=59444'>[Show as slideshow]<\/a>\n\t\t\n\t<\/div>\n\t\t\t<!-- Thumbnails -->\n\t\t\t\t<div id=\"ngg-image-0\" class=\"ngg-gallery-thumbnail-box\" >\n\t\t\t\t        <div class=\"ngg-gallery-thumbnail\">\n            <a href=\"https:\/\/www.freimarianne.ch\/wp-content\/gallery\/hauterive-iph-19-4-22\/IMG_0620.jpeg\"\n               title=\"Hauterive\"\n               data-src=\"https:\/\/www.freimarianne.ch\/wp-content\/gallery\/hauterive-iph-19-4-22\/IMG_0620.jpeg\"\n               data-thumbnail=\"https:\/\/www.freimarianne.ch\/wp-content\/gallery\/hauterive-iph-19-4-22\/thumbs\/thumbs_IMG_0620.jpeg\"\n               data-image-id=\"29028\"\n               data-title=\"IMG_0620\"\n               data-description=\"Hauterive\"\n               data-image-slug=\"img_0620-3\"\n               class=\"shutterset_f69b4a56bf638710eb67391e706ed76d\">\n                <img\n                    title=\"IMG_0620\"\n                    alt=\"IMG_0620\"\n                    src=\"https:\/\/www.freimarianne.ch\/wp-content\/gallery\/hauterive-iph-19-4-22\/cache\/IMG_0620.jpeg-nggid0529028-ngg0dyn-100x75x100-00f0w010c010r110f110r010t010.jpeg\"\n                    width=\"100\"\n                    height=\"70\"\n                    style=\"max-width:100%;\"\n                \/>\n            <\/a>\n        <\/div>\n\t\t\t\t\t\t\t<\/div> \n\t\t\t\n                            \n\t\t\t\t<div id=\"ngg-image-1\" class=\"ngg-gallery-thumbnail-box\" >\n\t\t\t\t        <div class=\"ngg-gallery-thumbnail\">\n            <a href=\"https:\/\/www.freimarianne.ch\/wp-content\/gallery\/hauterive-iph-19-4-22\/IMG_0628.jpeg\"\n               title=\"an der Saane\"\n               data-src=\"https:\/\/www.freimarianne.ch\/wp-content\/gallery\/hauterive-iph-19-4-22\/IMG_0628.jpeg\"\n               data-thumbnail=\"https:\/\/www.freimarianne.ch\/wp-content\/gallery\/hauterive-iph-19-4-22\/thumbs\/thumbs_IMG_0628.jpeg\"\n               data-image-id=\"29029\"\n               data-title=\"IMG_0628\"\n               data-description=\"an der Saane\"\n               data-image-slug=\"img_0628-4\"\n               class=\"shutterset_f69b4a56bf638710eb67391e706ed76d\">\n                <img\n                    title=\"IMG_0628\"\n                    alt=\"IMG_0628\"\n                    src=\"https:\/\/www.freimarianne.ch\/wp-content\/gallery\/hauterive-iph-19-4-22\/cache\/IMG_0628.jpeg-nggid0529029-ngg0dyn-100x75x100-00f0w010c010r110f110r010t010.jpeg\"\n                    width=\"100\"\n                    height=\"75\"\n                    style=\"max-width:100%;\"\n                \/>\n            <\/a>\n        <\/div>\n\t\t\t\t\t\t\t<\/div> \n\t\t\t\n                            \n\t\t\t\t<div id=\"ngg-image-2\" class=\"ngg-gallery-thumbnail-box\" >\n\t\t\t\t        <div class=\"ngg-gallery-thumbnail\">\n            <a href=\"https:\/\/www.freimarianne.ch\/wp-content\/gallery\/hauterive-iph-19-4-22\/IMG_0624.jpeg\"\n               title=\"die Saane bei Tuffi\u00e8re\"\n               data-src=\"https:\/\/www.freimarianne.ch\/wp-content\/gallery\/hauterive-iph-19-4-22\/IMG_0624.jpeg\"\n               data-thumbnail=\"https:\/\/www.freimarianne.ch\/wp-content\/gallery\/hauterive-iph-19-4-22\/thumbs\/thumbs_IMG_0624.jpeg\"\n               data-image-id=\"29030\"\n               data-title=\"IMG_0624\"\n               data-description=\"die Saane bei Tuffi\u00e8re\"\n               data-image-slug=\"img_0624-3\"\n               class=\"shutterset_f69b4a56bf638710eb67391e706ed76d\">\n                <img\n                    title=\"IMG_0624\"\n                    alt=\"IMG_0624\"\n                    src=\"https:\/\/www.freimarianne.ch\/wp-content\/gallery\/hauterive-iph-19-4-22\/cache\/IMG_0624.jpeg-nggid0529030-ngg0dyn-100x75x100-00f0w010c010r110f110r010t010.jpeg\"\n                    width=\"100\"\n                    height=\"75\"\n                    style=\"max-width:100%;\"\n                \/>\n            <\/a>\n        <\/div>\n\t\t\t\t\t\t\t<\/div> \n\t\t\t\n                            \n\t\t\n\t\t<!-- Pagination -->\n\t<div class='ngg-clear'><\/div>\t<\/div>\n\n","protected":false},"excerpt":{"rendered":"<p>Wanderung mit der Gruppe Alpenblick Heute mache ich die Wanderung vom 10.4.22 mit unserer Wandergruppe Alpenblick.In der Ecole d\u2019agricole gibt es einen Startkaffe in einer leeren Mensa.Wir steigen hinunter zum Kloster Hauterive und schauen uns etwas um. Dann folgen wir der Route Circuit Hauterive. Bei Tuffi\u00e8re \u00fcberqueren wir die Saane und steigen zum Fluss hinunter, [&hellip;]<\/p>\n","protected":false},"author":1,"featured_media":0,"parent":59150,"menu_order":11,"comment_status":"closed","ping_status":"closed","template":"","meta":{"ngg_post_thumbnail":0},"_links":{"self":[{"href":"https:\/\/www.freimarianne.ch\/index.php?rest_route=\/wp\/v2\/pages\/59444"}],"collection":[{"href":"https:\/\/www.freimarianne.ch\/index.php?rest_route=\/wp\/v2\/pages"}],"about":[{"href":"https:\/\/www.freimarianne.ch\/index.php?rest_route=\/wp\/v2\/types\/page"}],"author":[{"embeddable":true,"href":"https:\/\/www.freimarianne.ch\/index.php?rest_route=\/wp\/v2\/users\/1"}],"replies":[{"embeddable":true,"href":"https:\/\/www.freimarianne.ch\/index.php?rest_route=%2Fwp%2Fv2%2Fcomments&post=59444"}],"version-history":[{"count":4,"href":"https:\/\/www.freimarianne.ch\/index.php?rest_route=\/wp\/v2\/pages\/59444\/revisions"}],"predecessor-version":[{"id":59459,"href":"https:\/\/www.freimarianne.ch\/index.php?rest_route=\/wp\/v2\/pages\/59444\/revisions\/59459"}],"up":[{"embeddable":true,"href":"https:\/\/www.freimarianne.ch\/index.php?rest_route=\/wp\/v2\/pages\/59150"}],"wp:attachment":[{"href":"https:\/\/www.freimarianne.ch\/index.php?rest_route=%2Fwp%2Fv2%2Fmedia&parent=59444"}],"curies":[{"name":"wp","href":"https:\/\/api.w.org\/{rel}","templated":true}]}}