{"id":61085,"date":"2022-10-11T14:34:27","date_gmt":"2022-10-11T13:34:27","guid":{"rendered":"http:\/\/www.freimarianne.ch\/?page_id=61085"},"modified":"2022-10-11T14:49:20","modified_gmt":"2022-10-11T13:49:20","slug":"chasseral-ne-9-10-2022","status":"publish","type":"page","link":"https:\/\/www.freimarianne.ch\/?page_id=61085","title":{"rendered":"Chasseral  NE  9.10.2022"},"content":{"rendered":"\n<p><strong>Rundwanderung auf dem Chasseral<\/strong><\/p>\n\n\n\n<p><\/p>\n\n\n<p><img loading=\"lazy\" class=\"alignleft size-full wp-image-61071\" src=\"http:\/\/www.freimarianne.ch\/wp-content\/uploads\/2022\/10\/IMG_3283._chasseral10.22_500.jpeg\" alt=\"\" width=\"500\" height=\"375\" srcset=\"https:\/\/www.freimarianne.ch\/wp-content\/uploads\/2022\/10\/IMG_3283._chasseral10.22_500.jpeg 500w, https:\/\/www.freimarianne.ch\/wp-content\/uploads\/2022\/10\/IMG_3283._chasseral10.22_500-300x225.jpeg 300w, https:\/\/www.freimarianne.ch\/wp-content\/uploads\/2022\/10\/IMG_3283._chasseral10.22_500-400x300.jpeg 400w\" sizes=\"(max-width: 500px) 100vw, 500px\" \/><\/p>\n<p>Auf dem Chasseral bl\u00e4st ein kalter Wind, sodass ich froh bin um meine Kappe.<br>Im Norden wie im S\u00fcden sehe ich eine dichte Wolkendecke, die jegliche Sicht verdeckt. Nur hier oben ist es sonnig.<br>Ich wandere dem Grat entlang zum Turm. Lange \u00fcberlege ich, was ich machen will. Der Abstieg nach Orvin erscheint mir wegen den dichten Nebelwolken nicht erstrebenswert. Ich beschliesse, hier auf den H\u00f6he zu bleiben und einfach eine Rundgang zu machen, damit ich um 14h den Bus nach Pr\u00eales nehmen kann.<br>So wandere ich hinunter zur M\u00e9tairie de Morat 1461m , unterbrochen von einem Mittagshalt, und von dort auf der Strasse hinauf zur Vacherte de Nods und in einem Bogen hinauf auf den Grat Les Roches. Hier bin ich wieder auf dem mir bekannten Wanderweg, der mich hinauf zum Turm bringt. Inzwischen ist die Nebeldecke aufgestiegen und erreicht um 14h als ich mit dem Bus abfahre bereits das Hotel Chasseral. <br>Zeit, nachhause zu fahren ! Der R\u00fcckweg erfolgt \u00fcber Nods, Pr\u00eales und Ligerz. Hier unten am See ist es sogar leicht sonnig.<\/p>\n<p>Dies war eine kurze Wanderung. Ich wollte ganz einfach an der Sonne bleiben!<\/p>\n<p>Laut Schweizmobil:<\/p>\n<p>Distanz: 8.21km; Aufstieg=Abstieg: 384m; Wanderzeit: 2h 38min<\/p>\n<p><a href=\"https:\/\/map.schweizmobil.ch\/?lang=de&amp;photos=yes&amp;logo=yes&amp;detours=yes&amp;season=summer&amp;resolution=5&amp;E=2569603&amp;N=1219635&amp;bgLayer=pk&amp;layers=Station&amp;trackId=1454937912\">Karte Schweizmobil:<\/a><\/p>\n<p>&nbsp;<\/p>\n\n\n<!-- index.php -->\n<div\n\tclass=\"ngg-galleryoverview ngg-ajax-pagination-none\"\n\tid=\"ngg-gallery-f8a0668d2708e822e3de6d1ee4c0f600-1\">\n\n    \t<div class=\"slideshowlink\">\n        <a href='https:\/\/www.freimarianne.ch\/index.php\/nggallery\/slideshow?page_id=61085'>[Show as slideshow]<\/a>\n\t\t\n\t<\/div>\n\t\t\t<!-- Thumbnails -->\n\t\t\t\t<div id=\"ngg-image-0\" class=\"ngg-gallery-thumbnail-box\" >\n\t\t\t\t        <div class=\"ngg-gallery-thumbnail\">\n            <a href=\"https:\/\/www.freimarianne.ch\/wp-content\/gallery\/chasseral-9-10-22\/IMG_2259.jpeg\"\n               title=\"Marianne auf dem Chasseral  1548m\"\n               data-src=\"https:\/\/www.freimarianne.ch\/wp-content\/gallery\/chasseral-9-10-22\/IMG_2259.jpeg\"\n               data-thumbnail=\"https:\/\/www.freimarianne.ch\/wp-content\/gallery\/chasseral-9-10-22\/thumbs\/thumbs_IMG_2259.jpeg\"\n               data-image-id=\"30253\"\n               data-title=\"IMG_2259\"\n               data-description=\"Marianne auf dem Chasseral  1548m\"\n               data-image-slug=\"img_2259-3\"\n               class=\"shutterset_f8a0668d2708e822e3de6d1ee4c0f600\">\n                <img\n                    title=\"IMG_2259\"\n                    alt=\"IMG_2259\"\n                    src=\"https:\/\/www.freimarianne.ch\/wp-content\/gallery\/chasseral-9-10-22\/cache\/IMG_2259.jpeg-nggid0530253-ngg0dyn-100x75x100-00f0w010c010r110f110r010t010.jpeg\"\n                    width=\"87\"\n                    height=\"75\"\n                    style=\"max-width:100%;\"\n                \/>\n            <\/a>\n        <\/div>\n\t\t\t\t\t\t\t<\/div> \n\t\t\t\n                            \n\t\t\t\t<div id=\"ngg-image-1\" class=\"ngg-gallery-thumbnail-box\" >\n\t\t\t\t        <div class=\"ngg-gallery-thumbnail\">\n            <a href=\"https:\/\/www.freimarianne.ch\/wp-content\/gallery\/chasseral-9-10-22\/IMG_2263.jpeg\"\n               title=\"auf dem Chasseral  1548m; Blick gegen Norden\"\n               data-src=\"https:\/\/www.freimarianne.ch\/wp-content\/gallery\/chasseral-9-10-22\/IMG_2263.jpeg\"\n               data-thumbnail=\"https:\/\/www.freimarianne.ch\/wp-content\/gallery\/chasseral-9-10-22\/thumbs\/thumbs_IMG_2263.jpeg\"\n               data-image-id=\"30252\"\n               data-title=\"IMG_2263\"\n               data-description=\"auf dem Chasseral  1548m; Blick gegen Norden\"\n               data-image-slug=\"img_2263-3\"\n               class=\"shutterset_f8a0668d2708e822e3de6d1ee4c0f600\">\n                <img\n                    title=\"IMG_2263\"\n                    alt=\"IMG_2263\"\n                    src=\"https:\/\/www.freimarianne.ch\/wp-content\/gallery\/chasseral-9-10-22\/cache\/IMG_2263.jpeg-nggid0530252-ngg0dyn-100x75x100-00f0w010c010r110f110r010t010.jpeg\"\n                    width=\"100\"\n                    height=\"75\"\n                    style=\"max-width:100%;\"\n                \/>\n            <\/a>\n        <\/div>\n\t\t\t\t\t\t\t<\/div> \n\t\t\t\n                            \n\t\t\t\t<div id=\"ngg-image-2\" class=\"ngg-gallery-thumbnail-box\" >\n\t\t\t\t        <div class=\"ngg-gallery-thumbnail\">\n            <a href=\"https:\/\/www.freimarianne.ch\/wp-content\/gallery\/chasseral-9-10-22\/IMG_2270.jpeg\"\n               title=\"der Chasseral Grat\"\n               data-src=\"https:\/\/www.freimarianne.ch\/wp-content\/gallery\/chasseral-9-10-22\/IMG_2270.jpeg\"\n               data-thumbnail=\"https:\/\/www.freimarianne.ch\/wp-content\/gallery\/chasseral-9-10-22\/thumbs\/thumbs_IMG_2270.jpeg\"\n               data-image-id=\"30251\"\n               data-title=\"IMG_2270\"\n               data-description=\"der Chasseral Grat\"\n               data-image-slug=\"img_2270-5\"\n               class=\"shutterset_f8a0668d2708e822e3de6d1ee4c0f600\">\n                <img\n                    title=\"IMG_2270\"\n                    alt=\"IMG_2270\"\n                    src=\"https:\/\/www.freimarianne.ch\/wp-content\/gallery\/chasseral-9-10-22\/cache\/IMG_2270.jpeg-nggid0530251-ngg0dyn-100x75x100-00f0w010c010r110f110r010t010.jpeg\"\n                    width=\"100\"\n                    height=\"75\"\n                    style=\"max-width:100%;\"\n                \/>\n            <\/a>\n        <\/div>\n\t\t\t\t\t\t\t<\/div> \n\t\t\t\n                            \n\t\t\t\t<div id=\"ngg-image-3\" class=\"ngg-gallery-thumbnail-box\" >\n\t\t\t\t        <div class=\"ngg-gallery-thumbnail\">\n            <a href=\"https:\/\/www.freimarianne.ch\/wp-content\/gallery\/chasseral-9-10-22\/IMG_2273.jpeg\"\n               title=\"das Nebelmeer am Chasseral\"\n               data-src=\"https:\/\/www.freimarianne.ch\/wp-content\/gallery\/chasseral-9-10-22\/IMG_2273.jpeg\"\n               data-thumbnail=\"https:\/\/www.freimarianne.ch\/wp-content\/gallery\/chasseral-9-10-22\/thumbs\/thumbs_IMG_2273.jpeg\"\n               data-image-id=\"30250\"\n               data-title=\"IMG_2273\"\n               data-description=\"das Nebelmeer am Chasseral\"\n               data-image-slug=\"img_2273-5\"\n               class=\"shutterset_f8a0668d2708e822e3de6d1ee4c0f600\">\n                <img\n                    title=\"IMG_2273\"\n                    alt=\"IMG_2273\"\n                    src=\"https:\/\/www.freimarianne.ch\/wp-content\/gallery\/chasseral-9-10-22\/cache\/IMG_2273.jpeg-nggid0530250-ngg0dyn-100x75x100-00f0w010c010r110f110r010t010.jpeg\"\n                    width=\"100\"\n                    height=\"49\"\n                    style=\"max-width:100%;\"\n                \/>\n            <\/a>\n        <\/div>\n\t\t\t\t\t\t\t<\/div> \n\t\t\t\n                                    <br style=\"clear: both\" \/>\n                    \n\t\t\t\t<div id=\"ngg-image-4\" class=\"ngg-gallery-thumbnail-box\" >\n\t\t\t\t        <div class=\"ngg-gallery-thumbnail\">\n            <a href=\"https:\/\/www.freimarianne.ch\/wp-content\/gallery\/chasseral-9-10-22\/IMG_2278.jpeg\"\n               title=\"M\u00e9tairie de Morat 1461m\"\n               data-src=\"https:\/\/www.freimarianne.ch\/wp-content\/gallery\/chasseral-9-10-22\/IMG_2278.jpeg\"\n               data-thumbnail=\"https:\/\/www.freimarianne.ch\/wp-content\/gallery\/chasseral-9-10-22\/thumbs\/thumbs_IMG_2278.jpeg\"\n               data-image-id=\"30244\"\n               data-title=\"IMG_2278\"\n               data-description=\"M\u00e9tairie de Morat 1461m\"\n               data-image-slug=\"img_2278-1\"\n               class=\"shutterset_f8a0668d2708e822e3de6d1ee4c0f600\">\n                <img\n                    title=\"IMG_2278\"\n                    alt=\"IMG_2278\"\n                    src=\"https:\/\/www.freimarianne.ch\/wp-content\/gallery\/chasseral-9-10-22\/cache\/IMG_2278.jpeg-nggid0530244-ngg0dyn-100x75x100-00f0w010c010r110f110r010t010.jpeg\"\n                    width=\"100\"\n                    height=\"60\"\n                    style=\"max-width:100%;\"\n                \/>\n            <\/a>\n        <\/div>\n\t\t\t\t\t\t\t<\/div> \n\t\t\t\n                            \n\t\t\t\t<div id=\"ngg-image-5\" class=\"ngg-gallery-thumbnail-box\" >\n\t\t\t\t        <div class=\"ngg-gallery-thumbnail\">\n            <a href=\"https:\/\/www.freimarianne.ch\/wp-content\/gallery\/chasseral-9-10-22\/IMG_2287.jpeg\"\n               title=\"Marianne auf dem Chasseral  1548m\"\n               data-src=\"https:\/\/www.freimarianne.ch\/wp-content\/gallery\/chasseral-9-10-22\/IMG_2287.jpeg\"\n               data-thumbnail=\"https:\/\/www.freimarianne.ch\/wp-content\/gallery\/chasseral-9-10-22\/thumbs\/thumbs_IMG_2287.jpeg\"\n               data-image-id=\"30245\"\n               data-title=\"IMG_2287\"\n               data-description=\"Marianne auf dem Chasseral  1548m\"\n               data-image-slug=\"img_2287-5\"\n               class=\"shutterset_f8a0668d2708e822e3de6d1ee4c0f600\">\n                <img\n                    title=\"IMG_2287\"\n                    alt=\"IMG_2287\"\n                    src=\"https:\/\/www.freimarianne.ch\/wp-content\/gallery\/chasseral-9-10-22\/cache\/IMG_2287.jpeg-nggid0530245-ngg0dyn-100x75x100-00f0w010c010r110f110r010t010.jpeg\"\n                    width=\"89\"\n                    height=\"75\"\n                    style=\"max-width:100%;\"\n                \/>\n            <\/a>\n        <\/div>\n\t\t\t\t\t\t\t<\/div> \n\t\t\t\n                            \n\t\t\t\t<div id=\"ngg-image-6\" class=\"ngg-gallery-thumbnail-box\" >\n\t\t\t\t        <div class=\"ngg-gallery-thumbnail\">\n            <a href=\"https:\/\/www.freimarianne.ch\/wp-content\/gallery\/chasseral-9-10-22\/IMG_2291.jpeg\"\n               title=\"Marianne auf dem Chasseral  1548m\"\n               data-src=\"https:\/\/www.freimarianne.ch\/wp-content\/gallery\/chasseral-9-10-22\/IMG_2291.jpeg\"\n               data-thumbnail=\"https:\/\/www.freimarianne.ch\/wp-content\/gallery\/chasseral-9-10-22\/thumbs\/thumbs_IMG_2291.jpeg\"\n               data-image-id=\"30246\"\n               data-title=\"IMG_2291\"\n               data-description=\"Marianne auf dem Chasseral  1548m\"\n               data-image-slug=\"img_2291-2\"\n               class=\"shutterset_f8a0668d2708e822e3de6d1ee4c0f600\">\n                <img\n                    title=\"IMG_2291\"\n                    alt=\"IMG_2291\"\n                    src=\"https:\/\/www.freimarianne.ch\/wp-content\/gallery\/chasseral-9-10-22\/cache\/IMG_2291.jpeg-nggid0530246-ngg0dyn-100x75x100-00f0w010c010r110f110r010t010.jpeg\"\n                    width=\"96\"\n                    height=\"75\"\n                    style=\"max-width:100%;\"\n                \/>\n            <\/a>\n        <\/div>\n\t\t\t\t\t\t\t<\/div> \n\t\t\t\n                            \n\t\t\t\t<div id=\"ngg-image-7\" class=\"ngg-gallery-thumbnail-box\" >\n\t\t\t\t        <div class=\"ngg-gallery-thumbnail\">\n            <a href=\"https:\/\/www.freimarianne.ch\/wp-content\/gallery\/chasseral-9-10-22\/IMG_2292.jpeg\"\n               title=\"auf dem Chasseral  1548m\"\n               data-src=\"https:\/\/www.freimarianne.ch\/wp-content\/gallery\/chasseral-9-10-22\/IMG_2292.jpeg\"\n               data-thumbnail=\"https:\/\/www.freimarianne.ch\/wp-content\/gallery\/chasseral-9-10-22\/thumbs\/thumbs_IMG_2292.jpeg\"\n               data-image-id=\"30249\"\n               data-title=\"IMG_2292\"\n               data-description=\"auf dem Chasseral  1548m\"\n               data-image-slug=\"img_2292-3\"\n               class=\"shutterset_f8a0668d2708e822e3de6d1ee4c0f600\">\n                <img\n                    title=\"IMG_2292\"\n                    alt=\"IMG_2292\"\n                    src=\"https:\/\/www.freimarianne.ch\/wp-content\/gallery\/chasseral-9-10-22\/cache\/IMG_2292.jpeg-nggid0530249-ngg0dyn-100x75x100-00f0w010c010r110f110r010t010.jpeg\"\n                    width=\"100\"\n                    height=\"75\"\n                    style=\"max-width:100%;\"\n                \/>\n            <\/a>\n        <\/div>\n\t\t\t\t\t\t\t<\/div> \n\t\t\t\n                                    <br style=\"clear: both\" \/>\n                    \n\t\t\t\t<div id=\"ngg-image-8\" class=\"ngg-gallery-thumbnail-box\" >\n\t\t\t\t        <div class=\"ngg-gallery-thumbnail\">\n            <a href=\"https:\/\/www.freimarianne.ch\/wp-content\/gallery\/chasseral-9-10-22\/IMG_2293.jpeg\"\n               title=\"auf dem Chasseral  1548m\"\n               data-src=\"https:\/\/www.freimarianne.ch\/wp-content\/gallery\/chasseral-9-10-22\/IMG_2293.jpeg\"\n               data-thumbnail=\"https:\/\/www.freimarianne.ch\/wp-content\/gallery\/chasseral-9-10-22\/thumbs\/thumbs_IMG_2293.jpeg\"\n               data-image-id=\"30248\"\n               data-title=\"IMG_2293\"\n               data-description=\"auf dem Chasseral  1548m\"\n               data-image-slug=\"img_2293-4\"\n               class=\"shutterset_f8a0668d2708e822e3de6d1ee4c0f600\">\n                <img\n                    title=\"IMG_2293\"\n                    alt=\"IMG_2293\"\n                    src=\"https:\/\/www.freimarianne.ch\/wp-content\/gallery\/chasseral-9-10-22\/cache\/IMG_2293.jpeg-nggid0530248-ngg0dyn-100x75x100-00f0w010c010r110f110r010t010.jpeg\"\n                    width=\"100\"\n                    height=\"75\"\n                    style=\"max-width:100%;\"\n                \/>\n            <\/a>\n        <\/div>\n\t\t\t\t\t\t\t<\/div> \n\t\t\t\n                            \n\t\t\t\t<div id=\"ngg-image-9\" class=\"ngg-gallery-thumbnail-box\" >\n\t\t\t\t        <div class=\"ngg-gallery-thumbnail\">\n            <a href=\"https:\/\/www.freimarianne.ch\/wp-content\/gallery\/chasseral-9-10-22\/IMG_2296.jpeg\"\n               title=\"Chasseral Turm 1606m\"\n               data-src=\"https:\/\/www.freimarianne.ch\/wp-content\/gallery\/chasseral-9-10-22\/IMG_2296.jpeg\"\n               data-thumbnail=\"https:\/\/www.freimarianne.ch\/wp-content\/gallery\/chasseral-9-10-22\/thumbs\/thumbs_IMG_2296.jpeg\"\n               data-image-id=\"30247\"\n               data-title=\"IMG_2296\"\n               data-description=\"Chasseral Turm 1606m\"\n               data-image-slug=\"img_2296-1\"\n               class=\"shutterset_f8a0668d2708e822e3de6d1ee4c0f600\">\n                <img\n                    title=\"IMG_2296\"\n                    alt=\"IMG_2296\"\n                    src=\"https:\/\/www.freimarianne.ch\/wp-content\/gallery\/chasseral-9-10-22\/cache\/IMG_2296.jpeg-nggid0530247-ngg0dyn-100x75x100-00f0w010c010r110f110r010t010.jpeg\"\n                    width=\"100\"\n                    height=\"75\"\n                    style=\"max-width:100%;\"\n                \/>\n            <\/a>\n        <\/div>\n\t\t\t\t\t\t\t<\/div> \n\t\t\t\n                            \n\t\t\n\t\t<!-- Pagination -->\n\t<div class='ngg-clear'><\/div>\t<\/div>\n\n\n\n\n<!-- index.php -->\n<div\n\tclass=\"ngg-galleryoverview ngg-ajax-pagination-none\"\n\tid=\"ngg-gallery-f0b84f14db95deefd72c4995f87f4d1b-1\">\n\n    \t<div class=\"slideshowlink\">\n        <a href='https:\/\/www.freimarianne.ch\/index.php\/nggallery\/slideshow?page_id=61085'>[Show as slideshow]<\/a>\n\t\t\n\t<\/div>\n\t\t\t<!-- Thumbnails -->\n\t\t\t\t<div id=\"ngg-image-0\" class=\"ngg-gallery-thumbnail-box\" >\n\t\t\t\t        <div class=\"ngg-gallery-thumbnail\">\n            <a href=\"https:\/\/www.freimarianne.ch\/wp-content\/gallery\/chasseral-iph-9-10-22\/IMG_3271.jpeg\"\n               title=\"auf dem  Chasseral Grat\"\n               data-src=\"https:\/\/www.freimarianne.ch\/wp-content\/gallery\/chasseral-iph-9-10-22\/IMG_3271.jpeg\"\n               data-thumbnail=\"https:\/\/www.freimarianne.ch\/wp-content\/gallery\/chasseral-iph-9-10-22\/thumbs\/thumbs_IMG_3271.jpeg\"\n               data-image-id=\"30260\"\n               data-title=\"IMG_3271\"\n               data-description=\"auf dem  Chasseral Grat\"\n               data-image-slug=\"img_3271-1\"\n               class=\"shutterset_f0b84f14db95deefd72c4995f87f4d1b\">\n                <img\n                    title=\"IMG_3271\"\n                    alt=\"IMG_3271\"\n                    src=\"https:\/\/www.freimarianne.ch\/wp-content\/gallery\/chasseral-iph-9-10-22\/cache\/IMG_3271.jpeg-nggid0530260-ngg0dyn-100x75x100-00f0w010c010r110f110r010t010.jpeg\"\n                    width=\"100\"\n                    height=\"75\"\n                    style=\"max-width:100%;\"\n                \/>\n            <\/a>\n        <\/div>\n\t\t\t\t\t\t\t<\/div> \n\t\t\t\n                            \n\t\t\t\t<div id=\"ngg-image-1\" class=\"ngg-gallery-thumbnail-box\" >\n\t\t\t\t        <div class=\"ngg-gallery-thumbnail\">\n            <a href=\"https:\/\/www.freimarianne.ch\/wp-content\/gallery\/chasseral-iph-9-10-22\/IMG_3272.jpeg\"\n               title=\"auf dem  Chasseral Grat; Blick gegen St.Imiers und  Mont Soleil\"\n               data-src=\"https:\/\/www.freimarianne.ch\/wp-content\/gallery\/chasseral-iph-9-10-22\/IMG_3272.jpeg\"\n               data-thumbnail=\"https:\/\/www.freimarianne.ch\/wp-content\/gallery\/chasseral-iph-9-10-22\/thumbs\/thumbs_IMG_3272.jpeg\"\n               data-image-id=\"30254\"\n               data-title=\"IMG_3272\"\n               data-description=\"auf dem  Chasseral Grat; Blick gegen St.Imiers und  Mont Soleil\"\n               data-image-slug=\"img_3272\"\n               class=\"shutterset_f0b84f14db95deefd72c4995f87f4d1b\">\n                <img\n                    title=\"IMG_3272\"\n                    alt=\"IMG_3272\"\n                    src=\"https:\/\/www.freimarianne.ch\/wp-content\/gallery\/chasseral-iph-9-10-22\/cache\/IMG_3272.jpeg-nggid0530254-ngg0dyn-100x75x100-00f0w010c010r110f110r010t010.jpeg\"\n                    width=\"100\"\n                    height=\"75\"\n                    style=\"max-width:100%;\"\n                \/>\n            <\/a>\n        <\/div>\n\t\t\t\t\t\t\t<\/div> \n\t\t\t\n                            \n\t\t\t\t<div id=\"ngg-image-2\" class=\"ngg-gallery-thumbnail-box\" >\n\t\t\t\t        <div class=\"ngg-gallery-thumbnail\">\n            <a href=\"https:\/\/www.freimarianne.ch\/wp-content\/gallery\/chasseral-iph-9-10-22\/IMG_3273.jpeg\"\n               title=\"auf dem  Chasseral Grat\"\n               data-src=\"https:\/\/www.freimarianne.ch\/wp-content\/gallery\/chasseral-iph-9-10-22\/IMG_3273.jpeg\"\n               data-thumbnail=\"https:\/\/www.freimarianne.ch\/wp-content\/gallery\/chasseral-iph-9-10-22\/thumbs\/thumbs_IMG_3273.jpeg\"\n               data-image-id=\"30256\"\n               data-title=\"IMG_3273\"\n               data-description=\"auf dem  Chasseral Grat\"\n               data-image-slug=\"img_3273-2\"\n               class=\"shutterset_f0b84f14db95deefd72c4995f87f4d1b\">\n                <img\n                    title=\"IMG_3273\"\n                    alt=\"IMG_3273\"\n                    src=\"https:\/\/www.freimarianne.ch\/wp-content\/gallery\/chasseral-iph-9-10-22\/cache\/IMG_3273.jpeg-nggid0530256-ngg0dyn-100x75x100-00f0w010c010r110f110r010t010.jpeg\"\n                    width=\"100\"\n                    height=\"75\"\n                    style=\"max-width:100%;\"\n                \/>\n            <\/a>\n        <\/div>\n\t\t\t\t\t\t\t<\/div> \n\t\t\t\n                            \n\t\t\t\t<div id=\"ngg-image-3\" class=\"ngg-gallery-thumbnail-box\" >\n\t\t\t\t        <div class=\"ngg-gallery-thumbnail\">\n            <a href=\"https:\/\/www.freimarianne.ch\/wp-content\/gallery\/chasseral-iph-9-10-22\/IMG_3277.jpeg\"\n               title=\"Blick gegen Norden; auch hier ein Nebelmeer\"\n               data-src=\"https:\/\/www.freimarianne.ch\/wp-content\/gallery\/chasseral-iph-9-10-22\/IMG_3277.jpeg\"\n               data-thumbnail=\"https:\/\/www.freimarianne.ch\/wp-content\/gallery\/chasseral-iph-9-10-22\/thumbs\/thumbs_IMG_3277.jpeg\"\n               data-image-id=\"30255\"\n               data-title=\"IMG_3277\"\n               data-description=\"Blick gegen Norden; auch hier ein Nebelmeer\"\n               data-image-slug=\"img_3277-3\"\n               class=\"shutterset_f0b84f14db95deefd72c4995f87f4d1b\">\n                <img\n                    title=\"IMG_3277\"\n                    alt=\"IMG_3277\"\n                    src=\"https:\/\/www.freimarianne.ch\/wp-content\/gallery\/chasseral-iph-9-10-22\/cache\/IMG_3277.jpeg-nggid0530255-ngg0dyn-100x75x100-00f0w010c010r110f110r010t010.jpeg\"\n                    width=\"100\"\n                    height=\"75\"\n                    style=\"max-width:100%;\"\n                \/>\n            <\/a>\n        <\/div>\n\t\t\t\t\t\t\t<\/div> \n\t\t\t\n                                    <br style=\"clear: both\" \/>\n                    \n\t\t\t\t<div id=\"ngg-image-4\" class=\"ngg-gallery-thumbnail-box\" >\n\t\t\t\t        <div class=\"ngg-gallery-thumbnail\">\n            <a href=\"https:\/\/www.freimarianne.ch\/wp-content\/gallery\/chasseral-iph-9-10-22\/IMG_3282.jpeg\"\n               title=\"Sicht auf die Vacherte de Nods\"\n               data-src=\"https:\/\/www.freimarianne.ch\/wp-content\/gallery\/chasseral-iph-9-10-22\/IMG_3282.jpeg\"\n               data-thumbnail=\"https:\/\/www.freimarianne.ch\/wp-content\/gallery\/chasseral-iph-9-10-22\/thumbs\/thumbs_IMG_3282.jpeg\"\n               data-image-id=\"30258\"\n               data-title=\"IMG_3282\"\n               data-description=\"Sicht auf die Vacherte de Nods\"\n               data-image-slug=\"img_3282-2\"\n               class=\"shutterset_f0b84f14db95deefd72c4995f87f4d1b\">\n                <img\n                    title=\"IMG_3282\"\n                    alt=\"IMG_3282\"\n                    src=\"https:\/\/www.freimarianne.ch\/wp-content\/gallery\/chasseral-iph-9-10-22\/cache\/IMG_3282.jpeg-nggid0530258-ngg0dyn-100x75x100-00f0w010c010r110f110r010t010.jpeg\"\n                    width=\"100\"\n                    height=\"70\"\n                    style=\"max-width:100%;\"\n                \/>\n            <\/a>\n        <\/div>\n\t\t\t\t\t\t\t<\/div> \n\t\t\t\n                            \n\t\t\t\t<div id=\"ngg-image-5\" class=\"ngg-gallery-thumbnail-box\" >\n\t\t\t\t        <div class=\"ngg-gallery-thumbnail\">\n            <a href=\"https:\/\/www.freimarianne.ch\/wp-content\/gallery\/chasseral-iph-9-10-22\/IMG_3284.jpeg\"\n               title=\"der Chasseral Grat\"\n               data-src=\"https:\/\/www.freimarianne.ch\/wp-content\/gallery\/chasseral-iph-9-10-22\/IMG_3284.jpeg\"\n               data-thumbnail=\"https:\/\/www.freimarianne.ch\/wp-content\/gallery\/chasseral-iph-9-10-22\/thumbs\/thumbs_IMG_3284.jpeg\"\n               data-image-id=\"30257\"\n               data-title=\"IMG_3284\"\n               data-description=\"der Chasseral Grat\"\n               data-image-slug=\"img_3284-4\"\n               class=\"shutterset_f0b84f14db95deefd72c4995f87f4d1b\">\n                <img\n                    title=\"IMG_3284\"\n                    alt=\"IMG_3284\"\n                    src=\"https:\/\/www.freimarianne.ch\/wp-content\/gallery\/chasseral-iph-9-10-22\/cache\/IMG_3284.jpeg-nggid0530257-ngg0dyn-100x75x100-00f0w010c010r110f110r010t010.jpeg\"\n                    width=\"100\"\n                    height=\"75\"\n                    style=\"max-width:100%;\"\n                \/>\n            <\/a>\n        <\/div>\n\t\t\t\t\t\t\t<\/div> \n\t\t\t\n                            \n\t\t\t\t<div id=\"ngg-image-6\" class=\"ngg-gallery-thumbnail-box\" >\n\t\t\t\t        <div class=\"ngg-gallery-thumbnail\">\n            <a href=\"https:\/\/www.freimarianne.ch\/wp-content\/gallery\/chasseral-iph-9-10-22\/IMG_3286.jpeg\"\n               title=\"auf dem Chasseral Grat\"\n               data-src=\"https:\/\/www.freimarianne.ch\/wp-content\/gallery\/chasseral-iph-9-10-22\/IMG_3286.jpeg\"\n               data-thumbnail=\"https:\/\/www.freimarianne.ch\/wp-content\/gallery\/chasseral-iph-9-10-22\/thumbs\/thumbs_IMG_3286.jpeg\"\n               data-image-id=\"30259\"\n               data-title=\"IMG_3286\"\n               data-description=\"auf dem Chasseral Grat\"\n               data-image-slug=\"img_3286-3\"\n               class=\"shutterset_f0b84f14db95deefd72c4995f87f4d1b\">\n                <img\n                    title=\"IMG_3286\"\n                    alt=\"IMG_3286\"\n                    src=\"https:\/\/www.freimarianne.ch\/wp-content\/gallery\/chasseral-iph-9-10-22\/cache\/IMG_3286.jpeg-nggid0530259-ngg0dyn-100x75x100-00f0w010c010r110f110r010t010.jpeg\"\n                    width=\"100\"\n                    height=\"75\"\n                    style=\"max-width:100%;\"\n                \/>\n            <\/a>\n        <\/div>\n\t\t\t\t\t\t\t<\/div> \n\t\t\t\n                            \n\t\t\n\t\t<!-- Pagination -->\n\t<div class='ngg-clear'><\/div>\t<\/div>\n\n","protected":false},"excerpt":{"rendered":"<p>Rundwanderung auf dem Chasseral Auf dem Chasseral bl\u00e4st ein kalter Wind, sodass ich froh bin um meine Kappe.Im Norden wie im S\u00fcden sehe ich eine dichte Wolkendecke, die jegliche Sicht verdeckt. Nur hier oben ist es sonnig.Ich wandere dem Grat entlang zum Turm. Lange \u00fcberlege ich, was ich machen will. Der Abstieg nach Orvin erscheint [&hellip;]<\/p>\n","protected":false},"author":1,"featured_media":0,"parent":60728,"menu_order":11,"comment_status":"closed","ping_status":"closed","template":"","meta":{"ngg_post_thumbnail":0},"_links":{"self":[{"href":"https:\/\/www.freimarianne.ch\/index.php?rest_route=\/wp\/v2\/pages\/61085"}],"collection":[{"href":"https:\/\/www.freimarianne.ch\/index.php?rest_route=\/wp\/v2\/pages"}],"about":[{"href":"https:\/\/www.freimarianne.ch\/index.php?rest_route=\/wp\/v2\/types\/page"}],"author":[{"embeddable":true,"href":"https:\/\/www.freimarianne.ch\/index.php?rest_route=\/wp\/v2\/users\/1"}],"replies":[{"embeddable":true,"href":"https:\/\/www.freimarianne.ch\/index.php?rest_route=%2Fwp%2Fv2%2Fcomments&post=61085"}],"version-history":[{"count":7,"href":"https:\/\/www.freimarianne.ch\/index.php?rest_route=\/wp\/v2\/pages\/61085\/revisions"}],"predecessor-version":[{"id":61150,"href":"https:\/\/www.freimarianne.ch\/index.php?rest_route=\/wp\/v2\/pages\/61085\/revisions\/61150"}],"up":[{"embeddable":true,"href":"https:\/\/www.freimarianne.ch\/index.php?rest_route=\/wp\/v2\/pages\/60728"}],"wp:attachment":[{"href":"https:\/\/www.freimarianne.ch\/index.php?rest_route=%2Fwp%2Fv2%2Fmedia&parent=61085"}],"curies":[{"name":"wp","href":"https:\/\/api.w.org\/{rel}","templated":true}]}}