{"id":61207,"date":"2022-10-24T16:00:28","date_gmt":"2022-10-24T15:00:28","guid":{"rendered":"http:\/\/www.freimarianne.ch\/?page_id=61207"},"modified":"2022-10-24T16:20:39","modified_gmt":"2022-10-24T15:20:39","slug":"glaubenbielenlu-glaubenberg-ow-16-10-2022","status":"publish","type":"page","link":"https:\/\/www.freimarianne.ch\/?page_id=61207","title":{"rendered":"Glaubenbielen,LU &#8211; Glaubenberg,OW 16.10.2022"},"content":{"rendered":"\n<p><strong>Wanderung  vom Entlebuch \u00fcber den Sattelpass nach   Glaubenberg in Kanton Obwalden  <\/strong><\/p>\n\n\n<div id=\"attachment_61204\" style=\"width: 510px\" class=\"wp-caption alignleft\"><img aria-describedby=\"caption-attachment-61204\" loading=\"lazy\" class=\"size-full wp-image-61204\" src=\"http:\/\/www.freimarianne.ch\/wp-content\/uploads\/2022\/10\/IMG_3360_sattelpass-10.22_500.jpeg\" alt=\"\" width=\"500\" height=\"375\" srcset=\"https:\/\/www.freimarianne.ch\/wp-content\/uploads\/2022\/10\/IMG_3360_sattelpass-10.22_500.jpeg 500w, https:\/\/www.freimarianne.ch\/wp-content\/uploads\/2022\/10\/IMG_3360_sattelpass-10.22_500-300x225.jpeg 300w, https:\/\/www.freimarianne.ch\/wp-content\/uploads\/2022\/10\/IMG_3360_sattelpass-10.22_500-400x300.jpeg 400w\" sizes=\"(max-width: 500px) 100vw, 500px\" \/><p id=\"caption-attachment-61204\" class=\"wp-caption-text\">Blick gegen die Trogenegg; Eiger und M\u00f6nch<\/p><\/div>\n<p>Heute zieht es mich nochmals ins Gebiet Glaubenberg. Ich m\u00f6chte von Glaubenbielen,S\u00f6renberg LU \u00fcber den Sattelpass nach Glaubenberg OW wandern.<br>Um 9.14h bin ich auf Glaubenbielen 1611m. Leider ist der Himmel bew\u00f6lkt. Ich mache Fotos von der Brienzer Rothornkette und wandere dann zuerst auf einem nicht ausgeschilderten Wanderweg, dessen Spur ich aber verliere, So wechsle ich bei der Abzweigung zur R\u00fcbih\u00fctte zurt\u00fcck auf den ausgeschilderten Weg, der aber eine Naturstrasse ist.<br>Ich befinde mich in einer sehr einsamen Gegend. Es gibt nur wenige Alpgeb\u00e4ude wie in Schwander Unterwengen 1504m und Ror 1547m. Als ich nach einer Steigung das ausgedehnte Moorgebiet Rorboden erreiche, blaut der Himmel und es wird warm. Dieser Wegabschnitt, durch welchen ein k\u00fcnstlicher Pfad angelegt ist, ist wundersch\u00f6n. Nach dieser Passage komme ich ins Alpgebiet Loo. Weiter geht es \u00fcber den Rossboden zum Sattelpass 1584m, den ich um 11.41h erreiche. Von hier aus k\u00f6nnte man nach Fl\u00fchli absteigen. Mein Weg f\u00fchrt aber hinauf auf die Miesenegg 1698m, die ich auf einem teils nassen und steinigen Bergweg um 12.10h erreiche. Hier mache ich endlich eine Mittagspause. Ich war schon einmal in dieser Gegend. Damals bin ich \u00fcber den Miesenstock nach Giswil gelaufen.<br>Link: http:\/\/www.freimarianne.ch\/?page_id=19899<\/p>\n<p>In dieser Saison war ich auf dem <a href=\"http:\/\/www.freimarianne.ch\/?page_id=61074\">F\u00fcrstein,<\/a> den man von der Miesenegg und Trogenegg sehen kann.Nach der Pause steige ich \u00fcber die sumpfige Weise weiter hinauf auf den Grat. Von dort aus wandere ich \u00fcber die Trogenegg hinunter zur Strasse, die nach Glaubenberg f\u00fchrt. Da ich mich etwas beeile, eicht es mir auf den Bus um <br>14.12h nach Entlebuch.<br>Dies war eine eher lange Wanderung in einer interessanten Gegend.<\/p>\n<p>Laut Schweizmobil:<br>Distanz: 12.08km; Aufstieg: 583m; Abstieg: 608m; Wanderzeit: 3h 47min<\/p>\n<p><a href=\"http:\/\/lang=de&amp;bgLayer=pk&amp;logo=yes&amp;season=summer&amp;resolution=15.47&amp;E=2649645&amp;N=1189647&amp;photos=yes&amp;detours=yes&amp;layers=Wanderland%2CStation&amp;trackId=1130061571\">Karte Schweizmobil:<\/a><\/p>\n\n\n<!-- index.php -->\n<div\n\tclass=\"ngg-galleryoverview ngg-ajax-pagination-none\"\n\tid=\"ngg-gallery-fe4aa2623a0fe52fb50384cd5d23e7f6-1\">\n\n    \t<div class=\"slideshowlink\">\n        <a href='https:\/\/www.freimarianne.ch\/index.php\/nggallery\/slideshow?page_id=61207'>[Show as slideshow]<\/a>\n\t\t\n\t<\/div>\n\t\t\t<!-- Thumbnails -->\n\t\t\t\t<div id=\"ngg-image-0\" class=\"ngg-gallery-thumbnail-box\" >\n\t\t\t\t        <div class=\"ngg-gallery-thumbnail\">\n            <a href=\"https:\/\/www.freimarianne.ch\/wp-content\/gallery\/glaubenbielen-16-10-22\/IMG_2351.jpeg\"\n               title=\"Teich bei der R\u00fcbih\u00fctte\"\n               data-src=\"https:\/\/www.freimarianne.ch\/wp-content\/gallery\/glaubenbielen-16-10-22\/IMG_2351.jpeg\"\n               data-thumbnail=\"https:\/\/www.freimarianne.ch\/wp-content\/gallery\/glaubenbielen-16-10-22\/thumbs\/thumbs_IMG_2351.jpeg\"\n               data-image-id=\"30309\"\n               data-title=\"IMG_2351\"\n               data-description=\"Teich bei der R\u00fcbih\u00fctte\"\n               data-image-slug=\"img_2351-5\"\n               class=\"shutterset_fe4aa2623a0fe52fb50384cd5d23e7f6\">\n                <img\n                    title=\"IMG_2351\"\n                    alt=\"IMG_2351\"\n                    src=\"https:\/\/www.freimarianne.ch\/wp-content\/gallery\/glaubenbielen-16-10-22\/cache\/IMG_2351.jpeg-nggid0530309-ngg0dyn-100x75x100-00f0w010c010r110f110r010t010.jpeg\"\n                    width=\"100\"\n                    height=\"75\"\n                    style=\"max-width:100%;\"\n                \/>\n            <\/a>\n        <\/div>\n\t\t\t\t\t\t\t<\/div> \n\t\t\t\n                            \n\t\t\t\t<div id=\"ngg-image-1\" class=\"ngg-gallery-thumbnail-box\" >\n\t\t\t\t        <div class=\"ngg-gallery-thumbnail\">\n            <a href=\"https:\/\/www.freimarianne.ch\/wp-content\/gallery\/glaubenbielen-16-10-22\/IMG_2354.jpeg\"\n               title=\"Schwander Unterwengen 1504m;mdie Felsen des Rotspitz 1788m\"\n               data-src=\"https:\/\/www.freimarianne.ch\/wp-content\/gallery\/glaubenbielen-16-10-22\/IMG_2354.jpeg\"\n               data-thumbnail=\"https:\/\/www.freimarianne.ch\/wp-content\/gallery\/glaubenbielen-16-10-22\/thumbs\/thumbs_IMG_2354.jpeg\"\n               data-image-id=\"30307\"\n               data-title=\"IMG_2354\"\n               data-description=\"Schwander Unterwengen 1504m;mdie Felsen des Rotspitz 1788m\"\n               data-image-slug=\"img_2354-3\"\n               class=\"shutterset_fe4aa2623a0fe52fb50384cd5d23e7f6\">\n                <img\n                    title=\"IMG_2354\"\n                    alt=\"IMG_2354\"\n                    src=\"https:\/\/www.freimarianne.ch\/wp-content\/gallery\/glaubenbielen-16-10-22\/cache\/IMG_2354.jpeg-nggid0530307-ngg0dyn-100x75x100-00f0w010c010r110f110r010t010.jpeg\"\n                    width=\"100\"\n                    height=\"75\"\n                    style=\"max-width:100%;\"\n                \/>\n            <\/a>\n        <\/div>\n\t\t\t\t\t\t\t<\/div> \n\t\t\t\n                            \n\t\t\t\t<div id=\"ngg-image-2\" class=\"ngg-gallery-thumbnail-box\" >\n\t\t\t\t        <div class=\"ngg-gallery-thumbnail\">\n            <a href=\"https:\/\/www.freimarianne.ch\/wp-content\/gallery\/glaubenbielen-16-10-22\/IMG_2355.jpeg\"\n               title=\"die Felszacken  des Rotspitz 1788m\"\n               data-src=\"https:\/\/www.freimarianne.ch\/wp-content\/gallery\/glaubenbielen-16-10-22\/IMG_2355.jpeg\"\n               data-thumbnail=\"https:\/\/www.freimarianne.ch\/wp-content\/gallery\/glaubenbielen-16-10-22\/thumbs\/thumbs_IMG_2355.jpeg\"\n               data-image-id=\"30305\"\n               data-title=\"IMG_2355\"\n               data-description=\"die Felszacken  des Rotspitz 1788m\"\n               data-image-slug=\"img_2355-4\"\n               class=\"shutterset_fe4aa2623a0fe52fb50384cd5d23e7f6\">\n                <img\n                    title=\"IMG_2355\"\n                    alt=\"IMG_2355\"\n                    src=\"https:\/\/www.freimarianne.ch\/wp-content\/gallery\/glaubenbielen-16-10-22\/cache\/IMG_2355.jpeg-nggid0530305-ngg0dyn-100x75x100-00f0w010c010r110f110r010t010.jpeg\"\n                    width=\"100\"\n                    height=\"75\"\n                    style=\"max-width:100%;\"\n                \/>\n            <\/a>\n        <\/div>\n\t\t\t\t\t\t\t<\/div> \n\t\t\t\n                            \n\t\t\t\t<div id=\"ngg-image-3\" class=\"ngg-gallery-thumbnail-box\" >\n\t\t\t\t        <div class=\"ngg-gallery-thumbnail\">\n            <a href=\"https:\/\/www.freimarianne.ch\/wp-content\/gallery\/glaubenbielen-16-10-22\/IMG_2357.jpeg\"\n               title=\"unterwegs\"\n               data-src=\"https:\/\/www.freimarianne.ch\/wp-content\/gallery\/glaubenbielen-16-10-22\/IMG_2357.jpeg\"\n               data-thumbnail=\"https:\/\/www.freimarianne.ch\/wp-content\/gallery\/glaubenbielen-16-10-22\/thumbs\/thumbs_IMG_2357.jpeg\"\n               data-image-id=\"30308\"\n               data-title=\"IMG_2357\"\n               data-description=\"unterwegs\"\n               data-image-slug=\"img_2357-5\"\n               class=\"shutterset_fe4aa2623a0fe52fb50384cd5d23e7f6\">\n                <img\n                    title=\"IMG_2357\"\n                    alt=\"IMG_2357\"\n                    src=\"https:\/\/www.freimarianne.ch\/wp-content\/gallery\/glaubenbielen-16-10-22\/cache\/IMG_2357.jpeg-nggid0530308-ngg0dyn-100x75x100-00f0w010c010r110f110r010t010.jpeg\"\n                    width=\"100\"\n                    height=\"75\"\n                    style=\"max-width:100%;\"\n                \/>\n            <\/a>\n        <\/div>\n\t\t\t\t\t\t\t<\/div> \n\t\t\t\n                                    <br style=\"clear: both\" \/>\n                    \n\t\t\t\t<div id=\"ngg-image-4\" class=\"ngg-gallery-thumbnail-box\" >\n\t\t\t\t        <div class=\"ngg-gallery-thumbnail\">\n            <a href=\"https:\/\/www.freimarianne.ch\/wp-content\/gallery\/glaubenbielen-16-10-22\/IMG_2362.jpeg\"\n               title=\"durch das Moorgebiet Rorboden\"\n               data-src=\"https:\/\/www.freimarianne.ch\/wp-content\/gallery\/glaubenbielen-16-10-22\/IMG_2362.jpeg\"\n               data-thumbnail=\"https:\/\/www.freimarianne.ch\/wp-content\/gallery\/glaubenbielen-16-10-22\/thumbs\/thumbs_IMG_2362.jpeg\"\n               data-image-id=\"30306\"\n               data-title=\"IMG_2362\"\n               data-description=\"durch das Moorgebiet Rorboden\"\n               data-image-slug=\"img_2362-1\"\n               class=\"shutterset_fe4aa2623a0fe52fb50384cd5d23e7f6\">\n                <img\n                    title=\"IMG_2362\"\n                    alt=\"IMG_2362\"\n                    src=\"https:\/\/www.freimarianne.ch\/wp-content\/gallery\/glaubenbielen-16-10-22\/cache\/IMG_2362.jpeg-nggid0530306-ngg0dyn-100x75x100-00f0w010c010r110f110r010t010.jpeg\"\n                    width=\"100\"\n                    height=\"75\"\n                    style=\"max-width:100%;\"\n                \/>\n            <\/a>\n        <\/div>\n\t\t\t\t\t\t\t<\/div> \n\t\t\t\n                            \n\t\t\t\t<div id=\"ngg-image-5\" class=\"ngg-gallery-thumbnail-box\" >\n\t\t\t\t        <div class=\"ngg-gallery-thumbnail\">\n            <a href=\"https:\/\/www.freimarianne.ch\/wp-content\/gallery\/glaubenbielen-16-10-22\/IMG_2363.jpeg\"\n               title=\"durch das Moorgebiet Rorboden\"\n               data-src=\"https:\/\/www.freimarianne.ch\/wp-content\/gallery\/glaubenbielen-16-10-22\/IMG_2363.jpeg\"\n               data-thumbnail=\"https:\/\/www.freimarianne.ch\/wp-content\/gallery\/glaubenbielen-16-10-22\/thumbs\/thumbs_IMG_2363.jpeg\"\n               data-image-id=\"30303\"\n               data-title=\"IMG_2363\"\n               data-description=\"durch das Moorgebiet Rorboden\"\n               data-image-slug=\"img_2363-1\"\n               class=\"shutterset_fe4aa2623a0fe52fb50384cd5d23e7f6\">\n                <img\n                    title=\"IMG_2363\"\n                    alt=\"IMG_2363\"\n                    src=\"https:\/\/www.freimarianne.ch\/wp-content\/gallery\/glaubenbielen-16-10-22\/cache\/IMG_2363.jpeg-nggid0530303-ngg0dyn-100x75x100-00f0w010c010r110f110r010t010.jpeg\"\n                    width=\"100\"\n                    height=\"75\"\n                    style=\"max-width:100%;\"\n                \/>\n            <\/a>\n        <\/div>\n\t\t\t\t\t\t\t<\/div> \n\t\t\t\n                            \n\t\t\t\t<div id=\"ngg-image-6\" class=\"ngg-gallery-thumbnail-box\" >\n\t\t\t\t        <div class=\"ngg-gallery-thumbnail\">\n            <a href=\"https:\/\/www.freimarianne.ch\/wp-content\/gallery\/glaubenbielen-16-10-22\/IMG_2365.jpeg\"\n               title=\"durch das Moorgebiet Rorboden\"\n               data-src=\"https:\/\/www.freimarianne.ch\/wp-content\/gallery\/glaubenbielen-16-10-22\/IMG_2365.jpeg\"\n               data-thumbnail=\"https:\/\/www.freimarianne.ch\/wp-content\/gallery\/glaubenbielen-16-10-22\/thumbs\/thumbs_IMG_2365.jpeg\"\n               data-image-id=\"30304\"\n               data-title=\"IMG_2365\"\n               data-description=\"durch das Moorgebiet Rorboden\"\n               data-image-slug=\"img_2365-4\"\n               class=\"shutterset_fe4aa2623a0fe52fb50384cd5d23e7f6\">\n                <img\n                    title=\"IMG_2365\"\n                    alt=\"IMG_2365\"\n                    src=\"https:\/\/www.freimarianne.ch\/wp-content\/gallery\/glaubenbielen-16-10-22\/cache\/IMG_2365.jpeg-nggid0530304-ngg0dyn-100x75x100-00f0w010c010r110f110r010t010.jpeg\"\n                    width=\"100\"\n                    height=\"75\"\n                    style=\"max-width:100%;\"\n                \/>\n            <\/a>\n        <\/div>\n\t\t\t\t\t\t\t<\/div> \n\t\t\t\n                            \n\t\t\t\t<div id=\"ngg-image-7\" class=\"ngg-gallery-thumbnail-box\" >\n\t\t\t\t        <div class=\"ngg-gallery-thumbnail\">\n            <a href=\"https:\/\/www.freimarianne.ch\/wp-content\/gallery\/glaubenbielen-16-10-22\/IMG_2370.jpeg\"\n               title=\"Marianne im  Moorgebiet Rorboden\"\n               data-src=\"https:\/\/www.freimarianne.ch\/wp-content\/gallery\/glaubenbielen-16-10-22\/IMG_2370.jpeg\"\n               data-thumbnail=\"https:\/\/www.freimarianne.ch\/wp-content\/gallery\/glaubenbielen-16-10-22\/thumbs\/thumbs_IMG_2370.jpeg\"\n               data-image-id=\"30300\"\n               data-title=\"IMG_2370\"\n               data-description=\"Marianne im  Moorgebiet Rorboden\"\n               data-image-slug=\"img_2370-7\"\n               class=\"shutterset_fe4aa2623a0fe52fb50384cd5d23e7f6\">\n                <img\n                    title=\"IMG_2370\"\n                    alt=\"IMG_2370\"\n                    src=\"https:\/\/www.freimarianne.ch\/wp-content\/gallery\/glaubenbielen-16-10-22\/cache\/IMG_2370.jpeg-nggid0530300-ngg0dyn-100x75x100-00f0w010c010r110f110r010t010.jpeg\"\n                    width=\"90\"\n                    height=\"75\"\n                    style=\"max-width:100%;\"\n                \/>\n            <\/a>\n        <\/div>\n\t\t\t\t\t\t\t<\/div> \n\t\t\t\n                                    <br style=\"clear: both\" \/>\n                    \n\t\t\t\t<div id=\"ngg-image-8\" class=\"ngg-gallery-thumbnail-box\" >\n\t\t\t\t        <div class=\"ngg-gallery-thumbnail\">\n            <a href=\"https:\/\/www.freimarianne.ch\/wp-content\/gallery\/glaubenbielen-16-10-22\/IMG_2375.jpeg\"\n               title=\"Moorgebiet Rorboden\"\n               data-src=\"https:\/\/www.freimarianne.ch\/wp-content\/gallery\/glaubenbielen-16-10-22\/IMG_2375.jpeg\"\n               data-thumbnail=\"https:\/\/www.freimarianne.ch\/wp-content\/gallery\/glaubenbielen-16-10-22\/thumbs\/thumbs_IMG_2375.jpeg\"\n               data-image-id=\"30302\"\n               data-title=\"IMG_2375\"\n               data-description=\"Moorgebiet Rorboden\"\n               data-image-slug=\"img_2375-3\"\n               class=\"shutterset_fe4aa2623a0fe52fb50384cd5d23e7f6\">\n                <img\n                    title=\"IMG_2375\"\n                    alt=\"IMG_2375\"\n                    src=\"https:\/\/www.freimarianne.ch\/wp-content\/gallery\/glaubenbielen-16-10-22\/cache\/IMG_2375.jpeg-nggid0530302-ngg0dyn-100x75x100-00f0w010c010r110f110r010t010.jpeg\"\n                    width=\"100\"\n                    height=\"75\"\n                    style=\"max-width:100%;\"\n                \/>\n            <\/a>\n        <\/div>\n\t\t\t\t\t\t\t<\/div> \n\t\t\t\n                            \n\t\t\t\t<div id=\"ngg-image-9\" class=\"ngg-gallery-thumbnail-box\" >\n\t\t\t\t        <div class=\"ngg-gallery-thumbnail\">\n            <a href=\"https:\/\/www.freimarianne.ch\/wp-content\/gallery\/glaubenbielen-16-10-22\/IMG_2377.jpeg\"\n               title=\"Moorgebiet Rorboden\"\n               data-src=\"https:\/\/www.freimarianne.ch\/wp-content\/gallery\/glaubenbielen-16-10-22\/IMG_2377.jpeg\"\n               data-thumbnail=\"https:\/\/www.freimarianne.ch\/wp-content\/gallery\/glaubenbielen-16-10-22\/thumbs\/thumbs_IMG_2377.jpeg\"\n               data-image-id=\"30301\"\n               data-title=\"IMG_2377\"\n               data-description=\"Moorgebiet Rorboden\"\n               data-image-slug=\"img_2377-6\"\n               class=\"shutterset_fe4aa2623a0fe52fb50384cd5d23e7f6\">\n                <img\n                    title=\"IMG_2377\"\n                    alt=\"IMG_2377\"\n                    src=\"https:\/\/www.freimarianne.ch\/wp-content\/gallery\/glaubenbielen-16-10-22\/cache\/IMG_2377.jpeg-nggid0530301-ngg0dyn-100x75x100-00f0w010c010r110f110r010t010.jpeg\"\n                    width=\"100\"\n                    height=\"75\"\n                    style=\"max-width:100%;\"\n                \/>\n            <\/a>\n        <\/div>\n\t\t\t\t\t\t\t<\/div> \n\t\t\t\n                            \n\t\t\t\t<div id=\"ngg-image-10\" class=\"ngg-gallery-thumbnail-box\" >\n\t\t\t\t        <div class=\"ngg-gallery-thumbnail\">\n            <a href=\"https:\/\/www.freimarianne.ch\/wp-content\/gallery\/glaubenbielen-16-10-22\/IMG_2378.jpeg\"\n               title=\"Moorgebiet Rorboden; Blick auf Loo und B\u00e4renturm 1798m\"\n               data-src=\"https:\/\/www.freimarianne.ch\/wp-content\/gallery\/glaubenbielen-16-10-22\/IMG_2378.jpeg\"\n               data-thumbnail=\"https:\/\/www.freimarianne.ch\/wp-content\/gallery\/glaubenbielen-16-10-22\/thumbs\/thumbs_IMG_2378.jpeg\"\n               data-image-id=\"30299\"\n               data-title=\"IMG_2378\"\n               data-description=\"Moorgebiet Rorboden; Blick auf Loo und B\u00e4renturm 1798m\"\n               data-image-slug=\"img_2378-2\"\n               class=\"shutterset_fe4aa2623a0fe52fb50384cd5d23e7f6\">\n                <img\n                    title=\"IMG_2378\"\n                    alt=\"IMG_2378\"\n                    src=\"https:\/\/www.freimarianne.ch\/wp-content\/gallery\/glaubenbielen-16-10-22\/cache\/IMG_2378.jpeg-nggid0530299-ngg0dyn-100x75x100-00f0w010c010r110f110r010t010.jpeg\"\n                    width=\"100\"\n                    height=\"75\"\n                    style=\"max-width:100%;\"\n                \/>\n            <\/a>\n        <\/div>\n\t\t\t\t\t\t\t<\/div> \n\t\t\t\n                            \n\t\t\t\t<div id=\"ngg-image-11\" class=\"ngg-gallery-thumbnail-box\" >\n\t\t\t\t        <div class=\"ngg-gallery-thumbnail\">\n            <a href=\"https:\/\/www.freimarianne.ch\/wp-content\/gallery\/glaubenbielen-16-10-22\/IMG_2380.jpeg\"\n               title=\"Loo 1620m; li B\u00e4renturm 1798m\"\n               data-src=\"https:\/\/www.freimarianne.ch\/wp-content\/gallery\/glaubenbielen-16-10-22\/IMG_2380.jpeg\"\n               data-thumbnail=\"https:\/\/www.freimarianne.ch\/wp-content\/gallery\/glaubenbielen-16-10-22\/thumbs\/thumbs_IMG_2380.jpeg\"\n               data-image-id=\"30297\"\n               data-title=\"IMG_2380\"\n               data-description=\"Loo 1620m; li B\u00e4renturm 1798m\"\n               data-image-slug=\"img_2380-3\"\n               class=\"shutterset_fe4aa2623a0fe52fb50384cd5d23e7f6\">\n                <img\n                    title=\"IMG_2380\"\n                    alt=\"IMG_2380\"\n                    src=\"https:\/\/www.freimarianne.ch\/wp-content\/gallery\/glaubenbielen-16-10-22\/cache\/IMG_2380.jpeg-nggid0530297-ngg0dyn-100x75x100-00f0w010c010r110f110r010t010.jpeg\"\n                    width=\"100\"\n                    height=\"69\"\n                    style=\"max-width:100%;\"\n                \/>\n            <\/a>\n        <\/div>\n\t\t\t\t\t\t\t<\/div> \n\t\t\t\n                                    <br style=\"clear: both\" \/>\n                    \n\t\t\t\t<div id=\"ngg-image-12\" class=\"ngg-gallery-thumbnail-box\" >\n\t\t\t\t        <div class=\"ngg-gallery-thumbnail\">\n            <a href=\"https:\/\/www.freimarianne.ch\/wp-content\/gallery\/glaubenbielen-16-10-22\/IMG_2399.jpeg\"\n               title=\"li Chli Spannort 3140m, Wild Geissberg 2676m, Hanghorn 2679m, Titlis 3238m; re Wendenst\u00f6cke 3042m, M\u00e4hren 2970m\"\n               data-src=\"https:\/\/www.freimarianne.ch\/wp-content\/gallery\/glaubenbielen-16-10-22\/IMG_2399.jpeg\"\n               data-thumbnail=\"https:\/\/www.freimarianne.ch\/wp-content\/gallery\/glaubenbielen-16-10-22\/thumbs\/thumbs_IMG_2399.jpeg\"\n               data-image-id=\"30298\"\n               data-title=\"IMG_2399\"\n               data-description=\"li Chli Spannort 3140m, Wild Geissberg 2676m, Hanghorn 2679m, Titlis 3238m; re Wendenst\u00f6cke 3042m, M\u00e4hren 2970m\"\n               data-image-slug=\"img_2399-4\"\n               class=\"shutterset_fe4aa2623a0fe52fb50384cd5d23e7f6\">\n                <img\n                    title=\"IMG_2399\"\n                    alt=\"IMG_2399\"\n                    src=\"https:\/\/www.freimarianne.ch\/wp-content\/gallery\/glaubenbielen-16-10-22\/cache\/IMG_2399.jpeg-nggid0530298-ngg0dyn-100x75x100-00f0w010c010r110f110r010t010.jpeg\"\n                    width=\"100\"\n                    height=\"75\"\n                    style=\"max-width:100%;\"\n                \/>\n            <\/a>\n        <\/div>\n\t\t\t\t\t\t\t<\/div> \n\t\t\t\n                            \n\t\t\n\t\t<!-- Pagination -->\n\t<div class='ngg-clear'><\/div>\t<\/div>\n\n\n\n\n<!-- index.php -->\n<div\n\tclass=\"ngg-galleryoverview ngg-ajax-pagination-none\"\n\tid=\"ngg-gallery-974766fa75d986c92ad527e99b3bae1d-1\">\n\n    \t<div class=\"slideshowlink\">\n        <a href='https:\/\/www.freimarianne.ch\/index.php\/nggallery\/slideshow?page_id=61207'>[Show as slideshow]<\/a>\n\t\t\n\t<\/div>\n\t\t\t<!-- Thumbnails -->\n\t\t\t\t<div id=\"ngg-image-0\" class=\"ngg-gallery-thumbnail-box\" >\n\t\t\t\t        <div class=\"ngg-gallery-thumbnail\">\n            <a href=\"https:\/\/www.freimarianne.ch\/wp-content\/gallery\/glaubenbielen-iph-16-10-22\/IMG_3320.jpeg\"\n               title=\"Brienzer Rothorn 2348m, Schong\u00fctsch 2319m\"\n               data-src=\"https:\/\/www.freimarianne.ch\/wp-content\/gallery\/glaubenbielen-iph-16-10-22\/IMG_3320.jpeg\"\n               data-thumbnail=\"https:\/\/www.freimarianne.ch\/wp-content\/gallery\/glaubenbielen-iph-16-10-22\/thumbs\/thumbs_IMG_3320.jpeg\"\n               data-image-id=\"30336\"\n               data-title=\"IMG_3320\"\n               data-description=\"Brienzer Rothorn 2348m, Schong\u00fctsch 2319m\"\n               data-image-slug=\"img_3320-1\"\n               class=\"shutterset_974766fa75d986c92ad527e99b3bae1d\">\n                <img\n                    title=\"IMG_3320\"\n                    alt=\"IMG_3320\"\n                    src=\"https:\/\/www.freimarianne.ch\/wp-content\/gallery\/glaubenbielen-iph-16-10-22\/cache\/IMG_3320.jpeg-nggid0530336-ngg0dyn-100x75x100-00f0w010c010r110f110r010t010.jpeg\"\n                    width=\"100\"\n                    height=\"62\"\n                    style=\"max-width:100%;\"\n                \/>\n            <\/a>\n        <\/div>\n\t\t\t\t\t\t\t<\/div> \n\t\t\t\n                            \n\t\t\t\t<div id=\"ngg-image-1\" class=\"ngg-gallery-thumbnail-box\" >\n\t\t\t\t        <div class=\"ngg-gallery-thumbnail\">\n            <a href=\"https:\/\/www.freimarianne.ch\/wp-content\/gallery\/glaubenbielen-iph-16-10-22\/IMG_3393.jpeg\"\n               title=\"\"\n               data-src=\"https:\/\/www.freimarianne.ch\/wp-content\/gallery\/glaubenbielen-iph-16-10-22\/IMG_3393.jpeg\"\n               data-thumbnail=\"https:\/\/www.freimarianne.ch\/wp-content\/gallery\/glaubenbielen-iph-16-10-22\/thumbs\/thumbs_IMG_3393.jpeg\"\n               data-image-id=\"30332\"\n               data-title=\"IMG_3393\"\n               data-description=\"\"\n               data-image-slug=\"img_3393-7\"\n               class=\"shutterset_974766fa75d986c92ad527e99b3bae1d\">\n                <img\n                    title=\"IMG_3393\"\n                    alt=\"IMG_3393\"\n                    src=\"https:\/\/www.freimarianne.ch\/wp-content\/gallery\/glaubenbielen-iph-16-10-22\/cache\/IMG_3393.jpeg-nggid0530332-ngg0dyn-100x75x100-00f0w010c010r110f110r010t010.jpeg\"\n                    width=\"100\"\n                    height=\"56\"\n                    style=\"max-width:100%;\"\n                \/>\n            <\/a>\n        <\/div>\n\t\t\t\t\t\t\t<\/div> \n\t\t\t\n                            \n\t\t\t\t<div id=\"ngg-image-2\" class=\"ngg-gallery-thumbnail-box\" >\n\t\t\t\t        <div class=\"ngg-gallery-thumbnail\">\n            <a href=\"https:\/\/www.freimarianne.ch\/wp-content\/gallery\/glaubenbielen-iph-16-10-22\/IMG_3389.jpeg\"\n               title=\"\"\n               data-src=\"https:\/\/www.freimarianne.ch\/wp-content\/gallery\/glaubenbielen-iph-16-10-22\/IMG_3389.jpeg\"\n               data-thumbnail=\"https:\/\/www.freimarianne.ch\/wp-content\/gallery\/glaubenbielen-iph-16-10-22\/thumbs\/thumbs_IMG_3389.jpeg\"\n               data-image-id=\"30333\"\n               data-title=\"IMG_3389\"\n               data-description=\"\"\n               data-image-slug=\"img_3389\"\n               class=\"shutterset_974766fa75d986c92ad527e99b3bae1d\">\n                <img\n                    title=\"IMG_3389\"\n                    alt=\"IMG_3389\"\n                    src=\"https:\/\/www.freimarianne.ch\/wp-content\/gallery\/glaubenbielen-iph-16-10-22\/cache\/IMG_3389.jpeg-nggid0530333-ngg0dyn-100x75x100-00f0w010c010r110f110r010t010.jpeg\"\n                    width=\"100\"\n                    height=\"56\"\n                    style=\"max-width:100%;\"\n                \/>\n            <\/a>\n        <\/div>\n\t\t\t\t\t\t\t<\/div> \n\t\t\t\n                            \n\t\t\t\t<div id=\"ngg-image-3\" class=\"ngg-gallery-thumbnail-box\" >\n\t\t\t\t        <div class=\"ngg-gallery-thumbnail\">\n            <a href=\"https:\/\/www.freimarianne.ch\/wp-content\/gallery\/glaubenbielen-iph-16-10-22\/IMG_3388.jpeg\"\n               title=\"Blick  gegen mein Zielgebiet\"\n               data-src=\"https:\/\/www.freimarianne.ch\/wp-content\/gallery\/glaubenbielen-iph-16-10-22\/IMG_3388.jpeg\"\n               data-thumbnail=\"https:\/\/www.freimarianne.ch\/wp-content\/gallery\/glaubenbielen-iph-16-10-22\/thumbs\/thumbs_IMG_3388.jpeg\"\n               data-image-id=\"30334\"\n               data-title=\"IMG_3388\"\n               data-description=\"Blick  gegen mein Zielgebiet\"\n               data-image-slug=\"img_3388-4\"\n               class=\"shutterset_974766fa75d986c92ad527e99b3bae1d\">\n                <img\n                    title=\"IMG_3388\"\n                    alt=\"IMG_3388\"\n                    src=\"https:\/\/www.freimarianne.ch\/wp-content\/gallery\/glaubenbielen-iph-16-10-22\/cache\/IMG_3388.jpeg-nggid0530334-ngg0dyn-100x75x100-00f0w010c010r110f110r010t010.jpeg\"\n                    width=\"100\"\n                    height=\"56\"\n                    style=\"max-width:100%;\"\n                \/>\n            <\/a>\n        <\/div>\n\t\t\t\t\t\t\t<\/div> \n\t\t\t\n                                    <br style=\"clear: both\" \/>\n                    \n\t\t\t\t<div id=\"ngg-image-4\" class=\"ngg-gallery-thumbnail-box\" >\n\t\t\t\t        <div class=\"ngg-gallery-thumbnail\">\n            <a href=\"https:\/\/www.freimarianne.ch\/wp-content\/gallery\/glaubenbielen-iph-16-10-22\/IMG_3322.jpeg\"\n               title=\"Teich bei der R\u00fcbih\u00fctte\"\n               data-src=\"https:\/\/www.freimarianne.ch\/wp-content\/gallery\/glaubenbielen-iph-16-10-22\/IMG_3322.jpeg\"\n               data-thumbnail=\"https:\/\/www.freimarianne.ch\/wp-content\/gallery\/glaubenbielen-iph-16-10-22\/thumbs\/thumbs_IMG_3322.jpeg\"\n               data-image-id=\"30335\"\n               data-title=\"IMG_3322\"\n               data-description=\"Teich bei der R\u00fcbih\u00fctte\"\n               data-image-slug=\"img_3322-2\"\n               class=\"shutterset_974766fa75d986c92ad527e99b3bae1d\">\n                <img\n                    title=\"IMG_3322\"\n                    alt=\"IMG_3322\"\n                    src=\"https:\/\/www.freimarianne.ch\/wp-content\/gallery\/glaubenbielen-iph-16-10-22\/cache\/IMG_3322.jpeg-nggid0530335-ngg0dyn-100x75x100-00f0w010c010r110f110r010t010.jpeg\"\n                    width=\"100\"\n                    height=\"75\"\n                    style=\"max-width:100%;\"\n                \/>\n            <\/a>\n        <\/div>\n\t\t\t\t\t\t\t<\/div> \n\t\t\t\n                            \n\t\t\t\t<div id=\"ngg-image-5\" class=\"ngg-gallery-thumbnail-box\" >\n\t\t\t\t        <div class=\"ngg-gallery-thumbnail\">\n            <a href=\"https:\/\/www.freimarianne.ch\/wp-content\/gallery\/glaubenbielen-iph-16-10-22\/IMG_3323.jpeg\"\n               title=\"unterwegs nach Schwander Unterwengen 1504m\"\n               data-src=\"https:\/\/www.freimarianne.ch\/wp-content\/gallery\/glaubenbielen-iph-16-10-22\/IMG_3323.jpeg\"\n               data-thumbnail=\"https:\/\/www.freimarianne.ch\/wp-content\/gallery\/glaubenbielen-iph-16-10-22\/thumbs\/thumbs_IMG_3323.jpeg\"\n               data-image-id=\"30331\"\n               data-title=\"IMG_3323\"\n               data-description=\"unterwegs nach Schwander Unterwengen 1504m\"\n               data-image-slug=\"img_3323-5\"\n               class=\"shutterset_974766fa75d986c92ad527e99b3bae1d\">\n                <img\n                    title=\"IMG_3323\"\n                    alt=\"IMG_3323\"\n                    src=\"https:\/\/www.freimarianne.ch\/wp-content\/gallery\/glaubenbielen-iph-16-10-22\/cache\/IMG_3323.jpeg-nggid0530331-ngg0dyn-100x75x100-00f0w010c010r110f110r010t010.jpeg\"\n                    width=\"100\"\n                    height=\"75\"\n                    style=\"max-width:100%;\"\n                \/>\n            <\/a>\n        <\/div>\n\t\t\t\t\t\t\t<\/div> \n\t\t\t\n                            \n\t\t\t\t<div id=\"ngg-image-6\" class=\"ngg-gallery-thumbnail-box\" >\n\t\t\t\t        <div class=\"ngg-gallery-thumbnail\">\n            <a href=\"https:\/\/www.freimarianne.ch\/wp-content\/gallery\/glaubenbielen-iph-16-10-22\/IMG_3383.jpeg\"\n               title=\"die Felsrippen des Rotspitz\"\n               data-src=\"https:\/\/www.freimarianne.ch\/wp-content\/gallery\/glaubenbielen-iph-16-10-22\/IMG_3383.jpeg\"\n               data-thumbnail=\"https:\/\/www.freimarianne.ch\/wp-content\/gallery\/glaubenbielen-iph-16-10-22\/thumbs\/thumbs_IMG_3383.jpeg\"\n               data-image-id=\"30330\"\n               data-title=\"IMG_3383\"\n               data-description=\"die Felsrippen des Rotspitz\"\n               data-image-slug=\"img_3383-1\"\n               class=\"shutterset_974766fa75d986c92ad527e99b3bae1d\">\n                <img\n                    title=\"IMG_3383\"\n                    alt=\"IMG_3383\"\n                    src=\"https:\/\/www.freimarianne.ch\/wp-content\/gallery\/glaubenbielen-iph-16-10-22\/cache\/IMG_3383.jpeg-nggid0530330-ngg0dyn-100x75x100-00f0w010c010r110f110r010t010.jpeg\"\n                    width=\"100\"\n                    height=\"56\"\n                    style=\"max-width:100%;\"\n                \/>\n            <\/a>\n        <\/div>\n\t\t\t\t\t\t\t<\/div> \n\t\t\t\n                            \n\t\t\t\t<div id=\"ngg-image-7\" class=\"ngg-gallery-thumbnail-box\" >\n\t\t\t\t        <div class=\"ngg-gallery-thumbnail\">\n            <a href=\"https:\/\/www.freimarianne.ch\/wp-content\/gallery\/glaubenbielen-iph-16-10-22\/IMG_3382.jpeg\"\n               title=\"unterwegs zum Sattelpass\"\n               data-src=\"https:\/\/www.freimarianne.ch\/wp-content\/gallery\/glaubenbielen-iph-16-10-22\/IMG_3382.jpeg\"\n               data-thumbnail=\"https:\/\/www.freimarianne.ch\/wp-content\/gallery\/glaubenbielen-iph-16-10-22\/thumbs\/thumbs_IMG_3382.jpeg\"\n               data-image-id=\"30329\"\n               data-title=\"IMG_3382\"\n               data-description=\"unterwegs zum Sattelpass\"\n               data-image-slug=\"img_3382-3\"\n               class=\"shutterset_974766fa75d986c92ad527e99b3bae1d\">\n                <img\n                    title=\"IMG_3382\"\n                    alt=\"IMG_3382\"\n                    src=\"https:\/\/www.freimarianne.ch\/wp-content\/gallery\/glaubenbielen-iph-16-10-22\/cache\/IMG_3382.jpeg-nggid0530329-ngg0dyn-100x75x100-00f0w010c010r110f110r010t010.jpeg\"\n                    width=\"100\"\n                    height=\"56\"\n                    style=\"max-width:100%;\"\n                \/>\n            <\/a>\n        <\/div>\n\t\t\t\t\t\t\t<\/div> \n\t\t\t\n                                    <br style=\"clear: both\" \/>\n                    \n\t\t\t\t<div id=\"ngg-image-8\" class=\"ngg-gallery-thumbnail-box\" >\n\t\t\t\t        <div class=\"ngg-gallery-thumbnail\">\n            <a href=\"https:\/\/www.freimarianne.ch\/wp-content\/gallery\/glaubenbielen-iph-16-10-22\/IMG_3379.jpeg\"\n               title=\"\"\n               data-src=\"https:\/\/www.freimarianne.ch\/wp-content\/gallery\/glaubenbielen-iph-16-10-22\/IMG_3379.jpeg\"\n               data-thumbnail=\"https:\/\/www.freimarianne.ch\/wp-content\/gallery\/glaubenbielen-iph-16-10-22\/thumbs\/thumbs_IMG_3379.jpeg\"\n               data-image-id=\"30328\"\n               data-title=\"IMG_3379\"\n               data-description=\"\"\n               data-image-slug=\"img_3379-2\"\n               class=\"shutterset_974766fa75d986c92ad527e99b3bae1d\">\n                <img\n                    title=\"IMG_3379\"\n                    alt=\"IMG_3379\"\n                    src=\"https:\/\/www.freimarianne.ch\/wp-content\/gallery\/glaubenbielen-iph-16-10-22\/cache\/IMG_3379.jpeg-nggid0530328-ngg0dyn-100x75x100-00f0w010c010r110f110r010t010.jpeg\"\n                    width=\"100\"\n                    height=\"56\"\n                    style=\"max-width:100%;\"\n                \/>\n            <\/a>\n        <\/div>\n\t\t\t\t\t\t\t<\/div> \n\t\t\t\n                            \n\t\t\t\t<div id=\"ngg-image-9\" class=\"ngg-gallery-thumbnail-box\" >\n\t\t\t\t        <div class=\"ngg-gallery-thumbnail\">\n            <a href=\"https:\/\/www.freimarianne.ch\/wp-content\/gallery\/glaubenbielen-iph-16-10-22\/IMG_3329.jpeg\"\n               title=\"li Schafnase 2011m, Rossflue 2081m; Blick zur\u00fcck auf Ror  1548m\"\n               data-src=\"https:\/\/www.freimarianne.ch\/wp-content\/gallery\/glaubenbielen-iph-16-10-22\/IMG_3329.jpeg\"\n               data-thumbnail=\"https:\/\/www.freimarianne.ch\/wp-content\/gallery\/glaubenbielen-iph-16-10-22\/thumbs\/thumbs_IMG_3329.jpeg\"\n               data-image-id=\"30326\"\n               data-title=\"IMG_3329\"\n               data-description=\"li Schafnase 2011m, Rossflue 2081m; Blick zur\u00fcck auf Ror  1548m\"\n               data-image-slug=\"img_3329-3\"\n               class=\"shutterset_974766fa75d986c92ad527e99b3bae1d\">\n                <img\n                    title=\"IMG_3329\"\n                    alt=\"IMG_3329\"\n                    src=\"https:\/\/www.freimarianne.ch\/wp-content\/gallery\/glaubenbielen-iph-16-10-22\/cache\/IMG_3329.jpeg-nggid0530326-ngg0dyn-100x75x100-00f0w010c010r110f110r010t010.jpeg\"\n                    width=\"100\"\n                    height=\"75\"\n                    style=\"max-width:100%;\"\n                \/>\n            <\/a>\n        <\/div>\n\t\t\t\t\t\t\t<\/div> \n\t\t\t\n                            \n\t\t\t\t<div id=\"ngg-image-10\" class=\"ngg-gallery-thumbnail-box\" >\n\t\t\t\t        <div class=\"ngg-gallery-thumbnail\">\n            <a href=\"https:\/\/www.freimarianne.ch\/wp-content\/gallery\/glaubenbielen-iph-16-10-22\/IMG_3332.jpeg\"\n               title=\"Moorgebiet Rorboden\"\n               data-src=\"https:\/\/www.freimarianne.ch\/wp-content\/gallery\/glaubenbielen-iph-16-10-22\/IMG_3332.jpeg\"\n               data-thumbnail=\"https:\/\/www.freimarianne.ch\/wp-content\/gallery\/glaubenbielen-iph-16-10-22\/thumbs\/thumbs_IMG_3332.jpeg\"\n               data-image-id=\"30327\"\n               data-title=\"IMG_3332\"\n               data-description=\"Moorgebiet Rorboden\"\n               data-image-slug=\"img_3332-3\"\n               class=\"shutterset_974766fa75d986c92ad527e99b3bae1d\">\n                <img\n                    title=\"IMG_3332\"\n                    alt=\"IMG_3332\"\n                    src=\"https:\/\/www.freimarianne.ch\/wp-content\/gallery\/glaubenbielen-iph-16-10-22\/cache\/IMG_3332.jpeg-nggid0530327-ngg0dyn-100x75x100-00f0w010c010r110f110r010t010.jpeg\"\n                    width=\"100\"\n                    height=\"75\"\n                    style=\"max-width:100%;\"\n                \/>\n            <\/a>\n        <\/div>\n\t\t\t\t\t\t\t<\/div> \n\t\t\t\n                            \n\t\t\t\t<div id=\"ngg-image-11\" class=\"ngg-gallery-thumbnail-box\" >\n\t\t\t\t        <div class=\"ngg-gallery-thumbnail\">\n            <a href=\"https:\/\/www.freimarianne.ch\/wp-content\/gallery\/glaubenbielen-iph-16-10-22\/IMG_3333.jpeg\"\n               title=\"Moorgebiet Rorboden\"\n               data-src=\"https:\/\/www.freimarianne.ch\/wp-content\/gallery\/glaubenbielen-iph-16-10-22\/IMG_3333.jpeg\"\n               data-thumbnail=\"https:\/\/www.freimarianne.ch\/wp-content\/gallery\/glaubenbielen-iph-16-10-22\/thumbs\/thumbs_IMG_3333.jpeg\"\n               data-image-id=\"30325\"\n               data-title=\"IMG_3333\"\n               data-description=\"Moorgebiet Rorboden\"\n               data-image-slug=\"img_3333-3\"\n               class=\"shutterset_974766fa75d986c92ad527e99b3bae1d\">\n                <img\n                    title=\"IMG_3333\"\n                    alt=\"IMG_3333\"\n                    src=\"https:\/\/www.freimarianne.ch\/wp-content\/gallery\/glaubenbielen-iph-16-10-22\/cache\/IMG_3333.jpeg-nggid0530325-ngg0dyn-100x75x100-00f0w010c010r110f110r010t010.jpeg\"\n                    width=\"100\"\n                    height=\"75\"\n                    style=\"max-width:100%;\"\n                \/>\n            <\/a>\n        <\/div>\n\t\t\t\t\t\t\t<\/div> \n\t\t\t\n                                    <br style=\"clear: both\" \/>\n                    \n\t\t\t\t<div id=\"ngg-image-12\" class=\"ngg-gallery-thumbnail-box\" >\n\t\t\t\t        <div class=\"ngg-gallery-thumbnail\">\n            <a href=\"https:\/\/www.freimarianne.ch\/wp-content\/gallery\/glaubenbielen-iph-16-10-22\/IMG_3334.jpeg\"\n               title=\"Schafnase 2011m, Rossflue 2081m, M\u00e4ndli 1910m, H\u00f6ch Gumme 2205m\"\n               data-src=\"https:\/\/www.freimarianne.ch\/wp-content\/gallery\/glaubenbielen-iph-16-10-22\/IMG_3334.jpeg\"\n               data-thumbnail=\"https:\/\/www.freimarianne.ch\/wp-content\/gallery\/glaubenbielen-iph-16-10-22\/thumbs\/thumbs_IMG_3334.jpeg\"\n               data-image-id=\"30324\"\n               data-title=\"IMG_3334\"\n               data-description=\"Schafnase 2011m, Rossflue 2081m, M\u00e4ndli 1910m, H\u00f6ch Gumme 2205m\"\n               data-image-slug=\"img_3334-5\"\n               class=\"shutterset_974766fa75d986c92ad527e99b3bae1d\">\n                <img\n                    title=\"IMG_3334\"\n                    alt=\"IMG_3334\"\n                    src=\"https:\/\/www.freimarianne.ch\/wp-content\/gallery\/glaubenbielen-iph-16-10-22\/cache\/IMG_3334.jpeg-nggid0530324-ngg0dyn-100x75x100-00f0w010c010r110f110r010t010.jpeg\"\n                    width=\"100\"\n                    height=\"75\"\n                    style=\"max-width:100%;\"\n                \/>\n            <\/a>\n        <\/div>\n\t\t\t\t\t\t\t<\/div> \n\t\t\t\n                            \n\t\t\t\t<div id=\"ngg-image-13\" class=\"ngg-gallery-thumbnail-box\" >\n\t\t\t\t        <div class=\"ngg-gallery-thumbnail\">\n            <a href=\"https:\/\/www.freimarianne.ch\/wp-content\/gallery\/glaubenbielen-iph-16-10-22\/IMG_3336.jpeg\"\n               title=\"Aufhellung; Moorgebiet Rorboden\"\n               data-src=\"https:\/\/www.freimarianne.ch\/wp-content\/gallery\/glaubenbielen-iph-16-10-22\/IMG_3336.jpeg\"\n               data-thumbnail=\"https:\/\/www.freimarianne.ch\/wp-content\/gallery\/glaubenbielen-iph-16-10-22\/thumbs\/thumbs_IMG_3336.jpeg\"\n               data-image-id=\"30323\"\n               data-title=\"IMG_3336\"\n               data-description=\"Aufhellung; Moorgebiet Rorboden\"\n               data-image-slug=\"img_3336-2\"\n               class=\"shutterset_974766fa75d986c92ad527e99b3bae1d\">\n                <img\n                    title=\"IMG_3336\"\n                    alt=\"IMG_3336\"\n                    src=\"https:\/\/www.freimarianne.ch\/wp-content\/gallery\/glaubenbielen-iph-16-10-22\/cache\/IMG_3336.jpeg-nggid0530323-ngg0dyn-100x75x100-00f0w010c010r110f110r010t010.jpeg\"\n                    width=\"100\"\n                    height=\"65\"\n                    style=\"max-width:100%;\"\n                \/>\n            <\/a>\n        <\/div>\n\t\t\t\t\t\t\t<\/div> \n\t\t\t\n                            \n\t\t\t\t<div id=\"ngg-image-14\" class=\"ngg-gallery-thumbnail-box\" >\n\t\t\t\t        <div class=\"ngg-gallery-thumbnail\">\n            <a href=\"https:\/\/www.freimarianne.ch\/wp-content\/gallery\/glaubenbielen-iph-16-10-22\/IMG_3376.jpeg\"\n               title=\"BLICK ZUR\u00dcCK\"\n               data-src=\"https:\/\/www.freimarianne.ch\/wp-content\/gallery\/glaubenbielen-iph-16-10-22\/IMG_3376.jpeg\"\n               data-thumbnail=\"https:\/\/www.freimarianne.ch\/wp-content\/gallery\/glaubenbielen-iph-16-10-22\/thumbs\/thumbs_IMG_3376.jpeg\"\n               data-image-id=\"30322\"\n               data-title=\"IMG_3376\"\n               data-description=\"BLICK ZUR\u00dcCK\"\n               data-image-slug=\"img_3376-3\"\n               class=\"shutterset_974766fa75d986c92ad527e99b3bae1d\">\n                <img\n                    title=\"IMG_3376\"\n                    alt=\"IMG_3376\"\n                    src=\"https:\/\/www.freimarianne.ch\/wp-content\/gallery\/glaubenbielen-iph-16-10-22\/cache\/IMG_3376.jpeg-nggid0530322-ngg0dyn-100x75x100-00f0w010c010r110f110r010t010.jpeg\"\n                    width=\"100\"\n                    height=\"56\"\n                    style=\"max-width:100%;\"\n                \/>\n            <\/a>\n        <\/div>\n\t\t\t\t\t\t\t<\/div> \n\t\t\t\n                            \n\t\t\t\t<div id=\"ngg-image-15\" class=\"ngg-gallery-thumbnail-box\" >\n\t\t\t\t        <div class=\"ngg-gallery-thumbnail\">\n            <a href=\"https:\/\/www.freimarianne.ch\/wp-content\/gallery\/glaubenbielen-iph-16-10-22\/IMG_3340.jpeg\"\n               title=\"Brienzer Rothorn 2348m, Haldimattstock  1792m\"\n               data-src=\"https:\/\/www.freimarianne.ch\/wp-content\/gallery\/glaubenbielen-iph-16-10-22\/IMG_3340.jpeg\"\n               data-thumbnail=\"https:\/\/www.freimarianne.ch\/wp-content\/gallery\/glaubenbielen-iph-16-10-22\/thumbs\/thumbs_IMG_3340.jpeg\"\n               data-image-id=\"30321\"\n               data-title=\"IMG_3340\"\n               data-description=\"Brienzer Rothorn 2348m, Haldimattstock  1792m\"\n               data-image-slug=\"img_3340-1\"\n               class=\"shutterset_974766fa75d986c92ad527e99b3bae1d\">\n                <img\n                    title=\"IMG_3340\"\n                    alt=\"IMG_3340\"\n                    src=\"https:\/\/www.freimarianne.ch\/wp-content\/gallery\/glaubenbielen-iph-16-10-22\/cache\/IMG_3340.jpeg-nggid0530321-ngg0dyn-100x75x100-00f0w010c010r110f110r010t010.jpeg\"\n                    width=\"100\"\n                    height=\"75\"\n                    style=\"max-width:100%;\"\n                \/>\n            <\/a>\n        <\/div>\n\t\t\t\t\t\t\t<\/div> \n\t\t\t\n                                    <br style=\"clear: both\" \/>\n                    \n\t\t\t\t<div id=\"ngg-image-16\" class=\"ngg-gallery-thumbnail-box\" >\n\t\t\t\t        <div class=\"ngg-gallery-thumbnail\">\n            <a href=\"https:\/\/www.freimarianne.ch\/wp-content\/gallery\/glaubenbielen-iph-16-10-22\/IMG_3343.jpeg\"\n               title=\"Blick zur Miesenegg; die beiden F\u00fcrstein\"\n               data-src=\"https:\/\/www.freimarianne.ch\/wp-content\/gallery\/glaubenbielen-iph-16-10-22\/IMG_3343.jpeg\"\n               data-thumbnail=\"https:\/\/www.freimarianne.ch\/wp-content\/gallery\/glaubenbielen-iph-16-10-22\/thumbs\/thumbs_IMG_3343.jpeg\"\n               data-image-id=\"30320\"\n               data-title=\"IMG_3343\"\n               data-description=\"Blick zur Miesenegg; die beiden F\u00fcrstein\"\n               data-image-slug=\"img_3343-2\"\n               class=\"shutterset_974766fa75d986c92ad527e99b3bae1d\">\n                <img\n                    title=\"IMG_3343\"\n                    alt=\"IMG_3343\"\n                    src=\"https:\/\/www.freimarianne.ch\/wp-content\/gallery\/glaubenbielen-iph-16-10-22\/cache\/IMG_3343.jpeg-nggid0530320-ngg0dyn-100x75x100-00f0w010c010r110f110r010t010.jpeg\"\n                    width=\"100\"\n                    height=\"75\"\n                    style=\"max-width:100%;\"\n                \/>\n            <\/a>\n        <\/div>\n\t\t\t\t\t\t\t<\/div> \n\t\t\t\n                            \n\t\t\t\t<div id=\"ngg-image-17\" class=\"ngg-gallery-thumbnail-box\" >\n\t\t\t\t        <div class=\"ngg-gallery-thumbnail\">\n            <a href=\"https:\/\/www.freimarianne.ch\/wp-content\/gallery\/glaubenbielen-iph-16-10-22\/IMG_3348.jpeg\"\n               title=\"hinauf zur Miesenegg\"\n               data-src=\"https:\/\/www.freimarianne.ch\/wp-content\/gallery\/glaubenbielen-iph-16-10-22\/IMG_3348.jpeg\"\n               data-thumbnail=\"https:\/\/www.freimarianne.ch\/wp-content\/gallery\/glaubenbielen-iph-16-10-22\/thumbs\/thumbs_IMG_3348.jpeg\"\n               data-image-id=\"30319\"\n               data-title=\"IMG_3348\"\n               data-description=\"hinauf zur Miesenegg\"\n               data-image-slug=\"img_3348-4\"\n               class=\"shutterset_974766fa75d986c92ad527e99b3bae1d\">\n                <img\n                    title=\"IMG_3348\"\n                    alt=\"IMG_3348\"\n                    src=\"https:\/\/www.freimarianne.ch\/wp-content\/gallery\/glaubenbielen-iph-16-10-22\/cache\/IMG_3348.jpeg-nggid0530319-ngg0dyn-100x75x100-00f0w010c010r110f110r010t010.jpeg\"\n                    width=\"100\"\n                    height=\"75\"\n                    style=\"max-width:100%;\"\n                \/>\n            <\/a>\n        <\/div>\n\t\t\t\t\t\t\t<\/div> \n\t\t\t\n                            \n\t\t\t\t<div id=\"ngg-image-18\" class=\"ngg-gallery-thumbnail-box\" >\n\t\t\t\t        <div class=\"ngg-gallery-thumbnail\">\n            <a href=\"https:\/\/www.freimarianne.ch\/wp-content\/gallery\/glaubenbielen-iph-16-10-22\/IMG_3349.jpeg\"\n               title=\"hinauf zur Miesenegg; Blick zur\u00fcck; Hengst 2092m, H\u00e4chle 2091m\"\n               data-src=\"https:\/\/www.freimarianne.ch\/wp-content\/gallery\/glaubenbielen-iph-16-10-22\/IMG_3349.jpeg\"\n               data-thumbnail=\"https:\/\/www.freimarianne.ch\/wp-content\/gallery\/glaubenbielen-iph-16-10-22\/thumbs\/thumbs_IMG_3349.jpeg\"\n               data-image-id=\"30318\"\n               data-title=\"IMG_3349\"\n               data-description=\"hinauf zur Miesenegg; Blick zur\u00fcck; Hengst 2092m, H\u00e4chle 2091m\"\n               data-image-slug=\"img_3349-2\"\n               class=\"shutterset_974766fa75d986c92ad527e99b3bae1d\">\n                <img\n                    title=\"IMG_3349\"\n                    alt=\"IMG_3349\"\n                    src=\"https:\/\/www.freimarianne.ch\/wp-content\/gallery\/glaubenbielen-iph-16-10-22\/cache\/IMG_3349.jpeg-nggid0530318-ngg0dyn-100x75x100-00f0w010c010r110f110r010t010.jpeg\"\n                    width=\"100\"\n                    height=\"75\"\n                    style=\"max-width:100%;\"\n                \/>\n            <\/a>\n        <\/div>\n\t\t\t\t\t\t\t<\/div> \n\t\t\t\n                            \n\t\t\t\t<div id=\"ngg-image-19\" class=\"ngg-gallery-thumbnail-box\" >\n\t\t\t\t        <div class=\"ngg-gallery-thumbnail\">\n            <a href=\"https:\/\/www.freimarianne.ch\/wp-content\/gallery\/glaubenbielen-iph-16-10-22\/IMG_3354.jpeg\"\n               title=\"Sicht beim Aufstieg zur Miesenegg; Wetterhorngruppe, Eiger Jungfrau\"\n               data-src=\"https:\/\/www.freimarianne.ch\/wp-content\/gallery\/glaubenbielen-iph-16-10-22\/IMG_3354.jpeg\"\n               data-thumbnail=\"https:\/\/www.freimarianne.ch\/wp-content\/gallery\/glaubenbielen-iph-16-10-22\/thumbs\/thumbs_IMG_3354.jpeg\"\n               data-image-id=\"30317\"\n               data-title=\"IMG_3354\"\n               data-description=\"Sicht beim Aufstieg zur Miesenegg; Wetterhorngruppe, Eiger Jungfrau\"\n               data-image-slug=\"img_3354\"\n               class=\"shutterset_974766fa75d986c92ad527e99b3bae1d\">\n                <img\n                    title=\"IMG_3354\"\n                    alt=\"IMG_3354\"\n                    src=\"https:\/\/www.freimarianne.ch\/wp-content\/gallery\/glaubenbielen-iph-16-10-22\/cache\/IMG_3354.jpeg-nggid0530317-ngg0dyn-100x75x100-00f0w010c010r110f110r010t010.jpeg\"\n                    width=\"100\"\n                    height=\"75\"\n                    style=\"max-width:100%;\"\n                \/>\n            <\/a>\n        <\/div>\n\t\t\t\t\t\t\t<\/div> \n\t\t\t\n                                    <br style=\"clear: both\" \/>\n                    \n\t\t\t\t<div id=\"ngg-image-20\" class=\"ngg-gallery-thumbnail-box\" >\n\t\t\t\t        <div class=\"ngg-gallery-thumbnail\">\n            <a href=\"https:\/\/www.freimarianne.ch\/wp-content\/gallery\/glaubenbielen-iph-16-10-22\/IMG_3355.jpeg\"\n               title=\"Sicht auf Chli F\u00fcrstein 1900m, F\u00fcrstein  2040m\"\n               data-src=\"https:\/\/www.freimarianne.ch\/wp-content\/gallery\/glaubenbielen-iph-16-10-22\/IMG_3355.jpeg\"\n               data-thumbnail=\"https:\/\/www.freimarianne.ch\/wp-content\/gallery\/glaubenbielen-iph-16-10-22\/thumbs\/thumbs_IMG_3355.jpeg\"\n               data-image-id=\"30316\"\n               data-title=\"IMG_3355\"\n               data-description=\"Sicht auf Chli F\u00fcrstein 1900m, F\u00fcrstein  2040m\"\n               data-image-slug=\"img_3355-1\"\n               class=\"shutterset_974766fa75d986c92ad527e99b3bae1d\">\n                <img\n                    title=\"IMG_3355\"\n                    alt=\"IMG_3355\"\n                    src=\"https:\/\/www.freimarianne.ch\/wp-content\/gallery\/glaubenbielen-iph-16-10-22\/cache\/IMG_3355.jpeg-nggid0530316-ngg0dyn-100x75x100-00f0w010c010r110f110r010t010.jpeg\"\n                    width=\"100\"\n                    height=\"75\"\n                    style=\"max-width:100%;\"\n                \/>\n            <\/a>\n        <\/div>\n\t\t\t\t\t\t\t<\/div> \n\t\t\t\n                            \n\t\t\t\t<div id=\"ngg-image-21\" class=\"ngg-gallery-thumbnail-box\" >\n\t\t\t\t        <div class=\"ngg-gallery-thumbnail\">\n            <a href=\"https:\/\/www.freimarianne.ch\/wp-content\/gallery\/glaubenbielen-iph-16-10-22\/IMG_3373.jpeg\"\n               title=\"Blick gegen die Trogenegg\"\n               data-src=\"https:\/\/www.freimarianne.ch\/wp-content\/gallery\/glaubenbielen-iph-16-10-22\/IMG_3373.jpeg\"\n               data-thumbnail=\"https:\/\/www.freimarianne.ch\/wp-content\/gallery\/glaubenbielen-iph-16-10-22\/thumbs\/thumbs_IMG_3373.jpeg\"\n               data-image-id=\"30310\"\n               data-title=\"IMG_3373\"\n               data-description=\"Blick gegen die Trogenegg\"\n               data-image-slug=\"img_3373-2\"\n               class=\"shutterset_974766fa75d986c92ad527e99b3bae1d\">\n                <img\n                    title=\"IMG_3373\"\n                    alt=\"IMG_3373\"\n                    src=\"https:\/\/www.freimarianne.ch\/wp-content\/gallery\/glaubenbielen-iph-16-10-22\/cache\/IMG_3373.jpeg-nggid0530310-ngg0dyn-100x75x100-00f0w010c010r110f110r010t010.jpeg\"\n                    width=\"100\"\n                    height=\"56\"\n                    style=\"max-width:100%;\"\n                \/>\n            <\/a>\n        <\/div>\n\t\t\t\t\t\t\t<\/div> \n\t\t\t\n                            \n\t\t\t\t<div id=\"ngg-image-22\" class=\"ngg-gallery-thumbnail-box\" >\n\t\t\t\t        <div class=\"ngg-gallery-thumbnail\">\n            <a href=\"https:\/\/www.freimarianne.ch\/wp-content\/gallery\/glaubenbielen-iph-16-10-22\/IMG_3360.jpeg\"\n               title=\"Blick gegen die Trogenegg; Eiger und M\u00f6nch\"\n               data-src=\"https:\/\/www.freimarianne.ch\/wp-content\/gallery\/glaubenbielen-iph-16-10-22\/IMG_3360.jpeg\"\n               data-thumbnail=\"https:\/\/www.freimarianne.ch\/wp-content\/gallery\/glaubenbielen-iph-16-10-22\/thumbs\/thumbs_IMG_3360.jpeg\"\n               data-image-id=\"30315\"\n               data-title=\"IMG_3360\"\n               data-description=\"Blick gegen die Trogenegg; Eiger und M\u00f6nch\"\n               data-image-slug=\"img_3360-2\"\n               class=\"shutterset_974766fa75d986c92ad527e99b3bae1d\">\n                <img\n                    title=\"IMG_3360\"\n                    alt=\"IMG_3360\"\n                    src=\"https:\/\/www.freimarianne.ch\/wp-content\/gallery\/glaubenbielen-iph-16-10-22\/cache\/IMG_3360.jpeg-nggid0530315-ngg0dyn-100x75x100-00f0w010c010r110f110r010t010.jpeg\"\n                    width=\"100\"\n                    height=\"75\"\n                    style=\"max-width:100%;\"\n                \/>\n            <\/a>\n        <\/div>\n\t\t\t\t\t\t\t<\/div> \n\t\t\t\n                            \n\t\t\t\t<div id=\"ngg-image-23\" class=\"ngg-gallery-thumbnail-box\" >\n\t\t\t\t        <div class=\"ngg-gallery-thumbnail\">\n            <a href=\"https:\/\/www.freimarianne.ch\/wp-content\/gallery\/glaubenbielen-iph-16-10-22\/IMG_3371.jpeg\"\n               title=\"\"\n               data-src=\"https:\/\/www.freimarianne.ch\/wp-content\/gallery\/glaubenbielen-iph-16-10-22\/IMG_3371.jpeg\"\n               data-thumbnail=\"https:\/\/www.freimarianne.ch\/wp-content\/gallery\/glaubenbielen-iph-16-10-22\/thumbs\/thumbs_IMG_3371.jpeg\"\n               data-image-id=\"30312\"\n               data-title=\"IMG_3371\"\n               data-description=\"\"\n               data-image-slug=\"img_3371-2\"\n               class=\"shutterset_974766fa75d986c92ad527e99b3bae1d\">\n                <img\n                    title=\"IMG_3371\"\n                    alt=\"IMG_3371\"\n                    src=\"https:\/\/www.freimarianne.ch\/wp-content\/gallery\/glaubenbielen-iph-16-10-22\/cache\/IMG_3371.jpeg-nggid0530312-ngg0dyn-100x75x100-00f0w010c010r110f110r010t010.jpeg\"\n                    width=\"100\"\n                    height=\"56\"\n                    style=\"max-width:100%;\"\n                \/>\n            <\/a>\n        <\/div>\n\t\t\t\t\t\t\t<\/div> \n\t\t\t\n                                    <br style=\"clear: both\" \/>\n                    \n\t\t\t\t<div id=\"ngg-image-24\" class=\"ngg-gallery-thumbnail-box\" >\n\t\t\t\t        <div class=\"ngg-gallery-thumbnail\">\n            <a href=\"https:\/\/www.freimarianne.ch\/wp-content\/gallery\/glaubenbielen-iph-16-10-22\/IMG_3419.jpeg\"\n               title=\"\"\n               data-src=\"https:\/\/www.freimarianne.ch\/wp-content\/gallery\/glaubenbielen-iph-16-10-22\/IMG_3419.jpeg\"\n               data-thumbnail=\"https:\/\/www.freimarianne.ch\/wp-content\/gallery\/glaubenbielen-iph-16-10-22\/thumbs\/thumbs_IMG_3419.jpeg\"\n               data-image-id=\"30314\"\n               data-title=\"IMG_3419\"\n               data-description=\"\"\n               data-image-slug=\"img_3419-4\"\n               class=\"shutterset_974766fa75d986c92ad527e99b3bae1d\">\n                <img\n                    title=\"IMG_3419\"\n                    alt=\"IMG_3419\"\n                    src=\"https:\/\/www.freimarianne.ch\/wp-content\/gallery\/glaubenbielen-iph-16-10-22\/cache\/IMG_3419.jpeg-nggid0530314-ngg0dyn-100x75x100-00f0w010c010r110f110r010t010.jpeg\"\n                    width=\"100\"\n                    height=\"56\"\n                    style=\"max-width:100%;\"\n                \/>\n            <\/a>\n        <\/div>\n\t\t\t\t\t\t\t<\/div> \n\t\t\t\n                            \n\t\t\t\t<div id=\"ngg-image-25\" class=\"ngg-gallery-thumbnail-box\" >\n\t\t\t\t        <div class=\"ngg-gallery-thumbnail\">\n            <a href=\"https:\/\/www.freimarianne.ch\/wp-content\/gallery\/glaubenbielen-iph-16-10-22\/IMG_3367.jpeg\"\n               title=\"Sicht von der Trogenegg 1808m\"\n               data-src=\"https:\/\/www.freimarianne.ch\/wp-content\/gallery\/glaubenbielen-iph-16-10-22\/IMG_3367.jpeg\"\n               data-thumbnail=\"https:\/\/www.freimarianne.ch\/wp-content\/gallery\/glaubenbielen-iph-16-10-22\/thumbs\/thumbs_IMG_3367.jpeg\"\n               data-image-id=\"30313\"\n               data-title=\"IMG_3367\"\n               data-description=\"Sicht von der Trogenegg 1808m\"\n               data-image-slug=\"img_3367-1\"\n               class=\"shutterset_974766fa75d986c92ad527e99b3bae1d\">\n                <img\n                    title=\"IMG_3367\"\n                    alt=\"IMG_3367\"\n                    src=\"https:\/\/www.freimarianne.ch\/wp-content\/gallery\/glaubenbielen-iph-16-10-22\/cache\/IMG_3367.jpeg-nggid0530313-ngg0dyn-100x75x100-00f0w010c010r110f110r010t010.jpeg\"\n                    width=\"100\"\n                    height=\"56\"\n                    style=\"max-width:100%;\"\n                \/>\n            <\/a>\n        <\/div>\n\t\t\t\t\t\t\t<\/div> \n\t\t\t\n                            \n\t\t\t\t<div id=\"ngg-image-26\" class=\"ngg-gallery-thumbnail-box\" >\n\t\t\t\t        <div class=\"ngg-gallery-thumbnail\">\n            <a href=\"https:\/\/www.freimarianne.ch\/wp-content\/gallery\/glaubenbielen-iph-16-10-22\/IMG_3365.jpeg\"\n               title=\"Sicht von der Trogenegg 1808m; Blick gegen Langis; hi Stanserhorn\"\n               data-src=\"https:\/\/www.freimarianne.ch\/wp-content\/gallery\/glaubenbielen-iph-16-10-22\/IMG_3365.jpeg\"\n               data-thumbnail=\"https:\/\/www.freimarianne.ch\/wp-content\/gallery\/glaubenbielen-iph-16-10-22\/thumbs\/thumbs_IMG_3365.jpeg\"\n               data-image-id=\"30311\"\n               data-title=\"IMG_3365\"\n               data-description=\"Sicht von der Trogenegg 1808m; Blick gegen Langis; hi Stanserhorn\"\n               data-image-slug=\"img_3365-2\"\n               class=\"shutterset_974766fa75d986c92ad527e99b3bae1d\">\n                <img\n                    title=\"IMG_3365\"\n                    alt=\"IMG_3365\"\n                    src=\"https:\/\/www.freimarianne.ch\/wp-content\/gallery\/glaubenbielen-iph-16-10-22\/cache\/IMG_3365.jpeg-nggid0530311-ngg0dyn-100x75x100-00f0w010c010r110f110r010t010.jpeg\"\n                    width=\"100\"\n                    height=\"75\"\n                    style=\"max-width:100%;\"\n                \/>\n            <\/a>\n        <\/div>\n\t\t\t\t\t\t\t<\/div> \n\t\t\t\n                            \n\t\t\n\t\t<!-- Pagination -->\n\t<div class='ngg-clear'><\/div>\t<\/div>\n\n","protected":false},"excerpt":{"rendered":"<p>Wanderung vom Entlebuch \u00fcber den Sattelpass nach Glaubenberg in Kanton Obwalden Heute zieht es mich nochmals ins Gebiet Glaubenberg. Ich m\u00f6chte von Glaubenbielen,S\u00f6renberg LU \u00fcber den Sattelpass nach Glaubenberg OW wandern.Um 9.14h bin ich auf Glaubenbielen 1611m. Leider ist der Himmel bew\u00f6lkt. Ich mache Fotos von der Brienzer Rothornkette und wandere dann zuerst auf einem [&hellip;]<\/p>\n","protected":false},"author":1,"featured_media":0,"parent":60728,"menu_order":13,"comment_status":"closed","ping_status":"closed","template":"","meta":{"ngg_post_thumbnail":0},"_links":{"self":[{"href":"https:\/\/www.freimarianne.ch\/index.php?rest_route=\/wp\/v2\/pages\/61207"}],"collection":[{"href":"https:\/\/www.freimarianne.ch\/index.php?rest_route=\/wp\/v2\/pages"}],"about":[{"href":"https:\/\/www.freimarianne.ch\/index.php?rest_route=\/wp\/v2\/types\/page"}],"author":[{"embeddable":true,"href":"https:\/\/www.freimarianne.ch\/index.php?rest_route=\/wp\/v2\/users\/1"}],"replies":[{"embeddable":true,"href":"https:\/\/www.freimarianne.ch\/index.php?rest_route=%2Fwp%2Fv2%2Fcomments&post=61207"}],"version-history":[{"count":4,"href":"https:\/\/www.freimarianne.ch\/index.php?rest_route=\/wp\/v2\/pages\/61207\/revisions"}],"predecessor-version":[{"id":61296,"href":"https:\/\/www.freimarianne.ch\/index.php?rest_route=\/wp\/v2\/pages\/61207\/revisions\/61296"}],"up":[{"embeddable":true,"href":"https:\/\/www.freimarianne.ch\/index.php?rest_route=\/wp\/v2\/pages\/60728"}],"wp:attachment":[{"href":"https:\/\/www.freimarianne.ch\/index.php?rest_route=%2Fwp%2Fv2%2Fmedia&parent=61207"}],"curies":[{"name":"wp","href":"https:\/\/api.w.org\/{rel}","templated":true}]}}