{"id":62289,"date":"2023-06-03T10:18:40","date_gmt":"2023-06-03T09:18:40","guid":{"rendered":"http:\/\/www.freimarianne.ch\/?page_id=62289"},"modified":"2023-06-08T07:46:02","modified_gmt":"2023-06-08T06:46:02","slug":"gomera-wanderung-nationalpark-el-cedro","status":"publish","type":"page","link":"https:\/\/www.freimarianne.ch\/?page_id=62289","title":{"rendered":"Gomera: Wanderung Nationalpark El Cedro 2.5.2023"},"content":{"rendered":"\n<p>Eine sch\u00f6ne Wanderung durch den mit Moos und Flechten behangenen Urwald begleitet vom Pl\u00e4tschern des ganzj\u00e4hrig fliessenden Baches El Cedro. Das Naturschutzgebiet El Cedro geh\u00f6rt mit dem hohen Anteil an Lorbeerb\u00e4umen zum UNESCO-Welterbe.<br>Gehzeit ca. 4 h \/ Strecke 10 km \/ H\u00f6henmeter +390 m \/ \u2013 600 m leicht-mittel<\/p>\n\n\n\n<!-- index.php -->\n<div\n\tclass=\"ngg-galleryoverview ngg-ajax-pagination-none\"\n\tid=\"ngg-gallery-4cfb549961b56988106ee416cabf509a-1\">\n\n    \t<div class=\"slideshowlink\">\n        <a href='https:\/\/www.freimarianne.ch\/index.php\/nggallery\/slideshow?page_id=62289'>[Show as slideshow]<\/a>\n\t\t\n\t<\/div>\n\t\t\t<!-- Thumbnails -->\n\t\t\t\t<div id=\"ngg-image-0\" class=\"ngg-gallery-thumbnail-box\" >\n\t\t\t\t        <div class=\"ngg-gallery-thumbnail\">\n            <a href=\"https:\/\/www.freimarianne.ch\/wp-content\/gallery\/el-cedro-2-5-23\/IMG_3672.jpeg\"\n               title=\"\"\n               data-src=\"https:\/\/www.freimarianne.ch\/wp-content\/gallery\/el-cedro-2-5-23\/IMG_3672.jpeg\"\n               data-thumbnail=\"https:\/\/www.freimarianne.ch\/wp-content\/gallery\/el-cedro-2-5-23\/thumbs\/thumbs_IMG_3672.jpeg\"\n               data-image-id=\"31116\"\n               data-title=\"IMG_3672\"\n               data-description=\"\"\n               data-image-slug=\"img_3672-2\"\n               class=\"shutterset_4cfb549961b56988106ee416cabf509a\">\n                <img\n                    title=\"IMG_3672\"\n                    alt=\"IMG_3672\"\n                    src=\"https:\/\/www.freimarianne.ch\/wp-content\/gallery\/el-cedro-2-5-23\/cache\/IMG_3672.jpeg-nggid0531116-ngg0dyn-100x75x100-00f0w010c010r110f110r010t010.jpeg\"\n                    width=\"100\"\n                    height=\"75\"\n                    style=\"max-width:100%;\"\n                \/>\n            <\/a>\n        <\/div>\n\t\t\t\t\t\t\t<\/div> \n\t\t\t\n                            \n\t\t\t\t<div id=\"ngg-image-1\" class=\"ngg-gallery-thumbnail-box\" >\n\t\t\t\t        <div class=\"ngg-gallery-thumbnail\">\n            <a href=\"https:\/\/www.freimarianne.ch\/wp-content\/gallery\/el-cedro-2-5-23\/IMG_3674.jpeg\"\n               title=\"\"\n               data-src=\"https:\/\/www.freimarianne.ch\/wp-content\/gallery\/el-cedro-2-5-23\/IMG_3674.jpeg\"\n               data-thumbnail=\"https:\/\/www.freimarianne.ch\/wp-content\/gallery\/el-cedro-2-5-23\/thumbs\/thumbs_IMG_3674.jpeg\"\n               data-image-id=\"31112\"\n               data-title=\"IMG_3674\"\n               data-description=\"\"\n               data-image-slug=\"img_3674-3\"\n               class=\"shutterset_4cfb549961b56988106ee416cabf509a\">\n                <img\n                    title=\"IMG_3674\"\n                    alt=\"IMG_3674\"\n                    src=\"https:\/\/www.freimarianne.ch\/wp-content\/gallery\/el-cedro-2-5-23\/cache\/IMG_3674.jpeg-nggid0531112-ngg0dyn-100x75x100-00f0w010c010r110f110r010t010.jpeg\"\n                    width=\"100\"\n                    height=\"75\"\n                    style=\"max-width:100%;\"\n                \/>\n            <\/a>\n        <\/div>\n\t\t\t\t\t\t\t<\/div> \n\t\t\t\n                            \n\t\t\t\t<div id=\"ngg-image-2\" class=\"ngg-gallery-thumbnail-box\" >\n\t\t\t\t        <div class=\"ngg-gallery-thumbnail\">\n            <a href=\"https:\/\/www.freimarianne.ch\/wp-content\/gallery\/el-cedro-2-5-23\/IMG_3679.jpeg\"\n               title=\"\"\n               data-src=\"https:\/\/www.freimarianne.ch\/wp-content\/gallery\/el-cedro-2-5-23\/IMG_3679.jpeg\"\n               data-thumbnail=\"https:\/\/www.freimarianne.ch\/wp-content\/gallery\/el-cedro-2-5-23\/thumbs\/thumbs_IMG_3679.jpeg\"\n               data-image-id=\"31111\"\n               data-title=\"IMG_3679\"\n               data-description=\"\"\n               data-image-slug=\"img_3679-4\"\n               class=\"shutterset_4cfb549961b56988106ee416cabf509a\">\n                <img\n                    title=\"IMG_3679\"\n                    alt=\"IMG_3679\"\n                    src=\"https:\/\/www.freimarianne.ch\/wp-content\/gallery\/el-cedro-2-5-23\/cache\/IMG_3679.jpeg-nggid0531111-ngg0dyn-100x75x100-00f0w010c010r110f110r010t010.jpeg\"\n                    width=\"100\"\n                    height=\"75\"\n                    style=\"max-width:100%;\"\n                \/>\n            <\/a>\n        <\/div>\n\t\t\t\t\t\t\t<\/div> \n\t\t\t\n                            \n\t\t\t\t<div id=\"ngg-image-3\" class=\"ngg-gallery-thumbnail-box\" >\n\t\t\t\t        <div class=\"ngg-gallery-thumbnail\">\n            <a href=\"https:\/\/www.freimarianne.ch\/wp-content\/gallery\/el-cedro-2-5-23\/IMG_3680.jpeg\"\n               title=\"\"\n               data-src=\"https:\/\/www.freimarianne.ch\/wp-content\/gallery\/el-cedro-2-5-23\/IMG_3680.jpeg\"\n               data-thumbnail=\"https:\/\/www.freimarianne.ch\/wp-content\/gallery\/el-cedro-2-5-23\/thumbs\/thumbs_IMG_3680.jpeg\"\n               data-image-id=\"31114\"\n               data-title=\"IMG_3680\"\n               data-description=\"\"\n               data-image-slug=\"img_3680-4\"\n               class=\"shutterset_4cfb549961b56988106ee416cabf509a\">\n                <img\n                    title=\"IMG_3680\"\n                    alt=\"IMG_3680\"\n                    src=\"https:\/\/www.freimarianne.ch\/wp-content\/gallery\/el-cedro-2-5-23\/cache\/IMG_3680.jpeg-nggid0531114-ngg0dyn-100x75x100-00f0w010c010r110f110r010t010.jpeg\"\n                    width=\"100\"\n                    height=\"75\"\n                    style=\"max-width:100%;\"\n                \/>\n            <\/a>\n        <\/div>\n\t\t\t\t\t\t\t<\/div> \n\t\t\t\n                                    <br style=\"clear: both\" \/>\n                    \n\t\t\t\t<div id=\"ngg-image-4\" class=\"ngg-gallery-thumbnail-box\" >\n\t\t\t\t        <div class=\"ngg-gallery-thumbnail\">\n            <a href=\"https:\/\/www.freimarianne.ch\/wp-content\/gallery\/el-cedro-2-5-23\/IMG_3682.jpeg\"\n               title=\"\"\n               data-src=\"https:\/\/www.freimarianne.ch\/wp-content\/gallery\/el-cedro-2-5-23\/IMG_3682.jpeg\"\n               data-thumbnail=\"https:\/\/www.freimarianne.ch\/wp-content\/gallery\/el-cedro-2-5-23\/thumbs\/thumbs_IMG_3682.jpeg\"\n               data-image-id=\"31115\"\n               data-title=\"IMG_3682\"\n               data-description=\"\"\n               data-image-slug=\"img_3682-2\"\n               class=\"shutterset_4cfb549961b56988106ee416cabf509a\">\n                <img\n                    title=\"IMG_3682\"\n                    alt=\"IMG_3682\"\n                    src=\"https:\/\/www.freimarianne.ch\/wp-content\/gallery\/el-cedro-2-5-23\/cache\/IMG_3682.jpeg-nggid0531115-ngg0dyn-100x75x100-00f0w010c010r110f110r010t010.jpeg\"\n                    width=\"100\"\n                    height=\"75\"\n                    style=\"max-width:100%;\"\n                \/>\n            <\/a>\n        <\/div>\n\t\t\t\t\t\t\t<\/div> \n\t\t\t\n                            \n\t\t\t\t<div id=\"ngg-image-5\" class=\"ngg-gallery-thumbnail-box\" >\n\t\t\t\t        <div class=\"ngg-gallery-thumbnail\">\n            <a href=\"https:\/\/www.freimarianne.ch\/wp-content\/gallery\/el-cedro-2-5-23\/IMG_3687.jpeg\"\n               title=\"\"\n               data-src=\"https:\/\/www.freimarianne.ch\/wp-content\/gallery\/el-cedro-2-5-23\/IMG_3687.jpeg\"\n               data-thumbnail=\"https:\/\/www.freimarianne.ch\/wp-content\/gallery\/el-cedro-2-5-23\/thumbs\/thumbs_IMG_3687.jpeg\"\n               data-image-id=\"31113\"\n               data-title=\"IMG_3687\"\n               data-description=\"\"\n               data-image-slug=\"img_3687-1\"\n               class=\"shutterset_4cfb549961b56988106ee416cabf509a\">\n                <img\n                    title=\"IMG_3687\"\n                    alt=\"IMG_3687\"\n                    src=\"https:\/\/www.freimarianne.ch\/wp-content\/gallery\/el-cedro-2-5-23\/cache\/IMG_3687.jpeg-nggid0531113-ngg0dyn-100x75x100-00f0w010c010r110f110r010t010.jpeg\"\n                    width=\"100\"\n                    height=\"75\"\n                    style=\"max-width:100%;\"\n                \/>\n            <\/a>\n        <\/div>\n\t\t\t\t\t\t\t<\/div> \n\t\t\t\n                            \n\t\t\t\t<div id=\"ngg-image-6\" class=\"ngg-gallery-thumbnail-box\" >\n\t\t\t\t        <div class=\"ngg-gallery-thumbnail\">\n            <a href=\"https:\/\/www.freimarianne.ch\/wp-content\/gallery\/el-cedro-2-5-23\/IMG_3690.jpeg\"\n               title=\"\"\n               data-src=\"https:\/\/www.freimarianne.ch\/wp-content\/gallery\/el-cedro-2-5-23\/IMG_3690.jpeg\"\n               data-thumbnail=\"https:\/\/www.freimarianne.ch\/wp-content\/gallery\/el-cedro-2-5-23\/thumbs\/thumbs_IMG_3690.jpeg\"\n               data-image-id=\"31110\"\n               data-title=\"IMG_3690\"\n               data-description=\"\"\n               data-image-slug=\"img_3690\"\n               class=\"shutterset_4cfb549961b56988106ee416cabf509a\">\n                <img\n                    title=\"IMG_3690\"\n                    alt=\"IMG_3690\"\n                    src=\"https:\/\/www.freimarianne.ch\/wp-content\/gallery\/el-cedro-2-5-23\/cache\/IMG_3690.jpeg-nggid0531110-ngg0dyn-100x75x100-00f0w010c010r110f110r010t010.jpeg\"\n                    width=\"100\"\n                    height=\"75\"\n                    style=\"max-width:100%;\"\n                \/>\n            <\/a>\n        <\/div>\n\t\t\t\t\t\t\t<\/div> \n\t\t\t\n                            \n\t\t\n\t\t<!-- Pagination -->\n\t<div class='ngg-clear'><\/div>\t<\/div>\n\n","protected":false},"excerpt":{"rendered":"<p>Eine sch\u00f6ne Wanderung durch den mit Moos und Flechten behangenen Urwald begleitet vom Pl\u00e4tschern des ganzj\u00e4hrig fliessenden Baches El Cedro. Das Naturschutzgebiet El Cedro geh\u00f6rt mit dem hohen Anteil an Lorbeerb\u00e4umen zum UNESCO-Welterbe.Gehzeit ca. 4 h \/ Strecke 10 km \/ H\u00f6henmeter +390 m \/ \u2013 600 m leicht-mittel<\/p>\n","protected":false},"author":1,"featured_media":0,"parent":62265,"menu_order":6,"comment_status":"closed","ping_status":"closed","template":"","meta":{"ngg_post_thumbnail":0},"_links":{"self":[{"href":"https:\/\/www.freimarianne.ch\/index.php?rest_route=\/wp\/v2\/pages\/62289"}],"collection":[{"href":"https:\/\/www.freimarianne.ch\/index.php?rest_route=\/wp\/v2\/pages"}],"about":[{"href":"https:\/\/www.freimarianne.ch\/index.php?rest_route=\/wp\/v2\/types\/page"}],"author":[{"embeddable":true,"href":"https:\/\/www.freimarianne.ch\/index.php?rest_route=\/wp\/v2\/users\/1"}],"replies":[{"embeddable":true,"href":"https:\/\/www.freimarianne.ch\/index.php?rest_route=%2Fwp%2Fv2%2Fcomments&post=62289"}],"version-history":[{"count":5,"href":"https:\/\/www.freimarianne.ch\/index.php?rest_route=\/wp\/v2\/pages\/62289\/revisions"}],"predecessor-version":[{"id":62527,"href":"https:\/\/www.freimarianne.ch\/index.php?rest_route=\/wp\/v2\/pages\/62289\/revisions\/62527"}],"up":[{"embeddable":true,"href":"https:\/\/www.freimarianne.ch\/index.php?rest_route=\/wp\/v2\/pages\/62265"}],"wp:attachment":[{"href":"https:\/\/www.freimarianne.ch\/index.php?rest_route=%2Fwp%2Fv2%2Fmedia&parent=62289"}],"curies":[{"name":"wp","href":"https:\/\/api.w.org\/{rel}","templated":true}]}}