{"id":63438,"date":"2023-10-14T14:48:36","date_gmt":"2023-10-14T13:48:36","guid":{"rendered":"http:\/\/www.freimarianne.ch\/?page_id=63438"},"modified":"2023-10-14T14:53:35","modified_gmt":"2023-10-14T13:53:35","slug":"erlach-murten-be-12-10-2023","status":"publish","type":"page","link":"https:\/\/www.freimarianne.ch\/?page_id=63438","title":{"rendered":"Erlach &#8211; Murten  BE 12.10.2023"},"content":{"rendered":"\n<p><strong>Fahrt mit dem Schiff vom Bielersee in den Neuenburgersee und den Murtensee<\/strong><\/p>\n\n\n<div id=\"attachment_63437\" style=\"width: 510px\" class=\"wp-caption alignleft\"><img aria-describedby=\"caption-attachment-63437\" loading=\"lazy\" class=\"size-full wp-image-63437\" src=\"http:\/\/www.freimarianne.ch\/wp-content\/uploads\/2023\/10\/IMG_5294_erlach-10.23_500.jpeg\" alt=\"\" width=\"500\" height=\"319\" srcset=\"https:\/\/www.freimarianne.ch\/wp-content\/uploads\/2023\/10\/IMG_5294_erlach-10.23_500.jpeg 500w, https:\/\/www.freimarianne.ch\/wp-content\/uploads\/2023\/10\/IMG_5294_erlach-10.23_500-300x191.jpeg 300w, https:\/\/www.freimarianne.ch\/wp-content\/uploads\/2023\/10\/IMG_5294_erlach-10.23_500-470x300.jpeg 470w\" sizes=\"(max-width: 500px) 100vw, 500px\" \/><p id=\"caption-attachment-63437\" class=\"wp-caption-text\">Fahrt zum Zihlkanal; le Landeron<\/p><\/div>\n<p>Heute fahre ich an den Bielersee nach Erlach. Ich habe vor, eine kurze Wanderung \u00fcber den Jolimont zu machen.<br>Aber als ich um 10.23h in Erlach ankomme, sehe ich im Bus die n\u00e4chsten Verbindungen ab hier. Es gibt um 120.59h ein Schiff nach Murten !<br>Pl\u00f6tzlich habe ich Lust, eine Fahrt mit dem Schiff zu machen und einen der letzten Sommertage im Oktober zu geniessen. So spaziere ich kurz durch den Ort und begebe mich dann an den See zur Schiffsanlegestelle. Die Oberfl\u00e4che des Bielersees ist glatt und leuchtet dunkelblau.Das Schiff f\u00e4hrt hin\u00fcber zur Einfahrt in den Zihlkanal, welcher den Bielersee mit dem Neuenburgersee verbindet.<br>Die Fahr verl\u00e4uft v\u00f6llig ruhig und wirkt sehr entspannend. Nach ca. einer Stunde fahren wir in den Neuenburgersee hinein. Das Schiff umf\u00e4hrt in einem grossen Bogen das Vogelschutzreservat und erreicht dann die Einfahrt in den Canal de la Broye, der uns in einer weiterhin ruhigen Fahrt in den Murtensee bringt.<br>Ich sitze w\u00e4hrend der ganzen Fahrt draussen im Bug des Schiffes. Die meisten Leute verbringen die Fahrzeit beim Essen in der Kabine und verpassen das Erlebnis der Landschaft. <br>In Murten spaziere ich ich durch das St\u00e4dtchen, das ich von einem anderen Besuch bereits kenne. Um 14.17h nehme ich die S-Bahn nach Bern.<\/p>\n\n\n<!-- index.php -->\n<div\n\tclass=\"ngg-galleryoverview ngg-ajax-pagination-none\"\n\tid=\"ngg-gallery-0967a3e52a54f58544a89da60387d1dd-1\">\n\n    \t<div class=\"slideshowlink\">\n        <a href='https:\/\/www.freimarianne.ch\/index.php\/nggallery\/slideshow?page_id=63438'>[Show as slideshow]<\/a>\n\t\t\n\t<\/div>\n\t\t\t<!-- Thumbnails -->\n\t\t\t\t<div id=\"ngg-image-0\" class=\"ngg-gallery-thumbnail-box\" >\n\t\t\t\t        <div class=\"ngg-gallery-thumbnail\">\n            <a href=\"https:\/\/www.freimarianne.ch\/wp-content\/gallery\/erlach-12-10-23\/IMG_5297.jpeg\"\n               title=\"in Erlach\"\n               data-src=\"https:\/\/www.freimarianne.ch\/wp-content\/gallery\/erlach-12-10-23\/IMG_5297.jpeg\"\n               data-thumbnail=\"https:\/\/www.freimarianne.ch\/wp-content\/gallery\/erlach-12-10-23\/thumbs\/thumbs_IMG_5297.jpeg\"\n               data-image-id=\"31866\"\n               data-title=\"in Erlach\"\n               data-description=\"in Erlach\"\n               data-image-slug=\"img_5297-5\"\n               class=\"shutterset_0967a3e52a54f58544a89da60387d1dd\">\n                <img\n                    title=\"in Erlach\"\n                    alt=\"in Erlach\"\n                    src=\"https:\/\/www.freimarianne.ch\/wp-content\/gallery\/erlach-12-10-23\/cache\/IMG_5297.jpeg-nggid0531866-ngg0dyn-100x75x100-00f0w010c010r110f110r010t010.jpeg\"\n                    width=\"90\"\n                    height=\"75\"\n                    style=\"max-width:100%;\"\n                \/>\n            <\/a>\n        <\/div>\n\t\t\t\t\t\t\t<\/div> \n\t\t\t\n                            \n\t\t\t\t<div id=\"ngg-image-1\" class=\"ngg-gallery-thumbnail-box\" >\n\t\t\t\t        <div class=\"ngg-gallery-thumbnail\">\n            <a href=\"https:\/\/www.freimarianne.ch\/wp-content\/gallery\/erlach-12-10-23\/IMG_5300.jpeg\"\n               title=\"in Erlach\"\n               data-src=\"https:\/\/www.freimarianne.ch\/wp-content\/gallery\/erlach-12-10-23\/IMG_5300.jpeg\"\n               data-thumbnail=\"https:\/\/www.freimarianne.ch\/wp-content\/gallery\/erlach-12-10-23\/thumbs\/thumbs_IMG_5300.jpeg\"\n               data-image-id=\"31867\"\n               data-title=\"in Erlach\"\n               data-description=\"in Erlach\"\n               data-image-slug=\"img_5300-5\"\n               class=\"shutterset_0967a3e52a54f58544a89da60387d1dd\">\n                <img\n                    title=\"in Erlach\"\n                    alt=\"in Erlach\"\n                    src=\"https:\/\/www.freimarianne.ch\/wp-content\/gallery\/erlach-12-10-23\/cache\/IMG_5300.jpeg-nggid0531867-ngg0dyn-100x75x100-00f0w010c010r110f110r010t010.jpeg\"\n                    width=\"100\"\n                    height=\"68\"\n                    style=\"max-width:100%;\"\n                \/>\n            <\/a>\n        <\/div>\n\t\t\t\t\t\t\t<\/div> \n\t\t\t\n                            \n\t\t\t\t<div id=\"ngg-image-2\" class=\"ngg-gallery-thumbnail-box\" >\n\t\t\t\t        <div class=\"ngg-gallery-thumbnail\">\n            <a href=\"https:\/\/www.freimarianne.ch\/wp-content\/gallery\/erlach-12-10-23\/IMG_5304.jpeg\"\n               title=\"Bielersee; Blick zum Zihlkanal\"\n               data-src=\"https:\/\/www.freimarianne.ch\/wp-content\/gallery\/erlach-12-10-23\/IMG_5304.jpeg\"\n               data-thumbnail=\"https:\/\/www.freimarianne.ch\/wp-content\/gallery\/erlach-12-10-23\/thumbs\/thumbs_IMG_5304.jpeg\"\n               data-image-id=\"31865\"\n               data-title=\"Bielersee; Blick zum Zihlkanal\"\n               data-description=\"Bielersee; Blick zum Zihlkanal\"\n               data-image-slug=\"img_5304-1\"\n               class=\"shutterset_0967a3e52a54f58544a89da60387d1dd\">\n                <img\n                    title=\"Bielersee; Blick zum Zihlkanal\"\n                    alt=\"Bielersee; Blick zum Zihlkanal\"\n                    src=\"https:\/\/www.freimarianne.ch\/wp-content\/gallery\/erlach-12-10-23\/cache\/IMG_5304.jpeg-nggid0531865-ngg0dyn-100x75x100-00f0w010c010r110f110r010t010.jpeg\"\n                    width=\"100\"\n                    height=\"75\"\n                    style=\"max-width:100%;\"\n                \/>\n            <\/a>\n        <\/div>\n\t\t\t\t\t\t\t<\/div> \n\t\t\t\n                            \n\t\t\t\t<div id=\"ngg-image-3\" class=\"ngg-gallery-thumbnail-box\" >\n\t\t\t\t        <div class=\"ngg-gallery-thumbnail\">\n            <a href=\"https:\/\/www.freimarianne.ch\/wp-content\/gallery\/erlach-12-10-23\/IMG_5305.jpeg\"\n               title=\"Blick auf Erlach und den Jolimont\"\n               data-src=\"https:\/\/www.freimarianne.ch\/wp-content\/gallery\/erlach-12-10-23\/IMG_5305.jpeg\"\n               data-thumbnail=\"https:\/\/www.freimarianne.ch\/wp-content\/gallery\/erlach-12-10-23\/thumbs\/thumbs_IMG_5305.jpeg\"\n               data-image-id=\"31864\"\n               data-title=\"Blick auf Erlach und den Jolimont\"\n               data-description=\"Blick auf Erlach und den Jolimont\"\n               data-image-slug=\"img_5305-2\"\n               class=\"shutterset_0967a3e52a54f58544a89da60387d1dd\">\n                <img\n                    title=\"Blick auf Erlach und den Jolimont\"\n                    alt=\"Blick auf Erlach und den Jolimont\"\n                    src=\"https:\/\/www.freimarianne.ch\/wp-content\/gallery\/erlach-12-10-23\/cache\/IMG_5305.jpeg-nggid0531864-ngg0dyn-100x75x100-00f0w010c010r110f110r010t010.jpeg\"\n                    width=\"100\"\n                    height=\"70\"\n                    style=\"max-width:100%;\"\n                \/>\n            <\/a>\n        <\/div>\n\t\t\t\t\t\t\t<\/div> \n\t\t\t\n                                    <br style=\"clear: both\" \/>\n                    \n\t\t\t\t<div id=\"ngg-image-4\" class=\"ngg-gallery-thumbnail-box\" >\n\t\t\t\t        <div class=\"ngg-gallery-thumbnail\">\n            <a href=\"https:\/\/www.freimarianne.ch\/wp-content\/gallery\/erlach-12-10-23\/IMG_5307.jpeg\"\n               title=\"im Zihlkanal\"\n               data-src=\"https:\/\/www.freimarianne.ch\/wp-content\/gallery\/erlach-12-10-23\/IMG_5307.jpeg\"\n               data-thumbnail=\"https:\/\/www.freimarianne.ch\/wp-content\/gallery\/erlach-12-10-23\/thumbs\/thumbs_IMG_5307.jpeg\"\n               data-image-id=\"31863\"\n               data-title=\"im Zihlkanal\"\n               data-description=\"im Zihlkanal\"\n               data-image-slug=\"img_5307-1\"\n               class=\"shutterset_0967a3e52a54f58544a89da60387d1dd\">\n                <img\n                    title=\"im Zihlkanal\"\n                    alt=\"im Zihlkanal\"\n                    src=\"https:\/\/www.freimarianne.ch\/wp-content\/gallery\/erlach-12-10-23\/cache\/IMG_5307.jpeg-nggid0531863-ngg0dyn-100x75x100-00f0w010c010r110f110r010t010.jpeg\"\n                    width=\"100\"\n                    height=\"75\"\n                    style=\"max-width:100%;\"\n                \/>\n            <\/a>\n        <\/div>\n\t\t\t\t\t\t\t<\/div> \n\t\t\t\n                            \n\t\t\t\t<div id=\"ngg-image-5\" class=\"ngg-gallery-thumbnail-box\" >\n\t\t\t\t        <div class=\"ngg-gallery-thumbnail\">\n            <a href=\"https:\/\/www.freimarianne.ch\/wp-content\/gallery\/erlach-12-10-23\/IMG_5311.jpeg\"\n               title=\"Einfahrt in den Neuenburgersee; Blick zur\u00fcck in den Zihlkanal\"\n               data-src=\"https:\/\/www.freimarianne.ch\/wp-content\/gallery\/erlach-12-10-23\/IMG_5311.jpeg\"\n               data-thumbnail=\"https:\/\/www.freimarianne.ch\/wp-content\/gallery\/erlach-12-10-23\/thumbs\/thumbs_IMG_5311.jpeg\"\n               data-image-id=\"31862\"\n               data-title=\"Einfahrt in den Neuenburgersee; Blick zur\u00fcck in den Zihlkanal\"\n               data-description=\"Einfahrt in den Neuenburgersee; Blick zur\u00fcck in den Zihlkanal\"\n               data-image-slug=\"img_5311-2\"\n               class=\"shutterset_0967a3e52a54f58544a89da60387d1dd\">\n                <img\n                    title=\"Einfahrt in den Neuenburgersee; Blick zur\u00fcck in den Zihlkanal\"\n                    alt=\"Einfahrt in den Neuenburgersee; Blick zur\u00fcck in den Zihlkanal\"\n                    src=\"https:\/\/www.freimarianne.ch\/wp-content\/gallery\/erlach-12-10-23\/cache\/IMG_5311.jpeg-nggid0531862-ngg0dyn-100x75x100-00f0w010c010r110f110r010t010.jpeg\"\n                    width=\"100\"\n                    height=\"69\"\n                    style=\"max-width:100%;\"\n                \/>\n            <\/a>\n        <\/div>\n\t\t\t\t\t\t\t<\/div> \n\t\t\t\n                            \n\t\t\t\t<div id=\"ngg-image-6\" class=\"ngg-gallery-thumbnail-box\" >\n\t\t\t\t        <div class=\"ngg-gallery-thumbnail\">\n            <a href=\"https:\/\/www.freimarianne.ch\/wp-content\/gallery\/erlach-12-10-23\/IMG_5313.jpeg\"\n               title=\"Naturschutzgebiet Neuenburgersee\"\n               data-src=\"https:\/\/www.freimarianne.ch\/wp-content\/gallery\/erlach-12-10-23\/IMG_5313.jpeg\"\n               data-thumbnail=\"https:\/\/www.freimarianne.ch\/wp-content\/gallery\/erlach-12-10-23\/thumbs\/thumbs_IMG_5313.jpeg\"\n               data-image-id=\"31861\"\n               data-title=\"Naturschutzgebiet Neuenburgersee\"\n               data-description=\"Naturschutzgebiet Neuenburgersee\"\n               data-image-slug=\"img_5313\"\n               class=\"shutterset_0967a3e52a54f58544a89da60387d1dd\">\n                <img\n                    title=\"Naturschutzgebiet Neuenburgersee\"\n                    alt=\"Naturschutzgebiet Neuenburgersee\"\n                    src=\"https:\/\/www.freimarianne.ch\/wp-content\/gallery\/erlach-12-10-23\/cache\/IMG_5313.jpeg-nggid0531861-ngg0dyn-100x75x100-00f0w010c010r110f110r010t010.jpeg\"\n                    width=\"100\"\n                    height=\"75\"\n                    style=\"max-width:100%;\"\n                \/>\n            <\/a>\n        <\/div>\n\t\t\t\t\t\t\t<\/div> \n\t\t\t\n                            \n\t\t\t\t<div id=\"ngg-image-7\" class=\"ngg-gallery-thumbnail-box\" >\n\t\t\t\t        <div class=\"ngg-gallery-thumbnail\">\n            <a href=\"https:\/\/www.freimarianne.ch\/wp-content\/gallery\/erlach-12-10-23\/IMG_5314.jpeg\"\n               title=\"Canal de Broye\"\n               data-src=\"https:\/\/www.freimarianne.ch\/wp-content\/gallery\/erlach-12-10-23\/IMG_5314.jpeg\"\n               data-thumbnail=\"https:\/\/www.freimarianne.ch\/wp-content\/gallery\/erlach-12-10-23\/thumbs\/thumbs_IMG_5314.jpeg\"\n               data-image-id=\"31860\"\n               data-title=\"Canal de Broye\"\n               data-description=\"Canal de Broye\"\n               data-image-slug=\"img_5314-3\"\n               class=\"shutterset_0967a3e52a54f58544a89da60387d1dd\">\n                <img\n                    title=\"Canal de Broye\"\n                    alt=\"Canal de Broye\"\n                    src=\"https:\/\/www.freimarianne.ch\/wp-content\/gallery\/erlach-12-10-23\/cache\/IMG_5314.jpeg-nggid0531860-ngg0dyn-100x75x100-00f0w010c010r110f110r010t010.jpeg\"\n                    width=\"100\"\n                    height=\"75\"\n                    style=\"max-width:100%;\"\n                \/>\n            <\/a>\n        <\/div>\n\t\t\t\t\t\t\t<\/div> \n\t\t\t\n                                    <br style=\"clear: both\" \/>\n                    \n\t\t\t\t<div id=\"ngg-image-8\" class=\"ngg-gallery-thumbnail-box\" >\n\t\t\t\t        <div class=\"ngg-gallery-thumbnail\">\n            <a href=\"https:\/\/www.freimarianne.ch\/wp-content\/gallery\/erlach-12-10-23\/IMG_5315.jpeg\"\n               title=\"Canal de Broye\"\n               data-src=\"https:\/\/www.freimarianne.ch\/wp-content\/gallery\/erlach-12-10-23\/IMG_5315.jpeg\"\n               data-thumbnail=\"https:\/\/www.freimarianne.ch\/wp-content\/gallery\/erlach-12-10-23\/thumbs\/thumbs_IMG_5315.jpeg\"\n               data-image-id=\"31855\"\n               data-title=\"Canal de Broye\"\n               data-description=\"Canal de Broye\"\n               data-image-slug=\"img_5315-4\"\n               class=\"shutterset_0967a3e52a54f58544a89da60387d1dd\">\n                <img\n                    title=\"Canal de Broye\"\n                    alt=\"Canal de Broye\"\n                    src=\"https:\/\/www.freimarianne.ch\/wp-content\/gallery\/erlach-12-10-23\/cache\/IMG_5315.jpeg-nggid0531855-ngg0dyn-100x75x100-00f0w010c010r110f110r010t010.jpeg\"\n                    width=\"100\"\n                    height=\"75\"\n                    style=\"max-width:100%;\"\n                \/>\n            <\/a>\n        <\/div>\n\t\t\t\t\t\t\t<\/div> \n\t\t\t\n                            \n\t\t\t\t<div id=\"ngg-image-9\" class=\"ngg-gallery-thumbnail-box\" >\n\t\t\t\t        <div class=\"ngg-gallery-thumbnail\">\n            <a href=\"https:\/\/www.freimarianne.ch\/wp-content\/gallery\/erlach-12-10-23\/IMG_5316.jpeg\"\n               title=\"Canal de Broye; Einfahrt in den Murtensee\"\n               data-src=\"https:\/\/www.freimarianne.ch\/wp-content\/gallery\/erlach-12-10-23\/IMG_5316.jpeg\"\n               data-thumbnail=\"https:\/\/www.freimarianne.ch\/wp-content\/gallery\/erlach-12-10-23\/thumbs\/thumbs_IMG_5316.jpeg\"\n               data-image-id=\"31857\"\n               data-title=\"Canal de Broye; Einfahrt in den Murtensee\"\n               data-description=\"Canal de Broye; Einfahrt in den Murtensee\"\n               data-image-slug=\"img_5316-3\"\n               class=\"shutterset_0967a3e52a54f58544a89da60387d1dd\">\n                <img\n                    title=\"Canal de Broye; Einfahrt in den Murtensee\"\n                    alt=\"Canal de Broye; Einfahrt in den Murtensee\"\n                    src=\"https:\/\/www.freimarianne.ch\/wp-content\/gallery\/erlach-12-10-23\/cache\/IMG_5316.jpeg-nggid0531857-ngg0dyn-100x75x100-00f0w010c010r110f110r010t010.jpeg\"\n                    width=\"100\"\n                    height=\"73\"\n                    style=\"max-width:100%;\"\n                \/>\n            <\/a>\n        <\/div>\n\t\t\t\t\t\t\t<\/div> \n\t\t\t\n                            \n\t\t\t\t<div id=\"ngg-image-10\" class=\"ngg-gallery-thumbnail-box\" >\n\t\t\t\t        <div class=\"ngg-gallery-thumbnail\">\n            <a href=\"https:\/\/www.freimarianne.ch\/wp-content\/gallery\/erlach-12-10-23\/IMG_5321.jpeg\"\n               title=\"Murternsee; li Mont Vully\"\n               data-src=\"https:\/\/www.freimarianne.ch\/wp-content\/gallery\/erlach-12-10-23\/IMG_5321.jpeg\"\n               data-thumbnail=\"https:\/\/www.freimarianne.ch\/wp-content\/gallery\/erlach-12-10-23\/thumbs\/thumbs_IMG_5321.jpeg\"\n               data-image-id=\"31856\"\n               data-title=\"Murternsee; li Mont Vully\"\n               data-description=\"Murternsee; li Mont Vully\"\n               data-image-slug=\"img_5321-3\"\n               class=\"shutterset_0967a3e52a54f58544a89da60387d1dd\">\n                <img\n                    title=\"Murternsee; li Mont Vully\"\n                    alt=\"Murternsee; li Mont Vully\"\n                    src=\"https:\/\/www.freimarianne.ch\/wp-content\/gallery\/erlach-12-10-23\/cache\/IMG_5321.jpeg-nggid0531856-ngg0dyn-100x75x100-00f0w010c010r110f110r010t010.jpeg\"\n                    width=\"100\"\n                    height=\"66\"\n                    style=\"max-width:100%;\"\n                \/>\n            <\/a>\n        <\/div>\n\t\t\t\t\t\t\t<\/div> \n\t\t\t\n                            \n\t\t\t\t<div id=\"ngg-image-11\" class=\"ngg-gallery-thumbnail-box\" >\n\t\t\t\t        <div class=\"ngg-gallery-thumbnail\">\n            <a href=\"https:\/\/www.freimarianne.ch\/wp-content\/gallery\/erlach-12-10-23\/IMG_5322.jpeg\"\n               title=\"am Murtensee\"\n               data-src=\"https:\/\/www.freimarianne.ch\/wp-content\/gallery\/erlach-12-10-23\/IMG_5322.jpeg\"\n               data-thumbnail=\"https:\/\/www.freimarianne.ch\/wp-content\/gallery\/erlach-12-10-23\/thumbs\/thumbs_IMG_5322.jpeg\"\n               data-image-id=\"31859\"\n               data-title=\"am Murtensee\"\n               data-description=\"am Murtensee\"\n               data-image-slug=\"img_5322-2\"\n               class=\"shutterset_0967a3e52a54f58544a89da60387d1dd\">\n                <img\n                    title=\"am Murtensee\"\n                    alt=\"am Murtensee\"\n                    src=\"https:\/\/www.freimarianne.ch\/wp-content\/gallery\/erlach-12-10-23\/cache\/IMG_5322.jpeg-nggid0531859-ngg0dyn-100x75x100-00f0w010c010r110f110r010t010.jpeg\"\n                    width=\"100\"\n                    height=\"75\"\n                    style=\"max-width:100%;\"\n                \/>\n            <\/a>\n        <\/div>\n\t\t\t\t\t\t\t<\/div> \n\t\t\t\n                                    <br style=\"clear: both\" \/>\n                    \n\t\t\t\t<div id=\"ngg-image-12\" class=\"ngg-gallery-thumbnail-box\" >\n\t\t\t\t        <div class=\"ngg-gallery-thumbnail\">\n            <a href=\"https:\/\/www.freimarianne.ch\/wp-content\/gallery\/erlach-12-10-23\/IMG_5326.jpeg\"\n               title=\"Murten\"\n               data-src=\"https:\/\/www.freimarianne.ch\/wp-content\/gallery\/erlach-12-10-23\/IMG_5326.jpeg\"\n               data-thumbnail=\"https:\/\/www.freimarianne.ch\/wp-content\/gallery\/erlach-12-10-23\/thumbs\/thumbs_IMG_5326.jpeg\"\n               data-image-id=\"31858\"\n               data-title=\"Murten\"\n               data-description=\"Murten\"\n               data-image-slug=\"img_5326-7\"\n               class=\"shutterset_0967a3e52a54f58544a89da60387d1dd\">\n                <img\n                    title=\"Murten\"\n                    alt=\"Murten\"\n                    src=\"https:\/\/www.freimarianne.ch\/wp-content\/gallery\/erlach-12-10-23\/cache\/IMG_5326.jpeg-nggid0531858-ngg0dyn-100x75x100-00f0w010c010r110f110r010t010.jpeg\"\n                    width=\"100\"\n                    height=\"61\"\n                    style=\"max-width:100%;\"\n                \/>\n            <\/a>\n        <\/div>\n\t\t\t\t\t\t\t<\/div> \n\t\t\t\n                            \n\t\t\t\t<div id=\"ngg-image-13\" class=\"ngg-gallery-thumbnail-box\" >\n\t\t\t\t        <div class=\"ngg-gallery-thumbnail\">\n            <a href=\"https:\/\/www.freimarianne.ch\/wp-content\/gallery\/erlach-12-10-23\/IMG_5330.jpeg\"\n               title=\"Murten; Stadtmauer\"\n               data-src=\"https:\/\/www.freimarianne.ch\/wp-content\/gallery\/erlach-12-10-23\/IMG_5330.jpeg\"\n               data-thumbnail=\"https:\/\/www.freimarianne.ch\/wp-content\/gallery\/erlach-12-10-23\/thumbs\/thumbs_IMG_5330.jpeg\"\n               data-image-id=\"31854\"\n               data-title=\"Murten; Stadtmauer\"\n               data-description=\"Murten; Stadtmauer\"\n               data-image-slug=\"img_5330-1\"\n               class=\"shutterset_0967a3e52a54f58544a89da60387d1dd\">\n                <img\n                    title=\"Murten; Stadtmauer\"\n                    alt=\"Murten; Stadtmauer\"\n                    src=\"https:\/\/www.freimarianne.ch\/wp-content\/gallery\/erlach-12-10-23\/cache\/IMG_5330.jpeg-nggid0531854-ngg0dyn-100x75x100-00f0w010c010r110f110r010t010.jpeg\"\n                    width=\"100\"\n                    height=\"75\"\n                    style=\"max-width:100%;\"\n                \/>\n            <\/a>\n        <\/div>\n\t\t\t\t\t\t\t<\/div> \n\t\t\t\n                            \n\t\t\n\t\t<!-- Pagination -->\n\t<div class='ngg-clear'><\/div>\t<\/div>\n\n\n\n\n<!-- index.php -->\n<div\n\tclass=\"ngg-galleryoverview ngg-ajax-pagination-none\"\n\tid=\"ngg-gallery-7bed732fba95ee9da5856ee53facc141-1\">\n\n    \t<div class=\"slideshowlink\">\n        <a href='https:\/\/www.freimarianne.ch\/index.php\/nggallery\/slideshow?page_id=63438'>[Show as slideshow]<\/a>\n\t\t\n\t<\/div>\n\t\t\t<!-- Thumbnails -->\n\t\t\t\t<div id=\"ngg-image-0\" class=\"ngg-gallery-thumbnail-box\" >\n\t\t\t\t        <div class=\"ngg-gallery-thumbnail\">\n            <a href=\"https:\/\/www.freimarianne.ch\/wp-content\/gallery\/erlach-iph-12-10-23\/IMG_5290.jpeg\"\n               title=\"Schiffsteg von Erlach\"\n               data-src=\"https:\/\/www.freimarianne.ch\/wp-content\/gallery\/erlach-iph-12-10-23\/IMG_5290.jpeg\"\n               data-thumbnail=\"https:\/\/www.freimarianne.ch\/wp-content\/gallery\/erlach-iph-12-10-23\/thumbs\/thumbs_IMG_5290.jpeg\"\n               data-image-id=\"31870\"\n               data-title=\"Schiffsteg von Erlach\"\n               data-description=\"Schiffsteg von Erlach\"\n               data-image-slug=\"img_5290-2\"\n               class=\"shutterset_7bed732fba95ee9da5856ee53facc141\">\n                <img\n                    title=\"Schiffsteg von Erlach\"\n                    alt=\"Schiffsteg von Erlach\"\n                    src=\"https:\/\/www.freimarianne.ch\/wp-content\/gallery\/erlach-iph-12-10-23\/cache\/IMG_5290.jpeg-nggid0531870-ngg0dyn-100x75x100-00f0w010c010r110f110r010t010.jpeg\"\n                    width=\"100\"\n                    height=\"66\"\n                    style=\"max-width:100%;\"\n                \/>\n            <\/a>\n        <\/div>\n\t\t\t\t\t\t\t<\/div> \n\t\t\t\n                            \n\t\t\t\t<div id=\"ngg-image-1\" class=\"ngg-gallery-thumbnail-box\" >\n\t\t\t\t        <div class=\"ngg-gallery-thumbnail\">\n            <a href=\"https:\/\/www.freimarianne.ch\/wp-content\/gallery\/erlach-iph-12-10-23\/IMG_5292.jpeg\"\n               title=\"Blick zur\u00fcck auf Erlach\"\n               data-src=\"https:\/\/www.freimarianne.ch\/wp-content\/gallery\/erlach-iph-12-10-23\/IMG_5292.jpeg\"\n               data-thumbnail=\"https:\/\/www.freimarianne.ch\/wp-content\/gallery\/erlach-iph-12-10-23\/thumbs\/thumbs_IMG_5292.jpeg\"\n               data-image-id=\"31869\"\n               data-title=\"Blick zur\u00fcck auf Erlach\"\n               data-description=\"Blick zur\u00fcck auf Erlach\"\n               data-image-slug=\"img_5292-1\"\n               class=\"shutterset_7bed732fba95ee9da5856ee53facc141\">\n                <img\n                    title=\"Blick zur\u00fcck auf Erlach\"\n                    alt=\"Blick zur\u00fcck auf Erlach\"\n                    src=\"https:\/\/www.freimarianne.ch\/wp-content\/gallery\/erlach-iph-12-10-23\/cache\/IMG_5292.jpeg-nggid0531869-ngg0dyn-100x75x100-00f0w010c010r110f110r010t010.jpeg\"\n                    width=\"100\"\n                    height=\"66\"\n                    style=\"max-width:100%;\"\n                \/>\n            <\/a>\n        <\/div>\n\t\t\t\t\t\t\t<\/div> \n\t\t\t\n                            \n\t\t\t\t<div id=\"ngg-image-2\" class=\"ngg-gallery-thumbnail-box\" >\n\t\t\t\t        <div class=\"ngg-gallery-thumbnail\">\n            <a href=\"https:\/\/www.freimarianne.ch\/wp-content\/gallery\/erlach-iph-12-10-23\/IMG_5295.jpeg\"\n               title=\"Einfahrt in den Neuenburgersee\"\n               data-src=\"https:\/\/www.freimarianne.ch\/wp-content\/gallery\/erlach-iph-12-10-23\/IMG_5295.jpeg\"\n               data-thumbnail=\"https:\/\/www.freimarianne.ch\/wp-content\/gallery\/erlach-iph-12-10-23\/thumbs\/thumbs_IMG_5295.jpeg\"\n               data-image-id=\"31873\"\n               data-title=\"Einfahrt in den Neuenburgersee\"\n               data-description=\"Einfahrt in den Neuenburgersee\"\n               data-image-slug=\"img_5295-2\"\n               class=\"shutterset_7bed732fba95ee9da5856ee53facc141\">\n                <img\n                    title=\"Einfahrt in den Neuenburgersee\"\n                    alt=\"Einfahrt in den Neuenburgersee\"\n                    src=\"https:\/\/www.freimarianne.ch\/wp-content\/gallery\/erlach-iph-12-10-23\/cache\/IMG_5295.jpeg-nggid0531873-ngg0dyn-100x75x100-00f0w010c010r110f110r010t010.jpeg\"\n                    width=\"100\"\n                    height=\"75\"\n                    style=\"max-width:100%;\"\n                \/>\n            <\/a>\n        <\/div>\n\t\t\t\t\t\t\t<\/div> \n\t\t\t\n                            \n\t\t\t\t<div id=\"ngg-image-3\" class=\"ngg-gallery-thumbnail-box\" >\n\t\t\t\t        <div class=\"ngg-gallery-thumbnail\">\n            <a href=\"https:\/\/www.freimarianne.ch\/wp-content\/gallery\/erlach-iph-12-10-23\/IMG_5296.jpeg\"\n               title=\"Einfahrt in den Neuenburgersee\"\n               data-src=\"https:\/\/www.freimarianne.ch\/wp-content\/gallery\/erlach-iph-12-10-23\/IMG_5296.jpeg\"\n               data-thumbnail=\"https:\/\/www.freimarianne.ch\/wp-content\/gallery\/erlach-iph-12-10-23\/thumbs\/thumbs_IMG_5296.jpeg\"\n               data-image-id=\"31871\"\n               data-title=\"Einfahrt in den Neuenburgersee\"\n               data-description=\"Einfahrt in den Neuenburgersee\"\n               data-image-slug=\"img_5296-1\"\n               class=\"shutterset_7bed732fba95ee9da5856ee53facc141\">\n                <img\n                    title=\"Einfahrt in den Neuenburgersee\"\n                    alt=\"Einfahrt in den Neuenburgersee\"\n                    src=\"https:\/\/www.freimarianne.ch\/wp-content\/gallery\/erlach-iph-12-10-23\/cache\/IMG_5296.jpeg-nggid0531871-ngg0dyn-100x75x100-00f0w010c010r110f110r010t010.jpeg\"\n                    width=\"100\"\n                    height=\"62\"\n                    style=\"max-width:100%;\"\n                \/>\n            <\/a>\n        <\/div>\n\t\t\t\t\t\t\t<\/div> \n\t\t\t\n                                    <br style=\"clear: both\" \/>\n                    \n\t\t\t\t<div id=\"ngg-image-4\" class=\"ngg-gallery-thumbnail-box\" >\n\t\t\t\t        <div class=\"ngg-gallery-thumbnail\">\n            <a href=\"https:\/\/www.freimarianne.ch\/wp-content\/gallery\/erlach-iph-12-10-23\/IMG_5298.jpeg\"\n               title=\"Einfahrt in den Neuenburgersee\"\n               data-src=\"https:\/\/www.freimarianne.ch\/wp-content\/gallery\/erlach-iph-12-10-23\/IMG_5298.jpeg\"\n               data-thumbnail=\"https:\/\/www.freimarianne.ch\/wp-content\/gallery\/erlach-iph-12-10-23\/thumbs\/thumbs_IMG_5298.jpeg\"\n               data-image-id=\"31868\"\n               data-title=\"Einfahrt in den Neuenburgersee\"\n               data-description=\"Einfahrt in den Neuenburgersee\"\n               data-image-slug=\"img_5298-1\"\n               class=\"shutterset_7bed732fba95ee9da5856ee53facc141\">\n                <img\n                    title=\"Einfahrt in den Neuenburgersee\"\n                    alt=\"Einfahrt in den Neuenburgersee\"\n                    src=\"https:\/\/www.freimarianne.ch\/wp-content\/gallery\/erlach-iph-12-10-23\/cache\/IMG_5298.jpeg-nggid0531868-ngg0dyn-100x75x100-00f0w010c010r110f110r010t010.jpeg\"\n                    width=\"100\"\n                    height=\"61\"\n                    style=\"max-width:100%;\"\n                \/>\n            <\/a>\n        <\/div>\n\t\t\t\t\t\t\t<\/div> \n\t\t\t\n                            \n\t\t\t\t<div id=\"ngg-image-5\" class=\"ngg-gallery-thumbnail-box\" >\n\t\t\t\t        <div class=\"ngg-gallery-thumbnail\">\n            <a href=\"https:\/\/www.freimarianne.ch\/wp-content\/gallery\/erlach-iph-12-10-23\/IMG_5300.jpeg\"\n               title=\"Blick auf Murten\"\n               data-src=\"https:\/\/www.freimarianne.ch\/wp-content\/gallery\/erlach-iph-12-10-23\/IMG_5300.jpeg\"\n               data-thumbnail=\"https:\/\/www.freimarianne.ch\/wp-content\/gallery\/erlach-iph-12-10-23\/thumbs\/thumbs_IMG_5300.jpeg\"\n               data-image-id=\"31872\"\n               data-title=\"Blick auf Murten\"\n               data-description=\"Blick auf Murten\"\n               data-image-slug=\"img_5300-6\"\n               class=\"shutterset_7bed732fba95ee9da5856ee53facc141\">\n                <img\n                    title=\"Blick auf Murten\"\n                    alt=\"Blick auf Murten\"\n                    src=\"https:\/\/www.freimarianne.ch\/wp-content\/gallery\/erlach-iph-12-10-23\/cache\/IMG_5300.jpeg-nggid0531872-ngg0dyn-100x75x100-00f0w010c010r110f110r010t010.jpeg\"\n                    width=\"100\"\n                    height=\"75\"\n                    style=\"max-width:100%;\"\n                \/>\n            <\/a>\n        <\/div>\n\t\t\t\t\t\t\t<\/div> \n\t\t\t\n                            \n\t\t\n\t\t<!-- Pagination -->\n\t<div class='ngg-clear'><\/div>\t<\/div>\n\n","protected":false},"excerpt":{"rendered":"<p>Fahrt mit dem Schiff vom Bielersee in den Neuenburgersee und den Murtensee Heute fahre ich an den Bielersee nach Erlach. Ich habe vor, eine kurze Wanderung \u00fcber den Jolimont zu machen.Aber als ich um 10.23h in Erlach ankomme, sehe ich im Bus die n\u00e4chsten Verbindungen ab hier. Es gibt um 120.59h ein Schiff nach Murten [&hellip;]<\/p>\n","protected":false},"author":1,"featured_media":0,"parent":62970,"menu_order":13,"comment_status":"closed","ping_status":"closed","template":"","meta":{"ngg_post_thumbnail":0},"_links":{"self":[{"href":"https:\/\/www.freimarianne.ch\/index.php?rest_route=\/wp\/v2\/pages\/63438"}],"collection":[{"href":"https:\/\/www.freimarianne.ch\/index.php?rest_route=\/wp\/v2\/pages"}],"about":[{"href":"https:\/\/www.freimarianne.ch\/index.php?rest_route=\/wp\/v2\/types\/page"}],"author":[{"embeddable":true,"href":"https:\/\/www.freimarianne.ch\/index.php?rest_route=\/wp\/v2\/users\/1"}],"replies":[{"embeddable":true,"href":"https:\/\/www.freimarianne.ch\/index.php?rest_route=%2Fwp%2Fv2%2Fcomments&post=63438"}],"version-history":[{"count":3,"href":"https:\/\/www.freimarianne.ch\/index.php?rest_route=\/wp\/v2\/pages\/63438\/revisions"}],"predecessor-version":[{"id":63463,"href":"https:\/\/www.freimarianne.ch\/index.php?rest_route=\/wp\/v2\/pages\/63438\/revisions\/63463"}],"up":[{"embeddable":true,"href":"https:\/\/www.freimarianne.ch\/index.php?rest_route=\/wp\/v2\/pages\/62970"}],"wp:attachment":[{"href":"https:\/\/www.freimarianne.ch\/index.php?rest_route=%2Fwp%2Fv2%2Fmedia&parent=63438"}],"curies":[{"name":"wp","href":"https:\/\/api.w.org\/{rel}","templated":true}]}}