{"id":65339,"date":"2024-07-12T14:56:43","date_gmt":"2024-07-12T13:56:43","guid":{"rendered":"http:\/\/www.freimarianne.ch\/?page_id=65339"},"modified":"2024-07-12T15:04:27","modified_gmt":"2024-07-12T14:04:27","slug":"unterbach-eischoll-unterbach-vs-9-7-2024","status":"publish","type":"page","link":"https:\/\/www.freimarianne.ch\/?page_id=65339","title":{"rendered":"Unterb\u00e4ch &#8211; Eischoll &#8211; Unterb\u00e4ch   VS 9.7.2024"},"content":{"rendered":"\n<p><strong>Wanderung mit der Gruppe Alpenblick<\/strong><\/p>\n\n\n<div id=\"attachment_65338\" style=\"width: 510px\" class=\"wp-caption alignleft\"><img aria-describedby=\"caption-attachment-65338\" loading=\"lazy\" class=\"size-full wp-image-65338\" src=\"http:\/\/www.freimarianne.ch\/wp-content\/uploads\/2024\/07\/IMG_7648._Unterba\u0308ch-_9.7.24_500.jpeg\" alt=\"\" width=\"500\" height=\"375\" srcset=\"https:\/\/www.freimarianne.ch\/wp-content\/uploads\/2024\/07\/IMG_7648._Unterba\u0308ch-_9.7.24_500.jpeg 500w, https:\/\/www.freimarianne.ch\/wp-content\/uploads\/2024\/07\/IMG_7648._Unterba\u0308ch-_9.7.24_500-300x225.jpeg 300w, https:\/\/www.freimarianne.ch\/wp-content\/uploads\/2024\/07\/IMG_7648._Unterba\u0308ch-_9.7.24_500-400x300.jpeg 400w\" sizes=\"(max-width: 500px) 100vw, 500px\" \/><p id=\"caption-attachment-65338\" class=\"wp-caption-text\">Eischoll<\/p><\/div>\n<p>Endlich kann die Gruppe \u201eAlpenblick\u201c wieder einmal unterwegs sein, nachdem die drei ersten Wanderungen wegen schlechten Wetters abgesagt werden mussten.<br>Wir sind 12 Personen, die nach Unterb\u00e4ch im Wallis reisen. Im Hotel Alpenhof gibt es auf der Terrasse hinter dem Haus einen Startkaffee. Dann machen wir uns auf den Weg zur H\u00e4ngebr\u00fccke, die \u00fcber das Tobel des Milibachs nach Eischoll f\u00fchrt. Ein sch\u00f6ner Wanderweg bringt uns in den Dorfkern hinein und auf verschlungenen Wegen hinaus aus dem Dorf zur Eischlere Suone. Da es schon recht warm ist, gibt es eine kurze Rast und Trinkpause. Dann wandern wir auf dem Suonenweg entlang dem pl\u00e4tschernden Wasser, das neben uns zu Tal fliesst. Bei einer Bank halten wir unsere Mittagspause und geniessen die nette Gesellschaft und die sch\u00f6ne Aussicht ins Rhonetal. Inzwischen sind doch einige Wolken am Himmel aufgetaucht. Wir machen uns wieder auf dem Weg und erreichen durch Blumenwiesen und ein Tobel die untere Breitmatte. Nun geht es hinauf zu einigen Stadeln. Bei P. 1488m nehmen wir die Abzweigung zur Pfamatte. Dieser f\u00fchrt hinunter in eine Senke, um dann zu den H\u00e4usern bei Egga wieder anzusteigen. Von hier aus hat man eine pr\u00e4chtige Sicht auf die gegen\u00fcberliegende Talseite. Nun steigen wir auf einem Wiesenpfad hinunter zur Pfamatte, wo die zerfallenden Stadel ein trauriges Bild ergeben. Weiter steigen wir hinunter ins Tobel des Milibachs und queren diesen auf einer Holzbr\u00fccke. Nun wandern wir auf einem sch\u00f6nen, weichen Wanderweg durch den Bodu Wald hinunter nach Unterb\u00e4ch.<br>Wir haben noch viel Zeit f\u00fcr eine Einkehr im Alpenhof und lassen gem\u00fctlich diesen sch\u00f6nen Wandertag ausklingen.<br>Um 15.25h fahren wir mit der Seilbahn hinunter und tauchen in Raron in die Hitze im Rhonetal ein.<\/p>\n<p>Dies war eine gelungenen Wanderung, die sicher alle sehr genossen haben.<\/p>\n<p>Laut Schweizmobil:<\/p>\n<p>Distanz: 9.412km; Aufstieg=Abstieg: 453m; Wanderzeit: 3h<\/p>\n<p><a href=\"https:\/\/map.schweizmobil.ch\/?lang=de&amp;bgLayer=pk&amp;logo=yes&amp;season=summer&amp;resolution=4.05&amp;E=2626528&amp;N=1126117&amp;photos=yes&amp;detours=yes&amp;layers=Wanderland%2CStation&amp;trackId=1429329831\">Karte Schweizmobil:<\/a><\/p>\n\n\n<!-- index.php -->\n<div\n\tclass=\"ngg-galleryoverview ngg-ajax-pagination-none\"\n\tid=\"ngg-gallery-39aa8b0407bff82b9e2041ec65619ee8-1\">\n\n    \t<div class=\"slideshowlink\">\n        <a href='https:\/\/www.freimarianne.ch\/index.php\/nggallery\/slideshow?page_id=65339'>[Show as slideshow]<\/a>\n\t\t\n\t<\/div>\n\t\t\t<!-- Thumbnails -->\n\t\t\t\t<div id=\"ngg-image-0\" class=\"ngg-gallery-thumbnail-box\" >\n\t\t\t\t        <div class=\"ngg-gallery-thumbnail\">\n            <a href=\"https:\/\/www.freimarianne.ch\/wp-content\/gallery\/unterbach-9-7-24\/IMG_7639.jpeg\"\n               title=\"auf der H\u00e4ngebr\u00fccke nach Eischoll\"\n               data-src=\"https:\/\/www.freimarianne.ch\/wp-content\/gallery\/unterbach-9-7-24\/IMG_7639.jpeg\"\n               data-thumbnail=\"https:\/\/www.freimarianne.ch\/wp-content\/gallery\/unterbach-9-7-24\/thumbs\/thumbs_IMG_7639.jpeg\"\n               data-image-id=\"33226\"\n               data-title=\"auf der H\u00e4ngebr\u00fccke nach Eischoll\"\n               data-description=\"auf der H\u00e4ngebr\u00fccke nach Eischoll\"\n               data-image-slug=\"img_7639-2\"\n               class=\"shutterset_39aa8b0407bff82b9e2041ec65619ee8\">\n                <img\n                    title=\"auf der H\u00e4ngebr\u00fccke nach Eischoll\"\n                    alt=\"auf der H\u00e4ngebr\u00fccke nach Eischoll\"\n                    src=\"https:\/\/www.freimarianne.ch\/wp-content\/gallery\/unterbach-9-7-24\/cache\/IMG_7639.jpeg-nggid0533226-ngg0dyn-100x75x100-00f0w010c010r110f110r010t010.jpeg\"\n                    width=\"100\"\n                    height=\"75\"\n                    style=\"max-width:100%;\"\n                \/>\n            <\/a>\n        <\/div>\n\t\t\t\t\t\t\t<\/div> \n\t\t\t\n                            \n\t\t\t\t<div id=\"ngg-image-1\" class=\"ngg-gallery-thumbnail-box\" >\n\t\t\t\t        <div class=\"ngg-gallery-thumbnail\">\n            <a href=\"https:\/\/www.freimarianne.ch\/wp-content\/gallery\/unterbach-9-7-24\/IMG_7644.jpeg\"\n               title=\"unlterwegs nach Eischoll\"\n               data-src=\"https:\/\/www.freimarianne.ch\/wp-content\/gallery\/unterbach-9-7-24\/IMG_7644.jpeg\"\n               data-thumbnail=\"https:\/\/www.freimarianne.ch\/wp-content\/gallery\/unterbach-9-7-24\/thumbs\/thumbs_IMG_7644.jpeg\"\n               data-image-id=\"33225\"\n               data-title=\"unlterwegs nach Eischoll\"\n               data-description=\"unlterwegs nach Eischoll\"\n               data-image-slug=\"img_7644-1\"\n               class=\"shutterset_39aa8b0407bff82b9e2041ec65619ee8\">\n                <img\n                    title=\"unlterwegs nach Eischoll\"\n                    alt=\"unlterwegs nach Eischoll\"\n                    src=\"https:\/\/www.freimarianne.ch\/wp-content\/gallery\/unterbach-9-7-24\/cache\/IMG_7644.jpeg-nggid0533225-ngg0dyn-100x75x100-00f0w010c010r110f110r010t010.jpeg\"\n                    width=\"100\"\n                    height=\"69\"\n                    style=\"max-width:100%;\"\n                \/>\n            <\/a>\n        <\/div>\n\t\t\t\t\t\t\t<\/div> \n\t\t\t\n                            \n\t\t\t\t<div id=\"ngg-image-2\" class=\"ngg-gallery-thumbnail-box\" >\n\t\t\t\t        <div class=\"ngg-gallery-thumbnail\">\n            <a href=\"https:\/\/www.freimarianne.ch\/wp-content\/gallery\/unterbach-9-7-24\/IMG_7645.jpeg\"\n               title=\"die H\u00e4ngebr\u00fccke zwischen Unterb\u00e4ch und Eischoll\"\n               data-src=\"https:\/\/www.freimarianne.ch\/wp-content\/gallery\/unterbach-9-7-24\/IMG_7645.jpeg\"\n               data-thumbnail=\"https:\/\/www.freimarianne.ch\/wp-content\/gallery\/unterbach-9-7-24\/thumbs\/thumbs_IMG_7645.jpeg\"\n               data-image-id=\"33224\"\n               data-title=\"die H\u00e4ngebr\u00fccke zwischen Unterb\u00e4ch und Eischoll\"\n               data-description=\"die H\u00e4ngebr\u00fccke zwischen Unterb\u00e4ch und Eischoll\"\n               data-image-slug=\"img_7645-2\"\n               class=\"shutterset_39aa8b0407bff82b9e2041ec65619ee8\">\n                <img\n                    title=\"die H\u00e4ngebr\u00fccke zwischen Unterb\u00e4ch und Eischoll\"\n                    alt=\"die H\u00e4ngebr\u00fccke zwischen Unterb\u00e4ch und Eischoll\"\n                    src=\"https:\/\/www.freimarianne.ch\/wp-content\/gallery\/unterbach-9-7-24\/cache\/IMG_7645.jpeg-nggid0533224-ngg0dyn-100x75x100-00f0w010c010r110f110r010t010.jpeg\"\n                    width=\"100\"\n                    height=\"75\"\n                    style=\"max-width:100%;\"\n                \/>\n            <\/a>\n        <\/div>\n\t\t\t\t\t\t\t<\/div> \n\t\t\t\n                            \n\t\t\t\t<div id=\"ngg-image-3\" class=\"ngg-gallery-thumbnail-box\" >\n\t\t\t\t        <div class=\"ngg-gallery-thumbnail\">\n            <a href=\"https:\/\/www.freimarianne.ch\/wp-content\/gallery\/unterbach-9-7-24\/IMG_7647.jpeg\"\n               title=\"in Eischoll\"\n               data-src=\"https:\/\/www.freimarianne.ch\/wp-content\/gallery\/unterbach-9-7-24\/IMG_7647.jpeg\"\n               data-thumbnail=\"https:\/\/www.freimarianne.ch\/wp-content\/gallery\/unterbach-9-7-24\/thumbs\/thumbs_IMG_7647.jpeg\"\n               data-image-id=\"33223\"\n               data-title=\"in Eischoll\"\n               data-description=\"in Eischoll\"\n               data-image-slug=\"img_7647-2\"\n               class=\"shutterset_39aa8b0407bff82b9e2041ec65619ee8\">\n                <img\n                    title=\"in Eischoll\"\n                    alt=\"in Eischoll\"\n                    src=\"https:\/\/www.freimarianne.ch\/wp-content\/gallery\/unterbach-9-7-24\/cache\/IMG_7647.jpeg-nggid0533223-ngg0dyn-100x75x100-00f0w010c010r110f110r010t010.jpeg\"\n                    width=\"94\"\n                    height=\"75\"\n                    style=\"max-width:100%;\"\n                \/>\n            <\/a>\n        <\/div>\n\t\t\t\t\t\t\t<\/div> \n\t\t\t\n                                    <br style=\"clear: both\" \/>\n                    \n\t\t\t\t<div id=\"ngg-image-4\" class=\"ngg-gallery-thumbnail-box\" >\n\t\t\t\t        <div class=\"ngg-gallery-thumbnail\">\n            <a href=\"https:\/\/www.freimarianne.ch\/wp-content\/gallery\/unterbach-9-7-24\/IMG_7651.jpeg\"\n               title=\"Sommerwiesen\"\n               data-src=\"https:\/\/www.freimarianne.ch\/wp-content\/gallery\/unterbach-9-7-24\/IMG_7651.jpeg\"\n               data-thumbnail=\"https:\/\/www.freimarianne.ch\/wp-content\/gallery\/unterbach-9-7-24\/thumbs\/thumbs_IMG_7651.jpeg\"\n               data-image-id=\"33222\"\n               data-title=\"Sommerwiesen\"\n               data-description=\"Sommerwiesen\"\n               data-image-slug=\"img_7651-4\"\n               class=\"shutterset_39aa8b0407bff82b9e2041ec65619ee8\">\n                <img\n                    title=\"Sommerwiesen\"\n                    alt=\"Sommerwiesen\"\n                    src=\"https:\/\/www.freimarianne.ch\/wp-content\/gallery\/unterbach-9-7-24\/cache\/IMG_7651.jpeg-nggid0533222-ngg0dyn-100x75x100-00f0w010c010r110f110r010t010.jpeg\"\n                    width=\"100\"\n                    height=\"75\"\n                    style=\"max-width:100%;\"\n                \/>\n            <\/a>\n        <\/div>\n\t\t\t\t\t\t\t<\/div> \n\t\t\t\n                            \n\t\t\t\t<div id=\"ngg-image-5\" class=\"ngg-gallery-thumbnail-box\" >\n\t\t\t\t        <div class=\"ngg-gallery-thumbnail\">\n            <a href=\"https:\/\/www.freimarianne.ch\/wp-content\/gallery\/unterbach-9-7-24\/IMG_7654.jpeg\"\n               title=\"an der Eischlere Suon\"\n               data-src=\"https:\/\/www.freimarianne.ch\/wp-content\/gallery\/unterbach-9-7-24\/IMG_7654.jpeg\"\n               data-thumbnail=\"https:\/\/www.freimarianne.ch\/wp-content\/gallery\/unterbach-9-7-24\/thumbs\/thumbs_IMG_7654.jpeg\"\n               data-image-id=\"33220\"\n               data-title=\"an der Eischlere Suon\"\n               data-description=\"an der Eischlere Suon\"\n               data-image-slug=\"img_7654-2\"\n               class=\"shutterset_39aa8b0407bff82b9e2041ec65619ee8\">\n                <img\n                    title=\"an der Eischlere Suon\"\n                    alt=\"an der Eischlere Suon\"\n                    src=\"https:\/\/www.freimarianne.ch\/wp-content\/gallery\/unterbach-9-7-24\/cache\/IMG_7654.jpeg-nggid0533220-ngg0dyn-100x75x100-00f0w010c010r110f110r010t010.jpeg\"\n                    width=\"100\"\n                    height=\"70\"\n                    style=\"max-width:100%;\"\n                \/>\n            <\/a>\n        <\/div>\n\t\t\t\t\t\t\t<\/div> \n\t\t\t\n                            \n\t\t\t\t<div id=\"ngg-image-6\" class=\"ngg-gallery-thumbnail-box\" >\n\t\t\t\t        <div class=\"ngg-gallery-thumbnail\">\n            <a href=\"https:\/\/www.freimarianne.ch\/wp-content\/gallery\/unterbach-9-7-24\/IMG_7658.jpeg\"\n               title=\"unterwegs zur Breitmatte\"\n               data-src=\"https:\/\/www.freimarianne.ch\/wp-content\/gallery\/unterbach-9-7-24\/IMG_7658.jpeg\"\n               data-thumbnail=\"https:\/\/www.freimarianne.ch\/wp-content\/gallery\/unterbach-9-7-24\/thumbs\/thumbs_IMG_7658.jpeg\"\n               data-image-id=\"33219\"\n               data-title=\"unterwegs zur Breitmatte\"\n               data-description=\"unterwegs zur Breitmatte\"\n               data-image-slug=\"img_7658\"\n               class=\"shutterset_39aa8b0407bff82b9e2041ec65619ee8\">\n                <img\n                    title=\"unterwegs zur Breitmatte\"\n                    alt=\"unterwegs zur Breitmatte\"\n                    src=\"https:\/\/www.freimarianne.ch\/wp-content\/gallery\/unterbach-9-7-24\/cache\/IMG_7658.jpeg-nggid0533219-ngg0dyn-100x75x100-00f0w010c010r110f110r010t010.jpeg\"\n                    width=\"100\"\n                    height=\"66\"\n                    style=\"max-width:100%;\"\n                \/>\n            <\/a>\n        <\/div>\n\t\t\t\t\t\t\t<\/div> \n\t\t\t\n                            \n\t\t\t\t<div id=\"ngg-image-7\" class=\"ngg-gallery-thumbnail-box\" >\n\t\t\t\t        <div class=\"ngg-gallery-thumbnail\">\n            <a href=\"https:\/\/www.freimarianne.ch\/wp-content\/gallery\/unterbach-9-7-24\/IMG_7659.jpeg\"\n               title=\"gegern Egga\"\n               data-src=\"https:\/\/www.freimarianne.ch\/wp-content\/gallery\/unterbach-9-7-24\/IMG_7659.jpeg\"\n               data-thumbnail=\"https:\/\/www.freimarianne.ch\/wp-content\/gallery\/unterbach-9-7-24\/thumbs\/thumbs_IMG_7659.jpeg\"\n               data-image-id=\"33218\"\n               data-title=\"gegern Egga\"\n               data-description=\"gegern Egga\"\n               data-image-slug=\"img_7659-2\"\n               class=\"shutterset_39aa8b0407bff82b9e2041ec65619ee8\">\n                <img\n                    title=\"gegern Egga\"\n                    alt=\"gegern Egga\"\n                    src=\"https:\/\/www.freimarianne.ch\/wp-content\/gallery\/unterbach-9-7-24\/cache\/IMG_7659.jpeg-nggid0533218-ngg0dyn-100x75x100-00f0w010c010r110f110r010t010.jpeg\"\n                    width=\"98\"\n                    height=\"75\"\n                    style=\"max-width:100%;\"\n                \/>\n            <\/a>\n        <\/div>\n\t\t\t\t\t\t\t<\/div> \n\t\t\t\n                                    <br style=\"clear: both\" \/>\n                    \n\t\t\t\t<div id=\"ngg-image-8\" class=\"ngg-gallery-thumbnail-box\" >\n\t\t\t\t        <div class=\"ngg-gallery-thumbnail\">\n            <a href=\"https:\/\/www.freimarianne.ch\/wp-content\/gallery\/unterbach-9-7-24\/IMG_7660.jpeg\"\n               title=\"Blick von Egga auf das Bietschhorn; li hi Hockenhorn; Chistehorn 2787m, Hohgleifa 3278m, Jolligletscher, Wilerhorn 3307m,  Gletscherhorn, Jegihorn, Grosshorn, 2995m,  Schwarzhorn, 2659m,  Bietschhorn 3934m, , \u00d6ustchummhorn 2923m, Wiwannihorn 3001m\"\n               data-src=\"https:\/\/www.freimarianne.ch\/wp-content\/gallery\/unterbach-9-7-24\/IMG_7660.jpeg\"\n               data-thumbnail=\"https:\/\/www.freimarianne.ch\/wp-content\/gallery\/unterbach-9-7-24\/thumbs\/thumbs_IMG_7660.jpeg\"\n               data-image-id=\"33221\"\n               data-title=\"Blick von Egga auf das Bietschhorn; li hi Hockenhorn; Chistehorn 2787m, Hohgleifa 3278m, Jolligletscher, Wilerhorn 3307m,  Gletscherhorn, Jegihorn, Grosshorn, 2995m,  Schwarzhorn, 2659m,  Bietschhorn 3934m, , \u00d6ustchummhorn 2923m, Wiwannihorn 3001m\"\n               data-description=\"Blick von Egga auf das Bietschhorn; li hi Hockenhorn; Chistehorn 2787m, Hohgleifa 3278m, Jolligletscher, Wilerhorn 3307m,  Gletscherhorn, Jegihorn, Grosshorn, 2995m,  Schwarzhorn, 2659m,  Bietschhorn 3934m, , \u00d6ustchummhorn 2923m, Wiwannihorn 3001m\"\n               data-image-slug=\"img_7660-7\"\n               class=\"shutterset_39aa8b0407bff82b9e2041ec65619ee8\">\n                <img\n                    title=\"Blick von Egga auf das Bietschhorn; li hi Hockenhorn; Chistehorn 2787m, Hohgleifa 3278m, Jolligletscher, Wilerhorn 3307m,  Gletscherhorn, Jegihorn, Grosshorn, 2995m,  Schwarzhorn, 2659m,  Bietschhorn 3934m, , \u00d6ustchummhorn 2923m, Wiwannihorn 3001m\"\n                    alt=\"Blick von Egga auf das Bietschhorn; li hi Hockenhorn; Chistehorn 2787m, Hohgleifa 3278m, Jolligletscher, Wilerhorn 3307m,  Gletscherhorn, Jegihorn, Grosshorn, 2995m,  Schwarzhorn, 2659m,  Bietschhorn 3934m, , \u00d6ustchummhorn 2923m, Wiwannihorn 3001m\"\n                    src=\"https:\/\/www.freimarianne.ch\/wp-content\/gallery\/unterbach-9-7-24\/cache\/IMG_7660.jpeg-nggid0533221-ngg0dyn-100x75x100-00f0w010c010r110f110r010t010.jpeg\"\n                    width=\"100\"\n                    height=\"75\"\n                    style=\"max-width:100%;\"\n                \/>\n            <\/a>\n        <\/div>\n\t\t\t\t\t\t\t<\/div> \n\t\t\t\n                            \n\t\t\t\t<div id=\"ngg-image-9\" class=\"ngg-gallery-thumbnail-box\" >\n\t\t\t\t        <div class=\"ngg-gallery-thumbnail\">\n            <a href=\"https:\/\/www.freimarianne.ch\/wp-content\/gallery\/unterbach-9-7-24\/IMG_7661.jpeg\"\n               title=\"Blick gegen Breitmattu\"\n               data-src=\"https:\/\/www.freimarianne.ch\/wp-content\/gallery\/unterbach-9-7-24\/IMG_7661.jpeg\"\n               data-thumbnail=\"https:\/\/www.freimarianne.ch\/wp-content\/gallery\/unterbach-9-7-24\/thumbs\/thumbs_IMG_7661.jpeg\"\n               data-image-id=\"33217\"\n               data-title=\"Blick gegen Breitmattu\"\n               data-description=\"Blick gegen Breitmattu\"\n               data-image-slug=\"img_7661-1\"\n               class=\"shutterset_39aa8b0407bff82b9e2041ec65619ee8\">\n                <img\n                    title=\"Blick gegen Breitmattu\"\n                    alt=\"Blick gegen Breitmattu\"\n                    src=\"https:\/\/www.freimarianne.ch\/wp-content\/gallery\/unterbach-9-7-24\/cache\/IMG_7661.jpeg-nggid0533217-ngg0dyn-100x75x100-00f0w010c010r110f110r010t010.jpeg\"\n                    width=\"100\"\n                    height=\"62\"\n                    style=\"max-width:100%;\"\n                \/>\n            <\/a>\n        <\/div>\n\t\t\t\t\t\t\t<\/div> \n\t\t\t\n                            \n\t\t\t\t<div id=\"ngg-image-10\" class=\"ngg-gallery-thumbnail-box\" >\n\t\t\t\t        <div class=\"ngg-gallery-thumbnail\">\n            <a href=\"https:\/\/www.freimarianne.ch\/wp-content\/gallery\/unterbach-9-7-24\/IMG_7663.jpeg\"\n               title=\"zerfallene  H\u00fctten bie Pfamatte\"\n               data-src=\"https:\/\/www.freimarianne.ch\/wp-content\/gallery\/unterbach-9-7-24\/IMG_7663.jpeg\"\n               data-thumbnail=\"https:\/\/www.freimarianne.ch\/wp-content\/gallery\/unterbach-9-7-24\/thumbs\/thumbs_IMG_7663.jpeg\"\n               data-image-id=\"33214\"\n               data-title=\"zerfallene  H\u00fctten bie Pfamatte\"\n               data-description=\"zerfallene  H\u00fctten bie Pfamatte\"\n               data-image-slug=\"img_7663-4\"\n               class=\"shutterset_39aa8b0407bff82b9e2041ec65619ee8\">\n                <img\n                    title=\"zerfallene  H\u00fctten bie Pfamatte\"\n                    alt=\"zerfallene  H\u00fctten bie Pfamatte\"\n                    src=\"https:\/\/www.freimarianne.ch\/wp-content\/gallery\/unterbach-9-7-24\/cache\/IMG_7663.jpeg-nggid0533214-ngg0dyn-100x75x100-00f0w010c010r110f110r010t010.jpeg\"\n                    width=\"100\"\n                    height=\"75\"\n                    style=\"max-width:100%;\"\n                \/>\n            <\/a>\n        <\/div>\n\t\t\t\t\t\t\t<\/div> \n\t\t\t\n                            \n\t\t\t\t<div id=\"ngg-image-11\" class=\"ngg-gallery-thumbnail-box\" >\n\t\t\t\t        <div class=\"ngg-gallery-thumbnail\">\n            <a href=\"https:\/\/www.freimarianne.ch\/wp-content\/gallery\/unterbach-9-7-24\/IMG_7665.jpeg\"\n               title=\"Br\u00fccke \u00fcber den  Milibach\"\n               data-src=\"https:\/\/www.freimarianne.ch\/wp-content\/gallery\/unterbach-9-7-24\/IMG_7665.jpeg\"\n               data-thumbnail=\"https:\/\/www.freimarianne.ch\/wp-content\/gallery\/unterbach-9-7-24\/thumbs\/thumbs_IMG_7665.jpeg\"\n               data-image-id=\"33213\"\n               data-title=\"Br\u00fccke \u00fcber den  Milibach\"\n               data-description=\"Br\u00fccke \u00fcber den  Milibach\"\n               data-image-slug=\"img_7665-3\"\n               class=\"shutterset_39aa8b0407bff82b9e2041ec65619ee8\">\n                <img\n                    title=\"Br\u00fccke \u00fcber den  Milibach\"\n                    alt=\"Br\u00fccke \u00fcber den  Milibach\"\n                    src=\"https:\/\/www.freimarianne.ch\/wp-content\/gallery\/unterbach-9-7-24\/cache\/IMG_7665.jpeg-nggid0533213-ngg0dyn-100x75x100-00f0w010c010r110f110r010t010.jpeg\"\n                    width=\"100\"\n                    height=\"73\"\n                    style=\"max-width:100%;\"\n                \/>\n            <\/a>\n        <\/div>\n\t\t\t\t\t\t\t<\/div> \n\t\t\t\n                                    <br style=\"clear: both\" \/>\n                    \n\t\t\t\t<div id=\"ngg-image-12\" class=\"ngg-gallery-thumbnail-box\" >\n\t\t\t\t        <div class=\"ngg-gallery-thumbnail\">\n            <a href=\"https:\/\/www.freimarianne.ch\/wp-content\/gallery\/unterbach-9-7-24\/IMG_7667.jpeg\"\n               title=\"sch\u00f6ner Wanderweg nach Unterb\u00e4ch\"\n               data-src=\"https:\/\/www.freimarianne.ch\/wp-content\/gallery\/unterbach-9-7-24\/IMG_7667.jpeg\"\n               data-thumbnail=\"https:\/\/www.freimarianne.ch\/wp-content\/gallery\/unterbach-9-7-24\/thumbs\/thumbs_IMG_7667.jpeg\"\n               data-image-id=\"33215\"\n               data-title=\"sch\u00f6ner Wanderweg nach Unterb\u00e4ch\"\n               data-description=\"sch\u00f6ner Wanderweg nach Unterb\u00e4ch\"\n               data-image-slug=\"img_7667-2\"\n               class=\"shutterset_39aa8b0407bff82b9e2041ec65619ee8\">\n                <img\n                    title=\"sch\u00f6ner Wanderweg nach Unterb\u00e4ch\"\n                    alt=\"sch\u00f6ner Wanderweg nach Unterb\u00e4ch\"\n                    src=\"https:\/\/www.freimarianne.ch\/wp-content\/gallery\/unterbach-9-7-24\/cache\/IMG_7667.jpeg-nggid0533215-ngg0dyn-100x75x100-00f0w010c010r110f110r010t010.jpeg\"\n                    width=\"100\"\n                    height=\"75\"\n                    style=\"max-width:100%;\"\n                \/>\n            <\/a>\n        <\/div>\n\t\t\t\t\t\t\t<\/div> \n\t\t\t\n                            \n\t\t\t\t<div id=\"ngg-image-13\" class=\"ngg-gallery-thumbnail-box\" >\n\t\t\t\t        <div class=\"ngg-gallery-thumbnail\">\n            <a href=\"https:\/\/www.freimarianne.ch\/wp-content\/gallery\/unterbach-9-7-24\/IMG_7668.jpeg\"\n               title=\"sch\u00f6ner Wanderweg nach Unterb\u00e4ch\"\n               data-src=\"https:\/\/www.freimarianne.ch\/wp-content\/gallery\/unterbach-9-7-24\/IMG_7668.jpeg\"\n               data-thumbnail=\"https:\/\/www.freimarianne.ch\/wp-content\/gallery\/unterbach-9-7-24\/thumbs\/thumbs_IMG_7668.jpeg\"\n               data-image-id=\"33216\"\n               data-title=\"sch\u00f6ner Wanderweg nach Unterb\u00e4ch\"\n               data-description=\"sch\u00f6ner Wanderweg nach Unterb\u00e4ch\"\n               data-image-slug=\"img_7668-3\"\n               class=\"shutterset_39aa8b0407bff82b9e2041ec65619ee8\">\n                <img\n                    title=\"sch\u00f6ner Wanderweg nach Unterb\u00e4ch\"\n                    alt=\"sch\u00f6ner Wanderweg nach Unterb\u00e4ch\"\n                    src=\"https:\/\/www.freimarianne.ch\/wp-content\/gallery\/unterbach-9-7-24\/cache\/IMG_7668.jpeg-nggid0533216-ngg0dyn-100x75x100-00f0w010c010r110f110r010t010.jpeg\"\n                    width=\"95\"\n                    height=\"75\"\n                    style=\"max-width:100%;\"\n                \/>\n            <\/a>\n        <\/div>\n\t\t\t\t\t\t\t<\/div> \n\t\t\t\n                            \n\t\t\t\t<div id=\"ngg-image-14\" class=\"ngg-gallery-thumbnail-box\" >\n\t\t\t\t        <div class=\"ngg-gallery-thumbnail\">\n            <a href=\"https:\/\/www.freimarianne.ch\/wp-content\/gallery\/unterbach-9-7-24\/IMG_7670.jpeg\"\n               title=\"Blick gegen das Balmhorn\"\n               data-src=\"https:\/\/www.freimarianne.ch\/wp-content\/gallery\/unterbach-9-7-24\/IMG_7670.jpeg\"\n               data-thumbnail=\"https:\/\/www.freimarianne.ch\/wp-content\/gallery\/unterbach-9-7-24\/thumbs\/thumbs_IMG_7670.jpeg\"\n               data-image-id=\"33211\"\n               data-title=\"Blick gegen das Balmhorn\"\n               data-description=\"Blick gegen das Balmhorn\"\n               data-image-slug=\"img_7670-2\"\n               class=\"shutterset_39aa8b0407bff82b9e2041ec65619ee8\">\n                <img\n                    title=\"Blick gegen das Balmhorn\"\n                    alt=\"Blick gegen das Balmhorn\"\n                    src=\"https:\/\/www.freimarianne.ch\/wp-content\/gallery\/unterbach-9-7-24\/cache\/IMG_7670.jpeg-nggid0533211-ngg0dyn-100x75x100-00f0w010c010r110f110r010t010.jpeg\"\n                    width=\"97\"\n                    height=\"75\"\n                    style=\"max-width:100%;\"\n                \/>\n            <\/a>\n        <\/div>\n\t\t\t\t\t\t\t<\/div> \n\t\t\t\n                            \n\t\t\t\t<div id=\"ngg-image-15\" class=\"ngg-gallery-thumbnail-box\" >\n\t\t\t\t        <div class=\"ngg-gallery-thumbnail\">\n            <a href=\"https:\/\/www.freimarianne.ch\/wp-content\/gallery\/unterbach-9-7-24\/IMG_7673.jpeg\"\n               title=\"Blumenwiese\"\n               data-src=\"https:\/\/www.freimarianne.ch\/wp-content\/gallery\/unterbach-9-7-24\/IMG_7673.jpeg\"\n               data-thumbnail=\"https:\/\/www.freimarianne.ch\/wp-content\/gallery\/unterbach-9-7-24\/thumbs\/thumbs_IMG_7673.jpeg\"\n               data-image-id=\"33212\"\n               data-title=\"Blumenwiese\"\n               data-description=\"Blumenwiese\"\n               data-image-slug=\"img_7673-2\"\n               class=\"shutterset_39aa8b0407bff82b9e2041ec65619ee8\">\n                <img\n                    title=\"Blumenwiese\"\n                    alt=\"Blumenwiese\"\n                    src=\"https:\/\/www.freimarianne.ch\/wp-content\/gallery\/unterbach-9-7-24\/cache\/IMG_7673.jpeg-nggid0533212-ngg0dyn-100x75x100-00f0w010c010r110f110r010t010.jpeg\"\n                    width=\"100\"\n                    height=\"75\"\n                    style=\"max-width:100%;\"\n                \/>\n            <\/a>\n        <\/div>\n\t\t\t\t\t\t\t<\/div> \n\t\t\t\n                                    <br style=\"clear: both\" \/>\n                    \n\t\t\n\t\t<!-- Pagination -->\n\t<div class='ngg-clear'><\/div>\t<\/div>\n\n","protected":false},"excerpt":{"rendered":"<p>Wanderung mit der Gruppe Alpenblick Endlich kann die Gruppe \u201eAlpenblick\u201c wieder einmal unterwegs sein, nachdem die drei ersten Wanderungen wegen schlechten Wetters abgesagt werden mussten.Wir sind 12 Personen, die nach Unterb\u00e4ch im Wallis reisen. Im Hotel Alpenhof gibt es auf der Terrasse hinter dem Haus einen Startkaffee. Dann machen wir uns auf den Weg zur [&hellip;]<\/p>\n","protected":false},"author":1,"featured_media":0,"parent":64849,"menu_order":6,"comment_status":"closed","ping_status":"closed","template":"","meta":{"ngg_post_thumbnail":0},"_links":{"self":[{"href":"https:\/\/www.freimarianne.ch\/index.php?rest_route=\/wp\/v2\/pages\/65339"}],"collection":[{"href":"https:\/\/www.freimarianne.ch\/index.php?rest_route=\/wp\/v2\/pages"}],"about":[{"href":"https:\/\/www.freimarianne.ch\/index.php?rest_route=\/wp\/v2\/types\/page"}],"author":[{"embeddable":true,"href":"https:\/\/www.freimarianne.ch\/index.php?rest_route=\/wp\/v2\/users\/1"}],"replies":[{"embeddable":true,"href":"https:\/\/www.freimarianne.ch\/index.php?rest_route=%2Fwp%2Fv2%2Fcomments&post=65339"}],"version-history":[{"count":3,"href":"https:\/\/www.freimarianne.ch\/index.php?rest_route=\/wp\/v2\/pages\/65339\/revisions"}],"predecessor-version":[{"id":65360,"href":"https:\/\/www.freimarianne.ch\/index.php?rest_route=\/wp\/v2\/pages\/65339\/revisions\/65360"}],"up":[{"embeddable":true,"href":"https:\/\/www.freimarianne.ch\/index.php?rest_route=\/wp\/v2\/pages\/64849"}],"wp:attachment":[{"href":"https:\/\/www.freimarianne.ch\/index.php?rest_route=%2Fwp%2Fv2%2Fmedia&parent=65339"}],"curies":[{"name":"wp","href":"https:\/\/api.w.org\/{rel}","templated":true}]}}