{"id":66074,"date":"2024-09-08T16:31:06","date_gmt":"2024-09-08T15:31:06","guid":{"rendered":"http:\/\/www.freimarianne.ch\/?page_id=66074"},"modified":"2024-09-08T16:44:06","modified_gmt":"2024-09-08T15:44:06","slug":"laret-schwarzsee-wolfgang-gr-7-9-2024","status":"publish","type":"page","link":"https:\/\/www.freimarianne.ch\/?page_id=66074","title":{"rendered":"Laret &#8211; Schwarzsee &#8211; Wolfgang GR  7.9.2024"},"content":{"rendered":"\n<p><strong>Wanderung von Klosters, Selfranga hinauf nach Laret zum Schwarzsee und weiter nach Davos,Wolfgang<\/strong><\/p>\n\n\n<p><img loading=\"lazy\" class=\"alignleft size-full wp-image-66056\" src=\"http:\/\/www.freimarianne.ch\/wp-content\/uploads\/2024\/09\/IMG_7798_laret_9.24_500.jpeg\" alt=\"\" width=\"500\" height=\"375\" srcset=\"https:\/\/www.freimarianne.ch\/wp-content\/uploads\/2024\/09\/IMG_7798_laret_9.24_500.jpeg 500w, https:\/\/www.freimarianne.ch\/wp-content\/uploads\/2024\/09\/IMG_7798_laret_9.24_500-300x225.jpeg 300w, https:\/\/www.freimarianne.ch\/wp-content\/uploads\/2024\/09\/IMG_7798_laret_9.24_500-400x300.jpeg 400w\" sizes=\"(max-width: 500px) 100vw, 500px\" \/><\/p>\n<p>Wir m\u00f6chten den vielleicht letzten warmen Sommertag ausnutzen.<br>Wir fahren nach Klosters, Selfranga und steigen durch die Schlucht des St\u00fczbachs hinauf nach Laret. Hier m\u00f6chten wir im Schwarzsee baden. Es hat wenige Leute hier und wir finden unseren Badeplatz. Aber das Wasser ist recht kalt und mich st\u00f6ren die Wasserpflanzen, die sich beim Schwimmen um meine Beine schlingen. So gibt es nur einen kurzen aber erfrischenden Schwumm!. Auf einer Bank am See halten wir unseren Mittagshalt und geniessen die Sch\u00f6nheit dieser pr\u00e4chtigen Landschaft. Sp\u00e4ter umrunden wir den See und gelangen am anderen Ufer nach Unter Laret 1506m, wo wir an einigen sch\u00f6nen alten Holzh\u00e4usern vorbei zur Hauptstrasse gelangen, wo sehr viel Verkehr und damit grosser L\u00e4rm herrscht. Wir m\u00fcssen die Strasse queren, um auf den Wanderweg im Wald zu gelangen. Es gibt da noch einige H\u00f6henmeter zu machen, um nach Davos, Wolfgang zu gelangen. Wir werden auch durch etliche Bikler gest\u00f6rt, die den Weg hinunterflie\u00dfen! Vor Wolfgang wird es wieder richtig laut und so ist es auch auf der Hotelterrasse, wo wir einen Kaffee trinken. Bei Sonnenschein und einem leichten Wind geniessen wir trotz L\u00e4rm die Umgebung.<\/p>\n<p>Um 14.55h nehmen wir den Bus nach Davos Dorf, um dort den Zug hinunter nach Landquart zu nehmen.<\/p>\n<p>Dies war eine sch\u00f6ner, beschaulicher Wandertag., den wir genossen haben.<\/p>\n<p>Laut Schweizmobil:<\/p>\n<p>Distanz: 6.43km; Aufstieg: 442m; Abstieg: 77m; Wanderzeit: 2h 3 min<\/p>\n<p><a href=\"https:\/\/map.schweizmobil.ch\/?lang=de&amp;bgLayer=pk&amp;logo=yes&amp;season=summer&amp;resolution=5.91&amp;E=2785425&amp;N=1191099&amp;photos=yes&amp;detours=yes&amp;trackId=567646398\">Karte Schweizmobil:<\/a><\/p>\n<p>&nbsp;<\/p>\n\n\n<!-- index.php -->\n<div\n\tclass=\"ngg-galleryoverview ngg-ajax-pagination-none\"\n\tid=\"ngg-gallery-09cd690d7ef9fc8b3c556a911dbfd1cb-1\">\n\n    \t<div class=\"slideshowlink\">\n        <a href='https:\/\/www.freimarianne.ch\/index.php\/nggallery\/slideshow?page_id=66074'>[Show as slideshow]<\/a>\n\t\t\n\t<\/div>\n\t\t\t<!-- Thumbnails -->\n\t\t\t\t<div id=\"ngg-image-0\" class=\"ngg-gallery-thumbnail-box\" >\n\t\t\t\t        <div class=\"ngg-gallery-thumbnail\">\n            <a href=\"https:\/\/www.freimarianne.ch\/wp-content\/gallery\/laret-7-9-24-neu\/IMG_8348.jpeg\"\n               title=\"Eingang in die Schlucht\"\n               data-src=\"https:\/\/www.freimarianne.ch\/wp-content\/gallery\/laret-7-9-24-neu\/IMG_8348.jpeg\"\n               data-thumbnail=\"https:\/\/www.freimarianne.ch\/wp-content\/gallery\/laret-7-9-24-neu\/thumbs\/thumbs_IMG_8348.jpeg\"\n               data-image-id=\"33778\"\n               data-title=\"Eingang in die Schlucht\"\n               data-description=\"Eingang in die Schlucht\"\n               data-image-slug=\"img_8348-2\"\n               class=\"shutterset_09cd690d7ef9fc8b3c556a911dbfd1cb\">\n                <img\n                    title=\"Eingang in die Schlucht\"\n                    alt=\"Eingang in die Schlucht\"\n                    src=\"https:\/\/www.freimarianne.ch\/wp-content\/gallery\/laret-7-9-24-neu\/cache\/IMG_8348.jpeg-nggid0533778-ngg0dyn-100x75x100-00f0w010c010r110f110r010t010.jpeg\"\n                    width=\"100\"\n                    height=\"66\"\n                    style=\"max-width:100%;\"\n                \/>\n            <\/a>\n        <\/div>\n\t\t\t\t\t\t\t<\/div> \n\t\t\t\n                            \n\t\t\t\t<div id=\"ngg-image-1\" class=\"ngg-gallery-thumbnail-box\" >\n\t\t\t\t        <div class=\"ngg-gallery-thumbnail\">\n            <a href=\"https:\/\/www.freimarianne.ch\/wp-content\/gallery\/laret-7-9-24-neu\/IMG_8350.jpeg\"\n               title=\"Erosionsformen in der Schlucht\"\n               data-src=\"https:\/\/www.freimarianne.ch\/wp-content\/gallery\/laret-7-9-24-neu\/IMG_8350.jpeg\"\n               data-thumbnail=\"https:\/\/www.freimarianne.ch\/wp-content\/gallery\/laret-7-9-24-neu\/thumbs\/thumbs_IMG_8350.jpeg\"\n               data-image-id=\"33777\"\n               data-title=\"Erosionsformen in der Schlucht\"\n               data-description=\"Erosionsformen in der Schlucht\"\n               data-image-slug=\"img_8350-4\"\n               class=\"shutterset_09cd690d7ef9fc8b3c556a911dbfd1cb\">\n                <img\n                    title=\"Erosionsformen in der Schlucht\"\n                    alt=\"Erosionsformen in der Schlucht\"\n                    src=\"https:\/\/www.freimarianne.ch\/wp-content\/gallery\/laret-7-9-24-neu\/cache\/IMG_8350.jpeg-nggid0533777-ngg0dyn-100x75x100-00f0w010c010r110f110r010t010.jpeg\"\n                    width=\"100\"\n                    height=\"70\"\n                    style=\"max-width:100%;\"\n                \/>\n            <\/a>\n        <\/div>\n\t\t\t\t\t\t\t<\/div> \n\t\t\t\n                            \n\t\t\t\t<div id=\"ngg-image-2\" class=\"ngg-gallery-thumbnail-box\" >\n\t\t\t\t        <div class=\"ngg-gallery-thumbnail\">\n            <a href=\"https:\/\/www.freimarianne.ch\/wp-content\/gallery\/laret-7-9-24-neu\/IMG_8351.jpeg\"\n               title=\"im flachen Teil der Schlucht\"\n               data-src=\"https:\/\/www.freimarianne.ch\/wp-content\/gallery\/laret-7-9-24-neu\/IMG_8351.jpeg\"\n               data-thumbnail=\"https:\/\/www.freimarianne.ch\/wp-content\/gallery\/laret-7-9-24-neu\/thumbs\/thumbs_IMG_8351.jpeg\"\n               data-image-id=\"33776\"\n               data-title=\"im flachen Teil der Schlucht\"\n               data-description=\"im flachen Teil der Schlucht\"\n               data-image-slug=\"img_8351-3\"\n               class=\"shutterset_09cd690d7ef9fc8b3c556a911dbfd1cb\">\n                <img\n                    title=\"im flachen Teil der Schlucht\"\n                    alt=\"im flachen Teil der Schlucht\"\n                    src=\"https:\/\/www.freimarianne.ch\/wp-content\/gallery\/laret-7-9-24-neu\/cache\/IMG_8351.jpeg-nggid0533776-ngg0dyn-100x75x100-00f0w010c010r110f110r010t010.jpeg\"\n                    width=\"100\"\n                    height=\"75\"\n                    style=\"max-width:100%;\"\n                \/>\n            <\/a>\n        <\/div>\n\t\t\t\t\t\t\t<\/div> \n\t\t\t\n                            \n\t\t\t\t<div id=\"ngg-image-3\" class=\"ngg-gallery-thumbnail-box\" >\n\t\t\t\t        <div class=\"ngg-gallery-thumbnail\">\n            <a href=\"https:\/\/www.freimarianne.ch\/wp-content\/gallery\/laret-7-9-24-neu\/IMG_8352.jpeg\"\n               title=\"St\u00fctzbach; im flachen Teil der Schlucht\"\n               data-src=\"https:\/\/www.freimarianne.ch\/wp-content\/gallery\/laret-7-9-24-neu\/IMG_8352.jpeg\"\n               data-thumbnail=\"https:\/\/www.freimarianne.ch\/wp-content\/gallery\/laret-7-9-24-neu\/thumbs\/thumbs_IMG_8352.jpeg\"\n               data-image-id=\"33775\"\n               data-title=\"St\u00fctzbach; im flachen Teil der Schlucht\"\n               data-description=\"St\u00fctzbach; im flachen Teil der Schlucht\"\n               data-image-slug=\"img_8352-2\"\n               class=\"shutterset_09cd690d7ef9fc8b3c556a911dbfd1cb\">\n                <img\n                    title=\"St\u00fctzbach; im flachen Teil der Schlucht\"\n                    alt=\"St\u00fctzbach; im flachen Teil der Schlucht\"\n                    src=\"https:\/\/www.freimarianne.ch\/wp-content\/gallery\/laret-7-9-24-neu\/cache\/IMG_8352.jpeg-nggid0533775-ngg0dyn-100x75x100-00f0w010c010r110f110r010t010.jpeg\"\n                    width=\"100\"\n                    height=\"75\"\n                    style=\"max-width:100%;\"\n                \/>\n            <\/a>\n        <\/div>\n\t\t\t\t\t\t\t<\/div> \n\t\t\t\n                                    <br style=\"clear: both\" \/>\n                    \n\t\t\t\t<div id=\"ngg-image-4\" class=\"ngg-gallery-thumbnail-box\" >\n\t\t\t\t        <div class=\"ngg-gallery-thumbnail\">\n            <a href=\"https:\/\/www.freimarianne.ch\/wp-content\/gallery\/laret-7-9-24-neu\/IMG_8354.jpeg\"\n               title=\"am St\u00fctzbach; Picknickplatz\"\n               data-src=\"https:\/\/www.freimarianne.ch\/wp-content\/gallery\/laret-7-9-24-neu\/IMG_8354.jpeg\"\n               data-thumbnail=\"https:\/\/www.freimarianne.ch\/wp-content\/gallery\/laret-7-9-24-neu\/thumbs\/thumbs_IMG_8354.jpeg\"\n               data-image-id=\"33774\"\n               data-title=\"am St\u00fctzbach; Picknickplatz\"\n               data-description=\"am St\u00fctzbach; Picknickplatz\"\n               data-image-slug=\"img_8354-1\"\n               class=\"shutterset_09cd690d7ef9fc8b3c556a911dbfd1cb\">\n                <img\n                    title=\"am St\u00fctzbach; Picknickplatz\"\n                    alt=\"am St\u00fctzbach; Picknickplatz\"\n                    src=\"https:\/\/www.freimarianne.ch\/wp-content\/gallery\/laret-7-9-24-neu\/cache\/IMG_8354.jpeg-nggid0533774-ngg0dyn-100x75x100-00f0w010c010r110f110r010t010.jpeg\"\n                    width=\"100\"\n                    height=\"75\"\n                    style=\"max-width:100%;\"\n                \/>\n            <\/a>\n        <\/div>\n\t\t\t\t\t\t\t<\/div> \n\t\t\t\n                            \n\t\t\t\t<div id=\"ngg-image-5\" class=\"ngg-gallery-thumbnail-box\" >\n\t\t\t\t        <div class=\"ngg-gallery-thumbnail\">\n            <a href=\"https:\/\/www.freimarianne.ch\/wp-content\/gallery\/laret-7-9-24-neu\/IMG_8358.jpeg\"\n               title=\"am Schwarzsee;  hier baden wir\"\n               data-src=\"https:\/\/www.freimarianne.ch\/wp-content\/gallery\/laret-7-9-24-neu\/IMG_8358.jpeg\"\n               data-thumbnail=\"https:\/\/www.freimarianne.ch\/wp-content\/gallery\/laret-7-9-24-neu\/thumbs\/thumbs_IMG_8358.jpeg\"\n               data-image-id=\"33771\"\n               data-title=\"am Schwarzsee;  hier baden wir\"\n               data-description=\"am Schwarzsee;  hier baden wir\"\n               data-image-slug=\"img_8358-3\"\n               class=\"shutterset_09cd690d7ef9fc8b3c556a911dbfd1cb\">\n                <img\n                    title=\"am Schwarzsee;  hier baden wir\"\n                    alt=\"am Schwarzsee;  hier baden wir\"\n                    src=\"https:\/\/www.freimarianne.ch\/wp-content\/gallery\/laret-7-9-24-neu\/cache\/IMG_8358.jpeg-nggid0533771-ngg0dyn-100x75x100-00f0w010c010r110f110r010t010.jpeg\"\n                    width=\"100\"\n                    height=\"75\"\n                    style=\"max-width:100%;\"\n                \/>\n            <\/a>\n        <\/div>\n\t\t\t\t\t\t\t<\/div> \n\t\t\t\n                            \n\t\t\t\t<div id=\"ngg-image-6\" class=\"ngg-gallery-thumbnail-box\" >\n\t\t\t\t        <div class=\"ngg-gallery-thumbnail\">\n            <a href=\"https:\/\/www.freimarianne.ch\/wp-content\/gallery\/laret-7-9-24-neu\/IMG_8360.jpeg\"\n               title=\"am Schwarzsee\"\n               data-src=\"https:\/\/www.freimarianne.ch\/wp-content\/gallery\/laret-7-9-24-neu\/IMG_8360.jpeg\"\n               data-thumbnail=\"https:\/\/www.freimarianne.ch\/wp-content\/gallery\/laret-7-9-24-neu\/thumbs\/thumbs_IMG_8360.jpeg\"\n               data-image-id=\"33769\"\n               data-title=\"am Schwarzsee\"\n               data-description=\"am Schwarzsee\"\n               data-image-slug=\"img_8360-7\"\n               class=\"shutterset_09cd690d7ef9fc8b3c556a911dbfd1cb\">\n                <img\n                    title=\"am Schwarzsee\"\n                    alt=\"am Schwarzsee\"\n                    src=\"https:\/\/www.freimarianne.ch\/wp-content\/gallery\/laret-7-9-24-neu\/cache\/IMG_8360.jpeg-nggid0533769-ngg0dyn-100x75x100-00f0w010c010r110f110r010t010.jpeg\"\n                    width=\"100\"\n                    height=\"75\"\n                    style=\"max-width:100%;\"\n                \/>\n            <\/a>\n        <\/div>\n\t\t\t\t\t\t\t<\/div> \n\t\t\t\n                            \n\t\t\t\t<div id=\"ngg-image-7\" class=\"ngg-gallery-thumbnail-box\" >\n\t\t\t\t        <div class=\"ngg-gallery-thumbnail\">\n            <a href=\"https:\/\/www.freimarianne.ch\/wp-content\/gallery\/laret-7-9-24-neu\/IMG_8363.jpeg\"\n               title=\"pr\u00e4chtiger Garten\"\n               data-src=\"https:\/\/www.freimarianne.ch\/wp-content\/gallery\/laret-7-9-24-neu\/IMG_8363.jpeg\"\n               data-thumbnail=\"https:\/\/www.freimarianne.ch\/wp-content\/gallery\/laret-7-9-24-neu\/thumbs\/thumbs_IMG_8363.jpeg\"\n               data-image-id=\"33773\"\n               data-title=\"pr\u00e4chtiger Garten\"\n               data-description=\"pr\u00e4chtiger Garten\"\n               data-image-slug=\"img_8363-4\"\n               class=\"shutterset_09cd690d7ef9fc8b3c556a911dbfd1cb\">\n                <img\n                    title=\"pr\u00e4chtiger Garten\"\n                    alt=\"pr\u00e4chtiger Garten\"\n                    src=\"https:\/\/www.freimarianne.ch\/wp-content\/gallery\/laret-7-9-24-neu\/cache\/IMG_8363.jpeg-nggid0533773-ngg0dyn-100x75x100-00f0w010c010r110f110r010t010.jpeg\"\n                    width=\"100\"\n                    height=\"75\"\n                    style=\"max-width:100%;\"\n                \/>\n            <\/a>\n        <\/div>\n\t\t\t\t\t\t\t<\/div> \n\t\t\t\n                                    <br style=\"clear: both\" \/>\n                    \n\t\t\t\t<div id=\"ngg-image-8\" class=\"ngg-gallery-thumbnail-box\" >\n\t\t\t\t        <div class=\"ngg-gallery-thumbnail\">\n            <a href=\"https:\/\/www.freimarianne.ch\/wp-content\/gallery\/laret-7-9-24-neu\/IMG_8367.jpeg\"\n               title=\"durch den Wald\"\n               data-src=\"https:\/\/www.freimarianne.ch\/wp-content\/gallery\/laret-7-9-24-neu\/IMG_8367.jpeg\"\n               data-thumbnail=\"https:\/\/www.freimarianne.ch\/wp-content\/gallery\/laret-7-9-24-neu\/thumbs\/thumbs_IMG_8367.jpeg\"\n               data-image-id=\"33770\"\n               data-title=\"durch den Wald\"\n               data-description=\"durch den Wald\"\n               data-image-slug=\"img_8367-4\"\n               class=\"shutterset_09cd690d7ef9fc8b3c556a911dbfd1cb\">\n                <img\n                    title=\"durch den Wald\"\n                    alt=\"durch den Wald\"\n                    src=\"https:\/\/www.freimarianne.ch\/wp-content\/gallery\/laret-7-9-24-neu\/cache\/IMG_8367.jpeg-nggid0533770-ngg0dyn-100x75x100-00f0w010c010r110f110r010t010.jpeg\"\n                    width=\"100\"\n                    height=\"75\"\n                    style=\"max-width:100%;\"\n                \/>\n            <\/a>\n        <\/div>\n\t\t\t\t\t\t\t<\/div> \n\t\t\t\n                            \n\t\t\t\t<div id=\"ngg-image-9\" class=\"ngg-gallery-thumbnail-box\" >\n\t\t\t\t        <div class=\"ngg-gallery-thumbnail\">\n            <a href=\"https:\/\/www.freimarianne.ch\/wp-content\/gallery\/laret-7-9-24-neu\/IMG_8368.jpeg\"\n               title=\"die Ebene bei Davos Wolfgang\"\n               data-src=\"https:\/\/www.freimarianne.ch\/wp-content\/gallery\/laret-7-9-24-neu\/IMG_8368.jpeg\"\n               data-thumbnail=\"https:\/\/www.freimarianne.ch\/wp-content\/gallery\/laret-7-9-24-neu\/thumbs\/thumbs_IMG_8368.jpeg\"\n               data-image-id=\"33768\"\n               data-title=\"die Ebene bei Davos Wolfgang\"\n               data-description=\"die Ebene bei Davos Wolfgang\"\n               data-image-slug=\"img_8368-7\"\n               class=\"shutterset_09cd690d7ef9fc8b3c556a911dbfd1cb\">\n                <img\n                    title=\"die Ebene bei Davos Wolfgang\"\n                    alt=\"die Ebene bei Davos Wolfgang\"\n                    src=\"https:\/\/www.freimarianne.ch\/wp-content\/gallery\/laret-7-9-24-neu\/cache\/IMG_8368.jpeg-nggid0533768-ngg0dyn-100x75x100-00f0w010c010r110f110r010t010.jpeg\"\n                    width=\"100\"\n                    height=\"75\"\n                    style=\"max-width:100%;\"\n                \/>\n            <\/a>\n        <\/div>\n\t\t\t\t\t\t\t<\/div> \n\t\t\t\n                            \n\t\t\t\t<div id=\"ngg-image-10\" class=\"ngg-gallery-thumbnail-box\" >\n\t\t\t\t        <div class=\"ngg-gallery-thumbnail\">\n            <a href=\"https:\/\/www.freimarianne.ch\/wp-content\/gallery\/laret-7-9-24-neu\/IMG_7799.jpeg\"\n               title=\"\"\n               data-src=\"https:\/\/www.freimarianne.ch\/wp-content\/gallery\/laret-7-9-24-neu\/IMG_7799.jpeg\"\n               data-thumbnail=\"https:\/\/www.freimarianne.ch\/wp-content\/gallery\/laret-7-9-24-neu\/thumbs\/thumbs_IMG_7799.jpeg\"\n               data-image-id=\"33772\"\n               data-title=\"IMG_7799\"\n               data-description=\"\"\n               data-image-slug=\"img_7799-2\"\n               class=\"shutterset_09cd690d7ef9fc8b3c556a911dbfd1cb\">\n                <img\n                    title=\"IMG_7799\"\n                    alt=\"IMG_7799\"\n                    src=\"https:\/\/www.freimarianne.ch\/wp-content\/gallery\/laret-7-9-24-neu\/cache\/IMG_7799.jpeg-nggid0533772-ngg0dyn-100x75x100-00f0w010c010r110f110r010t010.jpeg\"\n                    width=\"100\"\n                    height=\"75\"\n                    style=\"max-width:100%;\"\n                \/>\n            <\/a>\n        <\/div>\n\t\t\t\t\t\t\t<\/div> \n\t\t\t\n                            \n\t\t\n\t\t<!-- Pagination -->\n\t<div class='ngg-clear'><\/div>\t<\/div>\n\n\n\n\n<p><\/p>\n","protected":false},"excerpt":{"rendered":"<p>Wanderung von Klosters, Selfranga hinauf nach Laret zum Schwarzsee und weiter nach Davos,Wolfgang Wir m\u00f6chten den vielleicht letzten warmen Sommertag ausnutzen.Wir fahren nach Klosters, Selfranga und steigen durch die Schlucht des St\u00fczbachs hinauf nach Laret. Hier m\u00f6chten wir im Schwarzsee baden. Es hat wenige Leute hier und wir finden unseren Badeplatz. Aber das Wasser ist [&hellip;]<\/p>\n","protected":false},"author":1,"featured_media":0,"parent":65961,"menu_order":2,"comment_status":"closed","ping_status":"closed","template":"","meta":{"ngg_post_thumbnail":0},"_links":{"self":[{"href":"https:\/\/www.freimarianne.ch\/index.php?rest_route=\/wp\/v2\/pages\/66074"}],"collection":[{"href":"https:\/\/www.freimarianne.ch\/index.php?rest_route=\/wp\/v2\/pages"}],"about":[{"href":"https:\/\/www.freimarianne.ch\/index.php?rest_route=\/wp\/v2\/types\/page"}],"author":[{"embeddable":true,"href":"https:\/\/www.freimarianne.ch\/index.php?rest_route=\/wp\/v2\/users\/1"}],"replies":[{"embeddable":true,"href":"https:\/\/www.freimarianne.ch\/index.php?rest_route=%2Fwp%2Fv2%2Fcomments&post=66074"}],"version-history":[{"count":6,"href":"https:\/\/www.freimarianne.ch\/index.php?rest_route=\/wp\/v2\/pages\/66074\/revisions"}],"predecessor-version":[{"id":66094,"href":"https:\/\/www.freimarianne.ch\/index.php?rest_route=\/wp\/v2\/pages\/66074\/revisions\/66094"}],"up":[{"embeddable":true,"href":"https:\/\/www.freimarianne.ch\/index.php?rest_route=\/wp\/v2\/pages\/65961"}],"wp:attachment":[{"href":"https:\/\/www.freimarianne.ch\/index.php?rest_route=%2Fwp%2Fv2%2Fmedia&parent=66074"}],"curies":[{"name":"wp","href":"https:\/\/api.w.org\/{rel}","templated":true}]}}