{"id":66326,"date":"2024-10-17T09:04:35","date_gmt":"2024-10-17T08:04:35","guid":{"rendered":"http:\/\/www.freimarianne.ch\/?page_id=66326"},"modified":"2024-10-17T09:16:18","modified_gmt":"2024-10-17T08:16:18","slug":"fafleralp-lotschental-9-10-2024","status":"publish","type":"page","link":"https:\/\/www.freimarianne.ch\/?page_id=66326","title":{"rendered":"Fafleralp, L\u00f6tschental 9.10.2024"},"content":{"rendered":"\n<div class=\"wp-block-image\"><figure class=\"alignleft\"><img loading=\"lazy\" width=\"500\" height=\"375\" src=\"http:\/\/www.freimarianne.ch\/wp-content\/uploads\/2024\/10\/IMG_8072._fafleralp-9.10.24_500.jpeg\" alt=\"\" class=\"wp-image-66324\" srcset=\"https:\/\/www.freimarianne.ch\/wp-content\/uploads\/2024\/10\/IMG_8072._fafleralp-9.10.24_500.jpeg 500w, https:\/\/www.freimarianne.ch\/wp-content\/uploads\/2024\/10\/IMG_8072._fafleralp-9.10.24_500-300x225.jpeg 300w, https:\/\/www.freimarianne.ch\/wp-content\/uploads\/2024\/10\/IMG_8072._fafleralp-9.10.24_500-400x300.jpeg 400w\" sizes=\"(max-width: 500px) 100vw, 500px\" \/><\/figure><\/div>\n\n\n\n<p><strong>Talwanderung<\/strong><\/p>\n\n\n<p>Einzug gehalten hat. <br>Von der Fafleralp aus wandere ich zum Grundsee, wo ich mir gen\u00fcgend Zeit nehme, den etwas genauer anzusehen. So sehe ich zum ersten Mal, wie lang der See eigentlich ist. Dann wandere ich weiter ins Tal hinein und geniesse die Herbststimmung. Nach der letzten Br\u00fccke finde ich einen Picknickplatz. Das Wetter macht mich nicht an, noch weiter hinaufzusteigen und \u00fcber den Guggisee zur\u00fcckzuwandern.<\/p>\n<p>So wandere ich wieder zur\u00fcck zur Fafleralp, wo ich auf den Bus um 14.18h warten muss.<\/p>\n<p>Laut Schweizmobil:<\/p>\n<p>Distanz: 6.83km; Aufstieg= Abstieg: 247m; Wanderzeit: 1h 54min<\/p>\n<p><a href=\"https:\/\/map.schweizmobil.ch\/?lang=de&amp;bgLayer=pk&amp;logo=yes&amp;season=summer&amp;resolution=2.5&amp;E=2632596&amp;N=1142705&amp;photos=yes&amp;detours=yes&amp;layers=Wanderland%2CStation&amp;trackId=739807945\">Karte Schweizmobil:<\/a><\/p>\n<p>&nbsp;<\/p>\n\n\n<!-- index.php -->\n<div\n\tclass=\"ngg-galleryoverview ngg-ajax-pagination-none\"\n\tid=\"ngg-gallery-995066ccfb6c094c4a3bcf3a2aa0e429-1\">\n\n    \t<div class=\"slideshowlink\">\n        <a href='https:\/\/www.freimarianne.ch\/index.php\/nggallery\/slideshow?page_id=66326'>[Show as slideshow]<\/a>\n\t\t\n\t<\/div>\n\t\t\t<!-- Thumbnails -->\n\t\t\t\t<div id=\"ngg-image-0\" class=\"ngg-gallery-thumbnail-box\" >\n\t\t\t\t        <div class=\"ngg-gallery-thumbnail\">\n            <a href=\"https:\/\/www.freimarianne.ch\/wp-content\/gallery\/fafleralp-9-10-24\/IMG_8713.jpeg\"\n               title=\"Gletscherstafel; re Gugginburst\"\n               data-src=\"https:\/\/www.freimarianne.ch\/wp-content\/gallery\/fafleralp-9-10-24\/IMG_8713.jpeg\"\n               data-thumbnail=\"https:\/\/www.freimarianne.ch\/wp-content\/gallery\/fafleralp-9-10-24\/thumbs\/thumbs_IMG_8713.jpeg\"\n               data-image-id=\"33960\"\n               data-title=\"Gletscherstafel; re Gugginburst\"\n               data-description=\"Gletscherstafel; re Gugginburst\"\n               data-image-slug=\"img_8713-5\"\n               class=\"shutterset_995066ccfb6c094c4a3bcf3a2aa0e429\">\n                <img\n                    title=\"Gletscherstafel; re Gugginburst\"\n                    alt=\"Gletscherstafel; re Gugginburst\"\n                    src=\"https:\/\/www.freimarianne.ch\/wp-content\/gallery\/fafleralp-9-10-24\/cache\/IMG_8713.jpeg-nggid0533960-ngg0dyn-100x75x100-00f0w010c010r110f110r010t010.jpeg\"\n                    width=\"94\"\n                    height=\"75\"\n                    style=\"max-width:100%;\"\n                \/>\n            <\/a>\n        <\/div>\n\t\t\t\t\t\t\t<\/div> \n\t\t\t\n                            \n\t\t\t\t<div id=\"ngg-image-1\" class=\"ngg-gallery-thumbnail-box\" >\n\t\t\t\t        <div class=\"ngg-gallery-thumbnail\">\n            <a href=\"https:\/\/www.freimarianne.ch\/wp-content\/gallery\/fafleralp-9-10-24\/IMG_8717.jpeg\"\n               title=\"Marianne beim Gletscherstafel\"\n               data-src=\"https:\/\/www.freimarianne.ch\/wp-content\/gallery\/fafleralp-9-10-24\/IMG_8717.jpeg\"\n               data-thumbnail=\"https:\/\/www.freimarianne.ch\/wp-content\/gallery\/fafleralp-9-10-24\/thumbs\/thumbs_IMG_8717.jpeg\"\n               data-image-id=\"33959\"\n               data-title=\"Marianne beim Gletscherstafel\"\n               data-description=\"Marianne beim Gletscherstafel\"\n               data-image-slug=\"img_8717-1\"\n               class=\"shutterset_995066ccfb6c094c4a3bcf3a2aa0e429\">\n                <img\n                    title=\"Marianne beim Gletscherstafel\"\n                    alt=\"Marianne beim Gletscherstafel\"\n                    src=\"https:\/\/www.freimarianne.ch\/wp-content\/gallery\/fafleralp-9-10-24\/cache\/IMG_8717.jpeg-nggid0533959-ngg0dyn-100x75x100-00f0w010c010r110f110r010t010.jpeg\"\n                    width=\"94\"\n                    height=\"75\"\n                    style=\"max-width:100%;\"\n                \/>\n            <\/a>\n        <\/div>\n\t\t\t\t\t\t\t<\/div> \n\t\t\t\n                            \n\t\t\t\t<div id=\"ngg-image-2\" class=\"ngg-gallery-thumbnail-box\" >\n\t\t\t\t        <div class=\"ngg-gallery-thumbnail\">\n            <a href=\"https:\/\/www.freimarianne.ch\/wp-content\/gallery\/fafleralp-9-10-24\/IMG_8725.jpeg\"\n               title=\"Marianne am Grundsee\"\n               data-src=\"https:\/\/www.freimarianne.ch\/wp-content\/gallery\/fafleralp-9-10-24\/IMG_8725.jpeg\"\n               data-thumbnail=\"https:\/\/www.freimarianne.ch\/wp-content\/gallery\/fafleralp-9-10-24\/thumbs\/thumbs_IMG_8725.jpeg\"\n               data-image-id=\"33958\"\n               data-title=\"Marianne am Grundsee\"\n               data-description=\"Marianne am Grundsee\"\n               data-image-slug=\"img_8725-2\"\n               class=\"shutterset_995066ccfb6c094c4a3bcf3a2aa0e429\">\n                <img\n                    title=\"Marianne am Grundsee\"\n                    alt=\"Marianne am Grundsee\"\n                    src=\"https:\/\/www.freimarianne.ch\/wp-content\/gallery\/fafleralp-9-10-24\/cache\/IMG_8725.jpeg-nggid0533958-ngg0dyn-100x75x100-00f0w010c010r110f110r010t010.jpeg\"\n                    width=\"89\"\n                    height=\"75\"\n                    style=\"max-width:100%;\"\n                \/>\n            <\/a>\n        <\/div>\n\t\t\t\t\t\t\t<\/div> \n\t\t\t\n                            \n\t\t\t\t<div id=\"ngg-image-3\" class=\"ngg-gallery-thumbnail-box\" >\n\t\t\t\t        <div class=\"ngg-gallery-thumbnail\">\n            <a href=\"https:\/\/www.freimarianne.ch\/wp-content\/gallery\/fafleralp-9-10-24\/IMG_8727.jpeg\"\n               title=\"am Grundsee; hi Majinghorn 3054m,  Ferdenrothorn 3180m,Hockenhorn 3233m, Tennbachhorn 3013m\"\n               data-src=\"https:\/\/www.freimarianne.ch\/wp-content\/gallery\/fafleralp-9-10-24\/IMG_8727.jpeg\"\n               data-thumbnail=\"https:\/\/www.freimarianne.ch\/wp-content\/gallery\/fafleralp-9-10-24\/thumbs\/thumbs_IMG_8727.jpeg\"\n               data-image-id=\"33957\"\n               data-title=\"am Grundsee; hi Majinghorn 3054m,  Ferdenrothorn 3180m,Hockenhorn 3233m, Tennbachhorn 3013m\"\n               data-description=\"am Grundsee; hi Majinghorn 3054m,  Ferdenrothorn 3180m,Hockenhorn 3233m, Tennbachhorn 3013m\"\n               data-image-slug=\"img_8727-2\"\n               class=\"shutterset_995066ccfb6c094c4a3bcf3a2aa0e429\">\n                <img\n                    title=\"am Grundsee; hi Majinghorn 3054m,  Ferdenrothorn 3180m,Hockenhorn 3233m, Tennbachhorn 3013m\"\n                    alt=\"am Grundsee; hi Majinghorn 3054m,  Ferdenrothorn 3180m,Hockenhorn 3233m, Tennbachhorn 3013m\"\n                    src=\"https:\/\/www.freimarianne.ch\/wp-content\/gallery\/fafleralp-9-10-24\/cache\/IMG_8727.jpeg-nggid0533957-ngg0dyn-100x75x100-00f0w010c010r110f110r010t010.jpeg\"\n                    width=\"100\"\n                    height=\"75\"\n                    style=\"max-width:100%;\"\n                \/>\n            <\/a>\n        <\/div>\n\t\t\t\t\t\t\t<\/div> \n\t\t\t\n                                    <br style=\"clear: both\" \/>\n                    \n\t\t\t\t<div id=\"ngg-image-4\" class=\"ngg-gallery-thumbnail-box\" >\n\t\t\t\t        <div class=\"ngg-gallery-thumbnail\">\n            <a href=\"https:\/\/www.freimarianne.ch\/wp-content\/gallery\/fafleralp-9-10-24\/IMG_8728.jpeg\"\n               title=\"am Grundsee; hi Majinghorn 3054m,  Ferdenrothorn 3180m,Hockenhorn 3233m, Tennbachhorn 3013m\"\n               data-src=\"https:\/\/www.freimarianne.ch\/wp-content\/gallery\/fafleralp-9-10-24\/IMG_8728.jpeg\"\n               data-thumbnail=\"https:\/\/www.freimarianne.ch\/wp-content\/gallery\/fafleralp-9-10-24\/thumbs\/thumbs_IMG_8728.jpeg\"\n               data-image-id=\"33956\"\n               data-title=\"am Grundsee; hi Majinghorn 3054m,  Ferdenrothorn 3180m,Hockenhorn 3233m, Tennbachhorn 3013m\"\n               data-description=\"am Grundsee; hi Majinghorn 3054m,  Ferdenrothorn 3180m,Hockenhorn 3233m, Tennbachhorn 3013m\"\n               data-image-slug=\"img_8728-2\"\n               class=\"shutterset_995066ccfb6c094c4a3bcf3a2aa0e429\">\n                <img\n                    title=\"am Grundsee; hi Majinghorn 3054m,  Ferdenrothorn 3180m,Hockenhorn 3233m, Tennbachhorn 3013m\"\n                    alt=\"am Grundsee; hi Majinghorn 3054m,  Ferdenrothorn 3180m,Hockenhorn 3233m, Tennbachhorn 3013m\"\n                    src=\"https:\/\/www.freimarianne.ch\/wp-content\/gallery\/fafleralp-9-10-24\/cache\/IMG_8728.jpeg-nggid0533956-ngg0dyn-100x75x100-00f0w010c010r110f110r010t010.jpeg\"\n                    width=\"100\"\n                    height=\"75\"\n                    style=\"max-width:100%;\"\n                \/>\n            <\/a>\n        <\/div>\n\t\t\t\t\t\t\t<\/div> \n\t\t\t\n                            \n\t\t\t\t<div id=\"ngg-image-5\" class=\"ngg-gallery-thumbnail-box\" >\n\t\t\t\t        <div class=\"ngg-gallery-thumbnail\">\n            <a href=\"https:\/\/www.freimarianne.ch\/wp-content\/gallery\/fafleralp-9-10-24\/IMG_8732.jpeg\"\n               title=\"Grosshorn  3664m vorne ,Jegichnubel 3124m, Anugrat  36912m, Anuchnubel 3589m, Sattelhorn 3745m, Distlighorn 3607m\"\n               data-src=\"https:\/\/www.freimarianne.ch\/wp-content\/gallery\/fafleralp-9-10-24\/IMG_8732.jpeg\"\n               data-thumbnail=\"https:\/\/www.freimarianne.ch\/wp-content\/gallery\/fafleralp-9-10-24\/thumbs\/thumbs_IMG_8732.jpeg\"\n               data-image-id=\"33955\"\n               data-title=\"Grosshorn  3664m vorne ,Jegichnubel 3124m, Anugrat  36912m, Anuchnubel 3589m, Sattelhorn 3745m, Distlighorn 3607m\"\n               data-description=\"Grosshorn  3664m vorne ,Jegichnubel 3124m, Anugrat  36912m, Anuchnubel 3589m, Sattelhorn 3745m, Distlighorn 3607m\"\n               data-image-slug=\"img_8732-3\"\n               class=\"shutterset_995066ccfb6c094c4a3bcf3a2aa0e429\">\n                <img\n                    title=\"Grosshorn  3664m vorne ,Jegichnubel 3124m, Anugrat  36912m, Anuchnubel 3589m, Sattelhorn 3745m, Distlighorn 3607m\"\n                    alt=\"Grosshorn  3664m vorne ,Jegichnubel 3124m, Anugrat  36912m, Anuchnubel 3589m, Sattelhorn 3745m, Distlighorn 3607m\"\n                    src=\"https:\/\/www.freimarianne.ch\/wp-content\/gallery\/fafleralp-9-10-24\/cache\/IMG_8732.jpeg-nggid0533955-ngg0dyn-100x75x100-00f0w010c010r110f110r010t010.jpeg\"\n                    width=\"100\"\n                    height=\"75\"\n                    style=\"max-width:100%;\"\n                \/>\n            <\/a>\n        <\/div>\n\t\t\t\t\t\t\t<\/div> \n\t\t\t\n                            \n\t\t\t\t<div id=\"ngg-image-6\" class=\"ngg-gallery-thumbnail-box\" >\n\t\t\t\t        <div class=\"ngg-gallery-thumbnail\">\n            <a href=\"https:\/\/www.freimarianne.ch\/wp-content\/gallery\/fafleralp-9-10-24\/IMG_8734.jpeg\"\n               title=\"der Grundsee in seiner vollen L\u00e4nge; Niwen 2769m, Faldumpass,Faldumrothorn 2832m, Alplighorn, Restipass, Restirothorn 2969m, Mauerhorn 2944m, hi Majinghorn 3054m,  Ferdenrothorn 3180m\"\n               data-src=\"https:\/\/www.freimarianne.ch\/wp-content\/gallery\/fafleralp-9-10-24\/IMG_8734.jpeg\"\n               data-thumbnail=\"https:\/\/www.freimarianne.ch\/wp-content\/gallery\/fafleralp-9-10-24\/thumbs\/thumbs_IMG_8734.jpeg\"\n               data-image-id=\"33953\"\n               data-title=\"der Grundsee in seiner vollen L\u00e4nge; Niwen 2769m, Faldumpass,Faldumrothorn 2832m, Alplighorn, Restipass, Restirothorn 2969m, Mauerhorn 2944m, hi Majinghorn 3054m,  Ferdenrothorn 3180m\"\n               data-description=\"der Grundsee in seiner vollen L\u00e4nge; Niwen 2769m, Faldumpass,Faldumrothorn 2832m, Alplighorn, Restipass, Restirothorn 2969m, Mauerhorn 2944m, hi Majinghorn 3054m,  Ferdenrothorn 3180m\"\n               data-image-slug=\"img_8734-2\"\n               class=\"shutterset_995066ccfb6c094c4a3bcf3a2aa0e429\">\n                <img\n                    title=\"der Grundsee in seiner vollen L\u00e4nge; Niwen 2769m, Faldumpass,Faldumrothorn 2832m, Alplighorn, Restipass, Restirothorn 2969m, Mauerhorn 2944m, hi Majinghorn 3054m,  Ferdenrothorn 3180m\"\n                    alt=\"der Grundsee in seiner vollen L\u00e4nge; Niwen 2769m, Faldumpass,Faldumrothorn 2832m, Alplighorn, Restipass, Restirothorn 2969m, Mauerhorn 2944m, hi Majinghorn 3054m,  Ferdenrothorn 3180m\"\n                    src=\"https:\/\/www.freimarianne.ch\/wp-content\/gallery\/fafleralp-9-10-24\/cache\/IMG_8734.jpeg-nggid0533953-ngg0dyn-100x75x100-00f0w010c010r110f110r010t010.jpeg\"\n                    width=\"100\"\n                    height=\"75\"\n                    style=\"max-width:100%;\"\n                \/>\n            <\/a>\n        <\/div>\n\t\t\t\t\t\t\t<\/div> \n\t\t\t\n                            \n\t\t\t\t<div id=\"ngg-image-7\" class=\"ngg-gallery-thumbnail-box\" >\n\t\t\t\t        <div class=\"ngg-gallery-thumbnail\">\n            <a href=\"https:\/\/www.freimarianne.ch\/wp-content\/gallery\/fafleralp-9-10-24\/IMG_8738.jpeg\"\n               title=\"Herbststimmung mit Jeggichnubel\"\n               data-src=\"https:\/\/www.freimarianne.ch\/wp-content\/gallery\/fafleralp-9-10-24\/IMG_8738.jpeg\"\n               data-thumbnail=\"https:\/\/www.freimarianne.ch\/wp-content\/gallery\/fafleralp-9-10-24\/thumbs\/thumbs_IMG_8738.jpeg\"\n               data-image-id=\"33954\"\n               data-title=\"Herbststimmung mit Jeggichnubel\"\n               data-description=\"Herbststimmung mit Jeggichnubel\"\n               data-image-slug=\"img_8738-4\"\n               class=\"shutterset_995066ccfb6c094c4a3bcf3a2aa0e429\">\n                <img\n                    title=\"Herbststimmung mit Jeggichnubel\"\n                    alt=\"Herbststimmung mit Jeggichnubel\"\n                    src=\"https:\/\/www.freimarianne.ch\/wp-content\/gallery\/fafleralp-9-10-24\/cache\/IMG_8738.jpeg-nggid0533954-ngg0dyn-100x75x100-00f0w010c010r110f110r010t010.jpeg\"\n                    width=\"100\"\n                    height=\"75\"\n                    style=\"max-width:100%;\"\n                \/>\n            <\/a>\n        <\/div>\n\t\t\t\t\t\t\t<\/div> \n\t\t\t\n                                    <br style=\"clear: both\" \/>\n                    \n\t\t\t\t<div id=\"ngg-image-8\" class=\"ngg-gallery-thumbnail-box\" >\n\t\t\t\t        <div class=\"ngg-gallery-thumbnail\">\n            <a href=\"https:\/\/www.freimarianne.ch\/wp-content\/gallery\/fafleralp-9-10-24\/IMG_8739.jpeg\"\n               title=\"Herbststimmung mit Jeggichnubel\"\n               data-src=\"https:\/\/www.freimarianne.ch\/wp-content\/gallery\/fafleralp-9-10-24\/IMG_8739.jpeg\"\n               data-thumbnail=\"https:\/\/www.freimarianne.ch\/wp-content\/gallery\/fafleralp-9-10-24\/thumbs\/thumbs_IMG_8739.jpeg\"\n               data-image-id=\"33952\"\n               data-title=\"Herbststimmung mit Jeggichnubel\"\n               data-description=\"Herbststimmung mit Jeggichnubel\"\n               data-image-slug=\"img_8739-5\"\n               class=\"shutterset_995066ccfb6c094c4a3bcf3a2aa0e429\">\n                <img\n                    title=\"Herbststimmung mit Jeggichnubel\"\n                    alt=\"Herbststimmung mit Jeggichnubel\"\n                    src=\"https:\/\/www.freimarianne.ch\/wp-content\/gallery\/fafleralp-9-10-24\/cache\/IMG_8739.jpeg-nggid0533952-ngg0dyn-100x75x100-00f0w010c010r110f110r010t010.jpeg\"\n                    width=\"100\"\n                    height=\"75\"\n                    style=\"max-width:100%;\"\n                \/>\n            <\/a>\n        <\/div>\n\t\t\t\t\t\t\t<\/div> \n\t\t\t\n                            \n\t\t\t\t<div id=\"ngg-image-9\" class=\"ngg-gallery-thumbnail-box\" >\n\t\t\t\t        <div class=\"ngg-gallery-thumbnail\">\n            <a href=\"https:\/\/www.freimarianne.ch\/wp-content\/gallery\/fafleralp-9-10-24\/IMG_8740.jpeg\"\n               title=\"Blick gegen den Langgletscher\"\n               data-src=\"https:\/\/www.freimarianne.ch\/wp-content\/gallery\/fafleralp-9-10-24\/IMG_8740.jpeg\"\n               data-thumbnail=\"https:\/\/www.freimarianne.ch\/wp-content\/gallery\/fafleralp-9-10-24\/thumbs\/thumbs_IMG_8740.jpeg\"\n               data-image-id=\"33951\"\n               data-title=\"Blick gegen den Langgletscher\"\n               data-description=\"Blick gegen den Langgletscher\"\n               data-image-slug=\"img_8740-3\"\n               class=\"shutterset_995066ccfb6c094c4a3bcf3a2aa0e429\">\n                <img\n                    title=\"Blick gegen den Langgletscher\"\n                    alt=\"Blick gegen den Langgletscher\"\n                    src=\"https:\/\/www.freimarianne.ch\/wp-content\/gallery\/fafleralp-9-10-24\/cache\/IMG_8740.jpeg-nggid0533951-ngg0dyn-100x75x100-00f0w010c010r110f110r010t010.jpeg\"\n                    width=\"100\"\n                    height=\"75\"\n                    style=\"max-width:100%;\"\n                \/>\n            <\/a>\n        <\/div>\n\t\t\t\t\t\t\t<\/div> \n\t\t\t\n                            \n\t\t\t\t<div id=\"ngg-image-10\" class=\"ngg-gallery-thumbnail-box\" >\n\t\t\t\t        <div class=\"ngg-gallery-thumbnail\">\n            <a href=\"https:\/\/www.freimarianne.ch\/wp-content\/gallery\/fafleralp-9-10-24\/IMG_8741.jpeg\"\n               title=\"Blick gegen den Langgletscher\"\n               data-src=\"https:\/\/www.freimarianne.ch\/wp-content\/gallery\/fafleralp-9-10-24\/IMG_8741.jpeg\"\n               data-thumbnail=\"https:\/\/www.freimarianne.ch\/wp-content\/gallery\/fafleralp-9-10-24\/thumbs\/thumbs_IMG_8741.jpeg\"\n               data-image-id=\"33950\"\n               data-title=\"Blick gegen den Langgletscher\"\n               data-description=\"Blick gegen den Langgletscher\"\n               data-image-slug=\"img_8741-1\"\n               class=\"shutterset_995066ccfb6c094c4a3bcf3a2aa0e429\">\n                <img\n                    title=\"Blick gegen den Langgletscher\"\n                    alt=\"Blick gegen den Langgletscher\"\n                    src=\"https:\/\/www.freimarianne.ch\/wp-content\/gallery\/fafleralp-9-10-24\/cache\/IMG_8741.jpeg-nggid0533950-ngg0dyn-100x75x100-00f0w010c010r110f110r010t010.jpeg\"\n                    width=\"100\"\n                    height=\"75\"\n                    style=\"max-width:100%;\"\n                \/>\n            <\/a>\n        <\/div>\n\t\t\t\t\t\t\t<\/div> \n\t\t\t\n                            \n\t\t\t\t<div id=\"ngg-image-11\" class=\"ngg-gallery-thumbnail-box\" >\n\t\t\t\t        <div class=\"ngg-gallery-thumbnail\">\n            <a href=\"https:\/\/www.freimarianne.ch\/wp-content\/gallery\/fafleralp-9-10-24\/IMG_8742.jpeg\"\n               title=\"Herbstsitmung an der Burstspitza  3023m, 3119m, 3184m\"\n               data-src=\"https:\/\/www.freimarianne.ch\/wp-content\/gallery\/fafleralp-9-10-24\/IMG_8742.jpeg\"\n               data-thumbnail=\"https:\/\/www.freimarianne.ch\/wp-content\/gallery\/fafleralp-9-10-24\/thumbs\/thumbs_IMG_8742.jpeg\"\n               data-image-id=\"33947\"\n               data-title=\"Herbstsitmung an der Burstspitza  3023m, 3119m, 3184m\"\n               data-description=\"Herbstsitmung an der Burstspitza  3023m, 3119m, 3184m\"\n               data-image-slug=\"img_8742-5\"\n               class=\"shutterset_995066ccfb6c094c4a3bcf3a2aa0e429\">\n                <img\n                    title=\"Herbstsitmung an der Burstspitza  3023m, 3119m, 3184m\"\n                    alt=\"Herbstsitmung an der Burstspitza  3023m, 3119m, 3184m\"\n                    src=\"https:\/\/www.freimarianne.ch\/wp-content\/gallery\/fafleralp-9-10-24\/cache\/IMG_8742.jpeg-nggid0533947-ngg0dyn-100x75x100-00f0w010c010r110f110r010t010.jpeg\"\n                    width=\"97\"\n                    height=\"75\"\n                    style=\"max-width:100%;\"\n                \/>\n            <\/a>\n        <\/div>\n\t\t\t\t\t\t\t<\/div> \n\t\t\t\n                                    <br style=\"clear: both\" \/>\n                    \n\t\t\t\t<div id=\"ngg-image-12\" class=\"ngg-gallery-thumbnail-box\" >\n\t\t\t\t        <div class=\"ngg-gallery-thumbnail\">\n            <a href=\"https:\/\/www.freimarianne.ch\/wp-content\/gallery\/fafleralp-9-10-24\/IMG_8744.jpeg\"\n               title=\"Jegichnubel\"\n               data-src=\"https:\/\/www.freimarianne.ch\/wp-content\/gallery\/fafleralp-9-10-24\/IMG_8744.jpeg\"\n               data-thumbnail=\"https:\/\/www.freimarianne.ch\/wp-content\/gallery\/fafleralp-9-10-24\/thumbs\/thumbs_IMG_8744.jpeg\"\n               data-image-id=\"33949\"\n               data-title=\"Jegichnubel\"\n               data-description=\"Jegichnubel\"\n               data-image-slug=\"img_8744-2\"\n               class=\"shutterset_995066ccfb6c094c4a3bcf3a2aa0e429\">\n                <img\n                    title=\"Jegichnubel\"\n                    alt=\"Jegichnubel\"\n                    src=\"https:\/\/www.freimarianne.ch\/wp-content\/gallery\/fafleralp-9-10-24\/cache\/IMG_8744.jpeg-nggid0533949-ngg0dyn-100x75x100-00f0w010c010r110f110r010t010.jpeg\"\n                    width=\"100\"\n                    height=\"75\"\n                    style=\"max-width:100%;\"\n                \/>\n            <\/a>\n        <\/div>\n\t\t\t\t\t\t\t<\/div> \n\t\t\t\n                            \n\t\t\t\t<div id=\"ngg-image-13\" class=\"ngg-gallery-thumbnail-box\" >\n\t\t\t\t        <div class=\"ngg-gallery-thumbnail\">\n            <a href=\"https:\/\/www.freimarianne.ch\/wp-content\/gallery\/fafleralp-9-10-24\/IMG_8748.jpeg\"\n               title=\"Jegichnubel 3124m, Anugrat  36912m, Anuchnubel 3589m, Sattelhorn 3745m\"\n               data-src=\"https:\/\/www.freimarianne.ch\/wp-content\/gallery\/fafleralp-9-10-24\/IMG_8748.jpeg\"\n               data-thumbnail=\"https:\/\/www.freimarianne.ch\/wp-content\/gallery\/fafleralp-9-10-24\/thumbs\/thumbs_IMG_8748.jpeg\"\n               data-image-id=\"33946\"\n               data-title=\"Jegichnubel 3124m, Anugrat  36912m, Anuchnubel 3589m, Sattelhorn 3745m\"\n               data-description=\"Jegichnubel 3124m, Anugrat  36912m, Anuchnubel 3589m, Sattelhorn 3745m\"\n               data-image-slug=\"img_8748-4\"\n               class=\"shutterset_995066ccfb6c094c4a3bcf3a2aa0e429\">\n                <img\n                    title=\"Jegichnubel 3124m, Anugrat  36912m, Anuchnubel 3589m, Sattelhorn 3745m\"\n                    alt=\"Jegichnubel 3124m, Anugrat  36912m, Anuchnubel 3589m, Sattelhorn 3745m\"\n                    src=\"https:\/\/www.freimarianne.ch\/wp-content\/gallery\/fafleralp-9-10-24\/cache\/IMG_8748.jpeg-nggid0533946-ngg0dyn-100x75x100-00f0w010c010r110f110r010t010.jpeg\"\n                    width=\"100\"\n                    height=\"75\"\n                    style=\"max-width:100%;\"\n                \/>\n            <\/a>\n        <\/div>\n\t\t\t\t\t\t\t<\/div> \n\t\t\t\n                            \n\t\t\t\t<div id=\"ngg-image-14\" class=\"ngg-gallery-thumbnail-box\" >\n\t\t\t\t        <div class=\"ngg-gallery-thumbnail\">\n            <a href=\"https:\/\/www.freimarianne.ch\/wp-content\/gallery\/fafleralp-9-10-24\/IMG_8749.jpeg\"\n               title=\"ab hier geht es hinauf\"\n               data-src=\"https:\/\/www.freimarianne.ch\/wp-content\/gallery\/fafleralp-9-10-24\/IMG_8749.jpeg\"\n               data-thumbnail=\"https:\/\/www.freimarianne.ch\/wp-content\/gallery\/fafleralp-9-10-24\/thumbs\/thumbs_IMG_8749.jpeg\"\n               data-image-id=\"33945\"\n               data-title=\"ab hier geht es hinauf\"\n               data-description=\"ab hier geht es hinauf\"\n               data-image-slug=\"img_8749-3\"\n               class=\"shutterset_995066ccfb6c094c4a3bcf3a2aa0e429\">\n                <img\n                    title=\"ab hier geht es hinauf\"\n                    alt=\"ab hier geht es hinauf\"\n                    src=\"https:\/\/www.freimarianne.ch\/wp-content\/gallery\/fafleralp-9-10-24\/cache\/IMG_8749.jpeg-nggid0533945-ngg0dyn-100x75x100-00f0w010c010r110f110r010t010.jpeg\"\n                    width=\"100\"\n                    height=\"75\"\n                    style=\"max-width:100%;\"\n                \/>\n            <\/a>\n        <\/div>\n\t\t\t\t\t\t\t<\/div> \n\t\t\t\n                            \n\t\t\t\t<div id=\"ngg-image-15\" class=\"ngg-gallery-thumbnail-box\" >\n\t\t\t\t        <div class=\"ngg-gallery-thumbnail\">\n            <a href=\"https:\/\/www.freimarianne.ch\/wp-content\/gallery\/fafleralp-9-10-24\/IMG_8751.jpeg\"\n               title=\"Mariasnne vor Grosshorn  3664m vorne, Jegichnubel 3124m\"\n               data-src=\"https:\/\/www.freimarianne.ch\/wp-content\/gallery\/fafleralp-9-10-24\/IMG_8751.jpeg\"\n               data-thumbnail=\"https:\/\/www.freimarianne.ch\/wp-content\/gallery\/fafleralp-9-10-24\/thumbs\/thumbs_IMG_8751.jpeg\"\n               data-image-id=\"33948\"\n               data-title=\"Mariasnne vor Grosshorn  3664m vorne, Jegichnubel 3124m\"\n               data-description=\"Mariasnne vor Grosshorn  3664m vorne, Jegichnubel 3124m\"\n               data-image-slug=\"img_8751-3\"\n               class=\"shutterset_995066ccfb6c094c4a3bcf3a2aa0e429\">\n                <img\n                    title=\"Mariasnne vor Grosshorn  3664m vorne, Jegichnubel 3124m\"\n                    alt=\"Mariasnne vor Grosshorn  3664m vorne, Jegichnubel 3124m\"\n                    src=\"https:\/\/www.freimarianne.ch\/wp-content\/gallery\/fafleralp-9-10-24\/cache\/IMG_8751.jpeg-nggid0533948-ngg0dyn-100x75x100-00f0w010c010r110f110r010t010.jpeg\"\n                    width=\"100\"\n                    height=\"75\"\n                    style=\"max-width:100%;\"\n                \/>\n            <\/a>\n        <\/div>\n\t\t\t\t\t\t\t<\/div> \n\t\t\t\n                                    <br style=\"clear: both\" \/>\n                    \n\t\t\t\t<div id=\"ngg-image-16\" class=\"ngg-gallery-thumbnail-box\" >\n\t\t\t\t        <div class=\"ngg-gallery-thumbnail\">\n            <a href=\"https:\/\/www.freimarianne.ch\/wp-content\/gallery\/fafleralp-9-10-24\/IMG_8754.jpeg\"\n               title=\"Breithorn 3780m, Grosshorn 3754m\"\n               data-src=\"https:\/\/www.freimarianne.ch\/wp-content\/gallery\/fafleralp-9-10-24\/IMG_8754.jpeg\"\n               data-thumbnail=\"https:\/\/www.freimarianne.ch\/wp-content\/gallery\/fafleralp-9-10-24\/thumbs\/thumbs_IMG_8754.jpeg\"\n               data-image-id=\"33944\"\n               data-title=\"Breithorn 3780m, Grosshorn 3754m\"\n               data-description=\"Breithorn 3780m, Grosshorn 3754m\"\n               data-image-slug=\"img_8754-3\"\n               class=\"shutterset_995066ccfb6c094c4a3bcf3a2aa0e429\">\n                <img\n                    title=\"Breithorn 3780m, Grosshorn 3754m\"\n                    alt=\"Breithorn 3780m, Grosshorn 3754m\"\n                    src=\"https:\/\/www.freimarianne.ch\/wp-content\/gallery\/fafleralp-9-10-24\/cache\/IMG_8754.jpeg-nggid0533944-ngg0dyn-100x75x100-00f0w010c010r110f110r010t010.jpeg\"\n                    width=\"100\"\n                    height=\"75\"\n                    style=\"max-width:100%;\"\n                \/>\n            <\/a>\n        <\/div>\n\t\t\t\t\t\t\t<\/div> \n\t\t\t\n                            \n\t\t\n\t\t<!-- Pagination -->\n\t<div class='ngg-clear'><\/div>\t<\/div>\n\n\n\n\n<!-- index.php -->\n<div\n\tclass=\"ngg-galleryoverview ngg-ajax-pagination-none\"\n\tid=\"ngg-gallery-743e6527e923c5fa757cc647fedde789-1\">\n\n    \t<div class=\"slideshowlink\">\n        <a href='https:\/\/www.freimarianne.ch\/index.php\/nggallery\/slideshow?page_id=66326'>[Show as slideshow]<\/a>\n\t\t\n\t<\/div>\n\t\t\t<!-- Thumbnails -->\n\t\t\t\t<div id=\"ngg-image-0\" class=\"ngg-gallery-thumbnail-box\" >\n\t\t\t\t        <div class=\"ngg-gallery-thumbnail\">\n            <a href=\"https:\/\/www.freimarianne.ch\/wp-content\/gallery\/fafleralp-iph-9-10-24\/IMG_8050.jpeg\"\n               title=\"die Lonza\"\n               data-src=\"https:\/\/www.freimarianne.ch\/wp-content\/gallery\/fafleralp-iph-9-10-24\/IMG_8050.jpeg\"\n               data-thumbnail=\"https:\/\/www.freimarianne.ch\/wp-content\/gallery\/fafleralp-iph-9-10-24\/thumbs\/thumbs_IMG_8050.jpeg\"\n               data-image-id=\"33980\"\n               data-title=\"die Lonza\"\n               data-description=\"die Lonza\"\n               data-image-slug=\"img_8050-2\"\n               class=\"shutterset_743e6527e923c5fa757cc647fedde789\">\n                <img\n                    title=\"die Lonza\"\n                    alt=\"die Lonza\"\n                    src=\"https:\/\/www.freimarianne.ch\/wp-content\/gallery\/fafleralp-iph-9-10-24\/cache\/IMG_8050.jpeg-nggid0533980-ngg0dyn-100x75x100-00f0w010c010r110f110r010t010.jpeg\"\n                    width=\"100\"\n                    height=\"75\"\n                    style=\"max-width:100%;\"\n                \/>\n            <\/a>\n        <\/div>\n\t\t\t\t\t\t\t<\/div> \n\t\t\t\n                            \n\t\t\t\t<div id=\"ngg-image-1\" class=\"ngg-gallery-thumbnail-box\" >\n\t\t\t\t        <div class=\"ngg-gallery-thumbnail\">\n            <a href=\"https:\/\/www.freimarianne.ch\/wp-content\/gallery\/fafleralp-iph-9-10-24\/IMG_8051.jpeg\"\n               title=\"die Lonza\"\n               data-src=\"https:\/\/www.freimarianne.ch\/wp-content\/gallery\/fafleralp-iph-9-10-24\/IMG_8051.jpeg\"\n               data-thumbnail=\"https:\/\/www.freimarianne.ch\/wp-content\/gallery\/fafleralp-iph-9-10-24\/thumbs\/thumbs_IMG_8051.jpeg\"\n               data-image-id=\"33979\"\n               data-title=\"die Lonza\"\n               data-description=\"die Lonza\"\n               data-image-slug=\"img_8051-2\"\n               class=\"shutterset_743e6527e923c5fa757cc647fedde789\">\n                <img\n                    title=\"die Lonza\"\n                    alt=\"die Lonza\"\n                    src=\"https:\/\/www.freimarianne.ch\/wp-content\/gallery\/fafleralp-iph-9-10-24\/cache\/IMG_8051.jpeg-nggid0533979-ngg0dyn-100x75x100-00f0w010c010r110f110r010t010.jpeg\"\n                    width=\"100\"\n                    height=\"75\"\n                    style=\"max-width:100%;\"\n                \/>\n            <\/a>\n        <\/div>\n\t\t\t\t\t\t\t<\/div> \n\t\t\t\n                            \n\t\t\t\t<div id=\"ngg-image-2\" class=\"ngg-gallery-thumbnail-box\" >\n\t\t\t\t        <div class=\"ngg-gallery-thumbnail\">\n            <a href=\"https:\/\/www.freimarianne.ch\/wp-content\/gallery\/fafleralp-iph-9-10-24\/IMG_8052.jpeg\"\n               title=\"Tschingelhorn  3562m, Breithorn 3780m, Gugginburst; Eingang ins Uisserstal\"\n               data-src=\"https:\/\/www.freimarianne.ch\/wp-content\/gallery\/fafleralp-iph-9-10-24\/IMG_8052.jpeg\"\n               data-thumbnail=\"https:\/\/www.freimarianne.ch\/wp-content\/gallery\/fafleralp-iph-9-10-24\/thumbs\/thumbs_IMG_8052.jpeg\"\n               data-image-id=\"33977\"\n               data-title=\"Tschingelhorn  3562m, Breithorn 3780m, Gugginburst; Eingang ins Uisserstal\"\n               data-description=\"Tschingelhorn  3562m, Breithorn 3780m, Gugginburst; Eingang ins Uisserstal\"\n               data-image-slug=\"img_8052-6\"\n               class=\"shutterset_743e6527e923c5fa757cc647fedde789\">\n                <img\n                    title=\"Tschingelhorn  3562m, Breithorn 3780m, Gugginburst; Eingang ins Uisserstal\"\n                    alt=\"Tschingelhorn  3562m, Breithorn 3780m, Gugginburst; Eingang ins Uisserstal\"\n                    src=\"https:\/\/www.freimarianne.ch\/wp-content\/gallery\/fafleralp-iph-9-10-24\/cache\/IMG_8052.jpeg-nggid0533977-ngg0dyn-100x75x100-00f0w010c010r110f110r010t010.jpeg\"\n                    width=\"100\"\n                    height=\"73\"\n                    style=\"max-width:100%;\"\n                \/>\n            <\/a>\n        <\/div>\n\t\t\t\t\t\t\t<\/div> \n\t\t\t\n                            \n\t\t\t\t<div id=\"ngg-image-3\" class=\"ngg-gallery-thumbnail-box\" >\n\t\t\t\t        <div class=\"ngg-gallery-thumbnail\">\n            <a href=\"https:\/\/www.freimarianne.ch\/wp-content\/gallery\/fafleralp-iph-9-10-24\/IMG_8097.jpeg\"\n               title=\"li Bliejenduspitza 2509m, re Gugginburst\"\n               data-src=\"https:\/\/www.freimarianne.ch\/wp-content\/gallery\/fafleralp-iph-9-10-24\/IMG_8097.jpeg\"\n               data-thumbnail=\"https:\/\/www.freimarianne.ch\/wp-content\/gallery\/fafleralp-iph-9-10-24\/thumbs\/thumbs_IMG_8097.jpeg\"\n               data-image-id=\"33978\"\n               data-title=\"li Bliejenduspitza 2509m, re Gugginburst\"\n               data-description=\"li Bliejenduspitza 2509m, re Gugginburst\"\n               data-image-slug=\"img_8097-2\"\n               class=\"shutterset_743e6527e923c5fa757cc647fedde789\">\n                <img\n                    title=\"li Bliejenduspitza 2509m, re Gugginburst\"\n                    alt=\"li Bliejenduspitza 2509m, re Gugginburst\"\n                    src=\"https:\/\/www.freimarianne.ch\/wp-content\/gallery\/fafleralp-iph-9-10-24\/cache\/IMG_8097.jpeg-nggid0533978-ngg0dyn-100x75x100-00f0w010c010r110f110r010t010.jpeg\"\n                    width=\"100\"\n                    height=\"56\"\n                    style=\"max-width:100%;\"\n                \/>\n            <\/a>\n        <\/div>\n\t\t\t\t\t\t\t<\/div> \n\t\t\t\n                                    <br style=\"clear: both\" \/>\n                    \n\t\t\t\t<div id=\"ngg-image-4\" class=\"ngg-gallery-thumbnail-box\" >\n\t\t\t\t        <div class=\"ngg-gallery-thumbnail\">\n            <a href=\"https:\/\/www.freimarianne.ch\/wp-content\/gallery\/fafleralp-iph-9-10-24\/IMG_8053.jpeg\"\n               title=\"Breithorn 3780m, Gugginburst\"\n               data-src=\"https:\/\/www.freimarianne.ch\/wp-content\/gallery\/fafleralp-iph-9-10-24\/IMG_8053.jpeg\"\n               data-thumbnail=\"https:\/\/www.freimarianne.ch\/wp-content\/gallery\/fafleralp-iph-9-10-24\/thumbs\/thumbs_IMG_8053.jpeg\"\n               data-image-id=\"33976\"\n               data-title=\"Breithorn 3780m, Gugginburst\"\n               data-description=\"Breithorn 3780m, Gugginburst\"\n               data-image-slug=\"img_8053-1\"\n               class=\"shutterset_743e6527e923c5fa757cc647fedde789\">\n                <img\n                    title=\"Breithorn 3780m, Gugginburst\"\n                    alt=\"Breithorn 3780m, Gugginburst\"\n                    src=\"https:\/\/www.freimarianne.ch\/wp-content\/gallery\/fafleralp-iph-9-10-24\/cache\/IMG_8053.jpeg-nggid0533976-ngg0dyn-100x75x100-00f0w010c010r110f110r010t010.jpeg\"\n                    width=\"100\"\n                    height=\"75\"\n                    style=\"max-width:100%;\"\n                \/>\n            <\/a>\n        <\/div>\n\t\t\t\t\t\t\t<\/div> \n\t\t\t\n                            \n\t\t\t\t<div id=\"ngg-image-5\" class=\"ngg-gallery-thumbnail-box\" >\n\t\t\t\t        <div class=\"ngg-gallery-thumbnail\">\n            <a href=\"https:\/\/www.freimarianne.ch\/wp-content\/gallery\/fafleralp-iph-9-10-24\/IMG_8054.jpeg\"\n               title=\"Sicht auf li Talseite\"\n               data-src=\"https:\/\/www.freimarianne.ch\/wp-content\/gallery\/fafleralp-iph-9-10-24\/IMG_8054.jpeg\"\n               data-thumbnail=\"https:\/\/www.freimarianne.ch\/wp-content\/gallery\/fafleralp-iph-9-10-24\/thumbs\/thumbs_IMG_8054.jpeg\"\n               data-image-id=\"33975\"\n               data-title=\"Sicht auf li Talseite\"\n               data-description=\"Sicht auf li Talseite\"\n               data-image-slug=\"img_8054-4\"\n               class=\"shutterset_743e6527e923c5fa757cc647fedde789\">\n                <img\n                    title=\"Sicht auf li Talseite\"\n                    alt=\"Sicht auf li Talseite\"\n                    src=\"https:\/\/www.freimarianne.ch\/wp-content\/gallery\/fafleralp-iph-9-10-24\/cache\/IMG_8054.jpeg-nggid0533975-ngg0dyn-100x75x100-00f0w010c010r110f110r010t010.jpeg\"\n                    width=\"92\"\n                    height=\"75\"\n                    style=\"max-width:100%;\"\n                \/>\n            <\/a>\n        <\/div>\n\t\t\t\t\t\t\t<\/div> \n\t\t\t\n                            \n\t\t\t\t<div id=\"ngg-image-6\" class=\"ngg-gallery-thumbnail-box\" >\n\t\t\t\t        <div class=\"ngg-gallery-thumbnail\">\n            <a href=\"https:\/\/www.freimarianne.ch\/wp-content\/gallery\/fafleralp-iph-9-10-24\/IMG_8093.jpeg\"\n               title=\"Gletscherstafel\"\n               data-src=\"https:\/\/www.freimarianne.ch\/wp-content\/gallery\/fafleralp-iph-9-10-24\/IMG_8093.jpeg\"\n               data-thumbnail=\"https:\/\/www.freimarianne.ch\/wp-content\/gallery\/fafleralp-iph-9-10-24\/thumbs\/thumbs_IMG_8093.jpeg\"\n               data-image-id=\"33973\"\n               data-title=\"Gletscherstafel\"\n               data-description=\"Gletscherstafel\"\n               data-image-slug=\"img_8093-3\"\n               class=\"shutterset_743e6527e923c5fa757cc647fedde789\">\n                <img\n                    title=\"Gletscherstafel\"\n                    alt=\"Gletscherstafel\"\n                    src=\"https:\/\/www.freimarianne.ch\/wp-content\/gallery\/fafleralp-iph-9-10-24\/cache\/IMG_8093.jpeg-nggid0533973-ngg0dyn-100x75x100-00f0w010c010r110f110r010t010.jpeg\"\n                    width=\"100\"\n                    height=\"64\"\n                    style=\"max-width:100%;\"\n                \/>\n            <\/a>\n        <\/div>\n\t\t\t\t\t\t\t<\/div> \n\t\t\t\n                            \n\t\t\t\t<div id=\"ngg-image-7\" class=\"ngg-gallery-thumbnail-box\" >\n\t\t\t\t        <div class=\"ngg-gallery-thumbnail\">\n            <a href=\"https:\/\/www.freimarianne.ch\/wp-content\/gallery\/fafleralp-iph-9-10-24\/IMG_8091.jpeg\"\n               title=\"Gletscherstafel;  Bliejenduspitza 2509m\"\n               data-src=\"https:\/\/www.freimarianne.ch\/wp-content\/gallery\/fafleralp-iph-9-10-24\/IMG_8091.jpeg\"\n               data-thumbnail=\"https:\/\/www.freimarianne.ch\/wp-content\/gallery\/fafleralp-iph-9-10-24\/thumbs\/thumbs_IMG_8091.jpeg\"\n               data-image-id=\"33974\"\n               data-title=\"Gletscherstafel;  Bliejenduspitza 2509m\"\n               data-description=\"Gletscherstafel;  Bliejenduspitza 2509m\"\n               data-image-slug=\"img_8091-1\"\n               class=\"shutterset_743e6527e923c5fa757cc647fedde789\">\n                <img\n                    title=\"Gletscherstafel;  Bliejenduspitza 2509m\"\n                    alt=\"Gletscherstafel;  Bliejenduspitza 2509m\"\n                    src=\"https:\/\/www.freimarianne.ch\/wp-content\/gallery\/fafleralp-iph-9-10-24\/cache\/IMG_8091.jpeg-nggid0533974-ngg0dyn-100x75x100-00f0w010c010r110f110r010t010.jpeg\"\n                    width=\"100\"\n                    height=\"56\"\n                    style=\"max-width:100%;\"\n                \/>\n            <\/a>\n        <\/div>\n\t\t\t\t\t\t\t<\/div> \n\t\t\t\n                                    <br style=\"clear: both\" \/>\n                    \n\t\t\t\t<div id=\"ngg-image-8\" class=\"ngg-gallery-thumbnail-box\" >\n\t\t\t\t        <div class=\"ngg-gallery-thumbnail\">\n            <a href=\"https:\/\/www.freimarianne.ch\/wp-content\/gallery\/fafleralp-iph-9-10-24\/IMG_8055.jpeg\"\n               title=\"D\u00fcsteres L\u00f6tschental\"\n               data-src=\"https:\/\/www.freimarianne.ch\/wp-content\/gallery\/fafleralp-iph-9-10-24\/IMG_8055.jpeg\"\n               data-thumbnail=\"https:\/\/www.freimarianne.ch\/wp-content\/gallery\/fafleralp-iph-9-10-24\/thumbs\/thumbs_IMG_8055.jpeg\"\n               data-image-id=\"33971\"\n               data-title=\"D\u00fcsteres L\u00f6tschental\"\n               data-description=\"D\u00fcsteres L\u00f6tschental\"\n               data-image-slug=\"img_8055-4\"\n               class=\"shutterset_743e6527e923c5fa757cc647fedde789\">\n                <img\n                    title=\"D\u00fcsteres L\u00f6tschental\"\n                    alt=\"D\u00fcsteres L\u00f6tschental\"\n                    src=\"https:\/\/www.freimarianne.ch\/wp-content\/gallery\/fafleralp-iph-9-10-24\/cache\/IMG_8055.jpeg-nggid0533971-ngg0dyn-100x75x100-00f0w010c010r110f110r010t010.jpeg\"\n                    width=\"100\"\n                    height=\"75\"\n                    style=\"max-width:100%;\"\n                \/>\n            <\/a>\n        <\/div>\n\t\t\t\t\t\t\t<\/div> \n\t\t\t\n                            \n\t\t\t\t<div id=\"ngg-image-9\" class=\"ngg-gallery-thumbnail-box\" >\n\t\t\t\t        <div class=\"ngg-gallery-thumbnail\">\n            <a href=\"https:\/\/www.freimarianne.ch\/wp-content\/gallery\/fafleralp-iph-9-10-24\/IMG_8057.jpeg\"\n               title=\"am Grundsee; Blick talausw\u00e4rts; Majinghorn 3054m,  Ferdenrothorn 3180m, Hockenhorn 3233m, Tennbachhorn 3013m\"\n               data-src=\"https:\/\/www.freimarianne.ch\/wp-content\/gallery\/fafleralp-iph-9-10-24\/IMG_8057.jpeg\"\n               data-thumbnail=\"https:\/\/www.freimarianne.ch\/wp-content\/gallery\/fafleralp-iph-9-10-24\/thumbs\/thumbs_IMG_8057.jpeg\"\n               data-image-id=\"33972\"\n               data-title=\"am Grundsee; Blick talausw\u00e4rts; Majinghorn 3054m,  Ferdenrothorn 3180m, Hockenhorn 3233m, Tennbachhorn 3013m\"\n               data-description=\"am Grundsee; Blick talausw\u00e4rts; Majinghorn 3054m,  Ferdenrothorn 3180m, Hockenhorn 3233m, Tennbachhorn 3013m\"\n               data-image-slug=\"img_8057\"\n               class=\"shutterset_743e6527e923c5fa757cc647fedde789\">\n                <img\n                    title=\"am Grundsee; Blick talausw\u00e4rts; Majinghorn 3054m,  Ferdenrothorn 3180m, Hockenhorn 3233m, Tennbachhorn 3013m\"\n                    alt=\"am Grundsee; Blick talausw\u00e4rts; Majinghorn 3054m,  Ferdenrothorn 3180m, Hockenhorn 3233m, Tennbachhorn 3013m\"\n                    src=\"https:\/\/www.freimarianne.ch\/wp-content\/gallery\/fafleralp-iph-9-10-24\/cache\/IMG_8057.jpeg-nggid0533972-ngg0dyn-100x75x100-00f0w010c010r110f110r010t010.jpeg\"\n                    width=\"100\"\n                    height=\"69\"\n                    style=\"max-width:100%;\"\n                \/>\n            <\/a>\n        <\/div>\n\t\t\t\t\t\t\t<\/div> \n\t\t\t\n                            \n\t\t\t\t<div id=\"ngg-image-10\" class=\"ngg-gallery-thumbnail-box\" >\n\t\t\t\t        <div class=\"ngg-gallery-thumbnail\">\n            <a href=\"https:\/\/www.freimarianne.ch\/wp-content\/gallery\/fafleralp-iph-9-10-24\/IMG_8059.jpeg\"\n               title=\"Grundsee; Anuchnubel 3591m, mit Hollandiah\u00fctte. L\u00f6tschenl\u00fccke, Sattelhorn 3745m, Distlighorn 3607m\"\n               data-src=\"https:\/\/www.freimarianne.ch\/wp-content\/gallery\/fafleralp-iph-9-10-24\/IMG_8059.jpeg\"\n               data-thumbnail=\"https:\/\/www.freimarianne.ch\/wp-content\/gallery\/fafleralp-iph-9-10-24\/thumbs\/thumbs_IMG_8059.jpeg\"\n               data-image-id=\"33970\"\n               data-title=\"Grundsee; Anuchnubel 3591m, mit Hollandiah\u00fctte. L\u00f6tschenl\u00fccke, Sattelhorn 3745m, Distlighorn 3607m\"\n               data-description=\"Grundsee; Anuchnubel 3591m, mit Hollandiah\u00fctte. L\u00f6tschenl\u00fccke, Sattelhorn 3745m, Distlighorn 3607m\"\n               data-image-slug=\"img_8059-5\"\n               class=\"shutterset_743e6527e923c5fa757cc647fedde789\">\n                <img\n                    title=\"Grundsee; Anuchnubel 3591m, mit Hollandiah\u00fctte. L\u00f6tschenl\u00fccke, Sattelhorn 3745m, Distlighorn 3607m\"\n                    alt=\"Grundsee; Anuchnubel 3591m, mit Hollandiah\u00fctte. L\u00f6tschenl\u00fccke, Sattelhorn 3745m, Distlighorn 3607m\"\n                    src=\"https:\/\/www.freimarianne.ch\/wp-content\/gallery\/fafleralp-iph-9-10-24\/cache\/IMG_8059.jpeg-nggid0533970-ngg0dyn-100x75x100-00f0w010c010r110f110r010t010.jpeg\"\n                    width=\"100\"\n                    height=\"75\"\n                    style=\"max-width:100%;\"\n                \/>\n            <\/a>\n        <\/div>\n\t\t\t\t\t\t\t<\/div> \n\t\t\t\n                            \n\t\t\t\t<div id=\"ngg-image-11\" class=\"ngg-gallery-thumbnail-box\" >\n\t\t\t\t        <div class=\"ngg-gallery-thumbnail\">\n            <a href=\"https:\/\/www.freimarianne.ch\/wp-content\/gallery\/fafleralp-iph-9-10-24\/IMG_8061.jpeg\"\n               title=\"vorne Burstspitza, Grosshorn 3754m, Jegichnubel 3124m\"\n               data-src=\"https:\/\/www.freimarianne.ch\/wp-content\/gallery\/fafleralp-iph-9-10-24\/IMG_8061.jpeg\"\n               data-thumbnail=\"https:\/\/www.freimarianne.ch\/wp-content\/gallery\/fafleralp-iph-9-10-24\/thumbs\/thumbs_IMG_8061.jpeg\"\n               data-image-id=\"33968\"\n               data-title=\"vorne Burstspitza, Grosshorn 3754m, Jegichnubel 3124m\"\n               data-description=\"vorne Burstspitza, Grosshorn 3754m, Jegichnubel 3124m\"\n               data-image-slug=\"img_8061-2\"\n               class=\"shutterset_743e6527e923c5fa757cc647fedde789\">\n                <img\n                    title=\"vorne Burstspitza, Grosshorn 3754m, Jegichnubel 3124m\"\n                    alt=\"vorne Burstspitza, Grosshorn 3754m, Jegichnubel 3124m\"\n                    src=\"https:\/\/www.freimarianne.ch\/wp-content\/gallery\/fafleralp-iph-9-10-24\/cache\/IMG_8061.jpeg-nggid0533968-ngg0dyn-100x75x100-00f0w010c010r110f110r010t010.jpeg\"\n                    width=\"100\"\n                    height=\"75\"\n                    style=\"max-width:100%;\"\n                \/>\n            <\/a>\n        <\/div>\n\t\t\t\t\t\t\t<\/div> \n\t\t\t\n                                    <br style=\"clear: both\" \/>\n                    \n\t\t\t\t<div id=\"ngg-image-12\" class=\"ngg-gallery-thumbnail-box\" >\n\t\t\t\t        <div class=\"ngg-gallery-thumbnail\">\n            <a href=\"https:\/\/www.freimarianne.ch\/wp-content\/gallery\/fafleralp-iph-9-10-24\/IMG_8087.jpeg\"\n               title=\"am Grundsee\"\n               data-src=\"https:\/\/www.freimarianne.ch\/wp-content\/gallery\/fafleralp-iph-9-10-24\/IMG_8087.jpeg\"\n               data-thumbnail=\"https:\/\/www.freimarianne.ch\/wp-content\/gallery\/fafleralp-iph-9-10-24\/thumbs\/thumbs_IMG_8087.jpeg\"\n               data-image-id=\"33967\"\n               data-title=\"am Grundsee\"\n               data-description=\"am Grundsee\"\n               data-image-slug=\"img_8087-1\"\n               class=\"shutterset_743e6527e923c5fa757cc647fedde789\">\n                <img\n                    title=\"am Grundsee\"\n                    alt=\"am Grundsee\"\n                    src=\"https:\/\/www.freimarianne.ch\/wp-content\/gallery\/fafleralp-iph-9-10-24\/cache\/IMG_8087.jpeg-nggid0533967-ngg0dyn-100x75x100-00f0w010c010r110f110r010t010.jpeg\"\n                    width=\"100\"\n                    height=\"65\"\n                    style=\"max-width:100%;\"\n                \/>\n            <\/a>\n        <\/div>\n\t\t\t\t\t\t\t<\/div> \n\t\t\t\n                            \n\t\t\t\t<div id=\"ngg-image-13\" class=\"ngg-gallery-thumbnail-box\" >\n\t\t\t\t        <div class=\"ngg-gallery-thumbnail\">\n            <a href=\"https:\/\/www.freimarianne.ch\/wp-content\/gallery\/fafleralp-iph-9-10-24\/IMG_8062.jpeg\"\n               title=\"rote Heidelbeerstr\u00e4ucher\"\n               data-src=\"https:\/\/www.freimarianne.ch\/wp-content\/gallery\/fafleralp-iph-9-10-24\/IMG_8062.jpeg\"\n               data-thumbnail=\"https:\/\/www.freimarianne.ch\/wp-content\/gallery\/fafleralp-iph-9-10-24\/thumbs\/thumbs_IMG_8062.jpeg\"\n               data-image-id=\"33969\"\n               data-title=\"rote Heidelbeerstr\u00e4ucher\"\n               data-description=\"rote Heidelbeerstr\u00e4ucher\"\n               data-image-slug=\"img_8062-4\"\n               class=\"shutterset_743e6527e923c5fa757cc647fedde789\">\n                <img\n                    title=\"rote Heidelbeerstr\u00e4ucher\"\n                    alt=\"rote Heidelbeerstr\u00e4ucher\"\n                    src=\"https:\/\/www.freimarianne.ch\/wp-content\/gallery\/fafleralp-iph-9-10-24\/cache\/IMG_8062.jpeg-nggid0533969-ngg0dyn-100x75x100-00f0w010c010r110f110r010t010.jpeg\"\n                    width=\"100\"\n                    height=\"75\"\n                    style=\"max-width:100%;\"\n                \/>\n            <\/a>\n        <\/div>\n\t\t\t\t\t\t\t<\/div> \n\t\t\t\n                            \n\t\t\t\t<div id=\"ngg-image-14\" class=\"ngg-gallery-thumbnail-box\" >\n\t\t\t\t        <div class=\"ngg-gallery-thumbnail\">\n            <a href=\"https:\/\/www.freimarianne.ch\/wp-content\/gallery\/fafleralp-iph-9-10-24\/IMG_8082-1.jpeg\"\n               title=\"li Grosshorn 3754m, re Distlighorn 3607m,\"\n               data-src=\"https:\/\/www.freimarianne.ch\/wp-content\/gallery\/fafleralp-iph-9-10-24\/IMG_8082-1.jpeg\"\n               data-thumbnail=\"https:\/\/www.freimarianne.ch\/wp-content\/gallery\/fafleralp-iph-9-10-24\/thumbs\/thumbs_IMG_8082-1.jpeg\"\n               data-image-id=\"33962\"\n               data-title=\"li Grosshorn 3754m, re Distlighorn 3607m,\"\n               data-description=\"li Grosshorn 3754m, re Distlighorn 3607m,\"\n               data-image-slug=\"img_8082-1-1\"\n               class=\"shutterset_743e6527e923c5fa757cc647fedde789\">\n                <img\n                    title=\"li Grosshorn 3754m, re Distlighorn 3607m,\"\n                    alt=\"li Grosshorn 3754m, re Distlighorn 3607m,\"\n                    src=\"https:\/\/www.freimarianne.ch\/wp-content\/gallery\/fafleralp-iph-9-10-24\/cache\/IMG_8082-1.jpeg-nggid0533962-ngg0dyn-100x75x100-00f0w010c010r110f110r010t010.jpeg\"\n                    width=\"100\"\n                    height=\"60\"\n                    style=\"max-width:100%;\"\n                \/>\n            <\/a>\n        <\/div>\n\t\t\t\t\t\t\t<\/div> \n\t\t\t\n                            \n\t\t\t\t<div id=\"ngg-image-15\" class=\"ngg-gallery-thumbnail-box\" >\n\t\t\t\t        <div class=\"ngg-gallery-thumbnail\">\n            <a href=\"https:\/\/www.freimarianne.ch\/wp-content\/gallery\/fafleralp-iph-9-10-24\/IMG_8065.jpeg\"\n               title=\"Grosshorn 3754m, Jegichnubel 3124m,  Mittagshorn 3692m....\"\n               data-src=\"https:\/\/www.freimarianne.ch\/wp-content\/gallery\/fafleralp-iph-9-10-24\/IMG_8065.jpeg\"\n               data-thumbnail=\"https:\/\/www.freimarianne.ch\/wp-content\/gallery\/fafleralp-iph-9-10-24\/thumbs\/thumbs_IMG_8065.jpeg\"\n               data-image-id=\"33964\"\n               data-title=\"Grosshorn 3754m, Jegichnubel 3124m,  Mittagshorn 3692m....\"\n               data-description=\"Grosshorn 3754m, Jegichnubel 3124m,  Mittagshorn 3692m....\"\n               data-image-slug=\"img_8065-3\"\n               class=\"shutterset_743e6527e923c5fa757cc647fedde789\">\n                <img\n                    title=\"Grosshorn 3754m, Jegichnubel 3124m,  Mittagshorn 3692m....\"\n                    alt=\"Grosshorn 3754m, Jegichnubel 3124m,  Mittagshorn 3692m....\"\n                    src=\"https:\/\/www.freimarianne.ch\/wp-content\/gallery\/fafleralp-iph-9-10-24\/cache\/IMG_8065.jpeg-nggid0533964-ngg0dyn-100x75x100-00f0w010c010r110f110r010t010.jpeg\"\n                    width=\"100\"\n                    height=\"75\"\n                    style=\"max-width:100%;\"\n                \/>\n            <\/a>\n        <\/div>\n\t\t\t\t\t\t\t<\/div> \n\t\t\t\n                                    <br style=\"clear: both\" \/>\n                    \n\t\t\t\t<div id=\"ngg-image-16\" class=\"ngg-gallery-thumbnail-box\" >\n\t\t\t\t        <div class=\"ngg-gallery-thumbnail\">\n            <a href=\"https:\/\/www.freimarianne.ch\/wp-content\/gallery\/fafleralp-iph-9-10-24\/IMG_8067.jpeg\"\n               title=\"Grosshorn 3754m, Jegichnubel 3124m,  Mittagshorn 3692m, Grat, Anujoch 3629m, Anugrat  3707m- 3604m,  Anuchnubel 3591m\"\n               data-src=\"https:\/\/www.freimarianne.ch\/wp-content\/gallery\/fafleralp-iph-9-10-24\/IMG_8067.jpeg\"\n               data-thumbnail=\"https:\/\/www.freimarianne.ch\/wp-content\/gallery\/fafleralp-iph-9-10-24\/thumbs\/thumbs_IMG_8067.jpeg\"\n               data-image-id=\"33966\"\n               data-title=\"Grosshorn 3754m, Jegichnubel 3124m,  Mittagshorn 3692m, Grat, Anujoch 3629m, Anugrat  3707m- 3604m,  Anuchnubel 3591m\"\n               data-description=\"Grosshorn 3754m, Jegichnubel 3124m,  Mittagshorn 3692m, Grat, Anujoch 3629m, Anugrat  3707m- 3604m,  Anuchnubel 3591m\"\n               data-image-slug=\"img_8067-2\"\n               class=\"shutterset_743e6527e923c5fa757cc647fedde789\">\n                <img\n                    title=\"Grosshorn 3754m, Jegichnubel 3124m,  Mittagshorn 3692m, Grat, Anujoch 3629m, Anugrat  3707m- 3604m,  Anuchnubel 3591m\"\n                    alt=\"Grosshorn 3754m, Jegichnubel 3124m,  Mittagshorn 3692m, Grat, Anujoch 3629m, Anugrat  3707m- 3604m,  Anuchnubel 3591m\"\n                    src=\"https:\/\/www.freimarianne.ch\/wp-content\/gallery\/fafleralp-iph-9-10-24\/cache\/IMG_8067.jpeg-nggid0533966-ngg0dyn-100x75x100-00f0w010c010r110f110r010t010.jpeg\"\n                    width=\"100\"\n                    height=\"75\"\n                    style=\"max-width:100%;\"\n                \/>\n            <\/a>\n        <\/div>\n\t\t\t\t\t\t\t<\/div> \n\t\t\t\n                            \n\t\t\t\t<div id=\"ngg-image-17\" class=\"ngg-gallery-thumbnail-box\" >\n\t\t\t\t        <div class=\"ngg-gallery-thumbnail\">\n            <a href=\"https:\/\/www.freimarianne.ch\/wp-content\/gallery\/fafleralp-iph-9-10-24\/IMG_8068.jpeg\"\n               title=\"auf dem R\u00fcckweg\"\n               data-src=\"https:\/\/www.freimarianne.ch\/wp-content\/gallery\/fafleralp-iph-9-10-24\/IMG_8068.jpeg\"\n               data-thumbnail=\"https:\/\/www.freimarianne.ch\/wp-content\/gallery\/fafleralp-iph-9-10-24\/thumbs\/thumbs_IMG_8068.jpeg\"\n               data-image-id=\"33963\"\n               data-title=\"auf dem R\u00fcckweg\"\n               data-description=\"auf dem R\u00fcckweg\"\n               data-image-slug=\"img_8068-4\"\n               class=\"shutterset_743e6527e923c5fa757cc647fedde789\">\n                <img\n                    title=\"auf dem R\u00fcckweg\"\n                    alt=\"auf dem R\u00fcckweg\"\n                    src=\"https:\/\/www.freimarianne.ch\/wp-content\/gallery\/fafleralp-iph-9-10-24\/cache\/IMG_8068.jpeg-nggid0533963-ngg0dyn-100x75x100-00f0w010c010r110f110r010t010.jpeg\"\n                    width=\"100\"\n                    height=\"75\"\n                    style=\"max-width:100%;\"\n                \/>\n            <\/a>\n        <\/div>\n\t\t\t\t\t\t\t<\/div> \n\t\t\t\n                            \n\t\t\t\t<div id=\"ngg-image-18\" class=\"ngg-gallery-thumbnail-box\" >\n\t\t\t\t        <div class=\"ngg-gallery-thumbnail\">\n            <a href=\"https:\/\/www.freimarianne.ch\/wp-content\/gallery\/fafleralp-iph-9-10-24\/IMG_8081.jpeg\"\n               title=\"Breithorn 3780m, Grosshorn 3754m, Jegichnubel 3124m,  Mittagshorn 3692m\"\n               data-src=\"https:\/\/www.freimarianne.ch\/wp-content\/gallery\/fafleralp-iph-9-10-24\/IMG_8081.jpeg\"\n               data-thumbnail=\"https:\/\/www.freimarianne.ch\/wp-content\/gallery\/fafleralp-iph-9-10-24\/thumbs\/thumbs_IMG_8081.jpeg\"\n               data-image-id=\"33961\"\n               data-title=\"Breithorn 3780m, Grosshorn 3754m, Jegichnubel 3124m,  Mittagshorn 3692m\"\n               data-description=\"Breithorn 3780m, Grosshorn 3754m, Jegichnubel 3124m,  Mittagshorn 3692m\"\n               data-image-slug=\"img_8081-4\"\n               class=\"shutterset_743e6527e923c5fa757cc647fedde789\">\n                <img\n                    title=\"Breithorn 3780m, Grosshorn 3754m, Jegichnubel 3124m,  Mittagshorn 3692m\"\n                    alt=\"Breithorn 3780m, Grosshorn 3754m, Jegichnubel 3124m,  Mittagshorn 3692m\"\n                    src=\"https:\/\/www.freimarianne.ch\/wp-content\/gallery\/fafleralp-iph-9-10-24\/cache\/IMG_8081.jpeg-nggid0533961-ngg0dyn-100x75x100-00f0w010c010r110f110r010t010.jpeg\"\n                    width=\"100\"\n                    height=\"61\"\n                    style=\"max-width:100%;\"\n                \/>\n            <\/a>\n        <\/div>\n\t\t\t\t\t\t\t<\/div> \n\t\t\t\n                            \n\t\t\t\t<div id=\"ngg-image-19\" class=\"ngg-gallery-thumbnail-box\" >\n\t\t\t\t        <div class=\"ngg-gallery-thumbnail\">\n            <a href=\"https:\/\/www.freimarianne.ch\/wp-content\/gallery\/fafleralp-iph-9-10-24\/IMG_8072.jpeg\"\n               title=\"auf dem R\u00fcckweg\"\n               data-src=\"https:\/\/www.freimarianne.ch\/wp-content\/gallery\/fafleralp-iph-9-10-24\/IMG_8072.jpeg\"\n               data-thumbnail=\"https:\/\/www.freimarianne.ch\/wp-content\/gallery\/fafleralp-iph-9-10-24\/thumbs\/thumbs_IMG_8072.jpeg\"\n               data-image-id=\"33965\"\n               data-title=\"auf dem R\u00fcckweg\"\n               data-description=\"auf dem R\u00fcckweg\"\n               data-image-slug=\"img_8072-4\"\n               class=\"shutterset_743e6527e923c5fa757cc647fedde789\">\n                <img\n                    title=\"auf dem R\u00fcckweg\"\n                    alt=\"auf dem R\u00fcckweg\"\n                    src=\"https:\/\/www.freimarianne.ch\/wp-content\/gallery\/fafleralp-iph-9-10-24\/cache\/IMG_8072.jpeg-nggid0533965-ngg0dyn-100x75x100-00f0w010c010r110f110r010t010.jpeg\"\n                    width=\"100\"\n                    height=\"75\"\n                    style=\"max-width:100%;\"\n                \/>\n            <\/a>\n        <\/div>\n\t\t\t\t\t\t\t<\/div> \n\t\t\t\n                                    <br style=\"clear: both\" \/>\n                    \n\t\t\n\t\t<!-- Pagination -->\n\t<div class='ngg-clear'><\/div>\t<\/div>\n\n","protected":false},"excerpt":{"rendered":"<p>Talwanderung Einzug gehalten hat. Von der Fafleralp aus wandere ich zum Grundsee, wo ich mir gen\u00fcgend Zeit nehme, den etwas genauer anzusehen. So sehe ich zum ersten Mal, wie lang der See eigentlich ist. Dann wandere ich weiter ins Tal hinein und geniesse die Herbststimmung. Nach der letzten Br\u00fccke finde ich einen Picknickplatz. Das Wetter [&hellip;]<\/p>\n","protected":false},"author":1,"featured_media":0,"parent":65961,"menu_order":10,"comment_status":"closed","ping_status":"closed","template":"","meta":{"ngg_post_thumbnail":0},"_links":{"self":[{"href":"https:\/\/www.freimarianne.ch\/index.php?rest_route=\/wp\/v2\/pages\/66326"}],"collection":[{"href":"https:\/\/www.freimarianne.ch\/index.php?rest_route=\/wp\/v2\/pages"}],"about":[{"href":"https:\/\/www.freimarianne.ch\/index.php?rest_route=\/wp\/v2\/types\/page"}],"author":[{"embeddable":true,"href":"https:\/\/www.freimarianne.ch\/index.php?rest_route=\/wp\/v2\/users\/1"}],"replies":[{"embeddable":true,"href":"https:\/\/www.freimarianne.ch\/index.php?rest_route=%2Fwp%2Fv2%2Fcomments&post=66326"}],"version-history":[{"count":4,"href":"https:\/\/www.freimarianne.ch\/index.php?rest_route=\/wp\/v2\/pages\/66326\/revisions"}],"predecessor-version":[{"id":66397,"href":"https:\/\/www.freimarianne.ch\/index.php?rest_route=\/wp\/v2\/pages\/66326\/revisions\/66397"}],"up":[{"embeddable":true,"href":"https:\/\/www.freimarianne.ch\/index.php?rest_route=\/wp\/v2\/pages\/65961"}],"wp:attachment":[{"href":"https:\/\/www.freimarianne.ch\/index.php?rest_route=%2Fwp%2Fv2%2Fmedia&parent=66326"}],"curies":[{"name":"wp","href":"https:\/\/api.w.org\/{rel}","templated":true}]}}