{"id":66746,"date":"2025-01-04T09:21:11","date_gmt":"2025-01-04T08:21:11","guid":{"rendered":"http:\/\/www.freimarianne.ch\/?page_id=66746"},"modified":"2025-01-04T09:39:25","modified_gmt":"2025-01-04T08:39:25","slug":"dunzenegg-be-26-12-2026","status":"publish","type":"page","link":"https:\/\/www.freimarianne.ch\/?page_id=66746","title":{"rendered":"D\u00fcnzenegg, BE 26.12.2026"},"content":{"rendered":"\n<p><strong>Schneeschuhwanderung  von Schwanden, S\u00e4ge auf die D\u00fcnzenegg<\/strong><\/p>\n\n\n<div id=\"attachment_66742\" style=\"width: 510px\" class=\"wp-caption alignleft\"><img aria-describedby=\"caption-attachment-66742\" loading=\"lazy\" class=\"size-full wp-image-66742\" src=\"http:\/\/www.freimarianne.ch\/wp-content\/uploads\/2025\/01\/IMG_9273_du\u0308nzenegg_12.24_500.jpeg\" alt=\"\" width=\"500\" height=\"369\" srcset=\"https:\/\/www.freimarianne.ch\/wp-content\/uploads\/2025\/01\/IMG_9273_du\u0308nzenegg_12.24_500.jpeg 500w, https:\/\/www.freimarianne.ch\/wp-content\/uploads\/2025\/01\/IMG_9273_du\u0308nzenegg_12.24_500-300x221.jpeg 300w, https:\/\/www.freimarianne.ch\/wp-content\/uploads\/2025\/01\/IMG_9273_du\u0308nzenegg_12.24_500-407x300.jpeg 407w\" sizes=\"(max-width: 500px) 100vw, 500px\" \/><p id=\"caption-attachment-66742\" class=\"wp-caption-text\">Abstieg nach Schwanden, S\u00e4ge; Niesen<\/p><\/div>\n<p>Nach 10h kommen wir in Schwanden,S\u00e4ge an und finden bald den Einstieg in den Schneeschuhtrail. Es geht gleich steil hinauf zum Hof Stampf, den wir um ca. 11.00h erreichen. Hier gibt es einen Trinkhalt und dann wandern wir weiter hinauf zur Oberi Matte 1390m. Hier biegen wir links ab und folgen einer Waldstrasse, die durch den Wald des R\u00fceggershubels hin\u00fcber gegen die D\u00fcnzenegg f\u00fchrt. In diesem offenen Gel\u00e4nde gibt es nur eine kleine Holzbank, die schon besetzt ist. Heute sind wir nicht die einzigen, die unterwegs sind! So steigen wir hinunter zur Schonegg 1411lm, wo wir bei einem Stall eine Bank finden, wo wir unseren Mittagshalt machen und den Sonnenschein geniessen k\u00f6nnen.<br>Dann machen wir uns auf den R\u00fcckweg, der uns durch ein Bachtobel im Z\u00fcsenegg Graben f\u00fchrt, wo es sehr viel Schnee hat und entsprechend kalt ist. Bald sind wir wieder im Sonnenschein. Wir steigen auf demselben Trail wieder hinunter nach Schwanden, S\u00e4ge, wo wir um 14.42h den Bus besteigen k\u00f6nnen.<\/p>\n<p>Dank den guten Schneeverh\u00e4ltnissen konnten wir dieses Jahr diese Wanderung machen.<\/p>\n<p>Laut Schweizmobil:<\/p>\n<p>Distanz: 7.60km; Aufstieg=Abstieg: 418m; Wanderzeit: 2h 25min ( Sommer)<\/p>\n<p><a href=\"https:\/\/map.schweizmobil.ch\/?lang=de&amp;bgLayer=pk&amp;logo=yes&amp;season=winter&amp;resolution=5&amp;E=2623236&amp;N=1176584&amp;photos=yes&amp;detours=yes&amp;layers=Snowshoe%2CStation&amp;trackId=485915245\">Karte Schweizmobil:<\/a><\/p>\n\n\n<!-- index.php -->\n<div\n\tclass=\"ngg-galleryoverview ngg-ajax-pagination-none\"\n\tid=\"ngg-gallery-75aea3ed639e313a49bfd217d65bc903-1\">\n\n    \t<div class=\"slideshowlink\">\n        <a href='https:\/\/www.freimarianne.ch\/index.php\/nggallery\/slideshow?page_id=66746'>[Show as slideshow]<\/a>\n\t\t\n\t<\/div>\n\t\t\t<!-- Thumbnails -->\n\t\t\t\t<div id=\"ngg-image-0\" class=\"ngg-gallery-thumbnail-box\" >\n\t\t\t\t        <div class=\"ngg-gallery-thumbnail\">\n            <a href=\"https:\/\/www.freimarianne.ch\/wp-content\/gallery\/dunzenegg-28-12-24\/IMG_9251.jpeg\"\n               title=\"Schwanden,S\u00e4ge mit Niesen uns Stockhornkette\"\n               data-src=\"https:\/\/www.freimarianne.ch\/wp-content\/gallery\/dunzenegg-28-12-24\/IMG_9251.jpeg\"\n               data-thumbnail=\"https:\/\/www.freimarianne.ch\/wp-content\/gallery\/dunzenegg-28-12-24\/thumbs\/thumbs_IMG_9251.jpeg\"\n               data-image-id=\"34268\"\n               data-title=\"Schwanden,S\u00e4ge mit Niesen uns Stockhornkette\"\n               data-description=\"Schwanden,S\u00e4ge mit Niesen uns Stockhornkette\"\n               data-image-slug=\"img_9251-4\"\n               class=\"shutterset_75aea3ed639e313a49bfd217d65bc903\">\n                <img\n                    title=\"Schwanden,S\u00e4ge mit Niesen uns Stockhornkette\"\n                    alt=\"Schwanden,S\u00e4ge mit Niesen uns Stockhornkette\"\n                    src=\"https:\/\/www.freimarianne.ch\/wp-content\/gallery\/dunzenegg-28-12-24\/cache\/IMG_9251.jpeg-nggid0534268-ngg0dyn-100x75x100-00f0w010c010r110f110r010t010.jpeg\"\n                    width=\"100\"\n                    height=\"75\"\n                    style=\"max-width:100%;\"\n                \/>\n            <\/a>\n        <\/div>\n\t\t\t\t\t\t\t<\/div> \n\t\t\t\n                            \n\t\t\t\t<div id=\"ngg-image-1\" class=\"ngg-gallery-thumbnail-box\" >\n\t\t\t\t        <div class=\"ngg-gallery-thumbnail\">\n            <a href=\"https:\/\/www.freimarianne.ch\/wp-content\/gallery\/dunzenegg-28-12-24\/IMG_9253.jpeg\"\n               title=\"Schwanden,S\u00e4ge; Nebelmeer\"\n               data-src=\"https:\/\/www.freimarianne.ch\/wp-content\/gallery\/dunzenegg-28-12-24\/IMG_9253.jpeg\"\n               data-thumbnail=\"https:\/\/www.freimarianne.ch\/wp-content\/gallery\/dunzenegg-28-12-24\/thumbs\/thumbs_IMG_9253.jpeg\"\n               data-image-id=\"34267\"\n               data-title=\"Schwanden,S\u00e4ge; Nebelmeer\"\n               data-description=\"Schwanden,S\u00e4ge; Nebelmeer\"\n               data-image-slug=\"img_9253-4\"\n               class=\"shutterset_75aea3ed639e313a49bfd217d65bc903\">\n                <img\n                    title=\"Schwanden,S\u00e4ge; Nebelmeer\"\n                    alt=\"Schwanden,S\u00e4ge; Nebelmeer\"\n                    src=\"https:\/\/www.freimarianne.ch\/wp-content\/gallery\/dunzenegg-28-12-24\/cache\/IMG_9253.jpeg-nggid0534267-ngg0dyn-100x75x100-00f0w010c010r110f110r010t010.jpeg\"\n                    width=\"90\"\n                    height=\"75\"\n                    style=\"max-width:100%;\"\n                \/>\n            <\/a>\n        <\/div>\n\t\t\t\t\t\t\t<\/div> \n\t\t\t\n                            \n\t\t\t\t<div id=\"ngg-image-2\" class=\"ngg-gallery-thumbnail-box\" >\n\t\t\t\t        <div class=\"ngg-gallery-thumbnail\">\n            <a href=\"https:\/\/www.freimarianne.ch\/wp-content\/gallery\/dunzenegg-28-12-24\/IMG_9255.jpeg\"\n               title=\"Sicht auf Schwanden, S\u00e4ge\"\n               data-src=\"https:\/\/www.freimarianne.ch\/wp-content\/gallery\/dunzenegg-28-12-24\/IMG_9255.jpeg\"\n               data-thumbnail=\"https:\/\/www.freimarianne.ch\/wp-content\/gallery\/dunzenegg-28-12-24\/thumbs\/thumbs_IMG_9255.jpeg\"\n               data-image-id=\"34269\"\n               data-title=\"Sicht auf Schwanden, S\u00e4ge\"\n               data-description=\"Sicht auf Schwanden, S\u00e4ge\"\n               data-image-slug=\"img_9255-1\"\n               class=\"shutterset_75aea3ed639e313a49bfd217d65bc903\">\n                <img\n                    title=\"Sicht auf Schwanden, S\u00e4ge\"\n                    alt=\"Sicht auf Schwanden, S\u00e4ge\"\n                    src=\"https:\/\/www.freimarianne.ch\/wp-content\/gallery\/dunzenegg-28-12-24\/cache\/IMG_9255.jpeg-nggid0534269-ngg0dyn-100x75x100-00f0w010c010r110f110r010t010.jpeg\"\n                    width=\"100\"\n                    height=\"75\"\n                    style=\"max-width:100%;\"\n                \/>\n            <\/a>\n        <\/div>\n\t\t\t\t\t\t\t<\/div> \n\t\t\t\n                            \n\t\t\t\t<div id=\"ngg-image-3\" class=\"ngg-gallery-thumbnail-box\" >\n\t\t\t\t        <div class=\"ngg-gallery-thumbnail\">\n            <a href=\"https:\/\/www.freimarianne.ch\/wp-content\/gallery\/dunzenegg-28-12-24\/IMG_9256.jpeg\"\n               title=\"Sicht auf Schwanden, S\u00e4ge; Nebelmeer\"\n               data-src=\"https:\/\/www.freimarianne.ch\/wp-content\/gallery\/dunzenegg-28-12-24\/IMG_9256.jpeg\"\n               data-thumbnail=\"https:\/\/www.freimarianne.ch\/wp-content\/gallery\/dunzenegg-28-12-24\/thumbs\/thumbs_IMG_9256.jpeg\"\n               data-image-id=\"34264\"\n               data-title=\"Sicht auf Schwanden, S\u00e4ge; Nebelmeer\"\n               data-description=\"Sicht auf Schwanden, S\u00e4ge; Nebelmeer\"\n               data-image-slug=\"img_9256-4\"\n               class=\"shutterset_75aea3ed639e313a49bfd217d65bc903\">\n                <img\n                    title=\"Sicht auf Schwanden, S\u00e4ge; Nebelmeer\"\n                    alt=\"Sicht auf Schwanden, S\u00e4ge; Nebelmeer\"\n                    src=\"https:\/\/www.freimarianne.ch\/wp-content\/gallery\/dunzenegg-28-12-24\/cache\/IMG_9256.jpeg-nggid0534264-ngg0dyn-100x75x100-00f0w010c010r110f110r010t010.jpeg\"\n                    width=\"100\"\n                    height=\"75\"\n                    style=\"max-width:100%;\"\n                \/>\n            <\/a>\n        <\/div>\n\t\t\t\t\t\t\t<\/div> \n\t\t\t\n                                    <br style=\"clear: both\" \/>\n                    \n\t\t\t\t<div id=\"ngg-image-4\" class=\"ngg-gallery-thumbnail-box\" >\n\t\t\t\t        <div class=\"ngg-gallery-thumbnail\">\n            <a href=\"https:\/\/www.freimarianne.ch\/wp-content\/gallery\/dunzenegg-28-12-24\/IMG_9258.jpeg\"\n               title=\"Stampf 1265m\"\n               data-src=\"https:\/\/www.freimarianne.ch\/wp-content\/gallery\/dunzenegg-28-12-24\/IMG_9258.jpeg\"\n               data-thumbnail=\"https:\/\/www.freimarianne.ch\/wp-content\/gallery\/dunzenegg-28-12-24\/thumbs\/thumbs_IMG_9258.jpeg\"\n               data-image-id=\"34266\"\n               data-title=\"Stampf 1265m\"\n               data-description=\"Stampf 1265m\"\n               data-image-slug=\"img_9258\"\n               class=\"shutterset_75aea3ed639e313a49bfd217d65bc903\">\n                <img\n                    title=\"Stampf 1265m\"\n                    alt=\"Stampf 1265m\"\n                    src=\"https:\/\/www.freimarianne.ch\/wp-content\/gallery\/dunzenegg-28-12-24\/cache\/IMG_9258.jpeg-nggid0534266-ngg0dyn-100x75x100-00f0w010c010r110f110r010t010.jpeg\"\n                    width=\"100\"\n                    height=\"75\"\n                    style=\"max-width:100%;\"\n                \/>\n            <\/a>\n        <\/div>\n\t\t\t\t\t\t\t<\/div> \n\t\t\t\n                            \n\t\t\t\t<div id=\"ngg-image-5\" class=\"ngg-gallery-thumbnail-box\" >\n\t\t\t\t        <div class=\"ngg-gallery-thumbnail\">\n            <a href=\"https:\/\/www.freimarianne.ch\/wp-content\/gallery\/dunzenegg-28-12-24\/IMG_9260.jpeg\"\n               title=\"gegen Obri Matte 1392m\"\n               data-src=\"https:\/\/www.freimarianne.ch\/wp-content\/gallery\/dunzenegg-28-12-24\/IMG_9260.jpeg\"\n               data-thumbnail=\"https:\/\/www.freimarianne.ch\/wp-content\/gallery\/dunzenegg-28-12-24\/thumbs\/thumbs_IMG_9260.jpeg\"\n               data-image-id=\"34265\"\n               data-title=\"gegen Obri Matte 1392m\"\n               data-description=\"gegen Obri Matte 1392m\"\n               data-image-slug=\"img_9260-3\"\n               class=\"shutterset_75aea3ed639e313a49bfd217d65bc903\">\n                <img\n                    title=\"gegen Obri Matte 1392m\"\n                    alt=\"gegen Obri Matte 1392m\"\n                    src=\"https:\/\/www.freimarianne.ch\/wp-content\/gallery\/dunzenegg-28-12-24\/cache\/IMG_9260.jpeg-nggid0534265-ngg0dyn-100x75x100-00f0w010c010r110f110r010t010.jpeg\"\n                    width=\"100\"\n                    height=\"75\"\n                    style=\"max-width:100%;\"\n                \/>\n            <\/a>\n        <\/div>\n\t\t\t\t\t\t\t<\/div> \n\t\t\t\n                            \n\t\t\t\t<div id=\"ngg-image-6\" class=\"ngg-gallery-thumbnail-box\" >\n\t\t\t\t        <div class=\"ngg-gallery-thumbnail\">\n            <a href=\"https:\/\/www.freimarianne.ch\/wp-content\/gallery\/dunzenegg-28-12-24\/IMG_9262.jpeg\"\n               title=\"gegen Obri Matte 1392m; Sigriswiler Rothornkette\"\n               data-src=\"https:\/\/www.freimarianne.ch\/wp-content\/gallery\/dunzenegg-28-12-24\/IMG_9262.jpeg\"\n               data-thumbnail=\"https:\/\/www.freimarianne.ch\/wp-content\/gallery\/dunzenegg-28-12-24\/thumbs\/thumbs_IMG_9262.jpeg\"\n               data-image-id=\"34263\"\n               data-title=\"gegen Obri Matte 1392m; Sigriswiler Rothornkette\"\n               data-description=\"gegen Obri Matte 1392m; Sigriswiler Rothornkette\"\n               data-image-slug=\"img_9262-1\"\n               class=\"shutterset_75aea3ed639e313a49bfd217d65bc903\">\n                <img\n                    title=\"gegen Obri Matte 1392m; Sigriswiler Rothornkette\"\n                    alt=\"gegen Obri Matte 1392m; Sigriswiler Rothornkette\"\n                    src=\"https:\/\/www.freimarianne.ch\/wp-content\/gallery\/dunzenegg-28-12-24\/cache\/IMG_9262.jpeg-nggid0534263-ngg0dyn-100x75x100-00f0w010c010r110f110r010t010.jpeg\"\n                    width=\"100\"\n                    height=\"75\"\n                    style=\"max-width:100%;\"\n                \/>\n            <\/a>\n        <\/div>\n\t\t\t\t\t\t\t<\/div> \n\t\t\t\n                            \n\t\t\t\t<div id=\"ngg-image-7\" class=\"ngg-gallery-thumbnail-box\" >\n\t\t\t\t        <div class=\"ngg-gallery-thumbnail\">\n            <a href=\"https:\/\/www.freimarianne.ch\/wp-content\/gallery\/dunzenegg-28-12-24\/IMG_9263.jpeg\"\n               title=\"Obri Matte 1392m; Weg zur D\u00fcnzenegg\"\n               data-src=\"https:\/\/www.freimarianne.ch\/wp-content\/gallery\/dunzenegg-28-12-24\/IMG_9263.jpeg\"\n               data-thumbnail=\"https:\/\/www.freimarianne.ch\/wp-content\/gallery\/dunzenegg-28-12-24\/thumbs\/thumbs_IMG_9263.jpeg\"\n               data-image-id=\"34262\"\n               data-title=\"Obri Matte 1392m; Weg zur D\u00fcnzenegg\"\n               data-description=\"Obri Matte 1392m; Weg zur D\u00fcnzenegg\"\n               data-image-slug=\"img_9263-2\"\n               class=\"shutterset_75aea3ed639e313a49bfd217d65bc903\">\n                <img\n                    title=\"Obri Matte 1392m; Weg zur D\u00fcnzenegg\"\n                    alt=\"Obri Matte 1392m; Weg zur D\u00fcnzenegg\"\n                    src=\"https:\/\/www.freimarianne.ch\/wp-content\/gallery\/dunzenegg-28-12-24\/cache\/IMG_9263.jpeg-nggid0534262-ngg0dyn-100x75x100-00f0w010c010r110f110r010t010.jpeg\"\n                    width=\"100\"\n                    height=\"75\"\n                    style=\"max-width:100%;\"\n                \/>\n            <\/a>\n        <\/div>\n\t\t\t\t\t\t\t<\/div> \n\t\t\t\n                                    <br style=\"clear: both\" \/>\n                    \n\t\t\t\t<div id=\"ngg-image-8\" class=\"ngg-gallery-thumbnail-box\" >\n\t\t\t\t        <div class=\"ngg-gallery-thumbnail\">\n            <a href=\"https:\/\/www.freimarianne.ch\/wp-content\/gallery\/dunzenegg-28-12-24\/IMG_9267.jpeg\"\n               title=\"Marianne; Mittagsrast auf einer Bank Schonegg 1411m\"\n               data-src=\"https:\/\/www.freimarianne.ch\/wp-content\/gallery\/dunzenegg-28-12-24\/IMG_9267.jpeg\"\n               data-thumbnail=\"https:\/\/www.freimarianne.ch\/wp-content\/gallery\/dunzenegg-28-12-24\/thumbs\/thumbs_IMG_9267.jpeg\"\n               data-image-id=\"34261\"\n               data-title=\"Marianne; Mittagsrast auf einer Bank Schonegg 1411m\"\n               data-description=\"Marianne; Mittagsrast auf einer Bank Schonegg 1411m\"\n               data-image-slug=\"img_9267-8\"\n               class=\"shutterset_75aea3ed639e313a49bfd217d65bc903\">\n                <img\n                    title=\"Marianne; Mittagsrast auf einer Bank Schonegg 1411m\"\n                    alt=\"Marianne; Mittagsrast auf einer Bank Schonegg 1411m\"\n                    src=\"https:\/\/www.freimarianne.ch\/wp-content\/gallery\/dunzenegg-28-12-24\/cache\/IMG_9267.jpeg-nggid0534261-ngg0dyn-100x75x100-00f0w010c010r110f110r010t010.jpeg\"\n                    width=\"100\"\n                    height=\"72\"\n                    style=\"max-width:100%;\"\n                \/>\n            <\/a>\n        <\/div>\n\t\t\t\t\t\t\t<\/div> \n\t\t\t\n                            \n\t\t\t\t<div id=\"ngg-image-9\" class=\"ngg-gallery-thumbnail-box\" >\n\t\t\t\t        <div class=\"ngg-gallery-thumbnail\">\n            <a href=\"https:\/\/www.freimarianne.ch\/wp-content\/gallery\/dunzenegg-28-12-24\/IMG_9268.jpeg\"\n               title=\"Schonegg 1411m; Blick zum Jura\"\n               data-src=\"https:\/\/www.freimarianne.ch\/wp-content\/gallery\/dunzenegg-28-12-24\/IMG_9268.jpeg\"\n               data-thumbnail=\"https:\/\/www.freimarianne.ch\/wp-content\/gallery\/dunzenegg-28-12-24\/thumbs\/thumbs_IMG_9268.jpeg\"\n               data-image-id=\"34258\"\n               data-title=\"Schonegg 1411m; Blick zum Jura\"\n               data-description=\"Schonegg 1411m; Blick zum Jura\"\n               data-image-slug=\"img_9268-1\"\n               class=\"shutterset_75aea3ed639e313a49bfd217d65bc903\">\n                <img\n                    title=\"Schonegg 1411m; Blick zum Jura\"\n                    alt=\"Schonegg 1411m; Blick zum Jura\"\n                    src=\"https:\/\/www.freimarianne.ch\/wp-content\/gallery\/dunzenegg-28-12-24\/cache\/IMG_9268.jpeg-nggid0534258-ngg0dyn-100x75x100-00f0w010c010r110f110r010t010.jpeg\"\n                    width=\"94\"\n                    height=\"75\"\n                    style=\"max-width:100%;\"\n                \/>\n            <\/a>\n        <\/div>\n\t\t\t\t\t\t\t<\/div> \n\t\t\t\n                            \n\t\t\t\t<div id=\"ngg-image-10\" class=\"ngg-gallery-thumbnail-box\" >\n\t\t\t\t        <div class=\"ngg-gallery-thumbnail\">\n            <a href=\"https:\/\/www.freimarianne.ch\/wp-content\/gallery\/dunzenegg-28-12-24\/IMG_9269.jpeg\"\n               title=\"beim Abstieg: Sigriswiler Rorthornkette\"\n               data-src=\"https:\/\/www.freimarianne.ch\/wp-content\/gallery\/dunzenegg-28-12-24\/IMG_9269.jpeg\"\n               data-thumbnail=\"https:\/\/www.freimarianne.ch\/wp-content\/gallery\/dunzenegg-28-12-24\/thumbs\/thumbs_IMG_9269.jpeg\"\n               data-image-id=\"34255\"\n               data-title=\"beim Abstieg: Sigriswiler Rorthornkette\"\n               data-description=\"beim Abstieg: Sigriswiler Rorthornkette\"\n               data-image-slug=\"img_9269-6\"\n               class=\"shutterset_75aea3ed639e313a49bfd217d65bc903\">\n                <img\n                    title=\"beim Abstieg: Sigriswiler Rorthornkette\"\n                    alt=\"beim Abstieg: Sigriswiler Rorthornkette\"\n                    src=\"https:\/\/www.freimarianne.ch\/wp-content\/gallery\/dunzenegg-28-12-24\/cache\/IMG_9269.jpeg-nggid0534255-ngg0dyn-100x75x100-00f0w010c010r110f110r010t010.jpeg\"\n                    width=\"100\"\n                    height=\"71\"\n                    style=\"max-width:100%;\"\n                \/>\n            <\/a>\n        <\/div>\n\t\t\t\t\t\t\t<\/div> \n\t\t\t\n                            \n\t\t\t\t<div id=\"ngg-image-11\" class=\"ngg-gallery-thumbnail-box\" >\n\t\t\t\t        <div class=\"ngg-gallery-thumbnail\">\n            <a href=\"https:\/\/www.freimarianne.ch\/wp-content\/gallery\/dunzenegg-28-12-24\/IMG_9271.jpeg\"\n               title=\"tiefer Winter  im Tobel\"\n               data-src=\"https:\/\/www.freimarianne.ch\/wp-content\/gallery\/dunzenegg-28-12-24\/IMG_9271.jpeg\"\n               data-thumbnail=\"https:\/\/www.freimarianne.ch\/wp-content\/gallery\/dunzenegg-28-12-24\/thumbs\/thumbs_IMG_9271.jpeg\"\n               data-image-id=\"34257\"\n               data-title=\"tiefer Winter  im Tobel\"\n               data-description=\"tiefer Winter  im Tobel\"\n               data-image-slug=\"img_9271-2\"\n               class=\"shutterset_75aea3ed639e313a49bfd217d65bc903\">\n                <img\n                    title=\"tiefer Winter  im Tobel\"\n                    alt=\"tiefer Winter  im Tobel\"\n                    src=\"https:\/\/www.freimarianne.ch\/wp-content\/gallery\/dunzenegg-28-12-24\/cache\/IMG_9271.jpeg-nggid0534257-ngg0dyn-100x75x100-00f0w010c010r110f110r010t010.jpeg\"\n                    width=\"100\"\n                    height=\"75\"\n                    style=\"max-width:100%;\"\n                \/>\n            <\/a>\n        <\/div>\n\t\t\t\t\t\t\t<\/div> \n\t\t\t\n                                    <br style=\"clear: both\" \/>\n                    \n\t\t\t\t<div id=\"ngg-image-12\" class=\"ngg-gallery-thumbnail-box\" >\n\t\t\t\t        <div class=\"ngg-gallery-thumbnail\">\n            <a href=\"https:\/\/www.freimarianne.ch\/wp-content\/gallery\/dunzenegg-28-12-24\/IMG_9272.jpeg\"\n               title=\"tiefer Winter  im Tobel\"\n               data-src=\"https:\/\/www.freimarianne.ch\/wp-content\/gallery\/dunzenegg-28-12-24\/IMG_9272.jpeg\"\n               data-thumbnail=\"https:\/\/www.freimarianne.ch\/wp-content\/gallery\/dunzenegg-28-12-24\/thumbs\/thumbs_IMG_9272.jpeg\"\n               data-image-id=\"34260\"\n               data-title=\"tiefer Winter  im Tobel\"\n               data-description=\"tiefer Winter  im Tobel\"\n               data-image-slug=\"img_9272-4\"\n               class=\"shutterset_75aea3ed639e313a49bfd217d65bc903\">\n                <img\n                    title=\"tiefer Winter  im Tobel\"\n                    alt=\"tiefer Winter  im Tobel\"\n                    src=\"https:\/\/www.freimarianne.ch\/wp-content\/gallery\/dunzenegg-28-12-24\/cache\/IMG_9272.jpeg-nggid0534260-ngg0dyn-100x75x100-00f0w010c010r110f110r010t010.jpeg\"\n                    width=\"100\"\n                    height=\"75\"\n                    style=\"max-width:100%;\"\n                \/>\n            <\/a>\n        <\/div>\n\t\t\t\t\t\t\t<\/div> \n\t\t\t\n                            \n\t\t\t\t<div id=\"ngg-image-13\" class=\"ngg-gallery-thumbnail-box\" >\n\t\t\t\t        <div class=\"ngg-gallery-thumbnail\">\n            <a href=\"https:\/\/www.freimarianne.ch\/wp-content\/gallery\/dunzenegg-28-12-24\/IMG_9274.jpeg\"\n               title=\"Abstieg nach Schwanden, S\u00e4ge\"\n               data-src=\"https:\/\/www.freimarianne.ch\/wp-content\/gallery\/dunzenegg-28-12-24\/IMG_9274.jpeg\"\n               data-thumbnail=\"https:\/\/www.freimarianne.ch\/wp-content\/gallery\/dunzenegg-28-12-24\/thumbs\/thumbs_IMG_9274.jpeg\"\n               data-image-id=\"34259\"\n               data-title=\"Abstieg nach Schwanden, S\u00e4ge\"\n               data-description=\"Abstieg nach Schwanden, S\u00e4ge\"\n               data-image-slug=\"img_9274-4\"\n               class=\"shutterset_75aea3ed639e313a49bfd217d65bc903\">\n                <img\n                    title=\"Abstieg nach Schwanden, S\u00e4ge\"\n                    alt=\"Abstieg nach Schwanden, S\u00e4ge\"\n                    src=\"https:\/\/www.freimarianne.ch\/wp-content\/gallery\/dunzenegg-28-12-24\/cache\/IMG_9274.jpeg-nggid0534259-ngg0dyn-100x75x100-00f0w010c010r110f110r010t010.jpeg\"\n                    width=\"100\"\n                    height=\"75\"\n                    style=\"max-width:100%;\"\n                \/>\n            <\/a>\n        <\/div>\n\t\t\t\t\t\t\t<\/div> \n\t\t\t\n                            \n\t\t\t\t<div id=\"ngg-image-14\" class=\"ngg-gallery-thumbnail-box\" >\n\t\t\t\t        <div class=\"ngg-gallery-thumbnail\">\n            <a href=\"https:\/\/www.freimarianne.ch\/wp-content\/gallery\/dunzenegg-28-12-24\/IMG_9275.jpeg\"\n               title=\"Abstieg nach Schwanden, S\u00e4ge;\"\n               data-src=\"https:\/\/www.freimarianne.ch\/wp-content\/gallery\/dunzenegg-28-12-24\/IMG_9275.jpeg\"\n               data-thumbnail=\"https:\/\/www.freimarianne.ch\/wp-content\/gallery\/dunzenegg-28-12-24\/thumbs\/thumbs_IMG_9275.jpeg\"\n               data-image-id=\"34256\"\n               data-title=\"Abstieg nach Schwanden, S\u00e4ge;\"\n               data-description=\"Abstieg nach Schwanden, S\u00e4ge;\"\n               data-image-slug=\"img_9275-2\"\n               class=\"shutterset_75aea3ed639e313a49bfd217d65bc903\">\n                <img\n                    title=\"Abstieg nach Schwanden, S\u00e4ge;\"\n                    alt=\"Abstieg nach Schwanden, S\u00e4ge;\"\n                    src=\"https:\/\/www.freimarianne.ch\/wp-content\/gallery\/dunzenegg-28-12-24\/cache\/IMG_9275.jpeg-nggid0534256-ngg0dyn-100x75x100-00f0w010c010r110f110r010t010.jpeg\"\n                    width=\"98\"\n                    height=\"75\"\n                    style=\"max-width:100%;\"\n                \/>\n            <\/a>\n        <\/div>\n\t\t\t\t\t\t\t<\/div> \n\t\t\t\n                            \n\t\t\n\t\t<!-- Pagination -->\n\t<div class='ngg-clear'><\/div>\t<\/div>\n\n\n\n\n<!-- index.php -->\n<div\n\tclass=\"ngg-galleryoverview ngg-ajax-pagination-none\"\n\tid=\"ngg-gallery-e6027133b077b45d1ef984470c8b7cc6-1\">\n\n    \t<div class=\"slideshowlink\">\n        <a href='https:\/\/www.freimarianne.ch\/index.php\/nggallery\/slideshow?page_id=66746'>[Show as slideshow]<\/a>\n\t\t\n\t<\/div>\n\t\t\t<!-- Thumbnails -->\n\t\t\t\t<div id=\"ngg-image-0\" class=\"ngg-gallery-thumbnail-box\" >\n\t\t\t\t        <div class=\"ngg-gallery-thumbnail\">\n            <a href=\"https:\/\/www.freimarianne.ch\/wp-content\/gallery\/dunzenegg-iph-26-12-24\/IMG_8569.jpeg\"\n               title=\"Sicht bei Aufstieg nach Stampf\"\n               data-src=\"https:\/\/www.freimarianne.ch\/wp-content\/gallery\/dunzenegg-iph-26-12-24\/IMG_8569.jpeg\"\n               data-thumbnail=\"https:\/\/www.freimarianne.ch\/wp-content\/gallery\/dunzenegg-iph-26-12-24\/thumbs\/thumbs_IMG_8569.jpeg\"\n               data-image-id=\"34274\"\n               data-title=\"Sicht bei Aufstieg nach Stampf\"\n               data-description=\"Sicht bei Aufstieg nach Stampf\"\n               data-image-slug=\"img_8569-2\"\n               class=\"shutterset_e6027133b077b45d1ef984470c8b7cc6\">\n                <img\n                    title=\"Sicht bei Aufstieg nach Stampf\"\n                    alt=\"Sicht bei Aufstieg nach Stampf\"\n                    src=\"https:\/\/www.freimarianne.ch\/wp-content\/gallery\/dunzenegg-iph-26-12-24\/cache\/IMG_8569.jpeg-nggid0534274-ngg0dyn-100x75x100-00f0w010c010r110f110r010t010.jpeg\"\n                    width=\"100\"\n                    height=\"75\"\n                    style=\"max-width:100%;\"\n                \/>\n            <\/a>\n        <\/div>\n\t\t\t\t\t\t\t<\/div> \n\t\t\t\n                            \n\t\t\t\t<div id=\"ngg-image-1\" class=\"ngg-gallery-thumbnail-box\" >\n\t\t\t\t        <div class=\"ngg-gallery-thumbnail\">\n            <a href=\"https:\/\/www.freimarianne.ch\/wp-content\/gallery\/dunzenegg-iph-26-12-24\/IMG_8568.jpeg\"\n               title=\"Sicht bei Aufstieg nach Stampf\"\n               data-src=\"https:\/\/www.freimarianne.ch\/wp-content\/gallery\/dunzenegg-iph-26-12-24\/IMG_8568.jpeg\"\n               data-thumbnail=\"https:\/\/www.freimarianne.ch\/wp-content\/gallery\/dunzenegg-iph-26-12-24\/thumbs\/thumbs_IMG_8568.jpeg\"\n               data-image-id=\"34275\"\n               data-title=\"Sicht bei Aufstieg nach Stampf\"\n               data-description=\"Sicht bei Aufstieg nach Stampf\"\n               data-image-slug=\"img_8568-2\"\n               class=\"shutterset_e6027133b077b45d1ef984470c8b7cc6\">\n                <img\n                    title=\"Sicht bei Aufstieg nach Stampf\"\n                    alt=\"Sicht bei Aufstieg nach Stampf\"\n                    src=\"https:\/\/www.freimarianne.ch\/wp-content\/gallery\/dunzenegg-iph-26-12-24\/cache\/IMG_8568.jpeg-nggid0534275-ngg0dyn-100x75x100-00f0w010c010r110f110r010t010.jpeg\"\n                    width=\"100\"\n                    height=\"75\"\n                    style=\"max-width:100%;\"\n                \/>\n            <\/a>\n        <\/div>\n\t\t\t\t\t\t\t<\/div> \n\t\t\t\n                            \n\t\t\t\t<div id=\"ngg-image-2\" class=\"ngg-gallery-thumbnail-box\" >\n\t\t\t\t        <div class=\"ngg-gallery-thumbnail\">\n            <a href=\"https:\/\/www.freimarianne.ch\/wp-content\/gallery\/dunzenegg-iph-26-12-24\/IMG_8567.jpeg\"\n               title=\"Sicht bei Aufstieg nach Stampf\"\n               data-src=\"https:\/\/www.freimarianne.ch\/wp-content\/gallery\/dunzenegg-iph-26-12-24\/IMG_8567.jpeg\"\n               data-thumbnail=\"https:\/\/www.freimarianne.ch\/wp-content\/gallery\/dunzenegg-iph-26-12-24\/thumbs\/thumbs_IMG_8567.jpeg\"\n               data-image-id=\"34271\"\n               data-title=\"Sicht bei Aufstieg nach Stampf\"\n               data-description=\"Sicht bei Aufstieg nach Stampf\"\n               data-image-slug=\"img_8567-6\"\n               class=\"shutterset_e6027133b077b45d1ef984470c8b7cc6\">\n                <img\n                    title=\"Sicht bei Aufstieg nach Stampf\"\n                    alt=\"Sicht bei Aufstieg nach Stampf\"\n                    src=\"https:\/\/www.freimarianne.ch\/wp-content\/gallery\/dunzenegg-iph-26-12-24\/cache\/IMG_8567.jpeg-nggid0534271-ngg0dyn-100x75x100-00f0w010c010r110f110r010t010.jpeg\"\n                    width=\"100\"\n                    height=\"67\"\n                    style=\"max-width:100%;\"\n                \/>\n            <\/a>\n        <\/div>\n\t\t\t\t\t\t\t<\/div> \n\t\t\t\n                            \n\t\t\t\t<div id=\"ngg-image-3\" class=\"ngg-gallery-thumbnail-box\" >\n\t\t\t\t        <div class=\"ngg-gallery-thumbnail\">\n            <a href=\"https:\/\/www.freimarianne.ch\/wp-content\/gallery\/dunzenegg-iph-26-12-24\/IMG_8560.jpeg\"\n               title=\"Schwanden,S\u00e4ge  BE mit Stockhornkette\"\n               data-src=\"https:\/\/www.freimarianne.ch\/wp-content\/gallery\/dunzenegg-iph-26-12-24\/IMG_8560.jpeg\"\n               data-thumbnail=\"https:\/\/www.freimarianne.ch\/wp-content\/gallery\/dunzenegg-iph-26-12-24\/thumbs\/thumbs_IMG_8560.jpeg\"\n               data-image-id=\"34272\"\n               data-title=\"Schwanden,S\u00e4ge  BE mit Stockhornkette\"\n               data-description=\"Schwanden,S\u00e4ge  BE mit Stockhornkette\"\n               data-image-slug=\"img_8560-4\"\n               class=\"shutterset_e6027133b077b45d1ef984470c8b7cc6\">\n                <img\n                    title=\"Schwanden,S\u00e4ge  BE mit Stockhornkette\"\n                    alt=\"Schwanden,S\u00e4ge  BE mit Stockhornkette\"\n                    src=\"https:\/\/www.freimarianne.ch\/wp-content\/gallery\/dunzenegg-iph-26-12-24\/cache\/IMG_8560.jpeg-nggid0534272-ngg0dyn-100x75x100-00f0w010c010r110f110r010t010.jpeg\"\n                    width=\"100\"\n                    height=\"75\"\n                    style=\"max-width:100%;\"\n                \/>\n            <\/a>\n        <\/div>\n\t\t\t\t\t\t\t<\/div> \n\t\t\t\n                                    <br style=\"clear: both\" \/>\n                    \n\t\t\t\t<div id=\"ngg-image-4\" class=\"ngg-gallery-thumbnail-box\" >\n\t\t\t\t        <div class=\"ngg-gallery-thumbnail\">\n            <a href=\"https:\/\/www.freimarianne.ch\/wp-content\/gallery\/dunzenegg-iph-26-12-24\/IMG_8565.jpeg\"\n               title=\"Sicht bei Aufstieg\"\n               data-src=\"https:\/\/www.freimarianne.ch\/wp-content\/gallery\/dunzenegg-iph-26-12-24\/IMG_8565.jpeg\"\n               data-thumbnail=\"https:\/\/www.freimarianne.ch\/wp-content\/gallery\/dunzenegg-iph-26-12-24\/thumbs\/thumbs_IMG_8565.jpeg\"\n               data-image-id=\"34273\"\n               data-title=\"Sicht bei Aufstieg\"\n               data-description=\"Sicht bei Aufstieg\"\n               data-image-slug=\"img_8565-6\"\n               class=\"shutterset_e6027133b077b45d1ef984470c8b7cc6\">\n                <img\n                    title=\"Sicht bei Aufstieg\"\n                    alt=\"Sicht bei Aufstieg\"\n                    src=\"https:\/\/www.freimarianne.ch\/wp-content\/gallery\/dunzenegg-iph-26-12-24\/cache\/IMG_8565.jpeg-nggid0534273-ngg0dyn-100x75x100-00f0w010c010r110f110r010t010.jpeg\"\n                    width=\"100\"\n                    height=\"75\"\n                    style=\"max-width:100%;\"\n                \/>\n            <\/a>\n        <\/div>\n\t\t\t\t\t\t\t<\/div> \n\t\t\t\n                            \n\t\t\t\t<div id=\"ngg-image-5\" class=\"ngg-gallery-thumbnail-box\" >\n\t\t\t\t        <div class=\"ngg-gallery-thumbnail\">\n            <a href=\"https:\/\/www.freimarianne.ch\/wp-content\/gallery\/dunzenegg-iph-26-12-24\/IMG_8563.jpeg\"\n               title=\"beim Abstieg von L\u00f6chli\"\n               data-src=\"https:\/\/www.freimarianne.ch\/wp-content\/gallery\/dunzenegg-iph-26-12-24\/IMG_8563.jpeg\"\n               data-thumbnail=\"https:\/\/www.freimarianne.ch\/wp-content\/gallery\/dunzenegg-iph-26-12-24\/thumbs\/thumbs_IMG_8563.jpeg\"\n               data-image-id=\"34270\"\n               data-title=\"beim Abstieg von L\u00f6chli\"\n               data-description=\"beim Abstieg von L\u00f6chli\"\n               data-image-slug=\"img_8563-5\"\n               class=\"shutterset_e6027133b077b45d1ef984470c8b7cc6\">\n                <img\n                    title=\"beim Abstieg von L\u00f6chli\"\n                    alt=\"beim Abstieg von L\u00f6chli\"\n                    src=\"https:\/\/www.freimarianne.ch\/wp-content\/gallery\/dunzenegg-iph-26-12-24\/cache\/IMG_8563.jpeg-nggid0534270-ngg0dyn-100x75x100-00f0w010c010r110f110r010t010.jpeg\"\n                    width=\"100\"\n                    height=\"75\"\n                    style=\"max-width:100%;\"\n                \/>\n            <\/a>\n        <\/div>\n\t\t\t\t\t\t\t<\/div> \n\t\t\t\n                            \n\t\t\n\t\t<!-- Pagination -->\n\t<div class='ngg-clear'><\/div>\t<\/div>\n\n\n\n\n<p><\/p>\n","protected":false},"excerpt":{"rendered":"<p>Schneeschuhwanderung von Schwanden, S\u00e4ge auf die D\u00fcnzenegg Nach 10h kommen wir in Schwanden,S\u00e4ge an und finden bald den Einstieg in den Schneeschuhtrail. Es geht gleich steil hinauf zum Hof Stampf, den wir um ca. 11.00h erreichen. Hier gibt es einen Trinkhalt und dann wandern wir weiter hinauf zur Oberi Matte 1390m. Hier biegen wir links [&hellip;]<\/p>\n","protected":false},"author":1,"featured_media":0,"parent":66591,"menu_order":7,"comment_status":"closed","ping_status":"closed","template":"","meta":{"ngg_post_thumbnail":0},"_links":{"self":[{"href":"https:\/\/www.freimarianne.ch\/index.php?rest_route=\/wp\/v2\/pages\/66746"}],"collection":[{"href":"https:\/\/www.freimarianne.ch\/index.php?rest_route=\/wp\/v2\/pages"}],"about":[{"href":"https:\/\/www.freimarianne.ch\/index.php?rest_route=\/wp\/v2\/types\/page"}],"author":[{"embeddable":true,"href":"https:\/\/www.freimarianne.ch\/index.php?rest_route=\/wp\/v2\/users\/1"}],"replies":[{"embeddable":true,"href":"https:\/\/www.freimarianne.ch\/index.php?rest_route=%2Fwp%2Fv2%2Fcomments&post=66746"}],"version-history":[{"count":4,"href":"https:\/\/www.freimarianne.ch\/index.php?rest_route=\/wp\/v2\/pages\/66746\/revisions"}],"predecessor-version":[{"id":66841,"href":"https:\/\/www.freimarianne.ch\/index.php?rest_route=\/wp\/v2\/pages\/66746\/revisions\/66841"}],"up":[{"embeddable":true,"href":"https:\/\/www.freimarianne.ch\/index.php?rest_route=\/wp\/v2\/pages\/66591"}],"wp:attachment":[{"href":"https:\/\/www.freimarianne.ch\/index.php?rest_route=%2Fwp%2Fv2%2Fmedia&parent=66746"}],"curies":[{"name":"wp","href":"https:\/\/api.w.org\/{rel}","templated":true}]}}