{"id":70659,"date":"2026-04-26T08:45:44","date_gmt":"2026-04-26T07:45:44","guid":{"rendered":"https:\/\/www.freimarianne.ch\/?page_id=70659"},"modified":"2026-04-26T09:58:27","modified_gmt":"2026-04-26T08:58:27","slug":"turtmann-unterems-vs-8-4-2026","status":"publish","type":"page","link":"https:\/\/www.freimarianne.ch\/?page_id=70659","title":{"rendered":"Turtmann &#8211; Unterems  VS  8.4.2026"},"content":{"rendered":"<div id=\"attachment_70651\" style=\"width: 510px\" class=\"wp-caption alignleft\"><img aria-describedby=\"caption-attachment-70651\" loading=\"lazy\" class=\"size-full wp-image-70651\" src=\"http:\/\/www.freimarianne.ch\/wp-content\/uploads\/2026\/04\/IMG_2576._turtmann4.26_500.jpeg\" alt=\"\" width=\"500\" height=\"375\" srcset=\"https:\/\/www.freimarianne.ch\/wp-content\/uploads\/2026\/04\/IMG_2576._turtmann4.26_500.jpeg 500w, https:\/\/www.freimarianne.ch\/wp-content\/uploads\/2026\/04\/IMG_2576._turtmann4.26_500-300x225.jpeg 300w, https:\/\/www.freimarianne.ch\/wp-content\/uploads\/2026\/04\/IMG_2576._turtmann4.26_500-400x300.jpeg 400w\" sizes=\"(max-width: 500px) 100vw, 500px\" \/><p id=\"caption-attachment-70651\" class=\"wp-caption-text\">re das Dorf Ergisch<\/p><\/div>\n<p>ch fahre heute nach Turtmann, um auf dem Adonispfad zu wandern, den ich zwar gut kenne. Aber die Gegend ist immer wieder sch\u00f6n.<br>\nUm 9.24h bin ich am Bahnhof Turtmann und gelange \u00fcber den Talboden zum Dorf Turtmann. Um 9.44h befinde ich mich auf dem Wanderweg zur Chastelen Kapelle, wo ich zu meiner \u00dcberraschung eine sehr grosse Wandergruppe aus dem Unterwallis antreffe ! Ich nehme dann extra einen anderen Weg in Richtung Unterems als die Gruppe aber ich treffe sp\u00e4ter nochmals auf sie, was eher unangenehm ist auf einem schmalen Pfad ! So bleibe ich auf einer Wiese, wo die Adonisr\u00f6schen bl\u00fchen zur\u00fcck und mache eine Pause, damit ich sp\u00e4ter in Ruhe nach Unterems zu steigen. kann. Ausserhalb und oberhalb des Ortes halte ich am Wiesenborfd meine Mittagspause und geniesse die Aussicht und die Ruhe. Auf dem Wanderweg taleinw\u00e4rts treffe ich diese Gruppe nochmals an, die am Hang eine Pause macht. Ich steige rasch weiter hinunter ins Tal und wandere auf der sch\u00f6nen und abwechslungsreichen Route hinter nach Turtmann.<\/p>\n<p>Laut Schweizmobil:<\/p>\n<p>Distanz: 10.1km; Aufstieg=Abstieg: 505m; Wanderzeit: 3h 17 min<\/p>\n<p><a href=\"https:\/\/schweizmobil.ch\/de\/tour\/1096224765\">Karte Schweizmobil:<\/a><\/p>\n\n\n<!-- index.php -->\n<div\n\tclass=\"ngg-galleryoverview ngg-ajax-pagination-none\"\n\tid=\"ngg-gallery-2ca0040e717c866124ba8e933e2b80b0-1\">\n\n    \t<div class=\"slideshowlink\">\n        <a href='https:\/\/www.freimarianne.ch\/index.php\/nggallery\/slideshow?page_id=70659'>[Show as slideshow]<\/a>\n\t\t\n\t<\/div>\n\t\t\t<!-- Thumbnails -->\n\t\t\t\t<div id=\"ngg-image-0\" class=\"ngg-gallery-thumbnail-box\" >\n\t\t\t\t        <div class=\"ngg-gallery-thumbnail\">\n            <a href=\"https:\/\/www.freimarianne.ch\/wp-content\/gallery\/turtmann-8-4-26\/IMG_4443.jpeg\"\n               title=\"durch das Dorf\"\n               data-src=\"https:\/\/www.freimarianne.ch\/wp-content\/gallery\/turtmann-8-4-26\/IMG_4443.jpeg\"\n               data-thumbnail=\"https:\/\/www.freimarianne.ch\/wp-content\/gallery\/turtmann-8-4-26\/thumbs\/thumbs_IMG_4443.jpeg\"\n               data-image-id=\"37153\"\n               data-title=\"durch das Dorf\"\n               data-description=\"durch das Dorf\"\n               data-image-slug=\"img_4443-2\"\n               class=\"shutterset_2ca0040e717c866124ba8e933e2b80b0\">\n                <img\n                    title=\"durch das Dorf\"\n                    alt=\"durch das Dorf\"\n                    src=\"https:\/\/www.freimarianne.ch\/wp-content\/gallery\/turtmann-8-4-26\/cache\/IMG_4443.jpeg-nggid0537153-ngg0dyn-100x75x100-00f0w010c010r110f110r010t010.jpeg\"\n                    width=\"100\"\n                    height=\"67\"\n                    style=\"max-width:100%;\"\n                \/>\n            <\/a>\n        <\/div>\n\t\t\t\t\t\t\t<\/div> \n\t\t\t\n                            \n\t\t\t\t<div id=\"ngg-image-1\" class=\"ngg-gallery-thumbnail-box\" >\n\t\t\t\t        <div class=\"ngg-gallery-thumbnail\">\n            <a href=\"https:\/\/www.freimarianne.ch\/wp-content\/gallery\/turtmann-8-4-26\/IMG_4446.jpeg\"\n               title=\"Chastlerenkapelle 721m mit Meretschihorn 2567m, Gorwetschgrat 2025m\"\n               data-src=\"https:\/\/www.freimarianne.ch\/wp-content\/gallery\/turtmann-8-4-26\/IMG_4446.jpeg\"\n               data-thumbnail=\"https:\/\/www.freimarianne.ch\/wp-content\/gallery\/turtmann-8-4-26\/thumbs\/thumbs_IMG_4446.jpeg\"\n               data-image-id=\"37152\"\n               data-title=\"Chastlerenkapelle 721m mit Meretschihorn 2567m, Gorwetschgrat 2025m\"\n               data-description=\"Chastlerenkapelle 721m mit Meretschihorn 2567m, Gorwetschgrat 2025m\"\n               data-image-slug=\"img_4446-4\"\n               class=\"shutterset_2ca0040e717c866124ba8e933e2b80b0\">\n                <img\n                    title=\"Chastlerenkapelle 721m mit Meretschihorn 2567m, Gorwetschgrat 2025m\"\n                    alt=\"Chastlerenkapelle 721m mit Meretschihorn 2567m, Gorwetschgrat 2025m\"\n                    src=\"https:\/\/www.freimarianne.ch\/wp-content\/gallery\/turtmann-8-4-26\/cache\/IMG_4446.jpeg-nggid0537152-ngg0dyn-100x75x100-00f0w010c010r110f110r010t010.jpeg\"\n                    width=\"100\"\n                    height=\"73\"\n                    style=\"max-width:100%;\"\n                \/>\n            <\/a>\n        <\/div>\n\t\t\t\t\t\t\t<\/div> \n\t\t\t\n                            \n\t\t\t\t<div id=\"ngg-image-2\" class=\"ngg-gallery-thumbnail-box\" >\n\t\t\t\t        <div class=\"ngg-gallery-thumbnail\">\n            <a href=\"https:\/\/www.freimarianne.ch\/wp-content\/gallery\/turtmann-8-4-26\/IMG_4447.jpeg\"\n               title=\"Chastlerenkapelle 721m mit Meretschihorn 2567m, Gorwetschgrat 2025m\"\n               data-src=\"https:\/\/www.freimarianne.ch\/wp-content\/gallery\/turtmann-8-4-26\/IMG_4447.jpeg\"\n               data-thumbnail=\"https:\/\/www.freimarianne.ch\/wp-content\/gallery\/turtmann-8-4-26\/thumbs\/thumbs_IMG_4447.jpeg\"\n               data-image-id=\"37151\"\n               data-title=\"Chastlerenkapelle 721m mit Meretschihorn 2567m, Gorwetschgrat 2025m\"\n               data-description=\"Chastlerenkapelle 721m mit Meretschihorn 2567m, Gorwetschgrat 2025m\"\n               data-image-slug=\"img_4447-3\"\n               class=\"shutterset_2ca0040e717c866124ba8e933e2b80b0\">\n                <img\n                    title=\"Chastlerenkapelle 721m mit Meretschihorn 2567m, Gorwetschgrat 2025m\"\n                    alt=\"Chastlerenkapelle 721m mit Meretschihorn 2567m, Gorwetschgrat 2025m\"\n                    src=\"https:\/\/www.freimarianne.ch\/wp-content\/gallery\/turtmann-8-4-26\/cache\/IMG_4447.jpeg-nggid0537151-ngg0dyn-100x75x100-00f0w010c010r110f110r010t010.jpeg\"\n                    width=\"100\"\n                    height=\"68\"\n                    style=\"max-width:100%;\"\n                \/>\n            <\/a>\n        <\/div>\n\t\t\t\t\t\t\t<\/div> \n\t\t\t\n                            \n\t\t\t\t<div id=\"ngg-image-3\" class=\"ngg-gallery-thumbnail-box\" >\n\t\t\t\t        <div class=\"ngg-gallery-thumbnail\">\n            <a href=\"https:\/\/www.freimarianne.ch\/wp-content\/gallery\/turtmann-8-4-26\/IMG_4450.jpeg\"\n               title=\"Chastlerenkapelle mit Hohgleifa 3279m, Chistehorn 2787m,  Grosshorn 2995m, Schwarzhorn 2959m\"\n               data-src=\"https:\/\/www.freimarianne.ch\/wp-content\/gallery\/turtmann-8-4-26\/IMG_4450.jpeg\"\n               data-thumbnail=\"https:\/\/www.freimarianne.ch\/wp-content\/gallery\/turtmann-8-4-26\/thumbs\/thumbs_IMG_4450.jpeg\"\n               data-image-id=\"37150\"\n               data-title=\"Chastlerenkapelle mit Hohgleifa 3279m, Chistehorn 2787m,  Grosshorn 2995m, Schwarzhorn 2959m\"\n               data-description=\"Chastlerenkapelle mit Hohgleifa 3279m, Chistehorn 2787m,  Grosshorn 2995m, Schwarzhorn 2959m\"\n               data-image-slug=\"img_4450-4\"\n               class=\"shutterset_2ca0040e717c866124ba8e933e2b80b0\">\n                <img\n                    title=\"Chastlerenkapelle mit Hohgleifa 3279m, Chistehorn 2787m,  Grosshorn 2995m, Schwarzhorn 2959m\"\n                    alt=\"Chastlerenkapelle mit Hohgleifa 3279m, Chistehorn 2787m,  Grosshorn 2995m, Schwarzhorn 2959m\"\n                    src=\"https:\/\/www.freimarianne.ch\/wp-content\/gallery\/turtmann-8-4-26\/cache\/IMG_4450.jpeg-nggid0537150-ngg0dyn-100x75x100-00f0w010c010r110f110r010t010.jpeg\"\n                    width=\"100\"\n                    height=\"66\"\n                    style=\"max-width:100%;\"\n                \/>\n            <\/a>\n        <\/div>\n\t\t\t\t\t\t\t<\/div> \n\t\t\t\n                                    <br style=\"clear: both\" \/>\n                    \n\t\t\t\t<div id=\"ngg-image-4\" class=\"ngg-gallery-thumbnail-box\" >\n\t\t\t\t        <div class=\"ngg-gallery-thumbnail\">\n            <a href=\"https:\/\/www.freimarianne.ch\/wp-content\/gallery\/turtmann-8-4-26\/IMG_4451.jpeg\"\n               title=\"Hohgleifa 3279m, Chistehorn 2787m,  Grosshorn 2995m, Schwarzhorn 2959m,\"\n               data-src=\"https:\/\/www.freimarianne.ch\/wp-content\/gallery\/turtmann-8-4-26\/IMG_4451.jpeg\"\n               data-thumbnail=\"https:\/\/www.freimarianne.ch\/wp-content\/gallery\/turtmann-8-4-26\/thumbs\/thumbs_IMG_4451.jpeg\"\n               data-image-id=\"37149\"\n               data-title=\"Hohgleifa 3279m, Chistehorn 2787m,  Grosshorn 2995m, Schwarzhorn 2959m,\"\n               data-description=\"Hohgleifa 3279m, Chistehorn 2787m,  Grosshorn 2995m, Schwarzhorn 2959m,\"\n               data-image-slug=\"img_4451-6\"\n               class=\"shutterset_2ca0040e717c866124ba8e933e2b80b0\">\n                <img\n                    title=\"Hohgleifa 3279m, Chistehorn 2787m,  Grosshorn 2995m, Schwarzhorn 2959m,\"\n                    alt=\"Hohgleifa 3279m, Chistehorn 2787m,  Grosshorn 2995m, Schwarzhorn 2959m,\"\n                    src=\"https:\/\/www.freimarianne.ch\/wp-content\/gallery\/turtmann-8-4-26\/cache\/IMG_4451.jpeg-nggid0537149-ngg0dyn-100x75x100-00f0w010c010r110f110r010t010.jpeg\"\n                    width=\"98\"\n                    height=\"75\"\n                    style=\"max-width:100%;\"\n                \/>\n            <\/a>\n        <\/div>\n\t\t\t\t\t\t\t<\/div> \n\t\t\t\n                            \n\t\t\t\t<div id=\"ngg-image-5\" class=\"ngg-gallery-thumbnail-box\" >\n\t\t\t\t        <div class=\"ngg-gallery-thumbnail\">\n            <a href=\"https:\/\/www.freimarianne.ch\/wp-content\/gallery\/turtmann-8-4-26\/IMG_4457.jpeg\"\n               title=\"Fr\u00fchlinsadonisr\u00f6schen, Adonis vernalis, Ranunculaceae\"\n               data-src=\"https:\/\/www.freimarianne.ch\/wp-content\/gallery\/turtmann-8-4-26\/IMG_4457.jpeg\"\n               data-thumbnail=\"https:\/\/www.freimarianne.ch\/wp-content\/gallery\/turtmann-8-4-26\/thumbs\/thumbs_IMG_4457.jpeg\"\n               data-image-id=\"37148\"\n               data-title=\"Fr\u00fchlinsadonisr\u00f6schen, Adonis vernalis, Ranunculaceae\"\n               data-description=\"Fr\u00fchlinsadonisr\u00f6schen, Adonis vernalis, Ranunculaceae\"\n               data-image-slug=\"img_4457-2\"\n               class=\"shutterset_2ca0040e717c866124ba8e933e2b80b0\">\n                <img\n                    title=\"Fr\u00fchlinsadonisr\u00f6schen, Adonis vernalis, Ranunculaceae\"\n                    alt=\"Fr\u00fchlinsadonisr\u00f6schen, Adonis vernalis, Ranunculaceae\"\n                    src=\"https:\/\/www.freimarianne.ch\/wp-content\/gallery\/turtmann-8-4-26\/cache\/IMG_4457.jpeg-nggid0537148-ngg0dyn-100x75x100-00f0w010c010r110f110r010t010.jpeg\"\n                    width=\"100\"\n                    height=\"67\"\n                    style=\"max-width:100%;\"\n                \/>\n            <\/a>\n        <\/div>\n\t\t\t\t\t\t\t<\/div> \n\t\t\t\n                            \n\t\t\t\t<div id=\"ngg-image-6\" class=\"ngg-gallery-thumbnail-box\" >\n\t\t\t\t        <div class=\"ngg-gallery-thumbnail\">\n            <a href=\"https:\/\/www.freimarianne.ch\/wp-content\/gallery\/turtmann-8-4-26\/IMG_4459.jpeg\"\n               title=\"Marianne mit Adonisr\u00f6schen vor Meretschihorn 2567m\"\n               data-src=\"https:\/\/www.freimarianne.ch\/wp-content\/gallery\/turtmann-8-4-26\/IMG_4459.jpeg\"\n               data-thumbnail=\"https:\/\/www.freimarianne.ch\/wp-content\/gallery\/turtmann-8-4-26\/thumbs\/thumbs_IMG_4459.jpeg\"\n               data-image-id=\"37147\"\n               data-title=\"Marianne mit Adonisr\u00f6schen vor Meretschihorn 2567m\"\n               data-description=\"Marianne mit Adonisr\u00f6schen vor Meretschihorn 2567m\"\n               data-image-slug=\"img_4459-3\"\n               class=\"shutterset_2ca0040e717c866124ba8e933e2b80b0\">\n                <img\n                    title=\"Marianne mit Adonisr\u00f6schen vor Meretschihorn 2567m\"\n                    alt=\"Marianne mit Adonisr\u00f6schen vor Meretschihorn 2567m\"\n                    src=\"https:\/\/www.freimarianne.ch\/wp-content\/gallery\/turtmann-8-4-26\/cache\/IMG_4459.jpeg-nggid0537147-ngg0dyn-100x75x100-00f0w010c010r110f110r010t010.jpeg\"\n                    width=\"98\"\n                    height=\"75\"\n                    style=\"max-width:100%;\"\n                \/>\n            <\/a>\n        <\/div>\n\t\t\t\t\t\t\t<\/div> \n\t\t\t\n                            \n\t\t\t\t<div id=\"ngg-image-7\" class=\"ngg-gallery-thumbnail-box\" >\n\t\t\t\t        <div class=\"ngg-gallery-thumbnail\">\n            <a href=\"https:\/\/www.freimarianne.ch\/wp-content\/gallery\/turtmann-8-4-26\/IMG_4462.jpeg\"\n               title=\"Marianne in Unterems; Meretschihorn 2567m, Gorwetschgrat 2025m\"\n               data-src=\"https:\/\/www.freimarianne.ch\/wp-content\/gallery\/turtmann-8-4-26\/IMG_4462.jpeg\"\n               data-thumbnail=\"https:\/\/www.freimarianne.ch\/wp-content\/gallery\/turtmann-8-4-26\/thumbs\/thumbs_IMG_4462.jpeg\"\n               data-image-id=\"37146\"\n               data-title=\"Marianne in Unterems; Meretschihorn 2567m, Gorwetschgrat 2025m\"\n               data-description=\"Marianne in Unterems; Meretschihorn 2567m, Gorwetschgrat 2025m\"\n               data-image-slug=\"img_4462-7\"\n               class=\"shutterset_2ca0040e717c866124ba8e933e2b80b0\">\n                <img\n                    title=\"Marianne in Unterems; Meretschihorn 2567m, Gorwetschgrat 2025m\"\n                    alt=\"Marianne in Unterems; Meretschihorn 2567m, Gorwetschgrat 2025m\"\n                    src=\"https:\/\/www.freimarianne.ch\/wp-content\/gallery\/turtmann-8-4-26\/cache\/IMG_4462.jpeg-nggid0537146-ngg0dyn-100x75x100-00f0w010c010r110f110r010t010.jpeg\"\n                    width=\"100\"\n                    height=\"72\"\n                    style=\"max-width:100%;\"\n                \/>\n            <\/a>\n        <\/div>\n\t\t\t\t\t\t\t<\/div> \n\t\t\t\n                                    <br style=\"clear: both\" \/>\n                    \n\t\t\t\t<div id=\"ngg-image-8\" class=\"ngg-gallery-thumbnail-box\" >\n\t\t\t\t        <div class=\"ngg-gallery-thumbnail\">\n            <a href=\"https:\/\/www.freimarianne.ch\/wp-content\/gallery\/turtmann-8-4-26\/IMG_4466.jpeg\"\n               title=\"Fr\u00fchling in Unterems 1003m; Hohgleifa 3279m, Chistehorn 2787m,  Grosshorn 2995m, Schwarzhorn 2959m\"\n               data-src=\"https:\/\/www.freimarianne.ch\/wp-content\/gallery\/turtmann-8-4-26\/IMG_4466.jpeg\"\n               data-thumbnail=\"https:\/\/www.freimarianne.ch\/wp-content\/gallery\/turtmann-8-4-26\/thumbs\/thumbs_IMG_4466.jpeg\"\n               data-image-id=\"37145\"\n               data-title=\"Fr\u00fchling in Unterems 1003m; Hohgleifa 3279m, Chistehorn 2787m,  Grosshorn 2995m, Schwarzhorn 2959m\"\n               data-description=\"Fr\u00fchling in Unterems 1003m; Hohgleifa 3279m, Chistehorn 2787m,  Grosshorn 2995m, Schwarzhorn 2959m\"\n               data-image-slug=\"img_4466-3\"\n               class=\"shutterset_2ca0040e717c866124ba8e933e2b80b0\">\n                <img\n                    title=\"Fr\u00fchling in Unterems 1003m; Hohgleifa 3279m, Chistehorn 2787m,  Grosshorn 2995m, Schwarzhorn 2959m\"\n                    alt=\"Fr\u00fchling in Unterems 1003m; Hohgleifa 3279m, Chistehorn 2787m,  Grosshorn 2995m, Schwarzhorn 2959m\"\n                    src=\"https:\/\/www.freimarianne.ch\/wp-content\/gallery\/turtmann-8-4-26\/cache\/IMG_4466.jpeg-nggid0537145-ngg0dyn-100x75x100-00f0w010c010r110f110r010t010.jpeg\"\n                    width=\"100\"\n                    height=\"67\"\n                    style=\"max-width:100%;\"\n                \/>\n            <\/a>\n        <\/div>\n\t\t\t\t\t\t\t<\/div> \n\t\t\t\n                            \n\t\t\t\t<div id=\"ngg-image-9\" class=\"ngg-gallery-thumbnail-box\" >\n\t\t\t\t        <div class=\"ngg-gallery-thumbnail\">\n            <a href=\"https:\/\/www.freimarianne.ch\/wp-content\/gallery\/turtmann-8-4-26\/IMG_4468.jpeg\"\n               title=\"Leberbl\u00fcmchen; Anemone hepatica\"\n               data-src=\"https:\/\/www.freimarianne.ch\/wp-content\/gallery\/turtmann-8-4-26\/IMG_4468.jpeg\"\n               data-thumbnail=\"https:\/\/www.freimarianne.ch\/wp-content\/gallery\/turtmann-8-4-26\/thumbs\/thumbs_IMG_4468.jpeg\"\n               data-image-id=\"37144\"\n               data-title=\"Leberbl\u00fcmchen; Anemone hepatica\"\n               data-description=\"Leberbl\u00fcmchen; Anemone hepatica\"\n               data-image-slug=\"img_4468-5\"\n               class=\"shutterset_2ca0040e717c866124ba8e933e2b80b0\">\n                <img\n                    title=\"Leberbl\u00fcmchen; Anemone hepatica\"\n                    alt=\"Leberbl\u00fcmchen; Anemone hepatica\"\n                    src=\"https:\/\/www.freimarianne.ch\/wp-content\/gallery\/turtmann-8-4-26\/cache\/IMG_4468.jpeg-nggid0537144-ngg0dyn-100x75x100-00f0w010c010r110f110r010t010.jpeg\"\n                    width=\"89\"\n                    height=\"75\"\n                    style=\"max-width:100%;\"\n                \/>\n            <\/a>\n        <\/div>\n\t\t\t\t\t\t\t<\/div> \n\t\t\t\n                            \n\t\t\t\t<div id=\"ngg-image-10\" class=\"ngg-gallery-thumbnail-box\" >\n\t\t\t\t        <div class=\"ngg-gallery-thumbnail\">\n            <a href=\"https:\/\/www.freimarianne.ch\/wp-content\/gallery\/turtmann-8-4-26\/IMG_4471.jpeg\"\n               title=\"das ; Dorf Ergisch; Hohgleifa 3279m, Chistehorn 2787m,  Grosshorn 2995m, Schwarzhorn 2959m, Wiwannihorn 3001m, Baltschider Schilthorn 3122m,G\u00e4rsthorn 2926m\"\n               data-src=\"https:\/\/www.freimarianne.ch\/wp-content\/gallery\/turtmann-8-4-26\/IMG_4471.jpeg\"\n               data-thumbnail=\"https:\/\/www.freimarianne.ch\/wp-content\/gallery\/turtmann-8-4-26\/thumbs\/thumbs_IMG_4471.jpeg\"\n               data-image-id=\"37143\"\n               data-title=\"das ; Dorf Ergisch; Hohgleifa 3279m, Chistehorn 2787m,  Grosshorn 2995m, Schwarzhorn 2959m, Wiwannihorn 3001m, Baltschider Schilthorn 3122m,G\u00e4rsthorn 2926m\"\n               data-description=\"das ; Dorf Ergisch; Hohgleifa 3279m, Chistehorn 2787m,  Grosshorn 2995m, Schwarzhorn 2959m, Wiwannihorn 3001m, Baltschider Schilthorn 3122m,G\u00e4rsthorn 2926m\"\n               data-image-slug=\"img_4471-2\"\n               class=\"shutterset_2ca0040e717c866124ba8e933e2b80b0\">\n                <img\n                    title=\"das ; Dorf Ergisch; Hohgleifa 3279m, Chistehorn 2787m,  Grosshorn 2995m, Schwarzhorn 2959m, Wiwannihorn 3001m, Baltschider Schilthorn 3122m,G\u00e4rsthorn 2926m\"\n                    alt=\"das ; Dorf Ergisch; Hohgleifa 3279m, Chistehorn 2787m,  Grosshorn 2995m, Schwarzhorn 2959m, Wiwannihorn 3001m, Baltschider Schilthorn 3122m,G\u00e4rsthorn 2926m\"\n                    src=\"https:\/\/www.freimarianne.ch\/wp-content\/gallery\/turtmann-8-4-26\/cache\/IMG_4471.jpeg-nggid0537143-ngg0dyn-100x75x100-00f0w010c010r110f110r010t010.jpeg\"\n                    width=\"100\"\n                    height=\"67\"\n                    style=\"max-width:100%;\"\n                \/>\n            <\/a>\n        <\/div>\n\t\t\t\t\t\t\t<\/div> \n\t\t\t\n                            \n\t\t\t\t<div id=\"ngg-image-11\" class=\"ngg-gallery-thumbnail-box\" >\n\t\t\t\t        <div class=\"ngg-gallery-thumbnail\">\n            <a href=\"https:\/\/www.freimarianne.ch\/wp-content\/gallery\/turtmann-8-4-26\/IMG_4473.jpeg\"\n               title=\"Fr\u00fchlingskrokus; Crocus vernus\"\n               data-src=\"https:\/\/www.freimarianne.ch\/wp-content\/gallery\/turtmann-8-4-26\/IMG_4473.jpeg\"\n               data-thumbnail=\"https:\/\/www.freimarianne.ch\/wp-content\/gallery\/turtmann-8-4-26\/thumbs\/thumbs_IMG_4473.jpeg\"\n               data-image-id=\"37142\"\n               data-title=\"Fr\u00fchlingskrokus; Crocus vernus\"\n               data-description=\"Fr\u00fchlingskrokus; Crocus vernus\"\n               data-image-slug=\"img_4473-4\"\n               class=\"shutterset_2ca0040e717c866124ba8e933e2b80b0\">\n                <img\n                    title=\"Fr\u00fchlingskrokus; Crocus vernus\"\n                    alt=\"Fr\u00fchlingskrokus; Crocus vernus\"\n                    src=\"https:\/\/www.freimarianne.ch\/wp-content\/gallery\/turtmann-8-4-26\/cache\/IMG_4473.jpeg-nggid0537142-ngg0dyn-100x75x100-00f0w010c010r110f110r010t010.jpeg\"\n                    width=\"98\"\n                    height=\"75\"\n                    style=\"max-width:100%;\"\n                \/>\n            <\/a>\n        <\/div>\n\t\t\t\t\t\t\t<\/div> \n\t\t\t\n                                    <br style=\"clear: both\" \/>\n                    \n\t\t\t\t<div id=\"ngg-image-12\" class=\"ngg-gallery-thumbnail-box\" >\n\t\t\t\t        <div class=\"ngg-gallery-thumbnail\">\n            <a href=\"https:\/\/www.freimarianne.ch\/wp-content\/gallery\/turtmann-8-4-26\/IMG_4474.jpeg\"\n               title=\"Fr\u00fchlingslichtblume;\"\n               data-src=\"https:\/\/www.freimarianne.ch\/wp-content\/gallery\/turtmann-8-4-26\/IMG_4474.jpeg\"\n               data-thumbnail=\"https:\/\/www.freimarianne.ch\/wp-content\/gallery\/turtmann-8-4-26\/thumbs\/thumbs_IMG_4474.jpeg\"\n               data-image-id=\"37141\"\n               data-title=\"Fr\u00fchlingslichtblume;\"\n               data-description=\"Fr\u00fchlingslichtblume;\"\n               data-image-slug=\"img_4474-2\"\n               class=\"shutterset_2ca0040e717c866124ba8e933e2b80b0\">\n                <img\n                    title=\"Fr\u00fchlingslichtblume;\"\n                    alt=\"Fr\u00fchlingslichtblume;\"\n                    src=\"https:\/\/www.freimarianne.ch\/wp-content\/gallery\/turtmann-8-4-26\/cache\/IMG_4474.jpeg-nggid0537141-ngg0dyn-100x75x100-00f0w010c010r110f110r010t010.jpeg\"\n                    width=\"100\"\n                    height=\"75\"\n                    style=\"max-width:100%;\"\n                \/>\n            <\/a>\n        <\/div>\n\t\t\t\t\t\t\t<\/div> \n\t\t\t\n                            \n\t\t\t\t<div id=\"ngg-image-13\" class=\"ngg-gallery-thumbnail-box\" >\n\t\t\t\t        <div class=\"ngg-gallery-thumbnail\">\n            <a href=\"https:\/\/www.freimarianne.ch\/wp-content\/gallery\/turtmann-8-4-26\/IMG_4478.jpeg\"\n               title=\"Leberbl\u00fcmchen, Anemone hepatica\"\n               data-src=\"https:\/\/www.freimarianne.ch\/wp-content\/gallery\/turtmann-8-4-26\/IMG_4478.jpeg\"\n               data-thumbnail=\"https:\/\/www.freimarianne.ch\/wp-content\/gallery\/turtmann-8-4-26\/thumbs\/thumbs_IMG_4478.jpeg\"\n               data-image-id=\"37140\"\n               data-title=\"Leberbl\u00fcmchen, Anemone hepatica\"\n               data-description=\"Leberbl\u00fcmchen, Anemone hepatica\"\n               data-image-slug=\"img_4478-5\"\n               class=\"shutterset_2ca0040e717c866124ba8e933e2b80b0\">\n                <img\n                    title=\"Leberbl\u00fcmchen, Anemone hepatica\"\n                    alt=\"Leberbl\u00fcmchen, Anemone hepatica\"\n                    src=\"https:\/\/www.freimarianne.ch\/wp-content\/gallery\/turtmann-8-4-26\/cache\/IMG_4478.jpeg-nggid0537140-ngg0dyn-100x75x100-00f0w010c010r110f110r010t010.jpeg\"\n                    width=\"100\"\n                    height=\"70\"\n                    style=\"max-width:100%;\"\n                \/>\n            <\/a>\n        <\/div>\n\t\t\t\t\t\t\t<\/div> \n\t\t\t\n                            \n\t\t\t\t<div id=\"ngg-image-14\" class=\"ngg-gallery-thumbnail-box\" >\n\t\t\t\t        <div class=\"ngg-gallery-thumbnail\">\n            <a href=\"https:\/\/www.freimarianne.ch\/wp-content\/gallery\/turtmann-8-4-26\/IMG_4481.jpeg\"\n               title=\"beim Abstieg ins Tal\"\n               data-src=\"https:\/\/www.freimarianne.ch\/wp-content\/gallery\/turtmann-8-4-26\/IMG_4481.jpeg\"\n               data-thumbnail=\"https:\/\/www.freimarianne.ch\/wp-content\/gallery\/turtmann-8-4-26\/thumbs\/thumbs_IMG_4481.jpeg\"\n               data-image-id=\"37139\"\n               data-title=\"beim Abstieg ins Tal\"\n               data-description=\"beim Abstieg ins Tal\"\n               data-image-slug=\"img_4481-5\"\n               class=\"shutterset_2ca0040e717c866124ba8e933e2b80b0\">\n                <img\n                    title=\"beim Abstieg ins Tal\"\n                    alt=\"beim Abstieg ins Tal\"\n                    src=\"https:\/\/www.freimarianne.ch\/wp-content\/gallery\/turtmann-8-4-26\/cache\/IMG_4481.jpeg-nggid0537139-ngg0dyn-100x75x100-00f0w010c010r110f110r010t010.jpeg\"\n                    width=\"100\"\n                    height=\"67\"\n                    style=\"max-width:100%;\"\n                \/>\n            <\/a>\n        <\/div>\n\t\t\t\t\t\t\t<\/div> \n\t\t\t\n                            \n\t\t\t\t<div id=\"ngg-image-15\" class=\"ngg-gallery-thumbnail-box\" >\n\t\t\t\t        <div class=\"ngg-gallery-thumbnail\">\n            <a href=\"https:\/\/www.freimarianne.ch\/wp-content\/gallery\/turtmann-8-4-26\/IMG_4482.jpeg\"\n               title=\"beim Abstieg ins Tal\"\n               data-src=\"https:\/\/www.freimarianne.ch\/wp-content\/gallery\/turtmann-8-4-26\/IMG_4482.jpeg\"\n               data-thumbnail=\"https:\/\/www.freimarianne.ch\/wp-content\/gallery\/turtmann-8-4-26\/thumbs\/thumbs_IMG_4482.jpeg\"\n               data-image-id=\"37138\"\n               data-title=\"beim Abstieg ins Tal\"\n               data-description=\"beim Abstieg ins Tal\"\n               data-image-slug=\"img_4482-6\"\n               class=\"shutterset_2ca0040e717c866124ba8e933e2b80b0\">\n                <img\n                    title=\"beim Abstieg ins Tal\"\n                    alt=\"beim Abstieg ins Tal\"\n                    src=\"https:\/\/www.freimarianne.ch\/wp-content\/gallery\/turtmann-8-4-26\/cache\/IMG_4482.jpeg-nggid0537138-ngg0dyn-100x75x100-00f0w010c010r110f110r010t010.jpeg\"\n                    width=\"100\"\n                    height=\"72\"\n                    style=\"max-width:100%;\"\n                \/>\n            <\/a>\n        <\/div>\n\t\t\t\t\t\t\t<\/div> \n\t\t\t\n                                    <br style=\"clear: both\" \/>\n                    \n\t\t\t\t<div id=\"ngg-image-16\" class=\"ngg-gallery-thumbnail-box\" >\n\t\t\t\t        <div class=\"ngg-gallery-thumbnail\">\n            <a href=\"https:\/\/www.freimarianne.ch\/wp-content\/gallery\/turtmann-8-4-26\/IMG_4485.jpeg\"\n               title=\"durch die Rebberge\"\n               data-src=\"https:\/\/www.freimarianne.ch\/wp-content\/gallery\/turtmann-8-4-26\/IMG_4485.jpeg\"\n               data-thumbnail=\"https:\/\/www.freimarianne.ch\/wp-content\/gallery\/turtmann-8-4-26\/thumbs\/thumbs_IMG_4485.jpeg\"\n               data-image-id=\"37137\"\n               data-title=\"durch die Rebberge\"\n               data-description=\"durch die Rebberge\"\n               data-image-slug=\"img_4485-4\"\n               class=\"shutterset_2ca0040e717c866124ba8e933e2b80b0\">\n                <img\n                    title=\"durch die Rebberge\"\n                    alt=\"durch die Rebberge\"\n                    src=\"https:\/\/www.freimarianne.ch\/wp-content\/gallery\/turtmann-8-4-26\/cache\/IMG_4485.jpeg-nggid0537137-ngg0dyn-100x75x100-00f0w010c010r110f110r010t010.jpeg\"\n                    width=\"100\"\n                    height=\"67\"\n                    style=\"max-width:100%;\"\n                \/>\n            <\/a>\n        <\/div>\n\t\t\t\t\t\t\t<\/div> \n\t\t\t\n                            \n\t\t\t\t<div id=\"ngg-image-17\" class=\"ngg-gallery-thumbnail-box\" >\n\t\t\t\t        <div class=\"ngg-gallery-thumbnail\">\n            <a href=\"https:\/\/www.freimarianne.ch\/wp-content\/gallery\/turtmann-8-4-26\/IMG_4487.jpeg\"\n               title=\"durch die Rebberge\"\n               data-src=\"https:\/\/www.freimarianne.ch\/wp-content\/gallery\/turtmann-8-4-26\/IMG_4487.jpeg\"\n               data-thumbnail=\"https:\/\/www.freimarianne.ch\/wp-content\/gallery\/turtmann-8-4-26\/thumbs\/thumbs_IMG_4487.jpeg\"\n               data-image-id=\"37136\"\n               data-title=\"durch die Rebberge\"\n               data-description=\"durch die Rebberge\"\n               data-image-slug=\"img_4487-2\"\n               class=\"shutterset_2ca0040e717c866124ba8e933e2b80b0\">\n                <img\n                    title=\"durch die Rebberge\"\n                    alt=\"durch die Rebberge\"\n                    src=\"https:\/\/www.freimarianne.ch\/wp-content\/gallery\/turtmann-8-4-26\/cache\/IMG_4487.jpeg-nggid0537136-ngg0dyn-100x75x100-00f0w010c010r110f110r010t010.jpeg\"\n                    width=\"100\"\n                    height=\"67\"\n                    style=\"max-width:100%;\"\n                \/>\n            <\/a>\n        <\/div>\n\t\t\t\t\t\t\t<\/div> \n\t\t\t\n                            \n\t\t\t\t<div id=\"ngg-image-18\" class=\"ngg-gallery-thumbnail-box\" >\n\t\t\t\t        <div class=\"ngg-gallery-thumbnail\">\n            <a href=\"https:\/\/www.freimarianne.ch\/wp-content\/gallery\/turtmann-8-4-26\/IMG_4488.jpeg\"\n               title=\"durch die Rebberge\"\n               data-src=\"https:\/\/www.freimarianne.ch\/wp-content\/gallery\/turtmann-8-4-26\/IMG_4488.jpeg\"\n               data-thumbnail=\"https:\/\/www.freimarianne.ch\/wp-content\/gallery\/turtmann-8-4-26\/thumbs\/thumbs_IMG_4488.jpeg\"\n               data-image-id=\"37135\"\n               data-title=\"durch die Rebberge\"\n               data-description=\"durch die Rebberge\"\n               data-image-slug=\"img_4488-6\"\n               class=\"shutterset_2ca0040e717c866124ba8e933e2b80b0\">\n                <img\n                    title=\"durch die Rebberge\"\n                    alt=\"durch die Rebberge\"\n                    src=\"https:\/\/www.freimarianne.ch\/wp-content\/gallery\/turtmann-8-4-26\/cache\/IMG_4488.jpeg-nggid0537135-ngg0dyn-100x75x100-00f0w010c010r110f110r010t010.jpeg\"\n                    width=\"100\"\n                    height=\"71\"\n                    style=\"max-width:100%;\"\n                \/>\n            <\/a>\n        <\/div>\n\t\t\t\t\t\t\t<\/div> \n\t\t\t\n                            \n\t\t\t\t<div id=\"ngg-image-19\" class=\"ngg-gallery-thumbnail-box\" >\n\t\t\t\t        <div class=\"ngg-gallery-thumbnail\">\n            <a href=\"https:\/\/www.freimarianne.ch\/wp-content\/gallery\/turtmann-8-4-26\/IMG_4490.jpeg\"\n               title=\"\"\n               data-src=\"https:\/\/www.freimarianne.ch\/wp-content\/gallery\/turtmann-8-4-26\/IMG_4490.jpeg\"\n               data-thumbnail=\"https:\/\/www.freimarianne.ch\/wp-content\/gallery\/turtmann-8-4-26\/thumbs\/thumbs_IMG_4490.jpeg\"\n               data-image-id=\"37134\"\n               data-title=\"IMG_4490\"\n               data-description=\"\"\n               data-image-slug=\"img_4490-7\"\n               class=\"shutterset_2ca0040e717c866124ba8e933e2b80b0\">\n                <img\n                    title=\"IMG_4490\"\n                    alt=\"IMG_4490\"\n                    src=\"https:\/\/www.freimarianne.ch\/wp-content\/gallery\/turtmann-8-4-26\/cache\/IMG_4490.jpeg-nggid0537134-ngg0dyn-100x75x100-00f0w010c010r110f110r010t010.jpeg\"\n                    width=\"100\"\n                    height=\"75\"\n                    style=\"max-width:100%;\"\n                \/>\n            <\/a>\n        <\/div>\n\t\t\t\t\t\t\t<\/div> \n\t\t\t\n                                    <br style=\"clear: both\" \/>\n                    \n\t\t\t\t<div id=\"ngg-image-20\" class=\"ngg-gallery-thumbnail-box\" >\n\t\t\t\t        <div class=\"ngg-gallery-thumbnail\">\n            <a href=\"https:\/\/www.freimarianne.ch\/wp-content\/gallery\/turtmann-8-4-26\/IMG_4491.jpeg\"\n               title=\"Adonisr\u00f6schen oberhalb Turtmann Dorf\"\n               data-src=\"https:\/\/www.freimarianne.ch\/wp-content\/gallery\/turtmann-8-4-26\/IMG_4491.jpeg\"\n               data-thumbnail=\"https:\/\/www.freimarianne.ch\/wp-content\/gallery\/turtmann-8-4-26\/thumbs\/thumbs_IMG_4491.jpeg\"\n               data-image-id=\"37133\"\n               data-title=\"Adonisr\u00f6schen oberhalb Turtmann Dorf\"\n               data-description=\"Adonisr\u00f6schen oberhalb Turtmann Dorf\"\n               data-image-slug=\"img_4491-6\"\n               class=\"shutterset_2ca0040e717c866124ba8e933e2b80b0\">\n                <img\n                    title=\"Adonisr\u00f6schen oberhalb Turtmann Dorf\"\n                    alt=\"Adonisr\u00f6schen oberhalb Turtmann Dorf\"\n                    src=\"https:\/\/www.freimarianne.ch\/wp-content\/gallery\/turtmann-8-4-26\/cache\/IMG_4491.jpeg-nggid0537133-ngg0dyn-100x75x100-00f0w010c010r110f110r010t010.jpeg\"\n                    width=\"100\"\n                    height=\"67\"\n                    style=\"max-width:100%;\"\n                \/>\n            <\/a>\n        <\/div>\n\t\t\t\t\t\t\t<\/div> \n\t\t\t\n                            \n\t\t\n\t\t<!-- Pagination -->\n\t<div class='ngg-clear'><\/div>\t<\/div>\n\n\n\n\n<!-- index.php -->\n<div\n\tclass=\"ngg-galleryoverview ngg-ajax-pagination-none\"\n\tid=\"ngg-gallery-f3d1bf00c38908dd331370b1c3b528ed-1\">\n\n    \t<div class=\"slideshowlink\">\n        <a href='https:\/\/www.freimarianne.ch\/index.php\/nggallery\/slideshow?page_id=70659'>[Show as slideshow]<\/a>\n\t\t\n\t<\/div>\n\t\t\t<!-- Thumbnails -->\n\t\t\t\t<div id=\"ngg-image-0\" class=\"ngg-gallery-thumbnail-box\" >\n\t\t\t\t        <div class=\"ngg-gallery-thumbnail\">\n            <a href=\"https:\/\/www.freimarianne.ch\/wp-content\/gallery\/turtmann-iph-8-4-26\/IMG_2588.jpeg\"\n               title=\"Sicht gegen Gampel\"\n               data-src=\"https:\/\/www.freimarianne.ch\/wp-content\/gallery\/turtmann-iph-8-4-26\/IMG_2588.jpeg\"\n               data-thumbnail=\"https:\/\/www.freimarianne.ch\/wp-content\/gallery\/turtmann-iph-8-4-26\/thumbs\/thumbs_IMG_2588.jpeg\"\n               data-image-id=\"37158\"\n               data-title=\"Sicht gegen Gampel\"\n               data-description=\"Sicht gegen Gampel\"\n               data-image-slug=\"img_2588-4\"\n               class=\"shutterset_f3d1bf00c38908dd331370b1c3b528ed\">\n                <img\n                    title=\"Sicht gegen Gampel\"\n                    alt=\"Sicht gegen Gampel\"\n                    src=\"https:\/\/www.freimarianne.ch\/wp-content\/gallery\/turtmann-iph-8-4-26\/cache\/IMG_2588.jpeg-nggid0537158-ngg0dyn-100x75x100-00f0w010c010r110f110r010t010.jpeg\"\n                    width=\"100\"\n                    height=\"75\"\n                    style=\"max-width:100%;\"\n                \/>\n            <\/a>\n        <\/div>\n\t\t\t\t\t\t\t<\/div> \n\t\t\t\n                            \n\t\t\t\t<div id=\"ngg-image-1\" class=\"ngg-gallery-thumbnail-box\" >\n\t\t\t\t        <div class=\"ngg-gallery-thumbnail\">\n            <a href=\"https:\/\/www.freimarianne.ch\/wp-content\/gallery\/turtmann-iph-8-4-26\/IMG_2585.jpeg\"\n               title=\"Dorf Ergisch; Hohgleifa 3279m, vo  Chistehorn 2787m, Grosshorn 2995m, Schwarzhorn 2959m\"\n               data-src=\"https:\/\/www.freimarianne.ch\/wp-content\/gallery\/turtmann-iph-8-4-26\/IMG_2585.jpeg\"\n               data-thumbnail=\"https:\/\/www.freimarianne.ch\/wp-content\/gallery\/turtmann-iph-8-4-26\/thumbs\/thumbs_IMG_2585.jpeg\"\n               data-image-id=\"37156\"\n               data-title=\"Dorf Ergisch; Hohgleifa 3279m, vo  Chistehorn 2787m, Grosshorn 2995m, Schwarzhorn 2959m\"\n               data-description=\"Dorf Ergisch; Hohgleifa 3279m, vo  Chistehorn 2787m, Grosshorn 2995m, Schwarzhorn 2959m\"\n               data-image-slug=\"img_2585-5\"\n               class=\"shutterset_f3d1bf00c38908dd331370b1c3b528ed\">\n                <img\n                    title=\"Dorf Ergisch; Hohgleifa 3279m, vo  Chistehorn 2787m, Grosshorn 2995m, Schwarzhorn 2959m\"\n                    alt=\"Dorf Ergisch; Hohgleifa 3279m, vo  Chistehorn 2787m, Grosshorn 2995m, Schwarzhorn 2959m\"\n                    src=\"https:\/\/www.freimarianne.ch\/wp-content\/gallery\/turtmann-iph-8-4-26\/cache\/IMG_2585.jpeg-nggid0537156-ngg0dyn-100x75x100-00f0w010c010r110f110r010t010.jpeg\"\n                    width=\"100\"\n                    height=\"75\"\n                    style=\"max-width:100%;\"\n                \/>\n            <\/a>\n        <\/div>\n\t\t\t\t\t\t\t<\/div> \n\t\t\t\n                            \n\t\t\t\t<div id=\"ngg-image-2\" class=\"ngg-gallery-thumbnail-box\" >\n\t\t\t\t        <div class=\"ngg-gallery-thumbnail\">\n            <a href=\"https:\/\/www.freimarianne.ch\/wp-content\/gallery\/turtmann-iph-8-4-26\/IMG_2584.jpeg\"\n               title=\"Unterems 1003m\"\n               data-src=\"https:\/\/www.freimarianne.ch\/wp-content\/gallery\/turtmann-iph-8-4-26\/IMG_2584.jpeg\"\n               data-thumbnail=\"https:\/\/www.freimarianne.ch\/wp-content\/gallery\/turtmann-iph-8-4-26\/thumbs\/thumbs_IMG_2584.jpeg\"\n               data-image-id=\"37155\"\n               data-title=\"Unterems 1003m\"\n               data-description=\"Unterems 1003m\"\n               data-image-slug=\"img_2584-3\"\n               class=\"shutterset_f3d1bf00c38908dd331370b1c3b528ed\">\n                <img\n                    title=\"Unterems 1003m\"\n                    alt=\"Unterems 1003m\"\n                    src=\"https:\/\/www.freimarianne.ch\/wp-content\/gallery\/turtmann-iph-8-4-26\/cache\/IMG_2584.jpeg-nggid0537155-ngg0dyn-100x75x100-00f0w010c010r110f110r010t010.jpeg\"\n                    width=\"100\"\n                    height=\"75\"\n                    style=\"max-width:100%;\"\n                \/>\n            <\/a>\n        <\/div>\n\t\t\t\t\t\t\t<\/div> \n\t\t\t\n                            \n\t\t\t\t<div id=\"ngg-image-3\" class=\"ngg-gallery-thumbnail-box\" >\n\t\t\t\t        <div class=\"ngg-gallery-thumbnail\">\n            <a href=\"https:\/\/www.freimarianne.ch\/wp-content\/gallery\/turtmann-iph-8-4-26\/IMG_2578.jpeg\"\n               title=\"Unterems 1003m;\"\n               data-src=\"https:\/\/www.freimarianne.ch\/wp-content\/gallery\/turtmann-iph-8-4-26\/IMG_2578.jpeg\"\n               data-thumbnail=\"https:\/\/www.freimarianne.ch\/wp-content\/gallery\/turtmann-iph-8-4-26\/thumbs\/thumbs_IMG_2578.jpeg\"\n               data-image-id=\"37154\"\n               data-title=\"Unterems 1003m;\"\n               data-description=\"Unterems 1003m;\"\n               data-image-slug=\"img_2578-5\"\n               class=\"shutterset_f3d1bf00c38908dd331370b1c3b528ed\">\n                <img\n                    title=\"Unterems 1003m;\"\n                    alt=\"Unterems 1003m;\"\n                    src=\"https:\/\/www.freimarianne.ch\/wp-content\/gallery\/turtmann-iph-8-4-26\/cache\/IMG_2578.jpeg-nggid0537154-ngg0dyn-100x75x100-00f0w010c010r110f110r010t010.jpeg\"\n                    width=\"100\"\n                    height=\"75\"\n                    style=\"max-width:100%;\"\n                \/>\n            <\/a>\n        <\/div>\n\t\t\t\t\t\t\t<\/div> \n\t\t\t\n                                    <br style=\"clear: both\" \/>\n                    \n\t\t\t\t<div id=\"ngg-image-4\" class=\"ngg-gallery-thumbnail-box\" >\n\t\t\t\t        <div class=\"ngg-gallery-thumbnail\">\n            <a href=\"https:\/\/www.freimarianne.ch\/wp-content\/gallery\/turtmann-iph-8-4-26\/IMG_2587.jpeg\"\n               title=\"\"\n               data-src=\"https:\/\/www.freimarianne.ch\/wp-content\/gallery\/turtmann-iph-8-4-26\/IMG_2587.jpeg\"\n               data-thumbnail=\"https:\/\/www.freimarianne.ch\/wp-content\/gallery\/turtmann-iph-8-4-26\/thumbs\/thumbs_IMG_2587.jpeg\"\n               data-image-id=\"37157\"\n               data-title=\"IMG_2587\"\n               data-description=\"\"\n               data-image-slug=\"img_2587-3\"\n               class=\"shutterset_f3d1bf00c38908dd331370b1c3b528ed\">\n                <img\n                    title=\"IMG_2587\"\n                    alt=\"IMG_2587\"\n                    src=\"https:\/\/www.freimarianne.ch\/wp-content\/gallery\/turtmann-iph-8-4-26\/cache\/IMG_2587.jpeg-nggid0537157-ngg0dyn-100x75x100-00f0w010c010r110f110r010t010.jpeg\"\n                    width=\"100\"\n                    height=\"75\"\n                    style=\"max-width:100%;\"\n                \/>\n            <\/a>\n        <\/div>\n\t\t\t\t\t\t\t<\/div> \n\t\t\t\n                            \n\t\t\n\t\t<!-- Pagination -->\n\t<div class='ngg-clear'><\/div>\t<\/div>\n\n","protected":false},"excerpt":{"rendered":"<p>ch fahre heute nach Turtmann, um auf dem Adonispfad zu wandern, den ich zwar gut kenne. Aber die Gegend ist immer wieder sch\u00f6n. Um 9.24h bin ich am Bahnhof Turtmann und gelange \u00fcber den Talboden zum Dorf Turtmann. Um 9.44h befinde ich mich auf dem Wanderweg zur Chastelen Kapelle, wo ich zu meiner \u00dcberraschung eine [&hellip;]<\/p>\n","protected":false},"author":1,"featured_media":0,"parent":70273,"menu_order":12,"comment_status":"closed","ping_status":"closed","template":"","meta":{"ngg_post_thumbnail":0},"_links":{"self":[{"href":"https:\/\/www.freimarianne.ch\/index.php?rest_route=\/wp\/v2\/pages\/70659"}],"collection":[{"href":"https:\/\/www.freimarianne.ch\/index.php?rest_route=\/wp\/v2\/pages"}],"about":[{"href":"https:\/\/www.freimarianne.ch\/index.php?rest_route=\/wp\/v2\/types\/page"}],"author":[{"embeddable":true,"href":"https:\/\/www.freimarianne.ch\/index.php?rest_route=\/wp\/v2\/users\/1"}],"replies":[{"embeddable":true,"href":"https:\/\/www.freimarianne.ch\/index.php?rest_route=%2Fwp%2Fv2%2Fcomments&post=70659"}],"version-history":[{"count":3,"href":"https:\/\/www.freimarianne.ch\/index.php?rest_route=\/wp\/v2\/pages\/70659\/revisions"}],"predecessor-version":[{"id":70841,"href":"https:\/\/www.freimarianne.ch\/index.php?rest_route=\/wp\/v2\/pages\/70659\/revisions\/70841"}],"up":[{"embeddable":true,"href":"https:\/\/www.freimarianne.ch\/index.php?rest_route=\/wp\/v2\/pages\/70273"}],"wp:attachment":[{"href":"https:\/\/www.freimarianne.ch\/index.php?rest_route=%2Fwp%2Fv2%2Fmedia&parent=70659"}],"curies":[{"name":"wp","href":"https:\/\/api.w.org\/{rel}","templated":true}]}}