{"id":70663,"date":"2026-04-26T08:51:46","date_gmt":"2026-04-26T07:51:46","guid":{"rendered":"https:\/\/www.freimarianne.ch\/?page_id=70663"},"modified":"2026-04-26T10:04:08","modified_gmt":"2026-04-26T09:04:08","slug":"jolimont-be-16-4-2026","status":"publish","type":"page","link":"https:\/\/www.freimarianne.ch\/?page_id=70663","title":{"rendered":"Jolimont  BE  16.4.2026"},"content":{"rendered":"\n<p><strong>Wanderung von Gampelen \u00fcber den Jolimont nach Erlach<\/strong><\/p>\n\n\n<div id=\"attachment_70653\" style=\"width: 510px\" class=\"wp-caption alignleft\"><img aria-describedby=\"caption-attachment-70653\" loading=\"lazy\" class=\"size-full wp-image-70653\" src=\"http:\/\/www.freimarianne.ch\/wp-content\/uploads\/2026\/04\/IMG_4615_jolimont_4.26_500.jpeg\" alt=\"\" width=\"500\" height=\"345\" srcset=\"https:\/\/www.freimarianne.ch\/wp-content\/uploads\/2026\/04\/IMG_4615_jolimont_4.26_500.jpeg 500w, https:\/\/www.freimarianne.ch\/wp-content\/uploads\/2026\/04\/IMG_4615_jolimont_4.26_500-300x207.jpeg 300w, https:\/\/www.freimarianne.ch\/wp-content\/uploads\/2026\/04\/IMG_4615_jolimont_4.26_500-435x300.jpeg 435w\" sizes=\"(max-width: 500px) 100vw, 500px\" \/><p id=\"caption-attachment-70653\" class=\"wp-caption-text\">vor der Petersinsel; Erlalch mit Jolimont<\/p><\/div>\n<p>Ich fahre heute \u00fcber Neuenburg nach Gampelen im Berner Seeland.Von dort aus wandere ich teils auf Waldstrassen teils auf schmalen Waldwegen \u00fcber den H\u00f6henr\u00fccken des Berges Jolimont. Dabei lege ich etliche Kilometer zur\u00fcck. Es gibt in diesen Waldviel e Wege und Rundwege mit der Anschrift \u201e Jolimont: Geschichte und Gegenwart\u201c.<br>In diesen Gebiet gibt es die sog. T\u00fcfelsburdi zu bestaunen, Dies sind erratische Bl\u00f6cke, die in der Eiszeit vom Rhonegletscher hierher transportiert wurden. Es soll hier auch Tummulus Gr\u00e4ber aus der Bronze-und Eisenzeit geben.<br>Mein weg f\u00fchrt mich \u00fcber die offensichtlich gerodete Lichtung Jolimont mit dem Gut Jolimont, eine Oase in diesem grossen Waldgebiet. Bevor ich nach Erlach hinuntersteigg, finde ich eine alte Bank, wo ich meine Mittagspause halten kann mit einem pr\u00e4chtigen Blick hinunter nach Erlach, auf den Bielersee und den Chasseral. Es geht kurz steil hinunter zum Schloss und St\u00e4dtchen Erlach, die eine Besichtigung wert sind. Ich plante nach dieser Wanderung mit dem Schiff nach Biel zu fahren. Die Wartezeit verbringe ich am spiegelglatten Bielersee. Die darauffolgende Fahrt auf dem Schiff geniesse ich sehr.<\/p>\n<p>Lait Schweizmobil:<\/p>\n<p>Distanz: 9.4km; Aufstieg: 234m; Abstieg: 238m; Wanderzeit 2h 39min<\/p>\n<p><a href=\"https:\/\/schweizmobil.ch\/de\/tour\/1767648988\">Karte Schweizmobil:<\/a><\/p>\n\n\n<!-- index.php -->\n<div\n\tclass=\"ngg-galleryoverview ngg-ajax-pagination-none\"\n\tid=\"ngg-gallery-e91b6fd3b3eb2b511d8a2685c28e51d1-1\">\n\n    \t<div class=\"slideshowlink\">\n        <a href='https:\/\/www.freimarianne.ch\/index.php\/nggallery\/slideshow?page_id=70663'>[Show as slideshow]<\/a>\n\t\t\n\t<\/div>\n\t\t\t<!-- Thumbnails -->\n\t\t\t\t<div id=\"ngg-image-0\" class=\"ngg-gallery-thumbnail-box\" >\n\t\t\t\t        <div class=\"ngg-gallery-thumbnail\">\n            <a href=\"https:\/\/www.freimarianne.ch\/wp-content\/gallery\/jolimont-16-4-26\/IMG_4582.jpeg\"\n               title=\"Gampelen 433m\"\n               data-src=\"https:\/\/www.freimarianne.ch\/wp-content\/gallery\/jolimont-16-4-26\/IMG_4582.jpeg\"\n               data-thumbnail=\"https:\/\/www.freimarianne.ch\/wp-content\/gallery\/jolimont-16-4-26\/thumbs\/thumbs_IMG_4582.jpeg\"\n               data-image-id=\"37213\"\n               data-title=\"Gampelen 433m\"\n               data-description=\"Gampelen 433m\"\n               data-image-slug=\"img_4582-6\"\n               class=\"shutterset_e91b6fd3b3eb2b511d8a2685c28e51d1\">\n                <img\n                    title=\"Gampelen 433m\"\n                    alt=\"Gampelen 433m\"\n                    src=\"https:\/\/www.freimarianne.ch\/wp-content\/gallery\/jolimont-16-4-26\/cache\/IMG_4582.jpeg-nggid0537213-ngg0dyn-100x75x100-00f0w010c010r110f110r010t010.jpeg\"\n                    width=\"100\"\n                    height=\"68\"\n                    style=\"max-width:100%;\"\n                \/>\n            <\/a>\n        <\/div>\n\t\t\t\t\t\t\t<\/div> \n\t\t\t\n                            \n\t\t\t\t<div id=\"ngg-image-1\" class=\"ngg-gallery-thumbnail-box\" >\n\t\t\t\t        <div class=\"ngg-gallery-thumbnail\">\n            <a href=\"https:\/\/www.freimarianne.ch\/wp-content\/gallery\/jolimont-16-4-26\/IMG_4584.jpeg\"\n               title=\"Waldweg\"\n               data-src=\"https:\/\/www.freimarianne.ch\/wp-content\/gallery\/jolimont-16-4-26\/IMG_4584.jpeg\"\n               data-thumbnail=\"https:\/\/www.freimarianne.ch\/wp-content\/gallery\/jolimont-16-4-26\/thumbs\/thumbs_IMG_4584.jpeg\"\n               data-image-id=\"37212\"\n               data-title=\"Waldweg\"\n               data-description=\"Waldweg\"\n               data-image-slug=\"img_4584-3\"\n               class=\"shutterset_e91b6fd3b3eb2b511d8a2685c28e51d1\">\n                <img\n                    title=\"Waldweg\"\n                    alt=\"Waldweg\"\n                    src=\"https:\/\/www.freimarianne.ch\/wp-content\/gallery\/jolimont-16-4-26\/cache\/IMG_4584.jpeg-nggid0537212-ngg0dyn-100x75x100-00f0w010c010r110f110r010t010.jpeg\"\n                    width=\"100\"\n                    height=\"67\"\n                    style=\"max-width:100%;\"\n                \/>\n            <\/a>\n        <\/div>\n\t\t\t\t\t\t\t<\/div> \n\t\t\t\n                            \n\t\t\t\t<div id=\"ngg-image-2\" class=\"ngg-gallery-thumbnail-box\" >\n\t\t\t\t        <div class=\"ngg-gallery-thumbnail\">\n            <a href=\"https:\/\/www.freimarianne.ch\/wp-content\/gallery\/jolimont-16-4-26\/IMG_4587.jpeg\"\n               title=\"Erratische Bl\u00f6cke: T\u00fcfelsburdi\"\n               data-src=\"https:\/\/www.freimarianne.ch\/wp-content\/gallery\/jolimont-16-4-26\/IMG_4587.jpeg\"\n               data-thumbnail=\"https:\/\/www.freimarianne.ch\/wp-content\/gallery\/jolimont-16-4-26\/thumbs\/thumbs_IMG_4587.jpeg\"\n               data-image-id=\"37211\"\n               data-title=\"Erratische Bl\u00f6cke: T\u00fcfelsburdi\"\n               data-description=\"Erratische Bl\u00f6cke: T\u00fcfelsburdi\"\n               data-image-slug=\"img_4587-3\"\n               class=\"shutterset_e91b6fd3b3eb2b511d8a2685c28e51d1\">\n                <img\n                    title=\"Erratische Bl\u00f6cke: T\u00fcfelsburdi\"\n                    alt=\"Erratische Bl\u00f6cke: T\u00fcfelsburdi\"\n                    src=\"https:\/\/www.freimarianne.ch\/wp-content\/gallery\/jolimont-16-4-26\/cache\/IMG_4587.jpeg-nggid0537211-ngg0dyn-100x75x100-00f0w010c010r110f110r010t010.jpeg\"\n                    width=\"100\"\n                    height=\"70\"\n                    style=\"max-width:100%;\"\n                \/>\n            <\/a>\n        <\/div>\n\t\t\t\t\t\t\t<\/div> \n\t\t\t\n                            \n\t\t\t\t<div id=\"ngg-image-3\" class=\"ngg-gallery-thumbnail-box\" >\n\t\t\t\t        <div class=\"ngg-gallery-thumbnail\">\n            <a href=\"https:\/\/www.freimarianne.ch\/wp-content\/gallery\/jolimont-16-4-26\/IMG_4589.jpeg\"\n               title=\"Erratische Bl\u00f6cke: T\u00fcfelsburdi\"\n               data-src=\"https:\/\/www.freimarianne.ch\/wp-content\/gallery\/jolimont-16-4-26\/IMG_4589.jpeg\"\n               data-thumbnail=\"https:\/\/www.freimarianne.ch\/wp-content\/gallery\/jolimont-16-4-26\/thumbs\/thumbs_IMG_4589.jpeg\"\n               data-image-id=\"37210\"\n               data-title=\"Erratische Bl\u00f6cke: T\u00fcfelsburdi\"\n               data-description=\"Erratische Bl\u00f6cke: T\u00fcfelsburdi\"\n               data-image-slug=\"img_4589-2\"\n               class=\"shutterset_e91b6fd3b3eb2b511d8a2685c28e51d1\">\n                <img\n                    title=\"Erratische Bl\u00f6cke: T\u00fcfelsburdi\"\n                    alt=\"Erratische Bl\u00f6cke: T\u00fcfelsburdi\"\n                    src=\"https:\/\/www.freimarianne.ch\/wp-content\/gallery\/jolimont-16-4-26\/cache\/IMG_4589.jpeg-nggid0537210-ngg0dyn-100x75x100-00f0w010c010r110f110r010t010.jpeg\"\n                    width=\"100\"\n                    height=\"67\"\n                    style=\"max-width:100%;\"\n                \/>\n            <\/a>\n        <\/div>\n\t\t\t\t\t\t\t<\/div> \n\t\t\t\n                                    <br style=\"clear: both\" \/>\n                    \n\t\t\t\t<div id=\"ngg-image-4\" class=\"ngg-gallery-thumbnail-box\" >\n\t\t\t\t        <div class=\"ngg-gallery-thumbnail\">\n            <a href=\"https:\/\/www.freimarianne.ch\/wp-content\/gallery\/jolimont-16-4-26\/IMG_4590.jpeg\"\n               title=\"Gut Jolimont\"\n               data-src=\"https:\/\/www.freimarianne.ch\/wp-content\/gallery\/jolimont-16-4-26\/IMG_4590.jpeg\"\n               data-thumbnail=\"https:\/\/www.freimarianne.ch\/wp-content\/gallery\/jolimont-16-4-26\/thumbs\/thumbs_IMG_4590.jpeg\"\n               data-image-id=\"37209\"\n               data-title=\"Gut Jolimont\"\n               data-description=\"Gut Jolimont\"\n               data-image-slug=\"img_4590-3\"\n               class=\"shutterset_e91b6fd3b3eb2b511d8a2685c28e51d1\">\n                <img\n                    title=\"Gut Jolimont\"\n                    alt=\"Gut Jolimont\"\n                    src=\"https:\/\/www.freimarianne.ch\/wp-content\/gallery\/jolimont-16-4-26\/cache\/IMG_4590.jpeg-nggid0537209-ngg0dyn-100x75x100-00f0w010c010r110f110r010t010.jpeg\"\n                    width=\"100\"\n                    height=\"67\"\n                    style=\"max-width:100%;\"\n                \/>\n            <\/a>\n        <\/div>\n\t\t\t\t\t\t\t<\/div> \n\t\t\t\n                            \n\t\t\t\t<div id=\"ngg-image-5\" class=\"ngg-gallery-thumbnail-box\" >\n\t\t\t\t        <div class=\"ngg-gallery-thumbnail\">\n            <a href=\"https:\/\/www.freimarianne.ch\/wp-content\/gallery\/jolimont-16-4-26\/IMG_4591.jpeg\"\n               title=\"Lichtung Jolimont\"\n               data-src=\"https:\/\/www.freimarianne.ch\/wp-content\/gallery\/jolimont-16-4-26\/IMG_4591.jpeg\"\n               data-thumbnail=\"https:\/\/www.freimarianne.ch\/wp-content\/gallery\/jolimont-16-4-26\/thumbs\/thumbs_IMG_4591.jpeg\"\n               data-image-id=\"37208\"\n               data-title=\"Lichtung Jolimont\"\n               data-description=\"Lichtung Jolimont\"\n               data-image-slug=\"img_4591-4\"\n               class=\"shutterset_e91b6fd3b3eb2b511d8a2685c28e51d1\">\n                <img\n                    title=\"Lichtung Jolimont\"\n                    alt=\"Lichtung Jolimont\"\n                    src=\"https:\/\/www.freimarianne.ch\/wp-content\/gallery\/jolimont-16-4-26\/cache\/IMG_4591.jpeg-nggid0537208-ngg0dyn-100x75x100-00f0w010c010r110f110r010t010.jpeg\"\n                    width=\"100\"\n                    height=\"67\"\n                    style=\"max-width:100%;\"\n                \/>\n            <\/a>\n        <\/div>\n\t\t\t\t\t\t\t<\/div> \n\t\t\t\n                            \n\t\t\t\t<div id=\"ngg-image-6\" class=\"ngg-gallery-thumbnail-box\" >\n\t\t\t\t        <div class=\"ngg-gallery-thumbnail\">\n            <a href=\"https:\/\/www.freimarianne.ch\/wp-content\/gallery\/jolimont-16-4-26\/IMG_4593.jpeg\"\n               title=\"hiert hlate ich meinen Mittagshalt\"\n               data-src=\"https:\/\/www.freimarianne.ch\/wp-content\/gallery\/jolimont-16-4-26\/IMG_4593.jpeg\"\n               data-thumbnail=\"https:\/\/www.freimarianne.ch\/wp-content\/gallery\/jolimont-16-4-26\/thumbs\/thumbs_IMG_4593.jpeg\"\n               data-image-id=\"37207\"\n               data-title=\"hiert hlate ich meinen Mittagshalt\"\n               data-description=\"hiert hlate ich meinen Mittagshalt\"\n               data-image-slug=\"img_4593-2\"\n               class=\"shutterset_e91b6fd3b3eb2b511d8a2685c28e51d1\">\n                <img\n                    title=\"hiert hlate ich meinen Mittagshalt\"\n                    alt=\"hiert hlate ich meinen Mittagshalt\"\n                    src=\"https:\/\/www.freimarianne.ch\/wp-content\/gallery\/jolimont-16-4-26\/cache\/IMG_4593.jpeg-nggid0537207-ngg0dyn-100x75x100-00f0w010c010r110f110r010t010.jpeg\"\n                    width=\"100\"\n                    height=\"65\"\n                    style=\"max-width:100%;\"\n                \/>\n            <\/a>\n        <\/div>\n\t\t\t\t\t\t\t<\/div> \n\t\t\t\n                            \n\t\t\t\t<div id=\"ngg-image-7\" class=\"ngg-gallery-thumbnail-box\" >\n\t\t\t\t        <div class=\"ngg-gallery-thumbnail\">\n            <a href=\"https:\/\/www.freimarianne.ch\/wp-content\/gallery\/jolimont-16-4-26\/IMG_4594.jpeg\"\n               title=\"Bilersee. hi Chasseral: re u Erlach\"\n               data-src=\"https:\/\/www.freimarianne.ch\/wp-content\/gallery\/jolimont-16-4-26\/IMG_4594.jpeg\"\n               data-thumbnail=\"https:\/\/www.freimarianne.ch\/wp-content\/gallery\/jolimont-16-4-26\/thumbs\/thumbs_IMG_4594.jpeg\"\n               data-image-id=\"37206\"\n               data-title=\"Bilersee. hi Chasseral: re u Erlach\"\n               data-description=\"Bilersee. hi Chasseral: re u Erlach\"\n               data-image-slug=\"img_4594-3\"\n               class=\"shutterset_e91b6fd3b3eb2b511d8a2685c28e51d1\">\n                <img\n                    title=\"Bilersee. hi Chasseral: re u Erlach\"\n                    alt=\"Bilersee. hi Chasseral: re u Erlach\"\n                    src=\"https:\/\/www.freimarianne.ch\/wp-content\/gallery\/jolimont-16-4-26\/cache\/IMG_4594.jpeg-nggid0537206-ngg0dyn-100x75x100-00f0w010c010r110f110r010t010.jpeg\"\n                    width=\"100\"\n                    height=\"67\"\n                    style=\"max-width:100%;\"\n                \/>\n            <\/a>\n        <\/div>\n\t\t\t\t\t\t\t<\/div> \n\t\t\t\n                                    <br style=\"clear: both\" \/>\n                    \n\t\t\t\t<div id=\"ngg-image-8\" class=\"ngg-gallery-thumbnail-box\" >\n\t\t\t\t        <div class=\"ngg-gallery-thumbnail\">\n            <a href=\"https:\/\/www.freimarianne.ch\/wp-content\/gallery\/jolimont-16-4-26\/IMG_4595.jpeg\"\n               title=\"Lichtung Jolimont\"\n               data-src=\"https:\/\/www.freimarianne.ch\/wp-content\/gallery\/jolimont-16-4-26\/IMG_4595.jpeg\"\n               data-thumbnail=\"https:\/\/www.freimarianne.ch\/wp-content\/gallery\/jolimont-16-4-26\/thumbs\/thumbs_IMG_4595.jpeg\"\n               data-image-id=\"37204\"\n               data-title=\"Lichtung Jolimont\"\n               data-description=\"Lichtung Jolimont\"\n               data-image-slug=\"img_4595-2\"\n               class=\"shutterset_e91b6fd3b3eb2b511d8a2685c28e51d1\">\n                <img\n                    title=\"Lichtung Jolimont\"\n                    alt=\"Lichtung Jolimont\"\n                    src=\"https:\/\/www.freimarianne.ch\/wp-content\/gallery\/jolimont-16-4-26\/cache\/IMG_4595.jpeg-nggid0537204-ngg0dyn-100x75x100-00f0w010c010r110f110r010t010.jpeg\"\n                    width=\"100\"\n                    height=\"69\"\n                    style=\"max-width:100%;\"\n                \/>\n            <\/a>\n        <\/div>\n\t\t\t\t\t\t\t<\/div> \n\t\t\t\n                            \n\t\t\t\t<div id=\"ngg-image-9\" class=\"ngg-gallery-thumbnail-box\" >\n\t\t\t\t        <div class=\"ngg-gallery-thumbnail\">\n            <a href=\"https:\/\/www.freimarianne.ch\/wp-content\/gallery\/jolimont-16-4-26\/IMG_4596.jpeg\"\n               title=\"Sicht hinunter nach Erlach\"\n               data-src=\"https:\/\/www.freimarianne.ch\/wp-content\/gallery\/jolimont-16-4-26\/IMG_4596.jpeg\"\n               data-thumbnail=\"https:\/\/www.freimarianne.ch\/wp-content\/gallery\/jolimont-16-4-26\/thumbs\/thumbs_IMG_4596.jpeg\"\n               data-image-id=\"37205\"\n               data-title=\"Sicht hinunter nach Erlach\"\n               data-description=\"Sicht hinunter nach Erlach\"\n               data-image-slug=\"img_4596-3\"\n               class=\"shutterset_e91b6fd3b3eb2b511d8a2685c28e51d1\">\n                <img\n                    title=\"Sicht hinunter nach Erlach\"\n                    alt=\"Sicht hinunter nach Erlach\"\n                    src=\"https:\/\/www.freimarianne.ch\/wp-content\/gallery\/jolimont-16-4-26\/cache\/IMG_4596.jpeg-nggid0537205-ngg0dyn-100x75x100-00f0w010c010r110f110r010t010.jpeg\"\n                    width=\"100\"\n                    height=\"72\"\n                    style=\"max-width:100%;\"\n                \/>\n            <\/a>\n        <\/div>\n\t\t\t\t\t\t\t<\/div> \n\t\t\t\n                            \n\t\t\t\t<div id=\"ngg-image-10\" class=\"ngg-gallery-thumbnail-box\" >\n\t\t\t\t        <div class=\"ngg-gallery-thumbnail\">\n            <a href=\"https:\/\/www.freimarianne.ch\/wp-content\/gallery\/jolimont-16-4-26\/IMG_4597.jpeg\"\n               title=\"Sicht hinunter nach Erlach und die Petersinsel\"\n               data-src=\"https:\/\/www.freimarianne.ch\/wp-content\/gallery\/jolimont-16-4-26\/IMG_4597.jpeg\"\n               data-thumbnail=\"https:\/\/www.freimarianne.ch\/wp-content\/gallery\/jolimont-16-4-26\/thumbs\/thumbs_IMG_4597.jpeg\"\n               data-image-id=\"37203\"\n               data-title=\"Sicht hinunter nach Erlach und die Petersinsel\"\n               data-description=\"Sicht hinunter nach Erlach und die Petersinsel\"\n               data-image-slug=\"img_4597-2\"\n               class=\"shutterset_e91b6fd3b3eb2b511d8a2685c28e51d1\">\n                <img\n                    title=\"Sicht hinunter nach Erlach und die Petersinsel\"\n                    alt=\"Sicht hinunter nach Erlach und die Petersinsel\"\n                    src=\"https:\/\/www.freimarianne.ch\/wp-content\/gallery\/jolimont-16-4-26\/cache\/IMG_4597.jpeg-nggid0537203-ngg0dyn-100x75x100-00f0w010c010r110f110r010t010.jpeg\"\n                    width=\"100\"\n                    height=\"75\"\n                    style=\"max-width:100%;\"\n                \/>\n            <\/a>\n        <\/div>\n\t\t\t\t\t\t\t<\/div> \n\t\t\t\n                            \n\t\t\t\t<div id=\"ngg-image-11\" class=\"ngg-gallery-thumbnail-box\" >\n\t\t\t\t        <div class=\"ngg-gallery-thumbnail\">\n            <a href=\"https:\/\/www.freimarianne.ch\/wp-content\/gallery\/jolimont-16-4-26\/IMG_4599.jpeg\"\n               title=\"Schloss Erlach\"\n               data-src=\"https:\/\/www.freimarianne.ch\/wp-content\/gallery\/jolimont-16-4-26\/IMG_4599.jpeg\"\n               data-thumbnail=\"https:\/\/www.freimarianne.ch\/wp-content\/gallery\/jolimont-16-4-26\/thumbs\/thumbs_IMG_4599.jpeg\"\n               data-image-id=\"37201\"\n               data-title=\"Schloss Erlach\"\n               data-description=\"Schloss Erlach\"\n               data-image-slug=\"img_4599-3\"\n               class=\"shutterset_e91b6fd3b3eb2b511d8a2685c28e51d1\">\n                <img\n                    title=\"Schloss Erlach\"\n                    alt=\"Schloss Erlach\"\n                    src=\"https:\/\/www.freimarianne.ch\/wp-content\/gallery\/jolimont-16-4-26\/cache\/IMG_4599.jpeg-nggid0537201-ngg0dyn-100x75x100-00f0w010c010r110f110r010t010.jpeg\"\n                    width=\"100\"\n                    height=\"75\"\n                    style=\"max-width:100%;\"\n                \/>\n            <\/a>\n        <\/div>\n\t\t\t\t\t\t\t<\/div> \n\t\t\t\n                                    <br style=\"clear: both\" \/>\n                    \n\t\t\t\t<div id=\"ngg-image-12\" class=\"ngg-gallery-thumbnail-box\" >\n\t\t\t\t        <div class=\"ngg-gallery-thumbnail\">\n            <a href=\"https:\/\/www.freimarianne.ch\/wp-content\/gallery\/jolimont-16-4-26\/IMG_4601.jpeg\"\n               title=\"Schloss Erlach\"\n               data-src=\"https:\/\/www.freimarianne.ch\/wp-content\/gallery\/jolimont-16-4-26\/IMG_4601.jpeg\"\n               data-thumbnail=\"https:\/\/www.freimarianne.ch\/wp-content\/gallery\/jolimont-16-4-26\/thumbs\/thumbs_IMG_4601.jpeg\"\n               data-image-id=\"37202\"\n               data-title=\"Schloss Erlach\"\n               data-description=\"Schloss Erlach\"\n               data-image-slug=\"img_4601-4\"\n               class=\"shutterset_e91b6fd3b3eb2b511d8a2685c28e51d1\">\n                <img\n                    title=\"Schloss Erlach\"\n                    alt=\"Schloss Erlach\"\n                    src=\"https:\/\/www.freimarianne.ch\/wp-content\/gallery\/jolimont-16-4-26\/cache\/IMG_4601.jpeg-nggid0537202-ngg0dyn-100x75x100-00f0w010c010r110f110r010t010.jpeg\"\n                    width=\"100\"\n                    height=\"64\"\n                    style=\"max-width:100%;\"\n                \/>\n            <\/a>\n        <\/div>\n\t\t\t\t\t\t\t<\/div> \n\t\t\t\n                            \n\t\t\t\t<div id=\"ngg-image-13\" class=\"ngg-gallery-thumbnail-box\" >\n\t\t\t\t        <div class=\"ngg-gallery-thumbnail\">\n            <a href=\"https:\/\/www.freimarianne.ch\/wp-content\/gallery\/jolimont-16-4-26\/IMG_4602.jpeg\"\n               title=\"Schloss Erlach\"\n               data-src=\"https:\/\/www.freimarianne.ch\/wp-content\/gallery\/jolimont-16-4-26\/IMG_4602.jpeg\"\n               data-thumbnail=\"https:\/\/www.freimarianne.ch\/wp-content\/gallery\/jolimont-16-4-26\/thumbs\/thumbs_IMG_4602.jpeg\"\n               data-image-id=\"37200\"\n               data-title=\"Schloss Erlach\"\n               data-description=\"Schloss Erlach\"\n               data-image-slug=\"img_4602-3\"\n               class=\"shutterset_e91b6fd3b3eb2b511d8a2685c28e51d1\">\n                <img\n                    title=\"Schloss Erlach\"\n                    alt=\"Schloss Erlach\"\n                    src=\"https:\/\/www.freimarianne.ch\/wp-content\/gallery\/jolimont-16-4-26\/cache\/IMG_4602.jpeg-nggid0537200-ngg0dyn-100x75x100-00f0w010c010r110f110r010t010.jpeg\"\n                    width=\"100\"\n                    height=\"67\"\n                    style=\"max-width:100%;\"\n                \/>\n            <\/a>\n        <\/div>\n\t\t\t\t\t\t\t<\/div> \n\t\t\t\n                            \n\t\t\t\t<div id=\"ngg-image-14\" class=\"ngg-gallery-thumbnail-box\" >\n\t\t\t\t        <div class=\"ngg-gallery-thumbnail\">\n            <a href=\"https:\/\/www.freimarianne.ch\/wp-content\/gallery\/jolimont-16-4-26\/IMG_4603.jpeg\"\n               title=\"Blick auf das St\u00e4dtchen Erlach\"\n               data-src=\"https:\/\/www.freimarianne.ch\/wp-content\/gallery\/jolimont-16-4-26\/IMG_4603.jpeg\"\n               data-thumbnail=\"https:\/\/www.freimarianne.ch\/wp-content\/gallery\/jolimont-16-4-26\/thumbs\/thumbs_IMG_4603.jpeg\"\n               data-image-id=\"37198\"\n               data-title=\"Blick auf das St\u00e4dtchen Erlach\"\n               data-description=\"Blick auf das St\u00e4dtchen Erlach\"\n               data-image-slug=\"img_4603-5\"\n               class=\"shutterset_e91b6fd3b3eb2b511d8a2685c28e51d1\">\n                <img\n                    title=\"Blick auf das St\u00e4dtchen Erlach\"\n                    alt=\"Blick auf das St\u00e4dtchen Erlach\"\n                    src=\"https:\/\/www.freimarianne.ch\/wp-content\/gallery\/jolimont-16-4-26\/cache\/IMG_4603.jpeg-nggid0537198-ngg0dyn-100x75x100-00f0w010c010r110f110r010t010.jpeg\"\n                    width=\"100\"\n                    height=\"68\"\n                    style=\"max-width:100%;\"\n                \/>\n            <\/a>\n        <\/div>\n\t\t\t\t\t\t\t<\/div> \n\t\t\t\n                            \n\t\t\t\t<div id=\"ngg-image-15\" class=\"ngg-gallery-thumbnail-box\" >\n\t\t\t\t        <div class=\"ngg-gallery-thumbnail\">\n            <a href=\"https:\/\/www.freimarianne.ch\/wp-content\/gallery\/jolimont-16-4-26\/IMG_4604.jpeg\"\n               title=\"Schloss Erlach\"\n               data-src=\"https:\/\/www.freimarianne.ch\/wp-content\/gallery\/jolimont-16-4-26\/IMG_4604.jpeg\"\n               data-thumbnail=\"https:\/\/www.freimarianne.ch\/wp-content\/gallery\/jolimont-16-4-26\/thumbs\/thumbs_IMG_4604.jpeg\"\n               data-image-id=\"37199\"\n               data-title=\"Schloss Erlach\"\n               data-description=\"Schloss Erlach\"\n               data-image-slug=\"img_4604-3\"\n               class=\"shutterset_e91b6fd3b3eb2b511d8a2685c28e51d1\">\n                <img\n                    title=\"Schloss Erlach\"\n                    alt=\"Schloss Erlach\"\n                    src=\"https:\/\/www.freimarianne.ch\/wp-content\/gallery\/jolimont-16-4-26\/cache\/IMG_4604.jpeg-nggid0537199-ngg0dyn-100x75x100-00f0w010c010r110f110r010t010.jpeg\"\n                    width=\"100\"\n                    height=\"67\"\n                    style=\"max-width:100%;\"\n                \/>\n            <\/a>\n        <\/div>\n\t\t\t\t\t\t\t<\/div> \n\t\t\t\n                                    <br style=\"clear: both\" \/>\n                    \n\t\t\t\t<div id=\"ngg-image-16\" class=\"ngg-gallery-thumbnail-box\" >\n\t\t\t\t        <div class=\"ngg-gallery-thumbnail\">\n            <a href=\"https:\/\/www.freimarianne.ch\/wp-content\/gallery\/jolimont-16-4-26\/IMG_4605.jpeg\"\n               title=\"St\u00e4dtchen Erlach\"\n               data-src=\"https:\/\/www.freimarianne.ch\/wp-content\/gallery\/jolimont-16-4-26\/IMG_4605.jpeg\"\n               data-thumbnail=\"https:\/\/www.freimarianne.ch\/wp-content\/gallery\/jolimont-16-4-26\/thumbs\/thumbs_IMG_4605.jpeg\"\n               data-image-id=\"37197\"\n               data-title=\"St\u00e4dtchen Erlach\"\n               data-description=\"St\u00e4dtchen Erlach\"\n               data-image-slug=\"img_4605-2\"\n               class=\"shutterset_e91b6fd3b3eb2b511d8a2685c28e51d1\">\n                <img\n                    title=\"St\u00e4dtchen Erlach\"\n                    alt=\"St\u00e4dtchen Erlach\"\n                    src=\"https:\/\/www.freimarianne.ch\/wp-content\/gallery\/jolimont-16-4-26\/cache\/IMG_4605.jpeg-nggid0537197-ngg0dyn-100x75x100-00f0w010c010r110f110r010t010.jpeg\"\n                    width=\"100\"\n                    height=\"67\"\n                    style=\"max-width:100%;\"\n                \/>\n            <\/a>\n        <\/div>\n\t\t\t\t\t\t\t<\/div> \n\t\t\t\n                            \n\t\t\t\t<div id=\"ngg-image-17\" class=\"ngg-gallery-thumbnail-box\" >\n\t\t\t\t        <div class=\"ngg-gallery-thumbnail\">\n            <a href=\"https:\/\/www.freimarianne.ch\/wp-content\/gallery\/jolimont-16-4-26\/IMG_4610.jpeg\"\n               title=\"in Erlach am Bielersee\"\n               data-src=\"https:\/\/www.freimarianne.ch\/wp-content\/gallery\/jolimont-16-4-26\/IMG_4610.jpeg\"\n               data-thumbnail=\"https:\/\/www.freimarianne.ch\/wp-content\/gallery\/jolimont-16-4-26\/thumbs\/thumbs_IMG_4610.jpeg\"\n               data-image-id=\"37196\"\n               data-title=\"in Erlach am Bielersee\"\n               data-description=\"in Erlach am Bielersee\"\n               data-image-slug=\"img_4610-4\"\n               class=\"shutterset_e91b6fd3b3eb2b511d8a2685c28e51d1\">\n                <img\n                    title=\"in Erlach am Bielersee\"\n                    alt=\"in Erlach am Bielersee\"\n                    src=\"https:\/\/www.freimarianne.ch\/wp-content\/gallery\/jolimont-16-4-26\/cache\/IMG_4610.jpeg-nggid0537196-ngg0dyn-100x75x100-00f0w010c010r110f110r010t010.jpeg\"\n                    width=\"100\"\n                    height=\"70\"\n                    style=\"max-width:100%;\"\n                \/>\n            <\/a>\n        <\/div>\n\t\t\t\t\t\t\t<\/div> \n\t\t\t\n                            \n\t\t\t\t<div id=\"ngg-image-18\" class=\"ngg-gallery-thumbnail-box\" >\n\t\t\t\t        <div class=\"ngg-gallery-thumbnail\">\n            <a href=\"https:\/\/www.freimarianne.ch\/wp-content\/gallery\/jolimont-16-4-26\/IMG_4611.jpeg\"\n               title=\"in Erlach am  mit Jolimont\"\n               data-src=\"https:\/\/www.freimarianne.ch\/wp-content\/gallery\/jolimont-16-4-26\/IMG_4611.jpeg\"\n               data-thumbnail=\"https:\/\/www.freimarianne.ch\/wp-content\/gallery\/jolimont-16-4-26\/thumbs\/thumbs_IMG_4611.jpeg\"\n               data-image-id=\"37195\"\n               data-title=\"in Erlach am  mit Jolimont\"\n               data-description=\"in Erlach am  mit Jolimont\"\n               data-image-slug=\"img_4611-2\"\n               class=\"shutterset_e91b6fd3b3eb2b511d8a2685c28e51d1\">\n                <img\n                    title=\"in Erlach am  mit Jolimont\"\n                    alt=\"in Erlach am  mit Jolimont\"\n                    src=\"https:\/\/www.freimarianne.ch\/wp-content\/gallery\/jolimont-16-4-26\/cache\/IMG_4611.jpeg-nggid0537195-ngg0dyn-100x75x100-00f0w010c010r110f110r010t010.jpeg\"\n                    width=\"100\"\n                    height=\"67\"\n                    style=\"max-width:100%;\"\n                \/>\n            <\/a>\n        <\/div>\n\t\t\t\t\t\t\t<\/div> \n\t\t\t\n                            \n\t\t\t\t<div id=\"ngg-image-19\" class=\"ngg-gallery-thumbnail-box\" >\n\t\t\t\t        <div class=\"ngg-gallery-thumbnail\">\n            <a href=\"https:\/\/www.freimarianne.ch\/wp-content\/gallery\/jolimont-16-4-26\/IMG_4612.jpeg\"\n               title=\"in Erlach am Bielersee\"\n               data-src=\"https:\/\/www.freimarianne.ch\/wp-content\/gallery\/jolimont-16-4-26\/IMG_4612.jpeg\"\n               data-thumbnail=\"https:\/\/www.freimarianne.ch\/wp-content\/gallery\/jolimont-16-4-26\/thumbs\/thumbs_IMG_4612.jpeg\"\n               data-image-id=\"37194\"\n               data-title=\"in Erlach am Bielersee\"\n               data-description=\"in Erlach am Bielersee\"\n               data-image-slug=\"img_4612-6\"\n               class=\"shutterset_e91b6fd3b3eb2b511d8a2685c28e51d1\">\n                <img\n                    title=\"in Erlach am Bielersee\"\n                    alt=\"in Erlach am Bielersee\"\n                    src=\"https:\/\/www.freimarianne.ch\/wp-content\/gallery\/jolimont-16-4-26\/cache\/IMG_4612.jpeg-nggid0537194-ngg0dyn-100x75x100-00f0w010c010r110f110r010t010.jpeg\"\n                    width=\"100\"\n                    height=\"72\"\n                    style=\"max-width:100%;\"\n                \/>\n            <\/a>\n        <\/div>\n\t\t\t\t\t\t\t<\/div> \n\t\t\t\n                                    <br style=\"clear: both\" \/>\n                    \n\t\t\t\t<div id=\"ngg-image-20\" class=\"ngg-gallery-thumbnail-box\" >\n\t\t\t\t        <div class=\"ngg-gallery-thumbnail\">\n            <a href=\"https:\/\/www.freimarianne.ch\/wp-content\/gallery\/jolimont-16-4-26\/IMG_4613.jpeg\"\n               title=\"in Erlach am Bielersee\"\n               data-src=\"https:\/\/www.freimarianne.ch\/wp-content\/gallery\/jolimont-16-4-26\/IMG_4613.jpeg\"\n               data-thumbnail=\"https:\/\/www.freimarianne.ch\/wp-content\/gallery\/jolimont-16-4-26\/thumbs\/thumbs_IMG_4613.jpeg\"\n               data-image-id=\"37190\"\n               data-title=\"in Erlach am Bielersee\"\n               data-description=\"in Erlach am Bielersee\"\n               data-image-slug=\"img_4613-2\"\n               class=\"shutterset_e91b6fd3b3eb2b511d8a2685c28e51d1\">\n                <img\n                    title=\"in Erlach am Bielersee\"\n                    alt=\"in Erlach am Bielersee\"\n                    src=\"https:\/\/www.freimarianne.ch\/wp-content\/gallery\/jolimont-16-4-26\/cache\/IMG_4613.jpeg-nggid0537190-ngg0dyn-100x75x100-00f0w010c010r110f110r010t010.jpeg\"\n                    width=\"100\"\n                    height=\"67\"\n                    style=\"max-width:100%;\"\n                \/>\n            <\/a>\n        <\/div>\n\t\t\t\t\t\t\t<\/div> \n\t\t\t\n                            \n\t\t\t\t<div id=\"ngg-image-21\" class=\"ngg-gallery-thumbnail-box\" >\n\t\t\t\t        <div class=\"ngg-gallery-thumbnail\">\n            <a href=\"https:\/\/www.freimarianne.ch\/wp-content\/gallery\/jolimont-16-4-26\/IMG_4614.jpeg\"\n               title=\"in Erlach am Bielersee; Anlegestelle\"\n               data-src=\"https:\/\/www.freimarianne.ch\/wp-content\/gallery\/jolimont-16-4-26\/IMG_4614.jpeg\"\n               data-thumbnail=\"https:\/\/www.freimarianne.ch\/wp-content\/gallery\/jolimont-16-4-26\/thumbs\/thumbs_IMG_4614.jpeg\"\n               data-image-id=\"37193\"\n               data-title=\"in Erlach am Bielersee; Anlegestelle\"\n               data-description=\"in Erlach am Bielersee; Anlegestelle\"\n               data-image-slug=\"img_4614-3\"\n               class=\"shutterset_e91b6fd3b3eb2b511d8a2685c28e51d1\">\n                <img\n                    title=\"in Erlach am Bielersee; Anlegestelle\"\n                    alt=\"in Erlach am Bielersee; Anlegestelle\"\n                    src=\"https:\/\/www.freimarianne.ch\/wp-content\/gallery\/jolimont-16-4-26\/cache\/IMG_4614.jpeg-nggid0537193-ngg0dyn-100x75x100-00f0w010c010r110f110r010t010.jpeg\"\n                    width=\"100\"\n                    height=\"75\"\n                    style=\"max-width:100%;\"\n                \/>\n            <\/a>\n        <\/div>\n\t\t\t\t\t\t\t<\/div> \n\t\t\t\n                            \n\t\t\t\t<div id=\"ngg-image-22\" class=\"ngg-gallery-thumbnail-box\" >\n\t\t\t\t        <div class=\"ngg-gallery-thumbnail\">\n            <a href=\"https:\/\/www.freimarianne.ch\/wp-content\/gallery\/jolimont-16-4-26\/IMG_4620.jpeg\"\n               title=\"Ligerz am Bielersee\"\n               data-src=\"https:\/\/www.freimarianne.ch\/wp-content\/gallery\/jolimont-16-4-26\/IMG_4620.jpeg\"\n               data-thumbnail=\"https:\/\/www.freimarianne.ch\/wp-content\/gallery\/jolimont-16-4-26\/thumbs\/thumbs_IMG_4620.jpeg\"\n               data-image-id=\"37192\"\n               data-title=\"Ligerz am Bielersee\"\n               data-description=\"Ligerz am Bielersee\"\n               data-image-slug=\"img_4620-7\"\n               class=\"shutterset_e91b6fd3b3eb2b511d8a2685c28e51d1\">\n                <img\n                    title=\"Ligerz am Bielersee\"\n                    alt=\"Ligerz am Bielersee\"\n                    src=\"https:\/\/www.freimarianne.ch\/wp-content\/gallery\/jolimont-16-4-26\/cache\/IMG_4620.jpeg-nggid0537192-ngg0dyn-100x75x100-00f0w010c010r110f110r010t010.jpeg\"\n                    width=\"100\"\n                    height=\"75\"\n                    style=\"max-width:100%;\"\n                \/>\n            <\/a>\n        <\/div>\n\t\t\t\t\t\t\t<\/div> \n\t\t\t\n                            \n\t\t\t\t<div id=\"ngg-image-23\" class=\"ngg-gallery-thumbnail-box\" >\n\t\t\t\t        <div class=\"ngg-gallery-thumbnail\">\n            <a href=\"https:\/\/www.freimarianne.ch\/wp-content\/gallery\/jolimont-16-4-26\/IMG_4622.jpeg\"\n               title=\"Engelberg am Bielersee; Badestelle\"\n               data-src=\"https:\/\/www.freimarianne.ch\/wp-content\/gallery\/jolimont-16-4-26\/IMG_4622.jpeg\"\n               data-thumbnail=\"https:\/\/www.freimarianne.ch\/wp-content\/gallery\/jolimont-16-4-26\/thumbs\/thumbs_IMG_4622.jpeg\"\n               data-image-id=\"37191\"\n               data-title=\"Engelberg am Bielersee; Badestelle\"\n               data-description=\"Engelberg am Bielersee; Badestelle\"\n               data-image-slug=\"img_4622-1\"\n               class=\"shutterset_e91b6fd3b3eb2b511d8a2685c28e51d1\">\n                <img\n                    title=\"Engelberg am Bielersee; Badestelle\"\n                    alt=\"Engelberg am Bielersee; Badestelle\"\n                    src=\"https:\/\/www.freimarianne.ch\/wp-content\/gallery\/jolimont-16-4-26\/cache\/IMG_4622.jpeg-nggid0537191-ngg0dyn-100x75x100-00f0w010c010r110f110r010t010.jpeg\"\n                    width=\"100\"\n                    height=\"67\"\n                    style=\"max-width:100%;\"\n                \/>\n            <\/a>\n        <\/div>\n\t\t\t\t\t\t\t<\/div> \n\t\t\t\n                                    <br style=\"clear: both\" \/>\n                    \n\t\t\n\t\t<!-- Pagination -->\n\t<div class='ngg-clear'><\/div>\t<\/div>\n\n\n\n\n<!-- index.php -->\n<div\n\tclass=\"ngg-galleryoverview ngg-ajax-pagination-none\"\n\tid=\"ngg-gallery-95b3c9052884e65e5a70bc5b1c5cc550-1\">\n\n    \t<div class=\"slideshowlink\">\n        <a href='https:\/\/www.freimarianne.ch\/index.php\/nggallery\/slideshow?page_id=70663'>[Show as slideshow]<\/a>\n\t\t\n\t<\/div>\n\t\t\t<!-- Thumbnails -->\n\t\t\t\t<div id=\"ngg-image-0\" class=\"ngg-gallery-thumbnail-box\" >\n\t\t\t\t        <div class=\"ngg-gallery-thumbnail\">\n            <a href=\"https:\/\/www.freimarianne.ch\/wp-content\/gallery\/jolimont-iph-16-4-26\/IMG_2639.jpeg\"\n               title=\"in Erlach am Bielersee\"\n               data-src=\"https:\/\/www.freimarianne.ch\/wp-content\/gallery\/jolimont-iph-16-4-26\/IMG_2639.jpeg\"\n               data-thumbnail=\"https:\/\/www.freimarianne.ch\/wp-content\/gallery\/jolimont-iph-16-4-26\/thumbs\/thumbs_IMG_2639.jpeg\"\n               data-image-id=\"37214\"\n               data-title=\"in Erlach am Bielersee\"\n               data-description=\"in Erlach am Bielersee\"\n               data-image-slug=\"img_2639-4\"\n               class=\"shutterset_95b3c9052884e65e5a70bc5b1c5cc550\">\n                <img\n                    title=\"in Erlach am Bielersee\"\n                    alt=\"in Erlach am Bielersee\"\n                    src=\"https:\/\/www.freimarianne.ch\/wp-content\/gallery\/jolimont-iph-16-4-26\/cache\/IMG_2639.jpeg-nggid0537214-ngg0dyn-100x75x100-00f0w010c010r110f110r010t010.jpeg\"\n                    width=\"100\"\n                    height=\"73\"\n                    style=\"max-width:100%;\"\n                \/>\n            <\/a>\n        <\/div>\n\t\t\t\t\t\t\t<\/div> \n\t\t\t\n                            \n\t\t\t\t<div id=\"ngg-image-1\" class=\"ngg-gallery-thumbnail-box\" >\n\t\t\t\t        <div class=\"ngg-gallery-thumbnail\">\n            <a href=\"https:\/\/www.freimarianne.ch\/wp-content\/gallery\/jolimont-iph-16-4-26\/IMG_2634.jpeg\"\n               title=\"in Erlach am Bielersee\"\n               data-src=\"https:\/\/www.freimarianne.ch\/wp-content\/gallery\/jolimont-iph-16-4-26\/IMG_2634.jpeg\"\n               data-thumbnail=\"https:\/\/www.freimarianne.ch\/wp-content\/gallery\/jolimont-iph-16-4-26\/thumbs\/thumbs_IMG_2634.jpeg\"\n               data-image-id=\"37215\"\n               data-title=\"in Erlach am Bielersee\"\n               data-description=\"in Erlach am Bielersee\"\n               data-image-slug=\"img_2634-5\"\n               class=\"shutterset_95b3c9052884e65e5a70bc5b1c5cc550\">\n                <img\n                    title=\"in Erlach am Bielersee\"\n                    alt=\"in Erlach am Bielersee\"\n                    src=\"https:\/\/www.freimarianne.ch\/wp-content\/gallery\/jolimont-iph-16-4-26\/cache\/IMG_2634.jpeg-nggid0537215-ngg0dyn-100x75x100-00f0w010c010r110f110r010t010.jpeg\"\n                    width=\"98\"\n                    height=\"75\"\n                    style=\"max-width:100%;\"\n                \/>\n            <\/a>\n        <\/div>\n\t\t\t\t\t\t\t<\/div> \n\t\t\t\n                            \n\t\t\t\t<div id=\"ngg-image-2\" class=\"ngg-gallery-thumbnail-box\" >\n\t\t\t\t        <div class=\"ngg-gallery-thumbnail\">\n            <a href=\"https:\/\/www.freimarianne.ch\/wp-content\/gallery\/jolimont-iph-16-4-26\/IMG_2633.jpeg\"\n               title=\"Sicht auf Erlach und Petersinsel\"\n               data-src=\"https:\/\/www.freimarianne.ch\/wp-content\/gallery\/jolimont-iph-16-4-26\/IMG_2633.jpeg\"\n               data-thumbnail=\"https:\/\/www.freimarianne.ch\/wp-content\/gallery\/jolimont-iph-16-4-26\/thumbs\/thumbs_IMG_2633.jpeg\"\n               data-image-id=\"37216\"\n               data-title=\"Sicht auf Erlach und Petersinsel\"\n               data-description=\"Sicht auf Erlach und Petersinsel\"\n               data-image-slug=\"img_2633-7\"\n               class=\"shutterset_95b3c9052884e65e5a70bc5b1c5cc550\">\n                <img\n                    title=\"Sicht auf Erlach und Petersinsel\"\n                    alt=\"Sicht auf Erlach und Petersinsel\"\n                    src=\"https:\/\/www.freimarianne.ch\/wp-content\/gallery\/jolimont-iph-16-4-26\/cache\/IMG_2633.jpeg-nggid0537216-ngg0dyn-100x75x100-00f0w010c010r110f110r010t010.jpeg\"\n                    width=\"100\"\n                    height=\"75\"\n                    style=\"max-width:100%;\"\n                \/>\n            <\/a>\n        <\/div>\n\t\t\t\t\t\t\t<\/div> \n\t\t\t\n                            \n\t\t\t\t<div id=\"ngg-image-3\" class=\"ngg-gallery-thumbnail-box\" >\n\t\t\t\t        <div class=\"ngg-gallery-thumbnail\">\n            <a href=\"https:\/\/www.freimarianne.ch\/wp-content\/gallery\/jolimont-iph-16-4-26\/IMG_2632.jpeg\"\n               title=\"Sicht auf La Neuveville und hi Chasseral\"\n               data-src=\"https:\/\/www.freimarianne.ch\/wp-content\/gallery\/jolimont-iph-16-4-26\/IMG_2632.jpeg\"\n               data-thumbnail=\"https:\/\/www.freimarianne.ch\/wp-content\/gallery\/jolimont-iph-16-4-26\/thumbs\/thumbs_IMG_2632.jpeg\"\n               data-image-id=\"37217\"\n               data-title=\"Sicht auf La Neuveville und hi Chasseral\"\n               data-description=\"Sicht auf La Neuveville und hi Chasseral\"\n               data-image-slug=\"img_2632-8\"\n               class=\"shutterset_95b3c9052884e65e5a70bc5b1c5cc550\">\n                <img\n                    title=\"Sicht auf La Neuveville und hi Chasseral\"\n                    alt=\"Sicht auf La Neuveville und hi Chasseral\"\n                    src=\"https:\/\/www.freimarianne.ch\/wp-content\/gallery\/jolimont-iph-16-4-26\/cache\/IMG_2632.jpeg-nggid0537217-ngg0dyn-100x75x100-00f0w010c010r110f110r010t010.jpeg\"\n                    width=\"100\"\n                    height=\"75\"\n                    style=\"max-width:100%;\"\n                \/>\n            <\/a>\n        <\/div>\n\t\t\t\t\t\t\t<\/div> \n\t\t\t\n                                    <br style=\"clear: both\" \/>\n                    \n\t\t\n\t\t<!-- Pagination -->\n\t<div class='ngg-clear'><\/div>\t<\/div>\n\n","protected":false},"excerpt":{"rendered":"<p>Wanderung von Gampelen \u00fcber den Jolimont nach Erlach Ich fahre heute \u00fcber Neuenburg nach Gampelen im Berner Seeland.Von dort aus wandere ich teils auf Waldstrassen teils auf schmalen Waldwegen \u00fcber den H\u00f6henr\u00fccken des Berges Jolimont. Dabei lege ich etliche Kilometer zur\u00fcck. Es gibt in diesen Waldviel e Wege und Rundwege mit der Anschrift \u201e Jolimont: [&hellip;]<\/p>\n","protected":false},"author":1,"featured_media":0,"parent":70273,"menu_order":14,"comment_status":"closed","ping_status":"closed","template":"","meta":{"ngg_post_thumbnail":0},"_links":{"self":[{"href":"https:\/\/www.freimarianne.ch\/index.php?rest_route=\/wp\/v2\/pages\/70663"}],"collection":[{"href":"https:\/\/www.freimarianne.ch\/index.php?rest_route=\/wp\/v2\/pages"}],"about":[{"href":"https:\/\/www.freimarianne.ch\/index.php?rest_route=\/wp\/v2\/types\/page"}],"author":[{"embeddable":true,"href":"https:\/\/www.freimarianne.ch\/index.php?rest_route=\/wp\/v2\/users\/1"}],"replies":[{"embeddable":true,"href":"https:\/\/www.freimarianne.ch\/index.php?rest_route=%2Fwp%2Fv2%2Fcomments&post=70663"}],"version-history":[{"count":3,"href":"https:\/\/www.freimarianne.ch\/index.php?rest_route=\/wp\/v2\/pages\/70663\/revisions"}],"predecessor-version":[{"id":70848,"href":"https:\/\/www.freimarianne.ch\/index.php?rest_route=\/wp\/v2\/pages\/70663\/revisions\/70848"}],"up":[{"embeddable":true,"href":"https:\/\/www.freimarianne.ch\/index.php?rest_route=\/wp\/v2\/pages\/70273"}],"wp:attachment":[{"href":"https:\/\/www.freimarianne.ch\/index.php?rest_route=%2Fwp%2Fv2%2Fmedia&parent=70663"}],"curies":[{"name":"wp","href":"https:\/\/api.w.org\/{rel}","templated":true}]}}